{"id":5581,"date":"2021-03-18T15:47:28","date_gmt":"2021-03-18T15:47:28","guid":{"rendered":"https:\/\/www.djurskyddet.se\/adalen\/?page_id=5581"},"modified":"2025-05-27T12:59:23","modified_gmt":"2025-05-27T12:59:23","slug":"om-oss","status":"publish","type":"page","link":"https:\/\/www.djurskyddet.se\/adalen\/om-oss\/","title":{"rendered":"Om oss"},"content":{"rendered":"\n<p> Djurskyddet \u00c5dalen \u00e4r en ideell f\u00f6rening under djurskyddet Sverige. Vi arbetar med att f\u00f6rs\u00f6ka f\u00f6rb\u00e4ttra djurens tillvaro och v\u00e4rde i samh\u00e4llet. Detta g\u00f6r vi genom att sprida information och kunskap om djur och djurskydd, kampanjarbete och r\u00e5dgivning. Genom v\u00e5r riksorganisation Djurskyddet Sverige arbetar vi ocks\u00e5 med att f\u00f6rs\u00f6ka f\u00f6r\u00e4ndra lagstiftningen s\u00e5 att den ska fr\u00e4mja djurens v\u00e4l genom att informera och p\u00e5verka beslutsfattare och politiker.<br><br>Vi som jobbar inom Djurskyddet \u00c5dalen g\u00f6r givetvis detta helt ideellt. Vid intresse f\u00f6r medlemskap, g\u00e5 in p\u00e5 v\u00e5ran hemsida f\u00f6r vidare information.<br>Under sommarhalv\u00e5ret anordnar vi loppis, fika, djurskyddsinformation, studiecirklar och temakv\u00e4llar i Sollefte\u00e5 p\u00e5 v\u00e4stremsle i v\u00e5ran r\u00f6da lilla klubbstuga.<\/p>\n\n\n\n<p>Har du saker du tr\u00f6ttnat p\u00e5 och som du vill l\u00e4mna till v\u00e5ran loppis? Kontakta g\u00e4rna Carina p\u00e5 tel. 076 &#8211; 820 56 89<\/p>\n\n\n\n<figure class=\"wp-block-image size-full\"><img loading=\"lazy\" decoding=\"async\" width=\"1024\" height=\"683\" src=\"https:\/\/www.djurskyddet.se\/adalen\/wp-content\/uploads\/sites\/48\/2025\/04\/Kanin-i-graset.jpg\" alt=\"\" class=\"wp-image-5693\" srcset=\"https:\/\/www.djurskyddet.se\/adalen\/wp-content\/uploads\/sites\/48\/2025\/04\/Kanin-i-graset.jpg 1024w, https:\/\/www.djurskyddet.se\/adalen\/wp-content\/uploads\/sites\/48\/2025\/04\/Kanin-i-graset-300x200.jpg 300w, https:\/\/www.djurskyddet.se\/adalen\/wp-content\/uploads\/sites\/48\/2025\/04\/Kanin-i-graset-768x512.jpg 768w, https:\/\/www.djurskyddet.se\/adalen\/wp-content\/uploads\/sites\/48\/2025\/04\/Kanin-i-graset-400x267.jpg 400w\" sizes=\"auto, (max-width: 1024px) 100vw, 1024px\" \/><\/figure>\n","protected":false},"excerpt":{"rendered":"<p>Djurskyddet \u00c5dalen \u00e4r en ideell f\u00f6rening under djurskyddet Sverige. Vi arbetar med att f\u00f6rs\u00f6ka f\u00f6rb\u00e4ttra djurens tillvaro och v\u00e4rde i samh\u00e4llet. Detta g\u00f6r vi genom att sprida information och kunskap om djur och djurskydd, kampanjarbete och r\u00e5dgivning. Genom v\u00e5r riksorganisation Djurskyddet Sverige arbetar vi ocks\u00e5 med att f\u00f6rs\u00f6ka f\u00f6r\u00e4ndra lagstiftningen s\u00e5 att den ska fr\u00e4mja djurens v\u00e4l genom att informera och p\u00e5verka beslutsfattare och politiker. Vi som jobbar inom Djurskyddet&hellip;<\/p>\n<p><a class=\"more-link\" href=\"https:\/\/www.djurskyddet.se\/adalen\/om-oss\/\" title=\"Continue reading &lsquo;Om oss&rsquo;\">L&auml;s mer<span class=\"meta-nav\">&raquo;<\/span><\/a><\/p>\n","protected":false},"author":37,"featured_media":0,"parent":0,"menu_order":0,"comment_status":"closed","ping_status":"closed","template":"left-sidebar.php","meta":{"_acf_changed":false,"footnotes":""},"class_list":["post-5581","page","type-page","status-publish","hentry"],"acf":[],"_links":{"self":[{"href":"https:\/\/www.djurskyddet.se\/adalen\/wp-json\/wp\/v2\/pages\/5581","targetHints":{"allow":["GET"]}}],"collection":[{"href":"https:\/\/www.djurskyddet.se\/adalen\/wp-json\/wp\/v2\/pages"}],"about":[{"href":"https:\/\/www.djurskyddet.se\/adalen\/wp-json\/wp\/v2\/types\/page"}],"author":[{"embeddable":true,"href":"https:\/\/www.djurskyddet.se\/adalen\/wp-json\/wp\/v2\/users\/37"}],"replies":[{"embeddable":true,"href":"https:\/\/www.djurskyddet.se\/adalen\/wp-json\/wp\/v2\/comments?post=5581"}],"version-history":[{"count":9,"href":"https:\/\/www.djurskyddet.se\/adalen\/wp-json\/wp\/v2\/pages\/5581\/revisions"}],"predecessor-version":[{"id":5721,"href":"https:\/\/www.djurskyddet.se\/adalen\/wp-json\/wp\/v2\/pages\/5581\/revisions\/5721"}],"wp:attachment":[{"href":"https:\/\/www.djurskyddet.se\/adalen\/wp-json\/wp\/v2\/media?parent=5581"}],"curies":[{"name":"wp","href":"https:\/\/api.w.org\/{rel}","templated":true}]}}