{"id":5608,"date":"2021-03-18T16:00:59","date_gmt":"2021-03-18T16:00:59","guid":{"rendered":"https:\/\/www.djurskyddet.se\/adalen\/?page_id=5608"},"modified":"2021-03-18T16:01:00","modified_gmt":"2021-03-18T16:01:00","slug":"information-och-lankar","status":"publish","type":"page","link":"https:\/\/www.djurskyddet.se\/adalen\/information-och-lankar\/","title":{"rendered":"Information och l\u00e4nkar"},"content":{"rendered":"\n<p><strong>Om du hittat en katt eller hund som man tror inte har ett hem och saknar ID m\u00e4rkning&nbsp;<\/strong><\/p>\n\n\n\n<p>Ska du i f\u00f6rsta hand ringa<\/p>\n\n\n\n<p>L\u00e4nstyrelsen 0611-349178 M\u00e5n-Fre mellan 0900-1200.<\/p>\n\n\n\n<p>De&nbsp;tar ett beslut om ett omh\u00e4ndertagandet.<\/p>\n\n\n\n<p>\u00c4r det under helg eller kv\u00e4llstid \u00e4r det polisen du tar kontakt med 114 14<\/p>\n\n\n\n<p>Ser man att ett djur far illa och har det inte bra, ring d\u00e5 g\u00e4rna sj\u00e4lv till l\u00e4nsstyrelsen och tala om vad du har sett och vart det var s\u00e5 g\u00f6r l\u00e4nsstyrelsen en anteckning p\u00e5 \u00e4rendet, m\u00e5nga vill att vi Djurskyddet \u00c5dalen anm\u00e4ler men m\u00e5nga g\u00e5nger f\u00e5r vi h\u00f6ra vad ni har sett i omg\u00e5ngar och det blir inte lika starkt som n\u00e4r den som har sett djuret farit illa anm\u00e4ler. Och t\u00e4nk p\u00e5 det du beh\u00f6ver inte uppge namn utan kan g\u00f6ra din anm\u00e4lan anonymt.&nbsp; Och det kanske inte hj\u00e4lper djuret\/djuren f\u00f6rsta g\u00e5ngen man anm\u00e4ler men det \u00e4r det lilla som g\u00f6r det stora och tillslut s\u00e5 kan man hj\u00e4lpa djuren som far illa till ett b\u00e4ttre liv och m\u00e5ende.<\/p>\n","protected":false},"excerpt":{"rendered":"<p>Om du hittat en katt eller hund som man tror inte har ett hem och saknar ID m\u00e4rkning&nbsp; Ska du i f\u00f6rsta hand ringa L\u00e4nstyrelsen 0611-349178 M\u00e5n-Fre mellan 0900-1200. De&nbsp;tar ett beslut om ett omh\u00e4ndertagandet. \u00c4r det under helg eller kv\u00e4llstid \u00e4r det polisen du tar kontakt med 114 14 Ser man att ett djur far illa och har det inte bra, ring d\u00e5 g\u00e4rna sj\u00e4lv till l\u00e4nsstyrelsen och tala&hellip;<\/p>\n<p><a class=\"more-link\" href=\"https:\/\/www.djurskyddet.se\/adalen\/information-och-lankar\/\" title=\"Continue reading &lsquo;Information och l\u00e4nkar&rsquo;\">L&auml;s mer<span class=\"meta-nav\">&raquo;<\/span><\/a><\/p>\n","protected":false},"author":3,"featured_media":0,"parent":0,"menu_order":0,"comment_status":"closed","ping_status":"closed","template":"left-sidebar.php","meta":{"_acf_changed":false,"footnotes":""},"class_list":["post-5608","page","type-page","status-publish","hentry"],"acf":[],"_links":{"self":[{"href":"https:\/\/www.djurskyddet.se\/adalen\/wp-json\/wp\/v2\/pages\/5608","targetHints":{"allow":["GET"]}}],"collection":[{"href":"https:\/\/www.djurskyddet.se\/adalen\/wp-json\/wp\/v2\/pages"}],"about":[{"href":"https:\/\/www.djurskyddet.se\/adalen\/wp-json\/wp\/v2\/types\/page"}],"author":[{"embeddable":true,"href":"https:\/\/www.djurskyddet.se\/adalen\/wp-json\/wp\/v2\/users\/3"}],"replies":[{"embeddable":true,"href":"https:\/\/www.djurskyddet.se\/adalen\/wp-json\/wp\/v2\/comments?post=5608"}],"version-history":[{"count":1,"href":"https:\/\/www.djurskyddet.se\/adalen\/wp-json\/wp\/v2\/pages\/5608\/revisions"}],"predecessor-version":[{"id":5609,"href":"https:\/\/www.djurskyddet.se\/adalen\/wp-json\/wp\/v2\/pages\/5608\/revisions\/5609"}],"wp:attachment":[{"href":"https:\/\/www.djurskyddet.se\/adalen\/wp-json\/wp\/v2\/media?parent=5608"}],"curies":[{"name":"wp","href":"https:\/\/api.w.org\/{rel}","templated":true}]}}