{"id":5601,"date":"2020-01-15T10:19:02","date_gmt":"2020-01-15T10:19:02","guid":{"rendered":"https:\/\/www.djurskyddet.se\/asele\/?page_id=5601"},"modified":"2025-09-08T12:05:23","modified_gmt":"2025-09-08T12:05:23","slug":"djurformedling","status":"publish","type":"page","link":"https:\/\/www.djurskyddet.se\/asele\/djurformedling\/","title":{"rendered":"Katter f\u00f6r omplacering."},"content":{"rendered":"\n<p>Det h\u00e4r \u00e4r myskatterna p\u00e5 katthemmet. Dom f\u00e5ngades in en kall februarikv\u00e4ll f\u00f6r snart tv\u00e5 \u00e5r sedan. Dom levde i mis\u00e4r under en lada d\u00e4r dom f\u00f6rmodligen \u00e4ven var f\u00f6dd. Dom har f\u00e5tt frysa och hitta sin egen mat f\u00f6r att \u00f6verleva. N\u00e4r dom kom till oss var dom allt annat \u00e4n tam! I dag \u00e4r dom trygga och tacksamma f\u00f6r att f\u00e5 v\u00e4rme, omsorg och mat serverad. Dom l\u00e5ter sig inte bli klappad \u00e4n, men g\u00e5r tryggt runt f\u00f6tterna, busar och tar godis ur handen. Ett mysigt s\u00e4llskap f\u00f6r den som inte kr\u00e4ver att katten ska sitta i kn\u00e4 p\u00e5 en g\u00e5ng, och kanske aldrig. Dom sitter g\u00e4rna ute p\u00e5 v\u00e5r inn\u00e4tade altan en stund f\u00f6r att sedan krypa ihop och ta en siesta i lugn och ro. Vi vill sj\u00e4lvklart att dom ska f\u00e5 f\u00f6ljas minst tv\u00e5 och tv\u00e5. M\u00f6jligen en kan flytta sj\u00e4lv men d\u00e5 kr\u00e4vs att det finns en yngre kattkompis i hemmet sedan tidigare. Det \u00e4r sv\u00e5rt att hitta hem \u00e5t f\u00f6rvildade katter (katter som vuxit upp utomhus och utan m\u00e4nsklig kontakt). Vi har ett litet katthem och beh\u00f6ver f\u00f6rst\u00e5s all plats f\u00f6r att nya katter som dessa ska f\u00e5 den hj\u00e4lp dom beh\u00f6ver. Gimli \u00e4r en \u00e4ldre hona som vi tror \u00e4r mamma till de andra, uppskattat f\u00f6dd 2018 men f\u00f6rmodligen \u00e4ldre \u00e4n s\u00e5. Sam, hona f\u00f6dd ca. 2022. Gandalf, hane f\u00f6dd ca. 2022. Aragorn, f\u00f6dd ca. 2023. Dom \u00e4r givetvis kastrerade, vaccinerade, ID-m\u00e4rkta, avmaskade och f\u00f6rs\u00e4krade. F\u00e4rdig f\u00f6r n\u00e4sta steg till ett v\u00e4lf\u00f6rtj\u00e4nt liv. K\u00e4nner du att du kan ge dessa katter ett hem som dom f\u00f6rtj\u00e4nar s\u00e5 ring, 073-042 60 70<\/p>\n\n\n\n<figure class=\"wp-block-gallery has-nested-images columns-default is-cropped wp-block-gallery-1 is-layout-flex wp-block-gallery-is-layout-flex\">\n<figure class=\"wp-block-image size-large\"><img loading=\"lazy\" decoding=\"async\" width=\"768\" height=\"1024\" data-id=\"6339\" src=\"https:\/\/www.djurskyddet.se\/asele\/wp-content\/uploads\/sites\/40\/2025\/09\/Vildisarna.jpg\" alt=\"\" class=\"wp-image-6339\" srcset=\"https:\/\/www.djurskyddet.se\/asele\/wp-content\/uploads\/sites\/40\/2025\/09\/Vildisarna.jpg 768w, https:\/\/www.djurskyddet.se\/asele\/wp-content\/uploads\/sites\/40\/2025\/09\/Vildisarna-225x300.jpg 225w, https:\/\/www.djurskyddet.se\/asele\/wp-content\/uploads\/sites\/40\/2025\/09\/Vildisarna-400x533.jpg 400w\" sizes=\"auto, (max-width: 768px) 100vw, 768px\" \/><\/figure>\n<\/figure>\n\n\n\n<figure class=\"wp-block-image size-full\"><img loading=\"lazy\" decoding=\"async\" width=\"954\" height=\"136\" src=\"https:\/\/www.djurskyddet.se\/asele\/wp-content\/uploads\/sites\/40\/2022\/11\/image-1.png\" alt=\"\" class=\"wp-image-6281\" srcset=\"https:\/\/www.djurskyddet.se\/asele\/wp-content\/uploads\/sites\/40\/2022\/11\/image-1.png 954w, https:\/\/www.djurskyddet.se\/asele\/wp-content\/uploads\/sites\/40\/2022\/11\/image-1-300x43.png 300w, https:\/\/www.djurskyddet.se\/asele\/wp-content\/uploads\/sites\/40\/2022\/11\/image-1-768x109.png 768w, https:\/\/www.djurskyddet.se\/asele\/wp-content\/uploads\/sites\/40\/2022\/11\/image-1-400x57.png 400w\" sizes=\"auto, (max-width: 954px) 100vw, 954px\" \/><\/figure>\n\n\n\n<p>Mamma Lucia och dottern Elsa s\u00f6ker ett lugnt hem d\u00e5 Elsa \u00e4r en f\u00f6rsiktig tjej som beh\u00f6ver tid och trygghet. Dom ska flytta tillsammans. G\u00e4rna till ett hem med springhjul och inn\u00e4tad balkong eller dylikt. Lucia \u00e4r f\u00f6dd i Holland och Elsa i Sverige. Tyv\u00e4rr fick dom aldrig vara inomhus s\u00e5 Elsa \u00e4r f\u00f6dd ute och d\u00e4rf\u00f6r har hon inte haft s\u00e5 mycket kontakt med m\u00e4nniskor under sin tid som kattunge. Hon \u00e4r absolut inte n\u00e5gon vildkatt! Hon kommer alltid n\u00e4r det vankas godis och kelar g\u00e4rna lite f\u00f6rsiktigt. Hon \u00e4lskar att springa i spring\/motionshjulet vi har, s\u00e5 det vill vi att hon ska f\u00e5 i sitt nya hem ocks\u00e5. Lucia \u00e4r en social donna som vet vad hon vill. Hon har inget till \u00f6vers f\u00f6r andra honkatter! Lucia \u00e4r f\u00f6dd 2022 och Elsa 2023. dom \u00e4r f\u00e4rdiga f\u00f6r omplacering, kastrerade, vaccinerade, ID-m\u00e4rkta, avmaskade och f\u00f6rs\u00e4krade.<\/p>\n\n\n\n<p>Ring f\u00f6r mer info, 073-042 60 70<\/p>\n\n\n\n<figure class=\"wp-block-gallery has-nested-images columns-default is-cropped wp-block-gallery-2 is-layout-flex wp-block-gallery-is-layout-flex\">\n<figure class=\"wp-block-image size-large\"><img loading=\"lazy\" decoding=\"async\" width=\"768\" height=\"1024\" data-id=\"6336\" src=\"https:\/\/www.djurskyddet.se\/asele\/wp-content\/uploads\/sites\/40\/2025\/09\/Elsa-och-Lucia.jpg\" alt=\"\" class=\"wp-image-6336\" srcset=\"https:\/\/www.djurskyddet.se\/asele\/wp-content\/uploads\/sites\/40\/2025\/09\/Elsa-och-Lucia.jpg 768w, https:\/\/www.djurskyddet.se\/asele\/wp-content\/uploads\/sites\/40\/2025\/09\/Elsa-och-Lucia-225x300.jpg 225w, https:\/\/www.djurskyddet.se\/asele\/wp-content\/uploads\/sites\/40\/2025\/09\/Elsa-och-Lucia-400x533.jpg 400w\" sizes=\"auto, (max-width: 768px) 100vw, 768px\" \/><\/figure>\n<\/figure>\n","protected":false},"excerpt":{"rendered":"<p>Det h\u00e4r \u00e4r myskatterna p\u00e5 katthemmet. Dom f\u00e5ngades in en kall februarikv\u00e4ll f\u00f6r snart tv\u00e5 \u00e5r sedan. Dom levde i mis\u00e4r under en lada d\u00e4r dom f\u00f6rmodligen \u00e4ven var f\u00f6dd. Dom har f\u00e5tt frysa och hitta sin egen mat f\u00f6r att \u00f6verleva. N\u00e4r dom kom till oss var dom allt annat \u00e4n tam! I dag \u00e4r dom trygga och tacksamma f\u00f6r att f\u00e5 v\u00e4rme, omsorg och mat serverad. Dom l\u00e5ter&hellip;<\/p>\n<p><a class=\"more-link\" href=\"https:\/\/www.djurskyddet.se\/asele\/djurformedling\/\" title=\"Continue reading &lsquo;Katter f\u00f6r omplacering.&rsquo;\">L&auml;s mer<span class=\"meta-nav\">&raquo;<\/span><\/a><\/p>\n","protected":false},"author":3,"featured_media":0,"parent":0,"menu_order":0,"comment_status":"closed","ping_status":"closed","template":"left-sidebar.php","meta":{"_acf_changed":false,"footnotes":""},"class_list":["post-5601","page","type-page","status-publish","hentry"],"acf":[],"_links":{"self":[{"href":"https:\/\/www.djurskyddet.se\/asele\/wp-json\/wp\/v2\/pages\/5601","targetHints":{"allow":["GET"]}}],"collection":[{"href":"https:\/\/www.djurskyddet.se\/asele\/wp-json\/wp\/v2\/pages"}],"about":[{"href":"https:\/\/www.djurskyddet.se\/asele\/wp-json\/wp\/v2\/types\/page"}],"author":[{"embeddable":true,"href":"https:\/\/www.djurskyddet.se\/asele\/wp-json\/wp\/v2\/users\/3"}],"replies":[{"embeddable":true,"href":"https:\/\/www.djurskyddet.se\/asele\/wp-json\/wp\/v2\/comments?post=5601"}],"version-history":[{"count":28,"href":"https:\/\/www.djurskyddet.se\/asele\/wp-json\/wp\/v2\/pages\/5601\/revisions"}],"predecessor-version":[{"id":6399,"href":"https:\/\/www.djurskyddet.se\/asele\/wp-json\/wp\/v2\/pages\/5601\/revisions\/6399"}],"wp:attachment":[{"href":"https:\/\/www.djurskyddet.se\/asele\/wp-json\/wp\/v2\/media?parent=5601"}],"curies":[{"name":"wp","href":"https:\/\/api.w.org\/{rel}","templated":true}]}}