{"id":5595,"date":"2020-05-20T07:14:16","date_gmt":"2020-05-20T07:14:16","guid":{"rendered":"https:\/\/www.djurskyddet.se\/dalarna\/?page_id=5595"},"modified":"2023-09-18T16:38:04","modified_gmt":"2023-09-18T16:38:04","slug":"aktuellt","status":"publish","type":"page","link":"https:\/\/www.djurskyddet.se\/dalarna\/aktuellt\/","title":{"rendered":"Aktuellt"},"content":{"rendered":"\n<p>H\u00e4r uppm\u00e4rksammar vi nytt material, intressanta events, aktiviteter och annat som h\u00e4nder i, eller \u00e4r relevant f\u00f6r, f\u00f6reningen. H\u00e4r publiceras \u00e4ven kallelse till \u00e5rsm\u00f6tet. <\/p>\n\n\n\n<p>Tipsa oss g\u00e4rna om saker som h\u00e4nder runtom i Dalarna g\u00e4llande djur och djurv\u00e4lf\u00e4rd, s\u00e5 kan vi eventuellt tipsa vidare via v\u00e5ra sociala medier eller kanske f\u00f6lja upp med t ex en artikel eller reportage. Mejla oss p\u00e5 <a href=\"mailto:dalarna@djurskyddet.se\" rel=\"nofollow\">dalarna@djurskyddet.se<\/a> eller kontakta oss p\u00e5 <a href=\"https:\/\/www.facebook.com\/DjurskyddetDalarna\">Facebook\/messenger<\/a>. <\/p>\n\n\n\n<p><\/p>\n","protected":false},"excerpt":{"rendered":"<p>H\u00e4r uppm\u00e4rksammar vi nytt material, intressanta events, aktiviteter och annat som h\u00e4nder i, eller \u00e4r relevant f\u00f6r, f\u00f6reningen. H\u00e4r publiceras \u00e4ven kallelse till \u00e5rsm\u00f6tet. Tipsa oss g\u00e4rna om saker som h\u00e4nder runtom i Dalarna g\u00e4llande djur och djurv\u00e4lf\u00e4rd, s\u00e5 kan vi eventuellt tipsa vidare via v\u00e5ra sociala medier eller kanske f\u00f6lja upp med t ex en artikel eller reportage. Mejla oss p\u00e5 dalarna@djurskyddet.se eller kontakta oss p\u00e5 Facebook\/messenger.<\/p>\n","protected":false},"author":37,"featured_media":0,"parent":0,"menu_order":0,"comment_status":"closed","ping_status":"closed","template":"left-sidebar.php","meta":{"_acf_changed":false,"footnotes":""},"class_list":["post-5595","page","type-page","status-publish","hentry"],"acf":[],"_links":{"self":[{"href":"https:\/\/www.djurskyddet.se\/dalarna\/wp-json\/wp\/v2\/pages\/5595","targetHints":{"allow":["GET"]}}],"collection":[{"href":"https:\/\/www.djurskyddet.se\/dalarna\/wp-json\/wp\/v2\/pages"}],"about":[{"href":"https:\/\/www.djurskyddet.se\/dalarna\/wp-json\/wp\/v2\/types\/page"}],"author":[{"embeddable":true,"href":"https:\/\/www.djurskyddet.se\/dalarna\/wp-json\/wp\/v2\/users\/37"}],"replies":[{"embeddable":true,"href":"https:\/\/www.djurskyddet.se\/dalarna\/wp-json\/wp\/v2\/comments?post=5595"}],"version-history":[{"count":12,"href":"https:\/\/www.djurskyddet.se\/dalarna\/wp-json\/wp\/v2\/pages\/5595\/revisions"}],"predecessor-version":[{"id":6063,"href":"https:\/\/www.djurskyddet.se\/dalarna\/wp-json\/wp\/v2\/pages\/5595\/revisions\/6063"}],"wp:attachment":[{"href":"https:\/\/www.djurskyddet.se\/dalarna\/wp-json\/wp\/v2\/media?parent=5595"}],"curies":[{"name":"wp","href":"https:\/\/api.w.org\/{rel}","templated":true}]}}