{"id":5913,"date":"2022-06-12T06:49:43","date_gmt":"2022-06-12T06:49:43","guid":{"rendered":"https:\/\/www.djurskyddet.se\/dalarna\/?page_id=5913"},"modified":"2025-10-02T12:42:00","modified_gmt":"2025-10-02T12:42:00","slug":"guide-till-att-hjalpa-vilsna-djur-i-nod","status":"publish","type":"page","link":"https:\/\/www.djurskyddet.se\/dalarna\/guide-till-att-hjalpa-vilsna-djur-i-nod\/","title":{"rendered":"Upphittade\/ev. \u00e4garl\u00f6sa djur"},"content":{"rendered":"\n<figure class=\"wp-block-gallery has-nested-images columns-default is-cropped wp-block-gallery-1 is-layout-flex wp-block-gallery-is-layout-flex\">\n<figure class=\"wp-block-image size-full is-style-rounded\"><img loading=\"lazy\" decoding=\"async\" width=\"1024\" height=\"1024\" data-id=\"5966\" src=\"https:\/\/www.djurskyddet.se\/dalarna\/wp-content\/uploads\/sites\/44\/2022\/06\/5-2.png\" alt=\"\" class=\"wp-image-5966\" srcset=\"https:\/\/www.djurskyddet.se\/dalarna\/wp-content\/uploads\/sites\/44\/2022\/06\/5-2.png 1024w, https:\/\/www.djurskyddet.se\/dalarna\/wp-content\/uploads\/sites\/44\/2022\/06\/5-2-300x300.png 300w, https:\/\/www.djurskyddet.se\/dalarna\/wp-content\/uploads\/sites\/44\/2022\/06\/5-2-150x150.png 150w, https:\/\/www.djurskyddet.se\/dalarna\/wp-content\/uploads\/sites\/44\/2022\/06\/5-2-768x768.png 768w, https:\/\/www.djurskyddet.se\/dalarna\/wp-content\/uploads\/sites\/44\/2022\/06\/5-2-400x400.png 400w\" sizes=\"auto, (max-width: 1024px) 100vw, 1024px\" \/><\/figure>\n\n\n\n<figure class=\"wp-block-image size-thumbnail is-style-rounded\"><img loading=\"lazy\" decoding=\"async\" width=\"150\" height=\"150\" data-id=\"5858\" src=\"https:\/\/www.djurskyddet.se\/dalarna\/wp-content\/uploads\/sites\/44\/2022\/06\/3-150x150.png\" alt=\"\" class=\"wp-image-5858\" srcset=\"https:\/\/www.djurskyddet.se\/dalarna\/wp-content\/uploads\/sites\/44\/2022\/06\/3-150x150.png 150w, https:\/\/www.djurskyddet.se\/dalarna\/wp-content\/uploads\/sites\/44\/2022\/06\/3-300x300.png 300w, https:\/\/www.djurskyddet.se\/dalarna\/wp-content\/uploads\/sites\/44\/2022\/06\/3-1024x1024.png 1024w, https:\/\/www.djurskyddet.se\/dalarna\/wp-content\/uploads\/sites\/44\/2022\/06\/3-768x768.png 768w, https:\/\/www.djurskyddet.se\/dalarna\/wp-content\/uploads\/sites\/44\/2022\/06\/3-400x400.png 400w, https:\/\/www.djurskyddet.se\/dalarna\/wp-content\/uploads\/sites\/44\/2022\/06\/3.png 1080w\" sizes=\"auto, (max-width: 150px) 100vw, 150px\" \/><\/figure>\n\n\n\n<figure class=\"wp-block-image size-large is-style-rounded\"><img loading=\"lazy\" decoding=\"async\" width=\"1024\" height=\"1024\" data-id=\"5950\" src=\"https:\/\/www.djurskyddet.se\/dalarna\/wp-content\/uploads\/sites\/44\/2022\/06\/1-2.png\" alt=\"\" class=\"wp-image-5950\" srcset=\"https:\/\/www.djurskyddet.se\/dalarna\/wp-content\/uploads\/sites\/44\/2022\/06\/1-2.png 1024w, https:\/\/www.djurskyddet.se\/dalarna\/wp-content\/uploads\/sites\/44\/2022\/06\/1-2-300x300.png 300w, https:\/\/www.djurskyddet.se\/dalarna\/wp-content\/uploads\/sites\/44\/2022\/06\/1-2-150x150.png 150w, https:\/\/www.djurskyddet.se\/dalarna\/wp-content\/uploads\/sites\/44\/2022\/06\/1-2-768x768.png 768w, https:\/\/www.djurskyddet.se\/dalarna\/wp-content\/uploads\/sites\/44\/2022\/06\/1-2-400x400.png 400w\" sizes=\"auto, (max-width: 1024px) 100vw, 1024px\" \/><\/figure>\n<\/figure>\n\n\n\n<h2 class=\"wp-block-heading\" id=\"sok-agare-via-efterlysning\">S\u00f6k \u00e4gare via efterlysning<\/h2>\n\n\n\n<p>F\u00f6rs\u00f6k ta ett foto och <a href=\"https:\/\/www.djurskyddet.se\/dalarna\/efterlysningar-soker-hem\/\">l\u00e4gg ut efterlysning<\/a> med beskrivning av djuret och platsen d\u00e4r det hittades\/har synts till. Se till att det finns kontaktuppgifter till de som har info om djuret och\/eller har djuret i f\u00f6rvar.&nbsp;<\/p>\n\n\n\n<p>S\u00e4tt g\u00e4rna upp lappar med foto i omr\u00e5det (alla har ju inte facebook)&nbsp;<\/p>\n\n\n\n<p>Facebooksidor- och grupper f\u00f6r efterlysningar:<\/p>\n\n\n\n<ul class=\"wp-block-list\">\n<li>Djurskyddet Dalarna&nbsp;<\/li>\n\n\n\n<li>Borl\u00e4nge Katthem<\/li>\n\n\n\n<li>Bortsprungna och upphittade djur i Dalarna<\/li>\n\n\n\n<li>Vilse.nu (rikst\u00e4ckande)<\/li>\n\n\n\n<li>Diverse lokala grupper (Vi som bor i B\u00e4sna, Borl\u00e4nge etcetera)&nbsp;<\/li>\n<\/ul>\n\n\n\n<h2 class=\"wp-block-heading\" id=\"fanga-in-ett-djur\">F\u00e5nga in ett djur&nbsp;<\/h2>\n\n\n\n<p>F\u00e4llor finns ofta hos djurhem och andra omplaceringsverksamheter, se n\u00e4sta sida f\u00f6r kontaktuppgifter. Djurskyddet Dalarna har f\u00e4llor f\u00f6r utl\u00e5ning i R\u00e4ttvik, Falun och Borl\u00e4nge, samt chipl\u00e4sare.&nbsp;<\/p>\n\n\n\n<p>T\u00e4nk p\u00e5 att ta reda p\u00e5 hur f\u00e4llorna fungerar. De som l\u00e5nar ut f\u00e4llan b\u00f6r kunna vara behj\u00e4lpliga med detta. Det finns lagstadgade <a href=\"https:\/\/jvdoc.sharepoint.com\/sites\/sjvfs\/Shared%20Documents\/2020_8\/2020-008.pdf?ga=1\">f\u00f6reskrifter <\/a>som g\u00e4ller f\u00f6r att f\u00e5nga in en katt i f\u00e4lla, men gl\u00f6m inte att dessa trots allt \u00e4r <em>minimikrav.<\/em>&nbsp;<\/p>\n\n\n\n<p>Djur i f\u00e4lla kan bli v\u00e4ldigt r\u00e4dda och stressade, och beh\u00f6ver komma ur f\u00e4llan och tas omhand i en trygg milj\u00f6. Djuret ska snabbt kunna omh\u00e4ndertas och f\u00e5 v\u00e5rd f\u00f6r eventuella fysiska skador och mental p\u00e5verkan. En f\u00e4lla, oavsett djur som f\u00e5ngas in, b\u00f6r d\u00e4rf\u00f6r kollas <em>minst varannan timme<\/em> eller <em>\u00f6vervakas med kamera\/larm<\/em>.<br><\/p>\n\n\n\n<h2 class=\"wp-block-heading\" id=\"vem-kan-ta-hand-omjuret-da-det-ar-infangat\">Vem kan ta hand omjuret d\u00e5 det \u00e4r inf\u00e5ngat?<\/h2>\n\n\n\n<p>Om du sj\u00e4lv inte tillf\u00e4lligt kan ta hand om det djur du planerar att f\u00e5nga in, f\u00f6rs\u00e4kra dig om att djuret kan tas omhand<strong><em> innan<\/em><\/strong> det g\u00e5r i f\u00e4llan. Var ska djuret vara n\u00e4r det f\u00e5ngats in? Vem tar hand om det, och hur? Det \u00e4r inte bara att sl\u00e4ppa ut djuret igen. Speciellt eftersom djuret kan ha stressats\/lidit\/skadats av inf\u00e5ngandet och d\u00e5 ocks\u00e5 helt i on\u00f6dan.&nbsp;<\/p>\n\n\n\n<p>Kontakta djurhem\/jourhemsverksamhet (se kontaktuppgifter nedan) f\u00f6r att s\u00e4kerst\u00e4lla att plats finns f\u00f6r att omh\u00e4nderta djuret f\u00f6r vidare omplacering. Dessa \u00e4r ofta fullbelagda, men det kan finnas m\u00f6jlighet att s\u00e4tta upp djuret p\u00e5 v\u00e4ntelista. T\u00e4nk p\u00e5 att respektera deras, ofta anstr\u00e4ngda ideella, verksamhet och att det inte \u00e4r ok att bara dyka upp med ett djur och f\u00f6rv\u00e4nta sig att de kan ta hand om det.&nbsp;<\/p>\n\n\n\n<h2 class=\"wp-block-heading\" id=\"nar-du-fangat-in-tagit-hand-om-ett-djur\">N\u00e4r du f\u00e5ngat in\/tagit hand om ett djur&nbsp;<\/h2>\n\n\n\n<p>Finn en lugn l\u00e4mplig plats d\u00e4r djuret kan vila, \u00e4ta, dricka och g\u00f6ra sina behov. Det \u00e4r mycket viktigt att djuret f\u00e5r m\u00f6jlighet till att k\u00e4nna sig tryggt och kan s\u00e4nka stressniv\u00e5n. En katt, exempelvis, har stort behov av att kunna g\u00f6mma sig. Detta g\u00e4ller \u00e4ven f\u00f6r m\u00e5nga andra djur, speciellt i stressande omst\u00e4ndigheter.&nbsp;<\/p>\n\n\n\n<p>Information om vad olika s\u00e4llskapsdjur beh\u00f6ver i tillf\u00e4lliga som permanenta hem finns hos Djurskyddet Sverige <a href=\"https:\/\/www.djurskyddet.se\/tips\/\">Tips och r\u00e5d<\/a>. Se ocks\u00e5 lagenliga f\u00f6reskrifter f\u00f6r olika djurslags fysiska och mentala behov p\u00e5 <a href=\"https:\/\/jordbruksverket.se\/djur\/hundar-katter-och-smadjur\">Jordbruksverkets webbplats<\/a> (h\u00e4r: katter, hundar och sm\u00e5djur).&nbsp;<\/p>\n\n\n\n<p>Djur kan vara r\u00e4dda och svaga efter en tid utan mat, vatten och h\u00f6g stress. Kolla efter \u00e4gare och kontakta veterin\u00e4r f\u00f6r rekommendationer och eventuell behandling, speciellt om djuret verkar skadat, utmattat eller mycket magert\/uttorkat. Kontakta d\u00e5 veterin\u00e4r omg\u00e5ende, och var f\u00f6rsiktig med att ge ett eventuellt sv\u00e5rt sv\u00e4ltande djur f\u00f6r mycket mat, f\u00f6r snabbt. Om inte \u00e4gare hittas finns m\u00f6jlighet att Djurskyddet Dalarna kan st\u00e5 f\u00f6r veterin\u00e4rkostnaden.&nbsp;<\/p>\n\n\n\n<h3 class=\"wp-block-heading\" id=\"sok-agare-via-markning-och-registrering\">S\u00f6k \u00e4gare via m\u00e4rkning och registrering<\/h3>\n\n\n\n<p>Det \u00e4r lag p\u00e5 att alla katter, \u00e4ven innekatter, ska ID-m\u00e4rkas och registreras i Jordbruksverkets databas. Kom ih\u00e5g att chippa och \u00e4garregistrera din katt i Jordbruksverkets <a href=\"https:\/\/jordbruksverket.se\/e-tjanster-databaser-och-appar\/e-tjanster-och-databaser-djur\/kattregistret\/kattregistret---registrera-katt\">kattregister.<\/a> H\u00e4r kan du ocks\u00e5 s\u00f6ka efter ID-nummer f\u00f6r att hitta \u00e4gare och kontaktuppgifter. Titta efter \u00f6rontatuering och scanna djurets nackregion-rygg f\u00f6r chip. Numret l\u00e4ses av och kollas i databaser p\u00e5 n\u00e4tet f\u00f6r att kunna finna \u00e4gare och kontaktuppgifter.&nbsp;<\/p>\n\n\n\n<p>Tyv\u00e4rr \u00e4r det s\u00e5 att l\u00e5ngt ifr\u00e5n alla \u00e4gare har varken ID-m\u00e4rkt eller registrerat sin katt i Jordbruksverkets kattregister. Ibland \u00e4r dock katten chippad (eller \u00f6ronm\u00e4rkt, vilket blir mer och mer ovanligt &#8211; vissa veterin\u00e4rer utf\u00f6r inte l\u00e4ngre \u00f6rontatuering) men inte registrerad. Kolla alltid Jordbruksverkets <a href=\"https:\/\/jordbruksverket.se\/e-tjanster-databaser-och-appar\/e-tjanster-och-databaser-djur\/kattregistret\/kattregistret---registrera-katt\">kattregister<\/a>, och hittar du ingen \u00e4gare registrerad d\u00e4r, s\u00f6k ID-numret i registren ocks\u00e5 hos <a href=\"https:\/\/www.sverak.se\/id-registret\/\">SVERAK<\/a> och <a href=\"https:\/\/www.skk.se\/...\/djuridse-skks...\/katt\/agarregister\/\">Djur-ID<\/a>. <\/p>\n\n\n\n<p>Det kan ibland ocks\u00e5 beh\u00f6vas en del &#8217;detektivarbete&#8217; f\u00f6r att finna och kontakta en eventuell \u00e4gare, som kan ha gl\u00f6mt att registrera \u00e4garskap&#8230;.vi l\u00e4mnar detta till dig och ditt initiativ&#8230;.<\/p>\n\n\n\n<p>Gl\u00f6m inte att ocks\u00e5 chippa och \u00e4garregistrera din kanin! Svenska Kaninv\u00e4lf\u00e4rdsf\u00f6reningen har ett <a href=\"https:\/\/skvf.se\/kaninregistret\/\">kaninregister<\/a> att registrera och s\u00f6ka \u00e4gare. <\/p>\n\n\n\n<p>Chipl\u00e4sare finns hos veterin\u00e4r och p\u00e5 de flesta djurhem, och f\u00f6r utl\u00e5ning hos Djurskyddet Dalarna.&nbsp;<\/p>\n\n\n\n<p>Kontakta polisen (114 14) f\u00f6r att anm\u00e4la upphittat djur och kontrollera om djuret anm\u00e4lts f\u00f6rsvunnet. Polisen har \u00e4ven ofta chipl\u00e4sare.&nbsp;<\/p>\n\n\n\n<p>Om ev. \u00e4gare ger sig tillk\u00e4nna och djuret inte \u00e4r ID-m\u00e4rkt och registrerat: be t ex om foton p\u00e5 djuret i sin hemmilj\u00f6 f\u00f6r att f\u00f6rs\u00f6ka s\u00e4kerst\u00e4lla att djuret kommer tillbaka till r\u00e4tt hem. P\u00e5minn g\u00e4rna \u00e4garen om ID-m\u00e4rka och registrera sin katt, och att det idag \u00e4r ett lagbrott att underl\u00e5ta att g\u00f6ra det. Eftersom det \u00e4r lag p\u00e5 \u00e4garregistrering kan det bli problematiskt att bevisa sitt \u00e4garskap till en katt utan ID-m\u00e4rkning, OCH uppdaterad \u00e4garregistrering. <\/p>\n\n\n\n<h3 class=\"wp-block-heading\" id=\"kontaktuppgifter-till-djurhem-jourhemsverksamhet-i-dalarna\">Kontaktuppgifter till djurhem\/jourhemsverksamhet i Dalarna<\/h3>\n\n\n\n<p><strong>Avesta Katthem<\/strong><\/p>\n\n\n\n<p><a href=\"http:\/\/www.avestakatthem.se\">www.avestakatthem.se<\/a><\/p>\n\n\n\n<p><a href=\"https:\/\/www.facebook.com\/Avesta-Katthem-160870280612047\">Avesta Katthem | Facebook<\/a><\/p>\n\n\n\n<p>Tel: 076-9280111 \/ 073-9513031<br><\/p>\n\n\n\n<p><strong>Bergslagskatten<\/strong> (Smedjebacken)<\/p>\n\n\n\n<p><a href=\"http:\/\/www.bergslagskatten.se\">www.bergslagskatten.se<\/a><\/p>\n\n\n\n<p><a href=\"https:\/\/www.facebook.com\/Bergslagskatten-Katthem-421988207935525\">Bergslagskatten &#8211; Katthem | Facebook<\/a><\/p>\n\n\n\n<p>bergslagskatten@home.se<\/p>\n\n\n\n<p>Tel: 070-3826121<br><\/p>\n\n\n\n<p>B<strong>orl\u00e4nge Katthem<\/strong><\/p>\n\n\n\n<p><a href=\"https:\/\/www.facebook.com\/borlange.katthem.9\">Katthemmet Borl\u00e4nge | Facebook<\/a><\/p>\n\n\n\n<p><a href=\"mailto:borlange@djurensvanner.se\">borlange@djurensvanner.se<\/a><\/p>\n\n\n\n<p>Tel: 0243-23 29 08<\/p>\n\n\n\n<p>Andra <strong>Chansen Mora-Orsa&nbsp;<\/strong><\/p>\n\n\n\n<p><a href=\"http:\/\/www.andrachansen.org\/?fbclid=IwAR3HU-V4RtSUAIrfWjrJiwKAPLxUaxF5lMyvXwlX6BW6HAKtMG1EWp48XBk\">http:\/\/www.andrachansen.org\/<\/a><\/p>\n\n\n\n<p><a href=\"https:\/\/www.facebook.com\/andrachansenmoraorsa\">Andra chansen Mora Orsa | Facebook<\/a><\/p>\n\n\n\n<p>Tel: 073-820 54 77<\/p>\n\n\n\n<p><strong>Dalakatten<\/strong><a href=\"https:\/\/www.facebook.com\/groups\/dalakatten\/?__cft__[0]=AZW2erEiAidi8b2KrFYEp9YUfSBrD_C4ILraiaV9BREymNkfFdnFGh7xqcrBBGw22GmLdfdwghSFZItGU9bYAktkAeuVvsPu0_nQ8L1AB04wJ6j50WvbqTpGiVFgyB3Gm6WS8c_X5IfSz5HjCG15wVkANcBkmtrS22nqDaGHJ9Wjwp9BYiDk2dCVjnJ7oLgWFGQ&amp;__tn__=-UK-R\"> <\/a><a href=\"https:\/\/www.facebook.com\/groups\/1773220652931544\">Dalakatten &#8211; Heml\u00f6sa Katter i Dalarna Swish 070-510 31 32 | Facebook<\/a>&nbsp;<\/p>\n\n\n\n<p>(sluten grupp, beg\u00e4r intr\u00e4de)<\/p>\n\n\n\n<p><strong>R\u00e5tthj\u00e4lpen<\/strong><\/p>\n\n\n\n<p><a href=\"https:\/\/www.ratthjalpen.com\">https:\/\/www.ratthjalpen.com<\/a><\/p>\n\n\n\n<p><a href=\"https:\/\/www.facebook.com\/ratthjalpen\">R\u00e5tthj\u00e4lpen | Facebook<\/a>&nbsp;<\/p>\n\n\n\n<p><a href=\"mailto:info@ratthjalpen.se\">info@ratthjalpen.se<\/a><\/p>\n\n\n\n<p><strong>Sm\u00e5djurschansen<\/strong><\/p>\n\n\n\n<p><a href=\"https:\/\/www.facebook.com\/smadjurschansen\">Sm\u00e5djurschansen | Facebook<\/a><\/p>\n\n\n\n<p><a href=\"mailto:therese@smadjurschansen.se\">therese@smadjurschansen.se<\/a>; <a href=\"mailto:johanna@smadjurschansen.se\">johanna@smadjurschansen.se<\/a><\/p>\n\n\n\n<p>Hittar du ett vilt djur, kontakta <strong><strong>KFV R\u00e4ttviks viltrehabilitering<\/strong>.<\/strong><\/p>\n\n\n\n<p><a href=\"http:\/\/www.rattviksviltjour.se\/?fbclid=IwAR1zXvILn9hBmFcSlVczurV_3PPtJ9QiBgGWXsRDI6yYh54AIrW5-WX5xH0\">http:\/\/www.rattviksviltjour.se\/<\/a><\/p>\n\n\n\n<p><a href=\"https:\/\/www.facebook.com\/KFVRattviksViltrehabilitering\/\" target=\"_blank\" rel=\"noreferrer noopener\">KFV R\u00e4ttviks Viltjour | Facebook<\/a><\/p>\n\n\n\n<p>Tel: 070 284 32 42<\/p>\n\n\n\n<p>eller <a href=\"https:\/\/vilthjalpen.se\/\"><strong>Ninas Vilthj\u00e4lp &amp; ViltrNehab &#8211; Wildlife Rescue <\/strong><\/a> i R\u00e4ttvik<\/p>\n\n\n\n<p><a href=\"https:\/\/www.facebook.com\/ninasvilthjalp\">Ninas Vilthj\u00e4lp &#8211; Facebook<\/a><\/p>\n\n\n\n<p>E-post: <a href=\"mailto:ninasvilthjalp@gmail.com\">ninasvilthjalp@gmail.com<\/a><\/p>\n\n\n\n<p>Tel 076-8538171<\/p>\n\n\n\n<p><strong>Furudals Viltrehabilitering<\/strong><\/p>\n\n\n\n<p><a href=\"https:\/\/furansviltrehab.se\/\">https:\/\/furansviltrehab.se\/<\/a><\/p>\n\n\n\n<p><strong>Tfn: 070-318 23 44<\/strong><\/p>\n\n\n\n<p><strong>Telefontider: 09.00-21.00<\/strong><\/p>\n\n\n\n<h3 class=\"wp-block-heading\" id=\"kontaktuppgifter-till-privatpersoner-som-eventuellt-kan-hjalpa-till\">Kontaktuppgifter till privatpersoner som eventuellt kan hj\u00e4lpa till&nbsp;<\/h3>\n\n\n\n<p>Djurskyddet Dalarna har f\u00f6r tillf\u00e4llet inte tillst\u00e5nd fr\u00e5n L\u00e4nsstyrelsen att omh\u00e4nderta djur via jourhem, varf\u00f6r vi enbart kan f\u00f6rmedla kontaktuppgifter till personer som eventuellt kan vara behj\u00e4lpliga med tillf\u00e4lligt boende, transporter etcetera. Om du, eller n\u00e5gon du k\u00e4nner, kan vara den personen v\u00e4nligen kontakta oss via mejl <a href=\"mailto:dalarna@djurskyddet.se\">dalarna@djurskyddet.se<\/a> eller via v\u00e5r <a href=\"https:\/\/www.facebook.com\/DjurskyddetDalarna\">Facebook\/messenger<\/a>.&nbsp;<\/p>\n\n\n\n<p>F\u00f6r att kunna ta v\u00e4l hand om ett djur \u00e4ven i tillf\u00e4lligt boende h\u00e4nvisar vi till Djurskyddet Sveriges <a href=\"https:\/\/www.djurskyddet.se\/tips\/\">tips och r\u00e5d f\u00f6r djur\u00e4gare<\/a>. Se ocks\u00e5 lagenliga f\u00f6reskrifter f\u00f6r olika djurslags fysiska och mentala behov p\u00e5 <a href=\"https:\/\/jordbruksverket.se\/djur\">Jordbruksverkets webbplats.&nbsp;<\/a><\/p>\n","protected":false},"excerpt":{"rendered":"<p>S\u00f6k \u00e4gare via efterlysning F\u00f6rs\u00f6k ta ett foto och l\u00e4gg ut efterlysning med beskrivning av djuret och platsen d\u00e4r det hittades\/har synts till. Se till att det finns kontaktuppgifter till de som har info om djuret och\/eller har djuret i f\u00f6rvar.&nbsp; S\u00e4tt g\u00e4rna upp lappar med foto i omr\u00e5det (alla har ju inte facebook)&nbsp; Facebooksidor- och grupper f\u00f6r efterlysningar: F\u00e5nga in ett djur&nbsp; F\u00e4llor finns ofta hos djurhem och andra&hellip;<\/p>\n<p><a class=\"more-link\" href=\"https:\/\/www.djurskyddet.se\/dalarna\/guide-till-att-hjalpa-vilsna-djur-i-nod\/\" title=\"Continue reading &lsquo;Upphittade\/ev. \u00e4garl\u00f6sa djur&rsquo;\">L&auml;s mer<span class=\"meta-nav\">&raquo;<\/span><\/a><\/p>\n","protected":false},"author":46,"featured_media":0,"parent":0,"menu_order":0,"comment_status":"closed","ping_status":"closed","template":"left-sidebar.php","meta":{"_acf_changed":false,"footnotes":""},"class_list":["post-5913","page","type-page","status-publish","hentry"],"acf":[],"_links":{"self":[{"href":"https:\/\/www.djurskyddet.se\/dalarna\/wp-json\/wp\/v2\/pages\/5913","targetHints":{"allow":["GET"]}}],"collection":[{"href":"https:\/\/www.djurskyddet.se\/dalarna\/wp-json\/wp\/v2\/pages"}],"about":[{"href":"https:\/\/www.djurskyddet.se\/dalarna\/wp-json\/wp\/v2\/types\/page"}],"author":[{"embeddable":true,"href":"https:\/\/www.djurskyddet.se\/dalarna\/wp-json\/wp\/v2\/users\/46"}],"replies":[{"embeddable":true,"href":"https:\/\/www.djurskyddet.se\/dalarna\/wp-json\/wp\/v2\/comments?post=5913"}],"version-history":[{"count":17,"href":"https:\/\/www.djurskyddet.se\/dalarna\/wp-json\/wp\/v2\/pages\/5913\/revisions"}],"predecessor-version":[{"id":6233,"href":"https:\/\/www.djurskyddet.se\/dalarna\/wp-json\/wp\/v2\/pages\/5913\/revisions\/6233"}],"wp:attachment":[{"href":"https:\/\/www.djurskyddet.se\/dalarna\/wp-json\/wp\/v2\/media?parent=5913"}],"curies":[{"name":"wp","href":"https:\/\/api.w.org\/{rel}","templated":true}]}}