{"id":5504,"date":"2018-09-24T11:10:43","date_gmt":"2018-09-24T11:10:43","guid":{"rendered":"http:\/\/www.djurskyddet.se\/landskrona\/?page_id=5504"},"modified":"2026-03-23T19:26:02","modified_gmt":"2026-03-23T19:26:02","slug":"om-oss","status":"publish","type":"page","link":"https:\/\/www.djurskyddet.se\/flyingebygden\/om-oss\/","title":{"rendered":"Om oss"},"content":{"rendered":"<div class=\"wp-block-image is-style-rounded\">\n<figure class=\"alignright size-full is-resized\"><img loading=\"lazy\" decoding=\"async\" width=\"1024\" height=\"1024\" src=\"https:\/\/www.djurskyddet.se\/flyingebygden\/wp-content\/uploads\/sites\/53\/2026\/01\/Untitled-design-5.jpg\" alt=\"\" class=\"wp-image-12632\" style=\"width:213px;height:auto\" srcset=\"https:\/\/www.djurskyddet.se\/flyingebygden\/wp-content\/uploads\/sites\/53\/2026\/01\/Untitled-design-5.jpg 1024w, https:\/\/www.djurskyddet.se\/flyingebygden\/wp-content\/uploads\/sites\/53\/2026\/01\/Untitled-design-5-300x300.jpg 300w, https:\/\/www.djurskyddet.se\/flyingebygden\/wp-content\/uploads\/sites\/53\/2026\/01\/Untitled-design-5-150x150.jpg 150w, https:\/\/www.djurskyddet.se\/flyingebygden\/wp-content\/uploads\/sites\/53\/2026\/01\/Untitled-design-5-768x768.jpg 768w, https:\/\/www.djurskyddet.se\/flyingebygden\/wp-content\/uploads\/sites\/53\/2026\/01\/Untitled-design-5-400x400.jpg 400w\" sizes=\"auto, (max-width: 1024px) 100vw, 1024px\" \/><\/figure><\/div>\n\n\n<p><\/p>\n\n\n\n<p class=\"has-text-align-center has-medium-font-size\"><strong>Djurskyddet Flyingebygden \u00e4r en av cirka 45 anslutna lokalf\u00f6reningar till Djurskyddet Sverige som med sina n\u00e4stan 11 000 medlemmar \u00e4r en av Sveriges st\u00f6rsta djurskyddsorganisationer.&nbsp;<\/strong><\/p>\n\n\n\n<div class=\"wp-block-columns is-layout-flex wp-container-core-columns-is-layout-1 wp-block-columns-is-layout-flex\">\n<div class=\"wp-block-column is-layout-flow wp-block-column-is-layout-flow\">\n<p>V\u00e5r f\u00f6rening startade v\u00e5ren 2022 och har nu drygt 80 medlemmar, men vi hoppas att vi med er hj\u00e4lp kommer att v\u00e4xa stadigt.<\/p>\n\n\n\n<p>Vi arbetar med r\u00e5d, st\u00f6d och placering\/omplacering av heml\u00f6sa eller vanv\u00e5rdade djur, fr\u00e4mst katter. Visionen \u00e4r att kunna starta upp ett djurhem men d\u00e4r \u00e4r vi inte idag, utan vi \u00e4r helt beroende av jourhem, det vill s\u00e4ga m\u00e4nniskor som \u00e4r villiga att \u00f6ppna upp sina hem under tiden vi s\u00f6ker eventuell \u00e4gare eller ett nytt hem f\u00f6r katten. F\u00f6r att sprida information och f\u00e5 in pengar till verksamheten deltar vi p\u00e5 olika evenemang under \u00e5ret.<\/p>\n\n\n\n<h4 class=\"wp-block-heading has-medium-font-size\" style=\"font-style:normal;font-weight:700\"><strong>Vilka \u00e4r vi?<\/strong><\/h4>\n\n\n\n<p>Vi \u00e4r en grupp av m\u00e4nniskor som brinner f\u00f6r djurens v\u00e4lf\u00e4rd och som vet att vi kan g\u00f6ra skillnad, om inte f\u00f6r alla djuren, s\u00e5 i alla fall de som kommer i v\u00e5r v\u00e4g!<\/p>\n\n\n\n<blockquote class=\"wp-block-quote is-layout-flow wp-block-quote-is-layout-flow\">\n<p><em>\u201dIngen kan hj\u00e4lpa alla, men alla kan hj\u00e4lpa n\u00e5gon\u201d<\/em><\/p>\n<\/blockquote>\n<\/div>\n\n\n\n<div class=\"wp-block-column is-layout-flow wp-block-column-is-layout-flow\">\n<p>Med din hj\u00e4lp hoppas vi, att vi tillsammans ska kunna hj\u00e4lpa \u00e4nnu fler djur som beh\u00f6ver v\u00e5r hj\u00e4lp att f\u00e5 komma till en trygg tillvaro!<\/p>\n\n\n\n<h4 class=\"wp-block-heading has-medium-font-size\" style=\"font-style:normal;font-weight:700\"><strong>Styrelsen<\/strong><\/h4>\n\n\n\n<ul class=\"wp-block-list\">\n<li><strong>Ordf\u00f6rande:<\/strong> Kristin Borggren<\/li>\n\n\n\n<li><strong>Vice ordf\u00f6rande:<\/strong>\u00a0Klara Holst<\/li>\n\n\n\n<li><strong>Kass\u00f6r:\u00a0<\/strong>Christine Siddr\u00e9<\/li>\n\n\n\n<li><strong>Sekreterare:\u00a0<\/strong>Ashley Andersson<\/li>\n\n\n\n<li><strong>Styrelseledamot:<\/strong> Annelie Juul<\/li>\n\n\n\n<li><strong>Styrelseledamot:<\/strong> Anna-Lena Martinsson<\/li>\n\n\n\n<li><strong>Styrelseledamot:<\/strong> Ann-Caroline Kostet<\/li>\n\n\n\n<li><strong>Styrelseledamot:<\/strong> Karin Stenstr\u00f6m<\/li>\n\n\n\n<li><strong>Styrelseledamot:<\/strong> Isabella J\u00f6nsson Gonzalez<\/li>\n<\/ul>\n<\/div>\n<\/div>\n\n\n\n<figure class=\"wp-block-embed is-type-video is-provider-vimeo wp-block-embed-vimeo wp-embed-aspect-16-9 wp-has-aspect-ratio\"><div class=\"wp-block-embed__wrapper\">\n<iframe loading=\"lazy\" title=\"Flyingebygden - bakom kulisserna.mp4\" src=\"https:\/\/player.vimeo.com\/video\/796211832?dnt=1&amp;app_id=122963\" width=\"790\" height=\"444\" frameborder=\"0\" allow=\"autoplay; fullscreen; picture-in-picture; clipboard-write; encrypted-media; web-share\" referrerpolicy=\"strict-origin-when-cross-origin\"><\/iframe>\n<\/div><\/figure>\n","protected":false},"excerpt":{"rendered":"<p>Djurskyddet Flyingebygden \u00e4r en av cirka 45 anslutna lokalf\u00f6reningar till Djurskyddet Sverige som med sina n\u00e4stan 11 000 medlemmar \u00e4r en av Sveriges st\u00f6rsta djurskyddsorganisationer.&nbsp; V\u00e5r f\u00f6rening startade v\u00e5ren 2022 och har nu drygt 80 medlemmar, men vi hoppas att vi med er hj\u00e4lp kommer att v\u00e4xa stadigt. Vi arbetar med r\u00e5d, st\u00f6d och placering\/omplacering av heml\u00f6sa eller vanv\u00e5rdade djur, fr\u00e4mst katter. Visionen \u00e4r att kunna starta upp ett djurhem&hellip;<\/p>\n<p><a class=\"more-link\" href=\"https:\/\/www.djurskyddet.se\/flyingebygden\/om-oss\/\" title=\"Continue reading &lsquo;Om oss&rsquo;\">L&auml;s mer<span class=\"meta-nav\">&raquo;<\/span><\/a><\/p>\n","protected":false},"author":3,"featured_media":0,"parent":0,"menu_order":0,"comment_status":"closed","ping_status":"closed","template":"page-templates\/full-width.php","meta":{"_acf_changed":false,"footnotes":""},"class_list":["post-5504","page","type-page","status-publish","hentry"],"acf":[],"_links":{"self":[{"href":"https:\/\/www.djurskyddet.se\/flyingebygden\/wp-json\/wp\/v2\/pages\/5504","targetHints":{"allow":["GET"]}}],"collection":[{"href":"https:\/\/www.djurskyddet.se\/flyingebygden\/wp-json\/wp\/v2\/pages"}],"about":[{"href":"https:\/\/www.djurskyddet.se\/flyingebygden\/wp-json\/wp\/v2\/types\/page"}],"author":[{"embeddable":true,"href":"https:\/\/www.djurskyddet.se\/flyingebygden\/wp-json\/wp\/v2\/users\/3"}],"replies":[{"embeddable":true,"href":"https:\/\/www.djurskyddet.se\/flyingebygden\/wp-json\/wp\/v2\/comments?post=5504"}],"version-history":[{"count":72,"href":"https:\/\/www.djurskyddet.se\/flyingebygden\/wp-json\/wp\/v2\/pages\/5504\/revisions"}],"predecessor-version":[{"id":12903,"href":"https:\/\/www.djurskyddet.se\/flyingebygden\/wp-json\/wp\/v2\/pages\/5504\/revisions\/12903"}],"wp:attachment":[{"href":"https:\/\/www.djurskyddet.se\/flyingebygden\/wp-json\/wp\/v2\/media?parent=5504"}],"curies":[{"name":"wp","href":"https:\/\/api.w.org\/{rel}","templated":true}]}}