{"id":11853,"date":"2025-01-25T19:46:22","date_gmt":"2025-01-25T18:46:22","guid":{"rendered":"https:\/\/www.djurskyddet.se\/jamtland\/?page_id=11853"},"modified":"2025-01-25T19:46:23","modified_gmt":"2025-01-25T18:46:23","slug":"katthalsningar-2022","status":"publish","type":"page","link":"https:\/\/www.djurskyddet.se\/jamtland\/adoption\/att-adoptera\/katthalsningar-2020\/katthalsningar-2022\/","title":{"rendered":"Katth\u00e4lsningar 2022"},"content":{"rendered":"\n<p class=\"has-text-align-center\"><img loading=\"lazy\" decoding=\"async\" width=\"1024\" height=\"768\" class=\"wp-image-11908\" style=\"width: 500px\" src=\"https:\/\/www.djurskyddet.se\/jamtland\/wp-content\/uploads\/sites\/14\/2025\/01\/474213315_4002767016602561_2655674523778100207_n.jpg\" alt=\"\" srcset=\"https:\/\/www.djurskyddet.se\/jamtland\/wp-content\/uploads\/sites\/14\/2025\/01\/474213315_4002767016602561_2655674523778100207_n.jpg 1024w, https:\/\/www.djurskyddet.se\/jamtland\/wp-content\/uploads\/sites\/14\/2025\/01\/474213315_4002767016602561_2655674523778100207_n-300x225.jpg 300w, https:\/\/www.djurskyddet.se\/jamtland\/wp-content\/uploads\/sites\/14\/2025\/01\/474213315_4002767016602561_2655674523778100207_n-768x576.jpg 768w, https:\/\/www.djurskyddet.se\/jamtland\/wp-content\/uploads\/sites\/14\/2025\/01\/474213315_4002767016602561_2655674523778100207_n-400x300.jpg 400w\" sizes=\"auto, (max-width: 1024px) 100vw, 1024px\" \/><\/p>\n\n\n\n<p class=\"has-text-align-center\">&#8221;Harry och Eevee s\u00e4nder en h\u00e4lsning till er p\u00e5 katthemmet att dom trivs bra ihop med varandra! Eevee har b\u00f6rjat vara mer framme och nu har vi f\u00e5tt b\u00f6rja gosa med henne. Eevee f\u00f6ljer efter Harry n\u00e4r han g\u00e5r iv\u00e4g f\u00f6r att hon vill ha koll. S\u00e5 dom \u00e4r riktigt go mot varandra! N\u00e4r Harry tycker att Eevee har sovit l\u00e4nge s\u00e5 g\u00e5r han och v\u00e4cker henne.&#8221;<\/p>\n\n\n\n<hr class=\"wp-block-separator has-alpha-channel-opacity\" \/>\n\n\n\n<p class=\"has-text-align-center\"><img loading=\"lazy\" decoding=\"async\" width=\"1024\" height=\"461\" class=\"wp-image-11910\" style=\"width: 500px\" src=\"https:\/\/www.djurskyddet.se\/jamtland\/wp-content\/uploads\/sites\/14\/2025\/01\/319989269_890790322105683_5278866693357121303_n.jpg\" alt=\"\" srcset=\"https:\/\/www.djurskyddet.se\/jamtland\/wp-content\/uploads\/sites\/14\/2025\/01\/319989269_890790322105683_5278866693357121303_n.jpg 1024w, https:\/\/www.djurskyddet.se\/jamtland\/wp-content\/uploads\/sites\/14\/2025\/01\/319989269_890790322105683_5278866693357121303_n-300x135.jpg 300w, https:\/\/www.djurskyddet.se\/jamtland\/wp-content\/uploads\/sites\/14\/2025\/01\/319989269_890790322105683_5278866693357121303_n-768x346.jpg 768w, https:\/\/www.djurskyddet.se\/jamtland\/wp-content\/uploads\/sites\/14\/2025\/01\/319989269_890790322105683_5278866693357121303_n-400x180.jpg 400w\" sizes=\"auto, (max-width: 1024px) 100vw, 1024px\" \/><\/p>\n\n\n\n<p class=\"has-text-align-center\">&#8221;Zvampen har det v\u00e4ldigg bra, hon trivs som fisken i vattnet med sin kattkompis Potatis och med sin nya familj! Hittills har hon rivit ner 10 julkulor, hon \u00e4r en riktigt busig tomtemisse!&#8221;<\/p>\n\n\n\n<hr class=\"wp-block-separator has-alpha-channel-opacity\" \/>\n\n\n\n<p class=\"has-text-align-center\"><img loading=\"lazy\" decoding=\"async\" width=\"640\" height=\"833\" class=\"wp-image-11962\" style=\"width: 500px\" src=\"https:\/\/www.djurskyddet.se\/jamtland\/wp-content\/uploads\/sites\/14\/2025\/01\/Untitled20.jpg\" alt=\"\" srcset=\"https:\/\/www.djurskyddet.se\/jamtland\/wp-content\/uploads\/sites\/14\/2025\/01\/Untitled20.jpg 640w, https:\/\/www.djurskyddet.se\/jamtland\/wp-content\/uploads\/sites\/14\/2025\/01\/Untitled20-230x300.jpg 230w, https:\/\/www.djurskyddet.se\/jamtland\/wp-content\/uploads\/sites\/14\/2025\/01\/Untitled20-400x521.jpg 400w\" sizes=\"auto, (max-width: 640px) 100vw, 640px\" \/><\/p>\n\n\n\n<p class=\"has-text-align-center\">&#8221;Vi adopterade Mazzy i maj. Det \u00e4r vi s\u00e5 otroligt glada f\u00f6r. Varje dag hittar hon p\u00e5 bus. Hon \u00e4r rolig, sn\u00e4ll och otroligt nyfiken. Vi \u00e4r s\u00e5 glada att hon har kommit till v\u00e5r familj. God Jul till alla er som g\u00f6r en s\u00e5 fantastisk fin insats!&#8221;<\/p>\n\n\n\n<hr class=\"wp-block-separator has-alpha-channel-opacity\" \/>\n\n\n\n<p class=\"has-text-align-center\"><img loading=\"lazy\" decoding=\"async\" width=\"1024\" height=\"771\" class=\"wp-image-11963\" style=\"width: 500px\" src=\"https:\/\/www.djurskyddet.se\/jamtland\/wp-content\/uploads\/sites\/14\/2025\/01\/320221046_1584565035314240_5506624389480026715_n.jpg\" alt=\"\" srcset=\"https:\/\/www.djurskyddet.se\/jamtland\/wp-content\/uploads\/sites\/14\/2025\/01\/320221046_1584565035314240_5506624389480026715_n.jpg 1024w, https:\/\/www.djurskyddet.se\/jamtland\/wp-content\/uploads\/sites\/14\/2025\/01\/320221046_1584565035314240_5506624389480026715_n-300x226.jpg 300w, https:\/\/www.djurskyddet.se\/jamtland\/wp-content\/uploads\/sites\/14\/2025\/01\/320221046_1584565035314240_5506624389480026715_n-768x578.jpg 768w, https:\/\/www.djurskyddet.se\/jamtland\/wp-content\/uploads\/sites\/14\/2025\/01\/320221046_1584565035314240_5506624389480026715_n-400x301.jpg 400w\" sizes=\"auto, (max-width: 1024px) 100vw, 1024px\" \/><\/p>\n\n\n\n<p class=\"has-text-align-center\">&#8221;Vi \u00e4r s\u00e5 tacksamma f\u00f6r Tiger som direkt blev en k\u00e4r familjemedlem. Sonen \u00e4lskar han mycket och tycker att han \u00e4r hans b\u00e4sta v\u00e4n. Han f\u00f6ljer oss vart vi \u00e4n g\u00e5r och vill alltid gosa. Han \u00e4r en stj\u00e4rna och blev en sj\u00e4lvklar huvudperson p\u00e5 \u00e5ret julkort! Tacksamma f\u00f6r en 100% matchning!&#8221;<\/p>\n\n\n\n<hr class=\"wp-block-separator has-alpha-channel-opacity\" \/>\n\n\n\n<p class=\"has-text-align-center\"><img loading=\"lazy\" decoding=\"async\" width=\"640\" height=\"672\" class=\"wp-image-11964\" style=\"width: 500px\" src=\"https:\/\/www.djurskyddet.se\/jamtland\/wp-content\/uploads\/sites\/14\/2025\/01\/Untitled21.jpg\" alt=\"\" srcset=\"https:\/\/www.djurskyddet.se\/jamtland\/wp-content\/uploads\/sites\/14\/2025\/01\/Untitled21.jpg 640w, https:\/\/www.djurskyddet.se\/jamtland\/wp-content\/uploads\/sites\/14\/2025\/01\/Untitled21-286x300.jpg 286w, https:\/\/www.djurskyddet.se\/jamtland\/wp-content\/uploads\/sites\/14\/2025\/01\/Untitled21-400x420.jpg 400w\" sizes=\"auto, (max-width: 640px) 100vw, 640px\" \/><\/p>\n\n\n\n<p class=\"has-text-align-center\">&#8221;Hej och God Jul fr\u00e5n Maximilian! En b\u00e4ttre \u201dpartner\u201d och s\u00e4ngkamrat f\u00e5r man leta efter! Max(imilian) \u00e4r en underbar katt. Han m\u00e5r bra och \u00e4ter bra, b\u00e5de bl\u00f6tmat och torrfoder. Han \u00e4r smidig och \u00e4n inte slagit s\u00f6nder n\u00e5got! Han har en fin p\u00e4ls (allt \u00e4r h\u00e5rigt i l\u00e4genheten men det g\u00f6r inget). Har inte rivit p\u00e5 m\u00f6bler n\u00e5gon g\u00e5ng!! M\u00e5nga h\u00e4lsningar!&#8221;<\/p>\n\n\n\n<hr class=\"wp-block-separator has-alpha-channel-opacity\" \/>\n\n\n\n<p class=\"has-text-align-center\"><img loading=\"lazy\" decoding=\"async\" width=\"768\" height=\"1024\" class=\"wp-image-11965\" style=\"width: 500px\" src=\"https:\/\/www.djurskyddet.se\/jamtland\/wp-content\/uploads\/sites\/14\/2025\/01\/319290207_671932087938264_6106008080214326812_n.jpg\" alt=\"\" srcset=\"https:\/\/www.djurskyddet.se\/jamtland\/wp-content\/uploads\/sites\/14\/2025\/01\/319290207_671932087938264_6106008080214326812_n.jpg 768w, https:\/\/www.djurskyddet.se\/jamtland\/wp-content\/uploads\/sites\/14\/2025\/01\/319290207_671932087938264_6106008080214326812_n-225x300.jpg 225w, https:\/\/www.djurskyddet.se\/jamtland\/wp-content\/uploads\/sites\/14\/2025\/01\/319290207_671932087938264_6106008080214326812_n-400x533.jpg 400w\" sizes=\"auto, (max-width: 768px) 100vw, 768px\" \/><\/p>\n\n\n\n<p class=\"has-text-align-center\">&#8221;Skr\u00e5llan m\u00e5r toppen, det har verkligen varit en resa fr\u00e5n f\u00f6rsta dagarna fram till idag. Mycket os\u00e4kerhet till en b\u00f6rjan och tyckte v\u00e4l att jag var n\u00e5gon galning som hade kidnappat henne, men idag har vi v\u00e4rldens b\u00e4sta relation. Hon \u00e4r verkligen en karakt\u00e4r och det har varit s\u00e5 roligt att l\u00e4ra k\u00e4nna henne. Det \u00e4r s\u00e5 fantastiskt att se hennes utveckling och hur sj\u00e4lvs\u00e4ker hon blivit (stolt matte). Nu \u00e4r hon v\u00e4rldens mysigaste kisse, f\u00e5r alltid s\u00e4llskap i soffan och i s\u00e4ngen. Hon har sk\u00e4nkt s\u00e5 mycket gl\u00e4dje till mig och \u00e4r min b\u00e4sta v\u00e4n, ser verkligen fram emot v\u00e5ran tid tillsammans fram\u00f6ver.&#8221;<\/p>\n\n\n\n<hr class=\"wp-block-separator has-alpha-channel-opacity\" \/>\n\n\n\n<p class=\"has-text-align-center\"><img loading=\"lazy\" decoding=\"async\" width=\"757\" height=\"1024\" class=\"wp-image-12017\" style=\"width: 500px\" src=\"https:\/\/www.djurskyddet.se\/jamtland\/wp-content\/uploads\/sites\/14\/2025\/01\/Untitled22.jpg\" alt=\"\" srcset=\"https:\/\/www.djurskyddet.se\/jamtland\/wp-content\/uploads\/sites\/14\/2025\/01\/Untitled22.jpg 757w, https:\/\/www.djurskyddet.se\/jamtland\/wp-content\/uploads\/sites\/14\/2025\/01\/Untitled22-222x300.jpg 222w, https:\/\/www.djurskyddet.se\/jamtland\/wp-content\/uploads\/sites\/14\/2025\/01\/Untitled22-400x541.jpg 400w\" sizes=\"auto, (max-width: 757px) 100vw, 757px\" \/><\/p>\n\n\n\n<p class=\"has-text-align-center\">Ganja: &#8221;Trolla som kom till oss i maj 2022, endast 13 veckor har vuxit upp och blivit en stor tjej! Hon kom till oss med en mage som inte fungerade som den skulle men efter specialfoder, avmaskningar s\u00e5 blev magen till slut bra, hon \u00e4r en v\u00e4ldig h\u00e4ngiven och gosig katt som alltid ska vara med, kommer och puffar p\u00e5 en p\u00e5 morgonen och ska gosa. Hon flyttade in till en familj som best\u00e5r av f\u00f6r\u00e4ldrar och tv\u00e5 barn, och \u00e4ven en kattkompis som heter Elsa. De leker tillsammans men kan \u00e4ven bli lite osams emellan \u00e5t. Tack s\u00e5 hj\u00e4rtligt f\u00f6r att just ni finns och vi har hittat v\u00e5ran \u00e4lskade Trolla hos er!&#8221;<\/p>\n\n\n\n<hr class=\"wp-block-separator has-alpha-channel-opacity\" \/>\n\n\n\n<p class=\"has-text-align-center\"><img loading=\"lazy\" decoding=\"async\" width=\"1024\" height=\"905\" class=\"wp-image-12018\" style=\"width: 500px\" src=\"https:\/\/www.djurskyddet.se\/jamtland\/wp-content\/uploads\/sites\/14\/2025\/01\/Silje.jpg\" alt=\"\" srcset=\"https:\/\/www.djurskyddet.se\/jamtland\/wp-content\/uploads\/sites\/14\/2025\/01\/Silje.jpg 1024w, https:\/\/www.djurskyddet.se\/jamtland\/wp-content\/uploads\/sites\/14\/2025\/01\/Silje-300x265.jpg 300w, https:\/\/www.djurskyddet.se\/jamtland\/wp-content\/uploads\/sites\/14\/2025\/01\/Silje-768x679.jpg 768w, https:\/\/www.djurskyddet.se\/jamtland\/wp-content\/uploads\/sites\/14\/2025\/01\/Silje-400x354.jpg 400w\" sizes=\"auto, (max-width: 1024px) 100vw, 1024px\" \/><\/p>\n\n\n\n<p class=\"has-text-align-center\">Morgana: &#8221;Hej! Allt g\u00e5r v\u00e4ldigt bra med v\u00e5ran Silje! Hon \u00e4r v\u00e4ldigt gosig och social, vill vara med hela tiden och hoppar mer \u00e4n g\u00e4rna upp i en famn och myser. N\u00e4r matte jobbar hemifr\u00e5n vill hon \u00e4ven hj\u00e4lpa till vid skrivbordet. Livet med husse, matte, 3 barn och hund kunde inte bli b\u00e4ttre!&#8221;<\/p>\n\n\n\n<hr class=\"wp-block-separator has-alpha-channel-opacity\" \/>\n\n\n\n<p class=\"has-text-align-center\"><img loading=\"lazy\" decoding=\"async\" width=\"768\" height=\"1024\" class=\"wp-image-12019\" style=\"width: 500px\" src=\"https:\/\/www.djurskyddet.se\/jamtland\/wp-content\/uploads\/sites\/14\/2025\/01\/320480877_1186657725603922_1378704167239052285_n.jpg\" alt=\"\" srcset=\"https:\/\/www.djurskyddet.se\/jamtland\/wp-content\/uploads\/sites\/14\/2025\/01\/320480877_1186657725603922_1378704167239052285_n.jpg 768w, https:\/\/www.djurskyddet.se\/jamtland\/wp-content\/uploads\/sites\/14\/2025\/01\/320480877_1186657725603922_1378704167239052285_n-225x300.jpg 225w, https:\/\/www.djurskyddet.se\/jamtland\/wp-content\/uploads\/sites\/14\/2025\/01\/320480877_1186657725603922_1378704167239052285_n-400x533.jpg 400w\" sizes=\"auto, (max-width: 768px) 100vw, 768px\" \/><\/p>\n\n\n\n<p class=\"has-text-align-center\">&#8221;Det har g\u00e5tt underbart!&#8221;<\/p>\n\n\n\n<hr class=\"wp-block-separator has-alpha-channel-opacity\" \/>\n\n\n\n<p class=\"has-text-align-center\"><img loading=\"lazy\" decoding=\"async\" width=\"810\" height=\"998\" class=\"wp-image-12072\" style=\"width: 500px\" src=\"https:\/\/www.djurskyddet.se\/jamtland\/wp-content\/uploads\/sites\/14\/2025\/01\/Untitled23.jpg\" alt=\"\" srcset=\"https:\/\/www.djurskyddet.se\/jamtland\/wp-content\/uploads\/sites\/14\/2025\/01\/Untitled23.jpg 810w, https:\/\/www.djurskyddet.se\/jamtland\/wp-content\/uploads\/sites\/14\/2025\/01\/Untitled23-243x300.jpg 243w, https:\/\/www.djurskyddet.se\/jamtland\/wp-content\/uploads\/sites\/14\/2025\/01\/Untitled23-768x946.jpg 768w, https:\/\/www.djurskyddet.se\/jamtland\/wp-content\/uploads\/sites\/14\/2025\/01\/Untitled23-400x493.jpg 400w\" sizes=\"auto, (max-width: 810px) 100vw, 810px\" \/><\/p>\n\n\n\n<p class=\"has-text-align-center\">&#8221;Hej! V\u00e5r fina Minna har utvecklats till en riktigt gosig tjej. Hon har l\u00e4rt sig att g\u00e5 i koppel, men det h\u00e4r med sn\u00f6 skulle hon klara sig utan. Hon \u00e4r v\u00e5r prinsessa! God jul fr\u00e5n Minna och oss!&#8221;<\/p>\n\n\n\n<hr class=\"wp-block-separator has-alpha-channel-opacity is-style-default\" \/>\n\n\n\n<p class=\"has-text-align-center\"><img loading=\"lazy\" decoding=\"async\" width=\"1024\" height=\"828\" class=\"wp-image-12073\" style=\"width: 500px\" src=\"https:\/\/www.djurskyddet.se\/jamtland\/wp-content\/uploads\/sites\/14\/2025\/01\/Untitled24.jpg\" alt=\"\" srcset=\"https:\/\/www.djurskyddet.se\/jamtland\/wp-content\/uploads\/sites\/14\/2025\/01\/Untitled24.jpg 1024w, https:\/\/www.djurskyddet.se\/jamtland\/wp-content\/uploads\/sites\/14\/2025\/01\/Untitled24-300x243.jpg 300w, https:\/\/www.djurskyddet.se\/jamtland\/wp-content\/uploads\/sites\/14\/2025\/01\/Untitled24-768x621.jpg 768w, https:\/\/www.djurskyddet.se\/jamtland\/wp-content\/uploads\/sites\/14\/2025\/01\/Untitled24-400x323.jpg 400w\" sizes=\"auto, (max-width: 1024px) 100vw, 1024px\" \/><\/p>\n\n\n\n<p class=\"has-text-align-center\">&#8221;Siri b\u00f6rjar bli bekv\u00e4m hemma nu. F\u00f6rsta dagen var hon mest bekv\u00e4m under s\u00e4ngen men b\u00f6rjar nu ta f\u00f6r sig i resten av l\u00e4genheten. Nu hoppar hon nyfiket runt, lite avvaktande ibland. Men sl\u00e4pper p\u00e5 sp\u00e4rren mer och mer f\u00f6r varje dag. Hon har bra aptit och s\u00f6ker g\u00e4rna v\u00e5ran uppm\u00e4rksamhet.&#8221;<\/p>\n\n\n\n<hr class=\"wp-block-separator has-alpha-channel-opacity\" \/>\n\n\n\n<p class=\"has-text-align-center\"><img loading=\"lazy\" decoding=\"async\" width=\"817\" height=\"1024\" class=\"wp-image-12074\" style=\"width: 400px\" src=\"https:\/\/www.djurskyddet.se\/jamtland\/wp-content\/uploads\/sites\/14\/2025\/01\/Untitled25.jpg\" alt=\"\" srcset=\"https:\/\/www.djurskyddet.se\/jamtland\/wp-content\/uploads\/sites\/14\/2025\/01\/Untitled25.jpg 817w, https:\/\/www.djurskyddet.se\/jamtland\/wp-content\/uploads\/sites\/14\/2025\/01\/Untitled25-239x300.jpg 239w, https:\/\/www.djurskyddet.se\/jamtland\/wp-content\/uploads\/sites\/14\/2025\/01\/Untitled25-768x963.jpg 768w, https:\/\/www.djurskyddet.se\/jamtland\/wp-content\/uploads\/sites\/14\/2025\/01\/Untitled25-400x501.jpg 400w\" sizes=\"auto, (max-width: 817px) 100vw, 817px\" \/><\/p>\n\n\n\n<p class=\"has-text-align-center\">&#8221;Tassman verkar trivas bra med v\u00e5ra tv\u00e5 hundar. Han \u00e4r en v\u00e4ldigt gosig och social kille som alltid vill gosa. Han sover \u00e4ven med oss i s\u00e4ngen tillsammans med hundarna!&#8221;<\/p>\n\n\n\n<hr class=\"wp-block-separator has-alpha-channel-opacity\" \/>\n\n\n\n<p class=\"has-text-align-center\"><img loading=\"lazy\" decoding=\"async\" width=\"857\" height=\"1024\" class=\"wp-image-12075\" style=\"width: 400px\" src=\"https:\/\/www.djurskyddet.se\/jamtland\/wp-content\/uploads\/sites\/14\/2025\/01\/Stannis-och-Bolton.jpg\" alt=\"\" srcset=\"https:\/\/www.djurskyddet.se\/jamtland\/wp-content\/uploads\/sites\/14\/2025\/01\/Stannis-och-Bolton.jpg 857w, https:\/\/www.djurskyddet.se\/jamtland\/wp-content\/uploads\/sites\/14\/2025\/01\/Stannis-och-Bolton-251x300.jpg 251w, https:\/\/www.djurskyddet.se\/jamtland\/wp-content\/uploads\/sites\/14\/2025\/01\/Stannis-och-Bolton-768x918.jpg 768w, https:\/\/www.djurskyddet.se\/jamtland\/wp-content\/uploads\/sites\/14\/2025\/01\/Stannis-och-Bolton-400x478.jpg 400w\" sizes=\"auto, (max-width: 857px) 100vw, 857px\" \/><\/p>\n\n\n\n<p class=\"has-text-align-center\">&#8221;H\u00e4lsningar fr\u00e5n Stannis och Bolton. De trivs i sitt nya hem men framf\u00f6rallt i varandras s\u00e4llskap, vi sl\u00e5s varje dag av vilken trygghet de har i varandra. Mer och mer s\u00e4llskapliga och n\u00e4rmar sig sakta men s\u00e4kert, speciellt n\u00e4r det vankas mat eller godis. H\u00e4r ligger de framf\u00f6r kaminen och myser. P\u00e5 dagarna sover de g\u00e4rna i v\u00e5r s\u00e4ng men nattetid intar de soffan. God Jul och Gott Nytt \u00c5r \u00f6nskar vi er, tack f\u00f6r att ni finns och hj\u00e4lper katter att hitta nya hem!&#8221;<\/p>\n\n\n\n<hr class=\"wp-block-separator has-alpha-channel-opacity\" \/>\n\n\n\n<p class=\"has-text-align-center\"><img loading=\"lazy\" decoding=\"async\" width=\"1024\" height=\"871\" class=\"wp-image-12076\" style=\"width: 400px\" src=\"https:\/\/www.djurskyddet.se\/jamtland\/wp-content\/uploads\/sites\/14\/2025\/01\/Untitled26.jpg\" alt=\"\" srcset=\"https:\/\/www.djurskyddet.se\/jamtland\/wp-content\/uploads\/sites\/14\/2025\/01\/Untitled26.jpg 1024w, https:\/\/www.djurskyddet.se\/jamtland\/wp-content\/uploads\/sites\/14\/2025\/01\/Untitled26-300x255.jpg 300w, https:\/\/www.djurskyddet.se\/jamtland\/wp-content\/uploads\/sites\/14\/2025\/01\/Untitled26-768x653.jpg 768w, https:\/\/www.djurskyddet.se\/jamtland\/wp-content\/uploads\/sites\/14\/2025\/01\/Untitled26-400x340.jpg 400w\" sizes=\"auto, (max-width: 1024px) 100vw, 1024px\" \/><\/p>\n\n\n\n<p class=\"has-text-align-center\">&#8221;Hej! Tack f\u00f6r att jag fick \u00e4ran att ge Kisse och Misse (Mikkel och Lynx) ett hem. Jag \u00e4lskar dom, \u00e4ven om de inte \u00e4lskar mig. De \u00e4r fortfarande reserverade, vill helst inte bli r\u00f6rda, men g\u00e5r inte undan n\u00e4r jag kommer. Accepterar hundarnas n\u00e4rvaro, vill nog mest reta dom. Vi leker, \u00e4ven om det \u00e4r lite motvilligt med Misse. Vi har frukost och middagsrutiner och umg\u00e5s mest p\u00e5 morgon. Jag skulle s\u00e4ga att de blir mer och mer social ju l\u00e4ngre tiden f\u00f6rl\u00f6per och ju mer de f\u00e5r vara vart de vill.&#8221;<\/p>\n\n\n\n<hr class=\"wp-block-separator has-alpha-channel-opacity\" \/>\n\n\n\n<p class=\"has-text-align-center\"><img loading=\"lazy\" decoding=\"async\" width=\"787\" height=\"825\" class=\"wp-image-12078\" style=\"width: 400px\" src=\"https:\/\/www.djurskyddet.se\/jamtland\/wp-content\/uploads\/sites\/14\/2025\/01\/Untitled27.jpg\" alt=\"\" srcset=\"https:\/\/www.djurskyddet.se\/jamtland\/wp-content\/uploads\/sites\/14\/2025\/01\/Untitled27.jpg 787w, https:\/\/www.djurskyddet.se\/jamtland\/wp-content\/uploads\/sites\/14\/2025\/01\/Untitled27-286x300.jpg 286w, https:\/\/www.djurskyddet.se\/jamtland\/wp-content\/uploads\/sites\/14\/2025\/01\/Untitled27-768x805.jpg 768w, https:\/\/www.djurskyddet.se\/jamtland\/wp-content\/uploads\/sites\/14\/2025\/01\/Untitled27-400x419.jpg 400w\" sizes=\"auto, (max-width: 787px) 100vw, 787px\" \/><\/p>\n\n\n\n<p class=\"has-text-align-center\">&#8221;Hej! Frej (Erik Olof \u00c4lg) trivs h\u00e4r hemma men allra mest trivs han med Balder (som vi adopterade fr\u00e5n er ifjol). S\u00e5 fort han f\u00e5r syn p\u00e5 Balder \u00e5ker svansen r\u00e4tt upp. Frej spinner som mest n\u00e4r han \u00e4r med Balder. Frej \u00e4lskar att leka med husse och att busa med Balder.&#8221;<\/p>\n\n\n\n<hr class=\"wp-block-separator has-alpha-channel-opacity\" \/>\n\n\n\n<p class=\"has-text-align-center\"><img loading=\"lazy\" decoding=\"async\" width=\"768\" height=\"1024\" class=\"wp-image-12079\" style=\"width: 400px\" src=\"https:\/\/www.djurskyddet.se\/jamtland\/wp-content\/uploads\/sites\/14\/2025\/01\/321420510_853392545987092_7806979385571846562_n.jpg\" alt=\"\" srcset=\"https:\/\/www.djurskyddet.se\/jamtland\/wp-content\/uploads\/sites\/14\/2025\/01\/321420510_853392545987092_7806979385571846562_n.jpg 768w, https:\/\/www.djurskyddet.se\/jamtland\/wp-content\/uploads\/sites\/14\/2025\/01\/321420510_853392545987092_7806979385571846562_n-225x300.jpg 225w, https:\/\/www.djurskyddet.se\/jamtland\/wp-content\/uploads\/sites\/14\/2025\/01\/321420510_853392545987092_7806979385571846562_n-400x533.jpg 400w\" sizes=\"auto, (max-width: 768px) 100vw, 768px\" \/><\/p>\n\n\n\n<p class=\"has-text-align-center\">&#8221;Hej! Vad roligt att ni h\u00f6r av er! H\u00e4r har vi v\u00e5r \u00e4lskade Gus (tidigare Lufsen) under julgranen. Gus \u00e4r en alldeles underbar katt som har blivit s\u00e5 trygg och k\u00e4rleksfull, han \u00e4r en trogen f\u00f6ljeslagare och vill alltid sitta i kn\u00e4t och gosa. Han \u00e4r s\u00e5 klok och sn\u00e4ll och tillgiven, vi kunde inte ha \u00f6nskat oss en b\u00e4ttre kisse. Tack f\u00f6r det arbete ni g\u00f6r och God Jul \u00f6nskar vi alla tv\u00e5benta och fyrbenta.&#8221;<\/p>\n\n\n\n<hr class=\"wp-block-separator has-alpha-channel-opacity\" \/>\n","protected":false},"excerpt":{"rendered":"<p>&#8221;Harry och Eevee s\u00e4nder en h\u00e4lsning till er p\u00e5 katthemmet att dom trivs bra ihop med varandra! Eevee har b\u00f6rjat vara mer framme och nu har vi f\u00e5tt b\u00f6rja gosa med henne. Eevee f\u00f6ljer efter Harry n\u00e4r han g\u00e5r iv\u00e4g f\u00f6r att hon vill ha koll. S\u00e5 dom \u00e4r riktigt go mot varandra! N\u00e4r Harry tycker att Eevee har sovit l\u00e4nge s\u00e5 g\u00e5r han och v\u00e4cker henne.&#8221; &#8221;Zvampen har det&hellip;<\/p>\n<p><a class=\"more-link\" href=\"https:\/\/www.djurskyddet.se\/jamtland\/adoption\/att-adoptera\/katthalsningar-2020\/katthalsningar-2022\/\" title=\"Continue reading &lsquo;Katth\u00e4lsningar 2022&rsquo;\">L&auml;s mer<span class=\"meta-nav\">&raquo;<\/span><\/a><\/p>\n","protected":false},"author":15,"featured_media":0,"parent":7524,"menu_order":9,"comment_status":"closed","ping_status":"closed","template":"","meta":{"_acf_changed":false,"footnotes":""},"class_list":["post-11853","page","type-page","status-publish","hentry"],"acf":[],"_links":{"self":[{"href":"https:\/\/www.djurskyddet.se\/jamtland\/wp-json\/wp\/v2\/pages\/11853","targetHints":{"allow":["GET"]}}],"collection":[{"href":"https:\/\/www.djurskyddet.se\/jamtland\/wp-json\/wp\/v2\/pages"}],"about":[{"href":"https:\/\/www.djurskyddet.se\/jamtland\/wp-json\/wp\/v2\/types\/page"}],"author":[{"embeddable":true,"href":"https:\/\/www.djurskyddet.se\/jamtland\/wp-json\/wp\/v2\/users\/15"}],"replies":[{"embeddable":true,"href":"https:\/\/www.djurskyddet.se\/jamtland\/wp-json\/wp\/v2\/comments?post=11853"}],"version-history":[{"count":5,"href":"https:\/\/www.djurskyddet.se\/jamtland\/wp-json\/wp\/v2\/pages\/11853\/revisions"}],"predecessor-version":[{"id":12080,"href":"https:\/\/www.djurskyddet.se\/jamtland\/wp-json\/wp\/v2\/pages\/11853\/revisions\/12080"}],"up":[{"embeddable":true,"href":"https:\/\/www.djurskyddet.se\/jamtland\/wp-json\/wp\/v2\/pages\/7524"}],"wp:attachment":[{"href":"https:\/\/www.djurskyddet.se\/jamtland\/wp-json\/wp\/v2\/media?parent=11853"}],"curies":[{"name":"wp","href":"https:\/\/api.w.org\/{rel}","templated":true}]}}