{"id":11906,"date":"2025-01-25T21:03:13","date_gmt":"2025-01-25T20:03:13","guid":{"rendered":"https:\/\/www.djurskyddet.se\/jamtland\/?page_id=11906"},"modified":"2025-01-25T21:03:14","modified_gmt":"2025-01-25T20:03:14","slug":"katthalsningar-2023","status":"publish","type":"page","link":"https:\/\/www.djurskyddet.se\/jamtland\/adoption\/att-adoptera\/katthalsningar-2020\/katthalsningar-2023\/","title":{"rendered":"Katth\u00e4lsningar 2023"},"content":{"rendered":"\n<p class=\"has-text-align-center\"><img loading=\"lazy\" decoding=\"async\" width=\"921\" height=\"986\" class=\"wp-image-12082\" style=\"width: 400px\" src=\"https:\/\/www.djurskyddet.se\/jamtland\/wp-content\/uploads\/sites\/14\/2025\/01\/Untitled30-1.jpg\" alt=\"\" srcset=\"https:\/\/www.djurskyddet.se\/jamtland\/wp-content\/uploads\/sites\/14\/2025\/01\/Untitled30-1.jpg 921w, https:\/\/www.djurskyddet.se\/jamtland\/wp-content\/uploads\/sites\/14\/2025\/01\/Untitled30-1-280x300.jpg 280w, https:\/\/www.djurskyddet.se\/jamtland\/wp-content\/uploads\/sites\/14\/2025\/01\/Untitled30-1-768x822.jpg 768w, https:\/\/www.djurskyddet.se\/jamtland\/wp-content\/uploads\/sites\/14\/2025\/01\/Untitled30-1-400x428.jpg 400w\" sizes=\"auto, (max-width: 921px) 100vw, 921px\" \/><\/p>\n\n\n\n<p class=\"has-text-align-center\">Zia: &#8221;God forts\u00e4ttning! Nu har jag bott h\u00e4r i snart ett halv\u00e5r och jag trivs bra p\u00e5 vischan med min nya matte. Vi \u00e4lskar varandra, trots att hon envisas med att klippa mina klor. H\u00e4r \u00e4r det lugnt och sk\u00f6nt och vi tar promenader i naturen n\u00e4stan varje dag. Min matte \u00e4r j\u00e4ttesn\u00e4ll &#8211; jag f\u00e5r god mat och tycker speciellt om skinka, chips och \u00e4rtor, men r\u00e4kor \u00e4r ingen favorit. Matte h\u00e4lsar och tackar f\u00f6r er hj\u00e4lp och ert viktiga arbete f\u00f6r oss katter.&#8221;<\/p>\n\n\n\n<hr class=\"wp-block-separator has-alpha-channel-opacity\" \/>\n\n\n\n<p class=\"has-text-align-center\"><img loading=\"lazy\" decoding=\"async\" width=\"744\" height=\"1024\" class=\"wp-image-12083\" style=\"width: 400px\" src=\"https:\/\/www.djurskyddet.se\/jamtland\/wp-content\/uploads\/sites\/14\/2025\/01\/Untitled31.jpg\" alt=\"\" srcset=\"https:\/\/www.djurskyddet.se\/jamtland\/wp-content\/uploads\/sites\/14\/2025\/01\/Untitled31.jpg 744w, https:\/\/www.djurskyddet.se\/jamtland\/wp-content\/uploads\/sites\/14\/2025\/01\/Untitled31-218x300.jpg 218w, https:\/\/www.djurskyddet.se\/jamtland\/wp-content\/uploads\/sites\/14\/2025\/01\/Untitled31-400x551.jpg 400w\" sizes=\"auto, (max-width: 744px) 100vw, 744px\" \/><\/p>\n\n\n\n<p class=\"has-text-align-center\">&#8221;Desperado m\u00e5r j\u00e4ttebra! Han har verkligen flyttat in \u00e4ven om han \u00e4nnu inte \u00e4r helt trygg! Han har redan rutiner och \u00e4lskar att mysa, framf\u00f6rallt i s\u00e4ngen. Han tar nya kliv varje dag och blir sakta men s\u00e4kert tryggare dagligen.&#8221;<\/p>\n\n\n\n<hr class=\"wp-block-separator has-alpha-channel-opacity\" \/>\n\n\n\n<p class=\"has-text-align-center\"><img loading=\"lazy\" decoding=\"async\" width=\"333\" height=\"444\" class=\"wp-image-12084\" style=\"width: 400px\" src=\"https:\/\/www.djurskyddet.se\/jamtland\/wp-content\/uploads\/sites\/14\/2025\/01\/330115859_181152841415742_4773530130764229445_n.jpg\" alt=\"\" srcset=\"https:\/\/www.djurskyddet.se\/jamtland\/wp-content\/uploads\/sites\/14\/2025\/01\/330115859_181152841415742_4773530130764229445_n.jpg 333w, https:\/\/www.djurskyddet.se\/jamtland\/wp-content\/uploads\/sites\/14\/2025\/01\/330115859_181152841415742_4773530130764229445_n-225x300.jpg 225w\" sizes=\"auto, (max-width: 333px) 100vw, 333px\" \/><\/p>\n\n\n\n<p class=\"has-text-align-center\">&#8221;Rapport fr\u00e5n Kurre (Kurt) j\u00e4ttebra matchning. G\u00e5r ut och in som om att han alltid har bott p\u00e5 landet. J\u00e4tte go katt.&#8221;<\/p>\n\n\n\n<hr class=\"wp-block-separator has-alpha-channel-opacity\" \/>\n\n\n\n<p class=\"has-text-align-center\"><img loading=\"lazy\" decoding=\"async\" width=\"824\" height=\"1024\" class=\"wp-image-12085\" style=\"width: 400px\" src=\"https:\/\/www.djurskyddet.se\/jamtland\/wp-content\/uploads\/sites\/14\/2025\/01\/Untitled32.jpg\" alt=\"\" srcset=\"https:\/\/www.djurskyddet.se\/jamtland\/wp-content\/uploads\/sites\/14\/2025\/01\/Untitled32.jpg 824w, https:\/\/www.djurskyddet.se\/jamtland\/wp-content\/uploads\/sites\/14\/2025\/01\/Untitled32-241x300.jpg 241w, https:\/\/www.djurskyddet.se\/jamtland\/wp-content\/uploads\/sites\/14\/2025\/01\/Untitled32-768x954.jpg 768w, https:\/\/www.djurskyddet.se\/jamtland\/wp-content\/uploads\/sites\/14\/2025\/01\/Untitled32-400x497.jpg 400w\" sizes=\"auto, (max-width: 824px) 100vw, 824px\" \/><\/p>\n\n\n\n<p class=\"has-text-align-center\">&#8221;Hejsan! T\u00e4nkte bara tala om att Svartur m\u00e5r bra. Han b\u00f6rjar vara en social katt som kommer fram och stryker sej runt benen p\u00e5 morgonen. Han \u00e4r otroligt busig och vill g\u00f6mma sina leksaker. Han vill \u00e4ven busa med v\u00e5ran M\u00e4rta, en 5 \u00e5rig katthona, men hon \u00e4r fortfarande reserverad. Ser att det sl\u00e4pper liiite varje vecka. N\u00e5gra m\u00e5nader till s\u00e5 kommer han nog att krypa upp i kn\u00e4!&#8221;<\/p>\n\n\n\n<hr class=\"wp-block-separator has-alpha-channel-opacity\" \/>\n\n\n\n<p class=\"has-text-align-center\"><img loading=\"lazy\" decoding=\"async\" width=\"1080\" height=\"1047\" class=\"wp-image-12086\" style=\"width: 400px\" src=\"https:\/\/www.djurskyddet.se\/jamtland\/wp-content\/uploads\/sites\/14\/2025\/01\/342238422_213846648051371_3751793373033017932_n.jpg\" alt=\"\" srcset=\"https:\/\/www.djurskyddet.se\/jamtland\/wp-content\/uploads\/sites\/14\/2025\/01\/342238422_213846648051371_3751793373033017932_n.jpg 1080w, https:\/\/www.djurskyddet.se\/jamtland\/wp-content\/uploads\/sites\/14\/2025\/01\/342238422_213846648051371_3751793373033017932_n-300x291.jpg 300w, https:\/\/www.djurskyddet.se\/jamtland\/wp-content\/uploads\/sites\/14\/2025\/01\/342238422_213846648051371_3751793373033017932_n-1024x993.jpg 1024w, https:\/\/www.djurskyddet.se\/jamtland\/wp-content\/uploads\/sites\/14\/2025\/01\/342238422_213846648051371_3751793373033017932_n-768x745.jpg 768w, https:\/\/www.djurskyddet.se\/jamtland\/wp-content\/uploads\/sites\/14\/2025\/01\/342238422_213846648051371_3751793373033017932_n-400x388.jpg 400w\" sizes=\"auto, (max-width: 1080px) 100vw, 1080px\" \/><\/p>\n\n\n\n<p class=\"has-text-align-center\">&#8221;Molly tidigare Amity har det bra!&#8221;<\/p>\n\n\n\n<hr class=\"wp-block-separator has-alpha-channel-opacity\" \/>\n\n\n\n<p class=\"has-text-align-center\"><img loading=\"lazy\" decoding=\"async\" width=\"889\" height=\"669\" class=\"wp-image-12088\" style=\"width: 400px\" src=\"https:\/\/www.djurskyddet.se\/jamtland\/wp-content\/uploads\/sites\/14\/2025\/01\/ben.jpg\" alt=\"\" srcset=\"https:\/\/www.djurskyddet.se\/jamtland\/wp-content\/uploads\/sites\/14\/2025\/01\/ben.jpg 889w, https:\/\/www.djurskyddet.se\/jamtland\/wp-content\/uploads\/sites\/14\/2025\/01\/ben-300x226.jpg 300w, https:\/\/www.djurskyddet.se\/jamtland\/wp-content\/uploads\/sites\/14\/2025\/01\/ben-768x578.jpg 768w, https:\/\/www.djurskyddet.se\/jamtland\/wp-content\/uploads\/sites\/14\/2025\/01\/ben-400x301.jpg 400w\" sizes=\"auto, (max-width: 889px) 100vw, 889px\" \/><\/p>\n\n\n\n<p class=\"has-text-align-center\">&#8221;Hej! Vi har nu haft Bernard \u201dBennie\u201d i tre veckor och han m\u00e5r bra och blir mer och mer tillgiven till oss. Vi f\u00e5r nu klappa och pussa p\u00e5 honom och han l\u00e4gger sig g\u00e4rna n\u00e4ra oss och sover. Han \u00e4lskar n\u00e4r storebror kommer in och gl\u00f6mmer d\u00e5 allt som har med skygghet att g\u00f6ra!&#8221;<\/p>\n\n\n\n<hr class=\"wp-block-separator has-alpha-channel-opacity\" \/>\n\n\n\n<p class=\"has-text-align-center\"><img loading=\"lazy\" decoding=\"async\" width=\"787\" height=\"1024\" class=\"wp-image-12089\" style=\"width: 400px\" src=\"https:\/\/www.djurskyddet.se\/jamtland\/wp-content\/uploads\/sites\/14\/2025\/01\/trolla.jpg\" alt=\"\" srcset=\"https:\/\/www.djurskyddet.se\/jamtland\/wp-content\/uploads\/sites\/14\/2025\/01\/trolla.jpg 787w, https:\/\/www.djurskyddet.se\/jamtland\/wp-content\/uploads\/sites\/14\/2025\/01\/trolla-231x300.jpg 231w, https:\/\/www.djurskyddet.se\/jamtland\/wp-content\/uploads\/sites\/14\/2025\/01\/trolla-768x999.jpg 768w, https:\/\/www.djurskyddet.se\/jamtland\/wp-content\/uploads\/sites\/14\/2025\/01\/trolla-400x520.jpg 400w\" sizes=\"auto, (max-width: 787px) 100vw, 787px\" \/><\/p>\n\n\n\n<p class=\"has-text-align-center\">&#8221;T\u00e4nkte bara skicka en uppdatering p\u00e5 Trolla, hon hette Ganja n\u00e4r hon bodde hos er. Hon m\u00e5r v\u00e4ldigt bra, har sin favoritfilt, d\u00e4r hon g\u00e4rna ligger o myser p\u00e5!&#8221;<\/p>\n\n\n\n<hr class=\"wp-block-separator has-alpha-channel-opacity\" \/>\n\n\n\n<p class=\"has-text-align-center\"><img loading=\"lazy\" decoding=\"async\" width=\"921\" height=\"1004\" class=\"wp-image-12090\" style=\"width: 400px\" src=\"https:\/\/www.djurskyddet.se\/jamtland\/wp-content\/uploads\/sites\/14\/2025\/01\/Untitled33.jpg\" alt=\"\" srcset=\"https:\/\/www.djurskyddet.se\/jamtland\/wp-content\/uploads\/sites\/14\/2025\/01\/Untitled33.jpg 921w, https:\/\/www.djurskyddet.se\/jamtland\/wp-content\/uploads\/sites\/14\/2025\/01\/Untitled33-275x300.jpg 275w, https:\/\/www.djurskyddet.se\/jamtland\/wp-content\/uploads\/sites\/14\/2025\/01\/Untitled33-768x837.jpg 768w, https:\/\/www.djurskyddet.se\/jamtland\/wp-content\/uploads\/sites\/14\/2025\/01\/Untitled33-400x436.jpg 400w\" sizes=\"auto, (max-width: 921px) 100vw, 921px\" \/><\/p>\n\n\n\n<p class=\"has-text-align-center\">&#8221;Hej b\u00e4sta ni! Vi t\u00e4nkte h\u00f6ra av oss f\u00f6r att ber\u00e4tta hur det g\u00e5tt med Benzo. I b\u00f6rjan n\u00e4r han kom hit var han r\u00e4dd och fr\u00e4ste \u00e5t hunden. Han slog till henne n\u00e5gon g\u00e5ng och varnade s\u00e5 fort hon kom i n\u00e4rheten. Nu kan de ligga bredvid varandra utan bekymmer och han \u00e4r en s\u00e5n fin och sn\u00e4ll katt. Han har verkligen f\u00f6r\u00e4ndrats till det b\u00e4ttre sen han kom och berikade v\u00e5ra liv. Han l\u00e5g med mig i s\u00e4ngen och sov varje natt under n\u00e5gra veckor och man m\u00e4rkte att han sakta men s\u00e4kert k\u00e4nde sig tryggare. N\u00e4r han kom hit var han inte mycket sugen alls p\u00e5 lek men nu springer han och leker ofta och \u00e4lskar att ligga i pappersp\u00e5sar och leka kurrag\u00f6mma med oss. Tyv\u00e4rr hann det \u00e4ven h\u00e4nda en tr\u00e5kig sak d\u00e5 han fick f\u00f6r sig att sv\u00e4lja en syn\u00e5l. D\u00e5 \u00e5kte vi direkt till djurakuten och han fick opereras. Som tur \u00e4r gick allt bra och han \u00e4r helt \u00e5terst\u00e4lld idag och m\u00e5r bra. Vi fick kontakt med damen som matat honom i Hand\u00f6l och dom i byn var s\u00e5 glada av att se honom i ett tryggt hem och att han m\u00e5r bra. Han \u00e4r s\u00e5 l\u00e4tt att ha och g\u00f6ra med d\u00e5 han \u00e4lskar att bli borstad. Tack f\u00f6r att ni r\u00e4ddat Benzo, ni g\u00f6r det s\u00e5 bra och \u00e4r s\u00e5 tacksam f\u00f6r honom. Vi alla \u00e4lskar honom!&#8221;<\/p>\n\n\n\n<hr class=\"wp-block-separator has-alpha-channel-opacity\" \/>\n\n\n\n<p class=\"has-text-align-center\"><img loading=\"lazy\" decoding=\"async\" width=\"771\" height=\"1024\" class=\"wp-image-12091\" style=\"width: 400px\" src=\"https:\/\/www.djurskyddet.se\/jamtland\/wp-content\/uploads\/sites\/14\/2025\/01\/Untitled34.jpg\" alt=\"\" srcset=\"https:\/\/www.djurskyddet.se\/jamtland\/wp-content\/uploads\/sites\/14\/2025\/01\/Untitled34.jpg 771w, https:\/\/www.djurskyddet.se\/jamtland\/wp-content\/uploads\/sites\/14\/2025\/01\/Untitled34-226x300.jpg 226w, https:\/\/www.djurskyddet.se\/jamtland\/wp-content\/uploads\/sites\/14\/2025\/01\/Untitled34-768x1020.jpg 768w, https:\/\/www.djurskyddet.se\/jamtland\/wp-content\/uploads\/sites\/14\/2025\/01\/Untitled34-400x531.jpg 400w\" sizes=\"auto, (max-width: 771px) 100vw, 771px\" \/><\/p>\n\n\n\n<p class=\"has-text-align-center\">&#8221;Nu \u00e4r Svartur v\u00e4ldigt hemma hos oss! Gosigare katt f\u00e5r man leta efter. Han var till och med framme och socialiserade med alla n\u00e4r vi hade barnkalas.&#8221;<\/p>\n\n\n\n<hr class=\"wp-block-separator has-alpha-channel-opacity\" \/>\n\n\n\n<p><\/p>\n","protected":false},"excerpt":{"rendered":"<p>Zia: &#8221;God forts\u00e4ttning! Nu har jag bott h\u00e4r i snart ett halv\u00e5r och jag trivs bra p\u00e5 vischan med min nya matte. Vi \u00e4lskar varandra, trots att hon envisas med att klippa mina klor. H\u00e4r \u00e4r det lugnt och sk\u00f6nt och vi tar promenader i naturen n\u00e4stan varje dag. Min matte \u00e4r j\u00e4ttesn\u00e4ll &#8211; jag f\u00e5r god mat och tycker speciellt om skinka, chips och \u00e4rtor, men r\u00e4kor \u00e4r ingen&hellip;<\/p>\n<p><a class=\"more-link\" href=\"https:\/\/www.djurskyddet.se\/jamtland\/adoption\/att-adoptera\/katthalsningar-2020\/katthalsningar-2023\/\" title=\"Continue reading &lsquo;Katth\u00e4lsningar 2023&rsquo;\">L&auml;s mer<span class=\"meta-nav\">&raquo;<\/span><\/a><\/p>\n","protected":false},"author":15,"featured_media":0,"parent":7524,"menu_order":10,"comment_status":"closed","ping_status":"closed","template":"","meta":{"_acf_changed":false,"footnotes":""},"class_list":["post-11906","page","type-page","status-publish","hentry"],"acf":[],"_links":{"self":[{"href":"https:\/\/www.djurskyddet.se\/jamtland\/wp-json\/wp\/v2\/pages\/11906","targetHints":{"allow":["GET"]}}],"collection":[{"href":"https:\/\/www.djurskyddet.se\/jamtland\/wp-json\/wp\/v2\/pages"}],"about":[{"href":"https:\/\/www.djurskyddet.se\/jamtland\/wp-json\/wp\/v2\/types\/page"}],"author":[{"embeddable":true,"href":"https:\/\/www.djurskyddet.se\/jamtland\/wp-json\/wp\/v2\/users\/15"}],"replies":[{"embeddable":true,"href":"https:\/\/www.djurskyddet.se\/jamtland\/wp-json\/wp\/v2\/comments?post=11906"}],"version-history":[{"count":3,"href":"https:\/\/www.djurskyddet.se\/jamtland\/wp-json\/wp\/v2\/pages\/11906\/revisions"}],"predecessor-version":[{"id":12109,"href":"https:\/\/www.djurskyddet.se\/jamtland\/wp-json\/wp\/v2\/pages\/11906\/revisions\/12109"}],"up":[{"embeddable":true,"href":"https:\/\/www.djurskyddet.se\/jamtland\/wp-json\/wp\/v2\/pages\/7524"}],"wp:attachment":[{"href":"https:\/\/www.djurskyddet.se\/jamtland\/wp-json\/wp\/v2\/media?parent=11906"}],"curies":[{"name":"wp","href":"https:\/\/api.w.org\/{rel}","templated":true}]}}