{"id":5502,"date":"2018-03-23T10:37:14","date_gmt":"2018-03-23T09:37:14","guid":{"rendered":"http:\/\/www.djurskyddet.se\/jamtland\/?page_id=5502"},"modified":"2024-01-15T02:59:14","modified_gmt":"2024-01-15T01:59:14","slug":"katthem","status":"publish","type":"page","link":"https:\/\/www.djurskyddet.se\/jamtland\/katthem\/","title":{"rendered":"Katthem"},"content":{"rendered":"<h3>Katthemmet<\/h3>\n<p>P\u00e5 katthemmet finns flera n\u00e4tade sm\u00e5rum, ut\u00f6ver tv\u00e5 st\u00f6rre rum och tv\u00e5 k\u00f6k. Vi har f\u00f6rs\u00f6kt g\u00f6ra inredningen s\u00e5 hemlik som m\u00f6jligt, b\u00e5de f\u00f6r katternas och v\u00e5r egen trivsel.<\/p>\n<h3><a href=\"https:\/\/www.djurskyddet.se\/jamtland\/wp-content\/uploads\/sites\/14\/2019\/10\/IMG_1635.jpg\"><img loading=\"lazy\" decoding=\"async\" class=\"alignnone  wp-image-7461\" src=\"https:\/\/www.djurskyddet.se\/jamtland\/wp-content\/uploads\/sites\/14\/2019\/10\/IMG_1635-300x169.jpg\" alt=\"\" width=\"401\" height=\"226\" srcset=\"https:\/\/www.djurskyddet.se\/jamtland\/wp-content\/uploads\/sites\/14\/2019\/10\/IMG_1635-300x169.jpg 300w, https:\/\/www.djurskyddet.se\/jamtland\/wp-content\/uploads\/sites\/14\/2019\/10\/IMG_1635-768x432.jpg 768w, https:\/\/www.djurskyddet.se\/jamtland\/wp-content\/uploads\/sites\/14\/2019\/10\/IMG_1635.jpg 1024w, https:\/\/www.djurskyddet.se\/jamtland\/wp-content\/uploads\/sites\/14\/2019\/10\/IMG_1635-400x225.jpg 400w\" sizes=\"auto, (max-width: 401px) 100vw, 401px\" \/><\/a><\/h3>\n<h3><a href=\"https:\/\/www.djurskyddet.se\/jamtland\/wp-content\/uploads\/sites\/14\/2018\/04\/katthem4.png\"><img decoding=\"async\" class=\"alignnone\" src=\"https:\/\/www.djurskyddet.se\/jamtland\/wp-content\/uploads\/sites\/14\/2018\/04\/katthem4.png\" alt=\"Tv\u00e5 katter i kattr\u00e4d\" width=\"200\" \/><\/a><a href=\"https:\/\/www.djurskyddet.se\/jamtland\/wp-content\/uploads\/sites\/14\/2018\/04\/katthem2.png\"><img decoding=\"async\" class=\"alignnone\" src=\"https:\/\/www.djurskyddet.se\/jamtland\/wp-content\/uploads\/sites\/14\/2018\/04\/katthem2.png\" alt=\"Bild fr\u00e5n katthemmet\" width=\"200\" \/><\/a><a href=\"https:\/\/www.djurskyddet.se\/jamtland\/wp-content\/uploads\/sites\/14\/2018\/04\/katthem3.png\"><img decoding=\"async\" class=\"alignnone\" src=\"https:\/\/www.djurskyddet.se\/jamtland\/wp-content\/uploads\/sites\/14\/2018\/04\/katthem3.png\" alt=\"Katt i kattr\u00e4d\" width=\"200\" \/>\u00a0<\/a><\/h3>\n<h3><\/h3>\n<h3>Karant\u00e4n<\/h3>\n<p>H\u00e4r finns ocks\u00e5 flera n\u00e4tade sm\u00e5rum. Hit kommer nyanl\u00e4nda katter som ska veterin\u00e4runders\u00f6kas innan de f\u00e5r vistas med de andra katterna. De ska ocks\u00e5 kastreras, id-m\u00e4rkas och vaccineras om de inte redan \u00e4r det. En del katter kan vara sjuka, ha s\u00e5r och \u00f6ronskabb, som ocks\u00e5 ska behandlas.<br \/>\nEtt utav rummen i karant\u00e4n:<br \/>\n<a href=\"https:\/\/www.djurskyddet.se\/jamtland\/wp-content\/uploads\/sites\/14\/2021\/01\/12an.jpg\"><img loading=\"lazy\" decoding=\"async\" class=\"alignnone  wp-image-8545\" src=\"https:\/\/www.djurskyddet.se\/jamtland\/wp-content\/uploads\/sites\/14\/2021\/01\/12an.jpg\" alt=\"\" width=\"290\" height=\"387\" srcset=\"https:\/\/www.djurskyddet.se\/jamtland\/wp-content\/uploads\/sites\/14\/2021\/01\/12an.jpg 720w, https:\/\/www.djurskyddet.se\/jamtland\/wp-content\/uploads\/sites\/14\/2021\/01\/12an-225x300.jpg 225w, https:\/\/www.djurskyddet.se\/jamtland\/wp-content\/uploads\/sites\/14\/2021\/01\/12an-400x533.jpg 400w\" sizes=\"auto, (max-width: 290px) 100vw, 290px\" \/><\/a><\/p>\n<p><strong>Hj\u00e4lpa till som volont\u00e4r? L\u00e4s mer under <a href=\"https:\/\/www.djurskyddet.se\/jamtland\/katthem-pensionat\/volontarer\">Volont\u00e4rer<\/a>.<\/strong><\/p>\n","protected":false},"excerpt":{"rendered":"<p>Katthemmet P\u00e5 katthemmet finns flera n\u00e4tade sm\u00e5rum, ut\u00f6ver tv\u00e5 st\u00f6rre rum och tv\u00e5 k\u00f6k. Vi har f\u00f6rs\u00f6kt g\u00f6ra inredningen s\u00e5 hemlik som m\u00f6jligt, b\u00e5de f\u00f6r katternas och v\u00e5r egen trivsel. \u00a0 Karant\u00e4n H\u00e4r finns ocks\u00e5 flera n\u00e4tade sm\u00e5rum. Hit kommer nyanl\u00e4nda katter som ska veterin\u00e4runders\u00f6kas innan de f\u00e5r vistas med de andra katterna. De ska ocks\u00e5 kastreras, id-m\u00e4rkas och vaccineras om de inte redan \u00e4r det. En del katter kan&hellip;<\/p>\n<p><a class=\"more-link\" href=\"https:\/\/www.djurskyddet.se\/jamtland\/katthem\/\" title=\"Continue reading &lsquo;Katthem&rsquo;\">L&auml;s mer<span class=\"meta-nav\">&raquo;<\/span><\/a><\/p>\n","protected":false},"author":3,"featured_media":0,"parent":0,"menu_order":5,"comment_status":"closed","ping_status":"closed","template":"page-templates\/left-sidebar.php","meta":{"_acf_changed":false,"footnotes":""},"class_list":["post-5502","page","type-page","status-publish","hentry"],"acf":[],"_links":{"self":[{"href":"https:\/\/www.djurskyddet.se\/jamtland\/wp-json\/wp\/v2\/pages\/5502","targetHints":{"allow":["GET"]}}],"collection":[{"href":"https:\/\/www.djurskyddet.se\/jamtland\/wp-json\/wp\/v2\/pages"}],"about":[{"href":"https:\/\/www.djurskyddet.se\/jamtland\/wp-json\/wp\/v2\/types\/page"}],"author":[{"embeddable":true,"href":"https:\/\/www.djurskyddet.se\/jamtland\/wp-json\/wp\/v2\/users\/3"}],"replies":[{"embeddable":true,"href":"https:\/\/www.djurskyddet.se\/jamtland\/wp-json\/wp\/v2\/comments?post=5502"}],"version-history":[{"count":42,"href":"https:\/\/www.djurskyddet.se\/jamtland\/wp-json\/wp\/v2\/pages\/5502\/revisions"}],"predecessor-version":[{"id":10998,"href":"https:\/\/www.djurskyddet.se\/jamtland\/wp-json\/wp\/v2\/pages\/5502\/revisions\/10998"}],"wp:attachment":[{"href":"https:\/\/www.djurskyddet.se\/jamtland\/wp-json\/wp\/v2\/media?parent=5502"}],"curies":[{"name":"wp","href":"https:\/\/api.w.org\/{rel}","templated":true}]}}