{"id":6115,"date":"2019-02-06T10:28:52","date_gmt":"2019-02-06T09:28:52","guid":{"rendered":"https:\/\/www.djurskyddet.se\/jamtland\/?page_id=6115"},"modified":"2020-01-27T14:34:29","modified_gmt":"2020-01-27T13:34:29","slug":"katthalsningar-2013","status":"publish","type":"page","link":"https:\/\/www.djurskyddet.se\/jamtland\/adoption\/att-adoptera\/katthalsningar-2020\/katthalsningar-2013\/","title":{"rendered":"Katth\u00e4lsningar 2013"},"content":{"rendered":"<p><a href=\"https:\/\/www.djurskyddet.se\/jamtland\/wp-content\/uploads\/sites\/14\/2019\/03\/lillis-fd-casper.jpg\"><img loading=\"lazy\" decoding=\"async\" class=\"alignnone size-medium wp-image-7206\" src=\"https:\/\/www.djurskyddet.se\/jamtland\/wp-content\/uploads\/sites\/14\/2019\/03\/lillis-fd-casper-224x300.jpg\" alt=\"\" width=\"224\" height=\"300\" srcset=\"https:\/\/www.djurskyddet.se\/jamtland\/wp-content\/uploads\/sites\/14\/2019\/03\/lillis-fd-casper-224x300.jpg 224w, https:\/\/www.djurskyddet.se\/jamtland\/wp-content\/uploads\/sites\/14\/2019\/03\/lillis-fd-casper-400x536.jpg 400w, https:\/\/www.djurskyddet.se\/jamtland\/wp-content\/uploads\/sites\/14\/2019\/03\/lillis-fd-casper.jpg 478w\" sizes=\"auto, (max-width: 224px) 100vw, 224px\" \/><\/a><\/p>\n<div>En liten bild p\u00e5 Lillis, (som hette Casper innan) n\u00e4r han myser till det med v\u00e5r andra katt Tusse<\/div>\n<div>Han trivs f\u00f6rtr\u00e4ffligt h\u00e4r hos oss.<\/div>\n<div>Mvh Gudrun och P\u00e4r<\/div>\n<div>\n<hr \/>\n<div id=\"attachment_7198\" style=\"width: 310px\" class=\"wp-caption alignnone\"><a href=\"https:\/\/www.djurskyddet.se\/jamtland\/wp-content\/uploads\/sites\/14\/2019\/03\/evin.jpg\"><img loading=\"lazy\" decoding=\"async\" aria-describedby=\"caption-attachment-7198\" class=\"size-medium wp-image-7198\" src=\"https:\/\/www.djurskyddet.se\/jamtland\/wp-content\/uploads\/sites\/14\/2019\/03\/evin-300x199.jpg\" alt=\"\" width=\"300\" height=\"199\" srcset=\"https:\/\/www.djurskyddet.se\/jamtland\/wp-content\/uploads\/sites\/14\/2019\/03\/evin-300x199.jpg 300w, https:\/\/www.djurskyddet.se\/jamtland\/wp-content\/uploads\/sites\/14\/2019\/03\/evin-400x266.jpg 400w, https:\/\/www.djurskyddet.se\/jamtland\/wp-content\/uploads\/sites\/14\/2019\/03\/evin.jpg 470w\" sizes=\"auto, (max-width: 300px) 100vw, 300px\" \/><\/a><p id=\"caption-attachment-7198\" class=\"wp-caption-text\">H\u00e4r myser de i v\u00e5r stuga, i Kl\u00f6vsj\u00f6 trakterna.<\/p><\/div>\n<div id=\"attachment_7199\" style=\"width: 310px\" class=\"wp-caption alignnone\"><a href=\"https:\/\/www.djurskyddet.se\/jamtland\/wp-content\/uploads\/sites\/14\/2019\/03\/evin1.jpg\"><img loading=\"lazy\" decoding=\"async\" aria-describedby=\"caption-attachment-7199\" class=\"size-medium wp-image-7199\" src=\"https:\/\/www.djurskyddet.se\/jamtland\/wp-content\/uploads\/sites\/14\/2019\/03\/evin1-300x199.jpg\" alt=\"\" width=\"300\" height=\"199\" srcset=\"https:\/\/www.djurskyddet.se\/jamtland\/wp-content\/uploads\/sites\/14\/2019\/03\/evin1-300x199.jpg 300w, https:\/\/www.djurskyddet.se\/jamtland\/wp-content\/uploads\/sites\/14\/2019\/03\/evin1-400x266.jpg 400w, https:\/\/www.djurskyddet.se\/jamtland\/wp-content\/uploads\/sites\/14\/2019\/03\/evin1.jpg 464w\" sizes=\"auto, (max-width: 300px) 100vw, 300px\" \/><\/a><p id=\"caption-attachment-7199\" class=\"wp-caption-text\">Evin (nu Elsie) myser hos lillhusse<\/p><\/div>\n<div id=\"attachment_7197\" style=\"width: 310px\" class=\"wp-caption alignnone\"><a href=\"https:\/\/www.djurskyddet.se\/jamtland\/wp-content\/uploads\/sites\/14\/2019\/03\/evin-ellie.jpg\"><img loading=\"lazy\" decoding=\"async\" aria-describedby=\"caption-attachment-7197\" class=\"size-medium wp-image-7197\" src=\"https:\/\/www.djurskyddet.se\/jamtland\/wp-content\/uploads\/sites\/14\/2019\/03\/evin-ellie-300x199.jpg\" alt=\"\" width=\"300\" height=\"199\" srcset=\"https:\/\/www.djurskyddet.se\/jamtland\/wp-content\/uploads\/sites\/14\/2019\/03\/evin-ellie-300x199.jpg 300w, https:\/\/www.djurskyddet.se\/jamtland\/wp-content\/uploads\/sites\/14\/2019\/03\/evin-ellie-400x266.jpg 400w, https:\/\/www.djurskyddet.se\/jamtland\/wp-content\/uploads\/sites\/14\/2019\/03\/evin-ellie.jpg 470w\" sizes=\"auto, (max-width: 300px) 100vw, 300px\" \/><\/a><p id=\"caption-attachment-7197\" class=\"wp-caption-text\">Evin (Elsie) och Ellie (Selma) och lillhusse<\/p><\/div>\n<div id=\"attachment_7195\" style=\"width: 310px\" class=\"wp-caption alignnone\"><a href=\"https:\/\/www.djurskyddet.se\/jamtland\/wp-content\/uploads\/sites\/14\/2019\/03\/ellis.jpg\"><img loading=\"lazy\" decoding=\"async\" aria-describedby=\"caption-attachment-7195\" class=\"size-medium wp-image-7195\" src=\"https:\/\/www.djurskyddet.se\/jamtland\/wp-content\/uploads\/sites\/14\/2019\/03\/ellis-300x199.jpg\" alt=\"\" width=\"300\" height=\"199\" srcset=\"https:\/\/www.djurskyddet.se\/jamtland\/wp-content\/uploads\/sites\/14\/2019\/03\/ellis-300x199.jpg 300w, https:\/\/www.djurskyddet.se\/jamtland\/wp-content\/uploads\/sites\/14\/2019\/03\/ellis-400x266.jpg 400w, https:\/\/www.djurskyddet.se\/jamtland\/wp-content\/uploads\/sites\/14\/2019\/03\/ellis.jpg 495w\" sizes=\"auto, (max-width: 300px) 100vw, 300px\" \/><\/a><p id=\"caption-attachment-7195\" class=\"wp-caption-text\">N\u00e5got sp\u00e4nnande ser jag p\u00e5 vardagsrumsbordet, b\u00e4st att kolla!<br \/>Ellie (Selma) tar ett spr\u00e5ng!<\/p><\/div>\n<p>&nbsp;<\/p>\n<p>EVIN heter nu ELSIE och ELLIE heter SELMA<\/p>\n<p>De har det j\u00e4ttebra i alla fall, och trivs hos oss som det verkar.<br \/>\nDe \u00e4r busiga och v\u00e4xer som ogr\u00e4s.<br \/>\nEvin \u00e4r fortfarande lite blyg, och vi kallar henne Panik ibland&#8230;hihi&#8230;men om det vankas mat s\u00e5 \u00e4r hon v\u00e4ldigt kelig!<br \/>\nEllie \u00e4r minst, men en tuff liten tjej. Inte mycket som skr\u00e4mmer henne, men tycker det \u00e4r lite ot\u00e4ckt n\u00e4r v\u00e5r son har m\u00e5nga kompisar hemma.<br \/>\nHon piper dock mycket efter syrran om Evin f\u00f6rsvinner utom synh\u00e5ll f\u00f6r en stund. D\u00e4rav smeknamnet Skrik:)<\/p>\n<p>Vi har d\u00f6pt om dem, och Evin heter nu Elsie och Ellie heter Selma.<br \/>\nDetta eftersom vi ville f\u00e5 in &#8221;S&#8221;-ljudet i namnen.<\/p>\n<p>Efter jul \u00e4r det dags f\u00f6r fr\u00f6knarna att bli steriliserade och \u00f6ronm\u00e4rkta.<br \/>\nDe \u00e4r innekatter, men jag vill \u00e4nd\u00e5 m\u00e4rka dem, om de skulle f\u00e5 f\u00f6r sig att smita ut n\u00e5gon g\u00e5ng!<\/p>\n<p>Jag bifogar ett par bilder p\u00e5 tjejerna s\u00e5 Ni f\u00e5r se hur de har det nu:)<\/p>\n<p>Vi tackar f\u00f6r f\u00f6rtroendet och \u00e4ran att f\u00e5 ta hand om dessa sm\u00e5 fr\u00f6knar!<\/p>\n<p>Med V\u00e4nlig H\u00e4lsning<br \/>\nSusanne Gustavsson<\/p>\n<hr \/>\n<\/div>\n<p><a href=\"https:\/\/www.djurskyddet.se\/jamtland\/wp-content\/uploads\/sites\/14\/2019\/03\/elmo-och-essa-custom.jpg\"><img loading=\"lazy\" decoding=\"async\" class=\"alignnone size-medium wp-image-7196\" src=\"https:\/\/www.djurskyddet.se\/jamtland\/wp-content\/uploads\/sites\/14\/2019\/03\/elmo-och-essa-custom-300x300.jpg\" alt=\"\" width=\"300\" height=\"300\" srcset=\"https:\/\/www.djurskyddet.se\/jamtland\/wp-content\/uploads\/sites\/14\/2019\/03\/elmo-och-essa-custom-300x300.jpg 300w, https:\/\/www.djurskyddet.se\/jamtland\/wp-content\/uploads\/sites\/14\/2019\/03\/elmo-och-essa-custom-150x150.jpg 150w, https:\/\/www.djurskyddet.se\/jamtland\/wp-content\/uploads\/sites\/14\/2019\/03\/elmo-och-essa-custom-400x400.jpg 400w, https:\/\/www.djurskyddet.se\/jamtland\/wp-content\/uploads\/sites\/14\/2019\/03\/elmo-och-essa-custom.jpg 480w\" sizes=\"auto, (max-width: 300px) 100vw, 300px\" \/><\/a><\/p>\n<p>Elmo och Essa vill skicka en h\u00e4lsning till sitt gamla hem, och ber\u00e4tta att de har det j\u00e4ttebra i sitt nya!<\/p>\n<p>Linn\u00e9a<\/p>\n<hr \/>\n<p><a href=\"https:\/\/www.djurskyddet.se\/jamtland\/wp-content\/uploads\/sites\/14\/2019\/03\/chiva.jpg\"><img loading=\"lazy\" decoding=\"async\" class=\"alignnone size-medium wp-image-7191\" src=\"https:\/\/www.djurskyddet.se\/jamtland\/wp-content\/uploads\/sites\/14\/2019\/03\/chiva-263x300.jpg\" alt=\"\" width=\"263\" height=\"300\" srcset=\"https:\/\/www.djurskyddet.se\/jamtland\/wp-content\/uploads\/sites\/14\/2019\/03\/chiva-263x300.jpg 263w, https:\/\/www.djurskyddet.se\/jamtland\/wp-content\/uploads\/sites\/14\/2019\/03\/chiva-400x456.jpg 400w, https:\/\/www.djurskyddet.se\/jamtland\/wp-content\/uploads\/sites\/14\/2019\/03\/chiva.jpg 480w\" sizes=\"auto, (max-width: 263px) 100vw, 263px\" \/><\/a>\u00a0<a href=\"https:\/\/www.djurskyddet.se\/jamtland\/wp-content\/uploads\/sites\/14\/2019\/03\/chiva1.jpg\"><img loading=\"lazy\" decoding=\"async\" class=\"alignnone size-medium wp-image-7192\" src=\"https:\/\/www.djurskyddet.se\/jamtland\/wp-content\/uploads\/sites\/14\/2019\/03\/chiva1-300x188.jpg\" alt=\"\" width=\"300\" height=\"188\" srcset=\"https:\/\/www.djurskyddet.se\/jamtland\/wp-content\/uploads\/sites\/14\/2019\/03\/chiva1-300x188.jpg 300w, https:\/\/www.djurskyddet.se\/jamtland\/wp-content\/uploads\/sites\/14\/2019\/03\/chiva1-400x250.jpg 400w, https:\/\/www.djurskyddet.se\/jamtland\/wp-content\/uploads\/sites\/14\/2019\/03\/chiva1.jpg 499w\" sizes=\"auto, (max-width: 300px) 100vw, 300px\" \/><\/a><\/p>\n<p>Hej!<\/p>\n<p>H\u00e4r kommer tv\u00e5 bilder p\u00e5 finaste Chiva. Hon m\u00e5r bra och b\u00f6rjar nog k\u00e4nna sig hemma h\u00e4r i l\u00e4genheten.<br \/>\nHon \u00e4r v\u00e4ldigt busig och hittar egna saker att leka med, t.ex draperier och matta.<br \/>\nHon vill inte att man ska lyfta henne \u00e4n, men hon tycker att det \u00e4r v\u00e4ldigt sk\u00f6nt att bli klappad, och kliad p\u00e5 halsen.<\/p>\n<p>Mvh Elias och Andrea<\/p>\n<hr \/>\n<p><a href=\"https:\/\/www.djurskyddet.se\/jamtland\/wp-content\/uploads\/sites\/14\/2019\/03\/doris-custom_500x375.jpg\"><img loading=\"lazy\" decoding=\"async\" class=\"alignnone size-medium wp-image-7193\" src=\"https:\/\/www.djurskyddet.se\/jamtland\/wp-content\/uploads\/sites\/14\/2019\/03\/doris-custom_500x375-300x225.jpg\" alt=\"\" width=\"300\" height=\"225\" srcset=\"https:\/\/www.djurskyddet.se\/jamtland\/wp-content\/uploads\/sites\/14\/2019\/03\/doris-custom_500x375-300x225.jpg 300w, https:\/\/www.djurskyddet.se\/jamtland\/wp-content\/uploads\/sites\/14\/2019\/03\/doris-custom_500x375-400x300.jpg 400w, https:\/\/www.djurskyddet.se\/jamtland\/wp-content\/uploads\/sites\/14\/2019\/03\/doris-custom_500x375.jpg 500w\" sizes=\"auto, (max-width: 300px) 100vw, 300px\" \/><\/a><\/p>\n<p>Hej alla!<\/p>\n<p>Jag vill ber\u00e4tta om Doris v\u00e5r \u00e4lskade, h\u00e4rliga mysiga katt.<\/p>\n<p>Vi f\u00f6rs\u00f6kte f\u00e5 en katt hos kattklubben men d\u00e4r blev det blankt nej. Men s\u00e5h\u00e4r i efterhand s\u00e5 \u00e4r vi glada f\u00f6r det annars hade ju inte Doris hamnat hos oss. Vi fick tips om att vi skulle leta katt hos djurskyddet jag gick in p\u00e5 hemsidan och d\u00e4r fanns Doris. Det aldrig n\u00e5gon fundering om vilken katt vi ville ha. Doris Skulle det bli. Lurvig mjuk rund och otroligt s\u00f6t.\u00a0 Jag mailade och ringde och fr\u00e5gade om Doris var kvar och lyckan var enorm n\u00e4r Doris fick f\u00f6lja med oss hem i v\u00e5ras. D\u00e5 var hon 3,5 \u00e5r och v\u00e4gde 6 kg.<br \/>\nDoris\u00a0bor idag p\u00e5 Fr\u00f6s\u00f6n och har 2 hem p\u00e5 samma g\u00e5rd. Hon f\u00e5r komma och g\u00e5 som hon vill, f\u00e5r mat p\u00e5 b\u00e5da st\u00e4llena.<\/p>\n<p>Men hennes riktiga hem \u00e4r hos min mamma Janet. D\u00e4r sover hon om n\u00e4tterna.<br \/>\nDoris m\u00e5ste komma in p\u00e5 kv\u00e4llarna senast kl 20.00<\/p>\n<p>Hon jagar r\u00e5ttor b\u00e4r in dem och visar upp f\u00f6r matte. Hon har jagat bort en r\u00e4v som satt p\u00e5 g\u00e5rden och f\u00f6rst\u00e5s Rambo, grannkatten som \u00e4lskar Doris, k\u00e4rleken \u00e4r dock inte besvarad.<br \/>\nVi har nog aldrig tr\u00e4ffat n\u00e5gon s\u00e5 nyfiken katt hon ska in i alla sk\u00e5p och l\u00e5dor desto tr\u00e5ngare desto b\u00e4ttre&#8230;<\/p>\n<p>N\u00e4r hon kommer in s\u00e5 l\u00e4gger hon sig i kn\u00e4t och spinner. Riktig myskatt.<br \/>\nHon \u00e4r v\u00e4rldens mjukaste h\u00e4rligaste katt och b\u00e4ttre liv \u00e4n vad Doris har idag f\u00e5r man leta efter.<\/p>\n<p>Tack s\u00e5 j\u00e4ttemycket f\u00f6r att vi fick k\u00f6pa Doris.<\/p>\n<p>\/\/ h\u00e4lsningar Lena, Janet och Doris.<\/p>\n<hr \/>\n<p><a href=\"https:\/\/www.djurskyddet.se\/jamtland\/wp-content\/uploads\/sites\/14\/2019\/03\/rosetta1-custom_499x373.jpg\"><img loading=\"lazy\" decoding=\"async\" class=\"alignnone size-medium wp-image-7207\" src=\"https:\/\/www.djurskyddet.se\/jamtland\/wp-content\/uploads\/sites\/14\/2019\/03\/rosetta1-custom_499x373-300x224.jpg\" alt=\"\" width=\"300\" height=\"224\" srcset=\"https:\/\/www.djurskyddet.se\/jamtland\/wp-content\/uploads\/sites\/14\/2019\/03\/rosetta1-custom_499x373-300x224.jpg 300w, https:\/\/www.djurskyddet.se\/jamtland\/wp-content\/uploads\/sites\/14\/2019\/03\/rosetta1-custom_499x373-400x299.jpg 400w, https:\/\/www.djurskyddet.se\/jamtland\/wp-content\/uploads\/sites\/14\/2019\/03\/rosetta1-custom_499x373.jpg 499w\" sizes=\"auto, (max-width: 300px) 100vw, 300px\" \/><\/a>\u00a0<a href=\"https:\/\/www.djurskyddet.se\/jamtland\/wp-content\/uploads\/sites\/14\/2019\/03\/rosetta2-custom_499x373.jpg\"><img loading=\"lazy\" decoding=\"async\" class=\"alignnone size-medium wp-image-7208\" src=\"https:\/\/www.djurskyddet.se\/jamtland\/wp-content\/uploads\/sites\/14\/2019\/03\/rosetta2-custom_499x373-300x224.jpg\" alt=\"\" width=\"300\" height=\"224\" srcset=\"https:\/\/www.djurskyddet.se\/jamtland\/wp-content\/uploads\/sites\/14\/2019\/03\/rosetta2-custom_499x373-300x224.jpg 300w, https:\/\/www.djurskyddet.se\/jamtland\/wp-content\/uploads\/sites\/14\/2019\/03\/rosetta2-custom_499x373-400x299.jpg 400w, https:\/\/www.djurskyddet.se\/jamtland\/wp-content\/uploads\/sites\/14\/2019\/03\/rosetta2-custom_499x373.jpg 499w\" sizes=\"auto, (max-width: 300px) 100vw, 300px\" \/><\/a><\/p>\n<p>Vi k\u00f6pte Rosetta (tidigare Sussie) i januari efter att ha varit p\u00e5 Djurskyddets katthem tv\u00e5 g\u00e5nger. Andreas fastnade f\u00f6r henne direkt medan jag knappt fick r\u00f6ra henne och var lite mer tveksam.<\/p>\n<p>Vi kom i alla fall \u00f6verens om att det var henne vi skulle ha och n\u00e5gra dagar efter det andra bes\u00f6ket kom hon hem till oss och katten Baccis. F\u00f6ljande tv\u00e5 veckor l\u00e5g Rosetta under v\u00e5ra soffor. Hon gick inte p\u00e5 l\u00e5dan och kom bara ut f\u00f6r att \u00e4ta n\u00e4r hon var riktigt hungrig. Efter de veckorna f\u00f6rflyttade hon sig till det enorma kattr\u00e4det, b\u00f6rjade g\u00e5 p\u00e5 l\u00e5dan, hon sprang inte l\u00e4ngre f\u00f6r livet s\u00e5 fort man kom i n\u00e4rheten, man kunde tosa med henne med leksaker och till och med f\u00e5 klappa henne lite.<\/p>\n<p>N\u00e5gon m\u00e5nad efter det b\u00f6rjade hon l\u00e4gga sig bredvid oss i soffan, vid f\u00f6tterna i s\u00e4ngen, hon b\u00f6rjade prata en del och hade inget emot att bli klappad p\u00e5 ryggen och huvudet i lagoma m\u00e4ngder. S\u00e5 fort vi fick g\u00e4ster var hon dock f\u00f6rsvunnen.<br \/>\nDet tog lite tid men sedan ca fyra m\u00e5nader efter att hon kom hit \u00e4r hon oerh\u00f6rt gosig och social, l\u00e5ter sig till och med klappas lite av en del fr\u00e4mlingar.<\/p>\n<p>Rosetta vill ligga s\u00e5 n\u00e4ra det bara g\u00e5r, helst i ansiktet, och ser till att f\u00e5 gos n\u00e4r hon vill, ifall man \u00e4gnar henne f\u00f6r lite uppm\u00e4rksamhet. Hon sover n\u00e4stan alltid med oss i s\u00e4ngen, \u00e4r hur tosig som helst samt kommer mer och mer \u00f6verens med Baccis (det gick lite d\u00e5ligt i b\u00f6rjan innan vi kunde kastrera dem b\u00e5da).<\/p>\n<p>Hon ska alltid vara med n\u00e4r man kollar p\u00e5 tv, l\u00e4ser eller pluggar och pratar g\u00e4rna en hel del med oss.<\/p>\n<p>Vissa saker \u00e4r hon fortfarande lite tveksam till, ex. g\u00e5r det knappt att lyfta henne d\u00e5 hon bara blir stel och vill hoppa ner. Jag f\u00e5r inte alltid gosa henne p\u00e5 magen men n\u00e4r Andreas g\u00f6r det \u00e4r gos p\u00e5 magen det b\u00e4sta n\u00e5gonsin, varje g\u00e5ng.<\/p>\n<p>Hon har verkligen blivit en helt underbar katt, l\u00e5ngt b\u00e4ttre \u00e4n det vi f\u00f6rst f\u00f6rv\u00e4ntade oss.<\/p>\n<p>H\u00e4lsningar<br \/>\nHannah, Andreas, Baccis och Rosetta<\/p>\n<hr \/>\n<p><a href=\"https:\/\/www.djurskyddet.se\/jamtland\/wp-content\/uploads\/sites\/14\/2019\/03\/leon-custom_499x375.jpg\"><img loading=\"lazy\" decoding=\"async\" class=\"alignnone size-medium wp-image-7205\" src=\"https:\/\/www.djurskyddet.se\/jamtland\/wp-content\/uploads\/sites\/14\/2019\/03\/leon-custom_499x375-300x225.jpg\" alt=\"\" width=\"300\" height=\"225\" srcset=\"https:\/\/www.djurskyddet.se\/jamtland\/wp-content\/uploads\/sites\/14\/2019\/03\/leon-custom_499x375-300x225.jpg 300w, https:\/\/www.djurskyddet.se\/jamtland\/wp-content\/uploads\/sites\/14\/2019\/03\/leon-custom_499x375-400x301.jpg 400w, https:\/\/www.djurskyddet.se\/jamtland\/wp-content\/uploads\/sites\/14\/2019\/03\/leon-custom_499x375.jpg 499w\" sizes=\"auto, (max-width: 300px) 100vw, 300px\" \/><\/a><\/p>\n<p>Hej<br \/>\nVi har det bara fint.<br \/>\nEn vecka i dag.. Han \u00e4r fortfarande liiite reserverad,men vill alltid vara d\u00e4r vi \u00e4r,och kan l\u00e4gga sig vid f\u00f6tterna om man ligger i soffan \ud83d\ude00 Och i natt kom han faktiskt upp i s\u00e4ngen,och vi blir ju alldeles lyrisk av alla framsteg..<br \/>\nDet \u00e4r j\u00e4tteroligt !!! S\u00e5 det h\u00e4r blir ju bara bra det..och \u00c4R bra,f\u00f6rst\u00e5s Han \u00e4r ju en riktig liten goding.Han har mycket leksaker,och han far runt och leker med dom,eller n\u00e5t annat som g\u00e5r att stj\u00e4la,och som \u00e4r mycket roligare &#8230;:D \ud83d\ude00<br \/>\nHan verkar otroligt harmonisk och avslappnad &#8230;S\u00e5 allt \u00e4r bara bra !!<\/p>\n<p>H\u00e4lsningar :<br \/>\nCatharina,\u00c5ke och Leon.<\/p>\n<p><a href=\"https:\/\/www.djurskyddet.se\/jamtland\/wp-content\/uploads\/sites\/14\/2019\/03\/dscf4119-leon-crop-custom_500x369.jpg\"><img loading=\"lazy\" decoding=\"async\" class=\"alignnone size-medium wp-image-7194\" src=\"https:\/\/www.djurskyddet.se\/jamtland\/wp-content\/uploads\/sites\/14\/2019\/03\/dscf4119-leon-crop-custom_500x369-300x221.jpg\" alt=\"\" width=\"300\" height=\"221\" srcset=\"https:\/\/www.djurskyddet.se\/jamtland\/wp-content\/uploads\/sites\/14\/2019\/03\/dscf4119-leon-crop-custom_500x369-300x221.jpg 300w, https:\/\/www.djurskyddet.se\/jamtland\/wp-content\/uploads\/sites\/14\/2019\/03\/dscf4119-leon-crop-custom_500x369-400x295.jpg 400w, https:\/\/www.djurskyddet.se\/jamtland\/wp-content\/uploads\/sites\/14\/2019\/03\/dscf4119-leon-crop-custom_500x369.jpg 500w\" sizes=\"auto, (max-width: 300px) 100vw, 300px\" \/><\/a><\/p>\n<p>Tre veckor nu &#8230;<\/p>\n<p>Han verkar trivas j\u00e4ttebra,\u00e4r lugn och harmonisk,lite f\u00f6rsiktig \u00e4nnu,ingen riktig n\u00e4rkontakt,men s\u00f6ker sig till oss hela tiden.<br \/>\n\u00c4lskar detta lilla busfr\u00f6et som \u00e4lskar att stj\u00e4la tomater och \u00e4pplen som han gnager p\u00e5!!<\/p>\n<hr \/>\n<p>Hej,det har v\u00e4l g\u00e5tt ett par m\u00e5nader nu,och vi har det bara fint \ud83d\ude42<br \/>\nD\u00e5ligt med n\u00e4rkontakt,och jag har varit i kontakt med Ulrika Nykvist,djurkommunikat\u00f6ren..och vi blev v\u00e4ldigt n\u00f6jda med det vi fick veta,det st\u00e4mmer bra.<\/p>\n<p>Leon \u00e4r r\u00e4dd och f\u00f6rsiktig av sig,s\u00e5 vi \u00e4r ju s\u00e5\u00e5 lika varandra.Men han \u00e4r trygg hos oss,och det \u00e4r huvudsaken.Och han \u00e4r s\u00e5\u00e5 busig,och hittar p\u00e5 saker,och nyfiken p\u00e5 precis allt,s\u00e5 han \u00e4r ju bara s\u00e5\u00e5\u00e5<br \/>\nh\u00e4rlig \ud83d\ude00<\/p>\n<p>Vi h\u00f6r av oss vidare &#8230;<\/p>\n<p>H\u00e4lsningar : Catharina,\u00c5ke och Leon.<\/p>\n<hr \/>\n<p><a href=\"https:\/\/www.djurskyddet.se\/jamtland\/wp-content\/uploads\/sites\/14\/2019\/03\/billy.jpg\"><img loading=\"lazy\" decoding=\"async\" class=\"alignnone size-medium wp-image-7190\" src=\"https:\/\/www.djurskyddet.se\/jamtland\/wp-content\/uploads\/sites\/14\/2019\/03\/billy-300x172.jpg\" alt=\"\" width=\"300\" height=\"172\" srcset=\"https:\/\/www.djurskyddet.se\/jamtland\/wp-content\/uploads\/sites\/14\/2019\/03\/billy-300x172.jpg 300w, https:\/\/www.djurskyddet.se\/jamtland\/wp-content\/uploads\/sites\/14\/2019\/03\/billy-400x229.jpg 400w, https:\/\/www.djurskyddet.se\/jamtland\/wp-content\/uploads\/sites\/14\/2019\/03\/billy.jpg 497w\" sizes=\"auto, (max-width: 300px) 100vw, 300px\" \/><\/a><\/p>\n<p>Hej. F\u00f6rsta natten i Billys nya hem gick kanon. Han kommer bra \u00f6verens med<br \/>\nb\u00e5de hunden och katten vi hade sen innan. Han \u00e4r otroligt gosjuk, tar varje<br \/>\nchans har f\u00e5r att gosa. Spinner konstant g\u00f6r han ocks\u00e5 \ud83d\ude42<\/p>\n<p>Mvh Veronica och Patric<\/p>\n<hr \/>\n<p><a href=\"https:\/\/www.djurskyddet.se\/jamtland\/wp-content\/uploads\/sites\/14\/2019\/03\/henrik-ceasar.jpg\"><img loading=\"lazy\" decoding=\"async\" class=\"alignnone size-medium wp-image-7201\" src=\"https:\/\/www.djurskyddet.se\/jamtland\/wp-content\/uploads\/sites\/14\/2019\/03\/henrik-ceasar-300x224.jpg\" alt=\"\" width=\"300\" height=\"224\" srcset=\"https:\/\/www.djurskyddet.se\/jamtland\/wp-content\/uploads\/sites\/14\/2019\/03\/henrik-ceasar-300x224.jpg 300w, https:\/\/www.djurskyddet.se\/jamtland\/wp-content\/uploads\/sites\/14\/2019\/03\/henrik-ceasar-400x299.jpg 400w, https:\/\/www.djurskyddet.se\/jamtland\/wp-content\/uploads\/sites\/14\/2019\/03\/henrik-ceasar.jpg 500w\" sizes=\"auto, (max-width: 300px) 100vw, 300px\" \/><\/a>\u00a0<a href=\"https:\/\/www.djurskyddet.se\/jamtland\/wp-content\/uploads\/sites\/14\/2019\/03\/henrik.jpg\"><img loading=\"lazy\" decoding=\"async\" class=\"alignnone size-medium wp-image-7202\" src=\"https:\/\/www.djurskyddet.se\/jamtland\/wp-content\/uploads\/sites\/14\/2019\/03\/henrik-300x224.jpg\" alt=\"\" width=\"300\" height=\"224\" srcset=\"https:\/\/www.djurskyddet.se\/jamtland\/wp-content\/uploads\/sites\/14\/2019\/03\/henrik-300x224.jpg 300w, https:\/\/www.djurskyddet.se\/jamtland\/wp-content\/uploads\/sites\/14\/2019\/03\/henrik-400x299.jpg 400w, https:\/\/www.djurskyddet.se\/jamtland\/wp-content\/uploads\/sites\/14\/2019\/03\/henrik.jpg 500w\" sizes=\"auto, (max-width: 300px) 100vw, 300px\" \/><\/a><\/p>\n<p>H\u00e4r kommer n\u00e5gra bilder p\u00e5 Henrik Ceasar. Han \u00e4r j\u00e4ttecool och nyfiken. De l\u00e4r k\u00e4nna varandra med respekt och den tid som beh\u00f6vs \u00e4r viktig. Vi stressar inte men pratar med varandra. Han och Majsan (katt) har funnit varandra, hon pratar och f\u00e5r fram honom lite d\u00e5 och d\u00e5.<\/p>\n<p>Han och Ozzy (hund) har h\u00e4lsat p\u00e5 varandra flera g\u00e5nger. K\u00e4nns som han \u00e4r hundvan!!!<br \/>\nVi \u00e4r j\u00e4tten\u00f6jda och han verkar ocks\u00e5 vara det .<\/p>\n<hr \/>\n<p><a href=\"https:\/\/www.djurskyddet.se\/jamtland\/wp-content\/uploads\/sites\/14\/2019\/03\/basse.jpg\"><img loading=\"lazy\" decoding=\"async\" class=\"alignnone size-medium wp-image-7189\" src=\"https:\/\/www.djurskyddet.se\/jamtland\/wp-content\/uploads\/sites\/14\/2019\/03\/basse-300x225.jpg\" alt=\"\" width=\"300\" height=\"225\" srcset=\"https:\/\/www.djurskyddet.se\/jamtland\/wp-content\/uploads\/sites\/14\/2019\/03\/basse-300x225.jpg 300w, https:\/\/www.djurskyddet.se\/jamtland\/wp-content\/uploads\/sites\/14\/2019\/03\/basse-400x300.jpg 400w, https:\/\/www.djurskyddet.se\/jamtland\/wp-content\/uploads\/sites\/14\/2019\/03\/basse.jpg 427w\" sizes=\"auto, (max-width: 300px) 100vw, 300px\" \/><\/a><\/p>\n<p>Poliserna som h\u00e4mtade mig trodde nog att jag var en riktig vilding f\u00f6r jag fr\u00e4ste \u00e5t dom. Men jag var bara r\u00e4dd och visste inte vad som skulle h\u00e4nda med mig.<\/p>\n<p>De tog mig till ett katthem, d\u00e4r jag fick god mat och vatten s\u00e5 jag f\u00f6rstod att m\u00e4nniskorna ville mig v\u00e4l. Jag l\u00e4t dem t o m ta mig med till en veterin\u00e4r f\u00f6r jag hade gjort mig illa och hade ett s\u00e5r p\u00e5 ena benet, som de sedan sk\u00f6tte \u00e5t mig varje dag i en hel vecka.<\/p>\n<p>S\u00e5 sm\u00e5ningom kom det en man och h\u00e4lsade p\u00e5 mig och sedan fick jag komma till hans mamma ute p\u00e5 landet. Den gamla damen och jag har det s\u00e5 mysigt tillsammans. Hon vill att jag ska f\u00e5 g\u00e5 ut om jag vill, men se det vill inte jag, inte nu p\u00e5 vintern i alla fall. Jag har f\u00e5tt nog av sn\u00f6 och kyla p\u00e5 ett tag.<\/p>\n<p>B\u00e4sta h\u00e4lsningar<\/p>\n<p>fr\u00e5n Basse<\/p>\n<hr \/>\n<div id=\"attachment_7204\" style=\"width: 310px\" class=\"wp-caption alignnone\"><a href=\"https:\/\/www.djurskyddet.se\/jamtland\/wp-content\/uploads\/sites\/14\/2019\/03\/kajsa-dammsugare-custom_500x298.jpg\"><img loading=\"lazy\" decoding=\"async\" aria-describedby=\"caption-attachment-7204\" class=\"wp-image-7204 size-medium\" src=\"https:\/\/www.djurskyddet.se\/jamtland\/wp-content\/uploads\/sites\/14\/2019\/03\/kajsa-dammsugare-custom_500x298-300x179.jpg\" alt=\"\" width=\"300\" height=\"179\" srcset=\"https:\/\/www.djurskyddet.se\/jamtland\/wp-content\/uploads\/sites\/14\/2019\/03\/kajsa-dammsugare-custom_500x298-300x179.jpg 300w, https:\/\/www.djurskyddet.se\/jamtland\/wp-content\/uploads\/sites\/14\/2019\/03\/kajsa-dammsugare-custom_500x298-400x238.jpg 400w, https:\/\/www.djurskyddet.se\/jamtland\/wp-content\/uploads\/sites\/14\/2019\/03\/kajsa-dammsugare-custom_500x298.jpg 500w\" sizes=\"auto, (max-width: 300px) 100vw, 300px\" \/><\/a><p id=\"caption-attachment-7204\" class=\"wp-caption-text\">Jag r\u00e4dd f\u00f6r dammsugare? Gl\u00f6m det!<\/p><\/div>\n<div id=\"attachment_7203\" style=\"width: 310px\" class=\"wp-caption alignnone\"><a href=\"https:\/\/www.djurskyddet.se\/jamtland\/wp-content\/uploads\/sites\/14\/2019\/03\/kajsa-custom_500x314.jpg\"><img loading=\"lazy\" decoding=\"async\" aria-describedby=\"caption-attachment-7203\" class=\"wp-image-7203 size-medium\" src=\"https:\/\/www.djurskyddet.se\/jamtland\/wp-content\/uploads\/sites\/14\/2019\/03\/kajsa-custom_500x314-300x188.jpg\" alt=\"\" width=\"300\" height=\"188\" srcset=\"https:\/\/www.djurskyddet.se\/jamtland\/wp-content\/uploads\/sites\/14\/2019\/03\/kajsa-custom_500x314-300x188.jpg 300w, https:\/\/www.djurskyddet.se\/jamtland\/wp-content\/uploads\/sites\/14\/2019\/03\/kajsa-custom_500x314-400x251.jpg 400w, https:\/\/www.djurskyddet.se\/jamtland\/wp-content\/uploads\/sites\/14\/2019\/03\/kajsa-custom_500x314.jpg 500w\" sizes=\"auto, (max-width: 300px) 100vw, 300px\" \/><\/a><p id=\"caption-attachment-7203\" class=\"wp-caption-text\">En Tomte men tv\u00e5 \u00c4nglar. (F\u00f6r det mesta tv\u00e5! )<\/p><\/div>\n<div id=\"attachment_7200\" style=\"width: 310px\" class=\"wp-caption alignnone\"><a href=\"https:\/\/www.djurskyddet.se\/jamtland\/wp-content\/uploads\/sites\/14\/2019\/03\/frida_kajsa-custom_497x380-1.jpg\"><img loading=\"lazy\" decoding=\"async\" aria-describedby=\"caption-attachment-7200\" class=\"wp-image-7200 size-medium\" src=\"https:\/\/www.djurskyddet.se\/jamtland\/wp-content\/uploads\/sites\/14\/2019\/03\/frida_kajsa-custom_497x380-1-300x229.jpg\" alt=\"\" width=\"300\" height=\"229\" srcset=\"https:\/\/www.djurskyddet.se\/jamtland\/wp-content\/uploads\/sites\/14\/2019\/03\/frida_kajsa-custom_497x380-1-300x229.jpg 300w, https:\/\/www.djurskyddet.se\/jamtland\/wp-content\/uploads\/sites\/14\/2019\/03\/frida_kajsa-custom_497x380-1-400x306.jpg 400w, https:\/\/www.djurskyddet.se\/jamtland\/wp-content\/uploads\/sites\/14\/2019\/03\/frida_kajsa-custom_497x380-1.jpg 497w\" sizes=\"auto, (max-width: 300px) 100vw, 300px\" \/><\/a><p id=\"caption-attachment-7200\" class=\"wp-caption-text\">BFF! Vi h\u00e5ller st\u00e4llningarna mot de tre andra katterna men vi trivs mer och mer med resten av g\u00e4nget.<\/p><\/div>\n<p>&nbsp;<\/p>\n<p>Hej!<\/p>\n<p>Skickar n\u00e5gra bilder p\u00e5 v\u00e5ra nya katter Frida och Kajsa som vi h\u00e4mtade den 29\/12-2013.<\/p>\n<p>De gick j\u00e4ttebra ihop med de andra katterna, Chaplin, Saga och Oliwia.<\/p>\n<p>Lite fr\u00e4s med rangordningen har det varit men Frida tror att hon \u00e4r Nummer 1!<\/p>\n<p>Det ordnar sig nog fram\u00f6ver. \ud83d\ude42<\/p>\n<p>H\u00e4lsningar<\/p>\n<p>Lasse &amp; Christel &amp; Kissarna<\/p>\n<hr \/>\n<p>&nbsp;<\/p>\n","protected":false},"excerpt":{"rendered":"<p>En liten bild p\u00e5 Lillis, (som hette Casper innan) n\u00e4r han myser till det med v\u00e5r andra katt Tusse Han trivs f\u00f6rtr\u00e4ffligt h\u00e4r hos oss. Mvh Gudrun och P\u00e4r &nbsp; EVIN heter nu ELSIE och ELLIE heter SELMA De har det j\u00e4ttebra i alla fall, och trivs hos oss som det verkar. De \u00e4r busiga och v\u00e4xer som ogr\u00e4s. Evin \u00e4r fortfarande lite blyg, och vi kallar henne Panik ibland&#8230;hihi&#8230;men&hellip;<\/p>\n<p><a class=\"more-link\" href=\"https:\/\/www.djurskyddet.se\/jamtland\/adoption\/att-adoptera\/katthalsningar-2020\/katthalsningar-2013\/\" title=\"Continue reading &lsquo;Katth\u00e4lsningar 2013&rsquo;\">L&auml;s mer<span class=\"meta-nav\">&raquo;<\/span><\/a><\/p>\n","protected":false},"author":3,"featured_media":0,"parent":7524,"menu_order":0,"comment_status":"closed","ping_status":"closed","template":"page-templates\/left-sidebar.php","meta":{"_acf_changed":false,"footnotes":""},"class_list":["post-6115","page","type-page","status-publish","hentry"],"acf":[],"_links":{"self":[{"href":"https:\/\/www.djurskyddet.se\/jamtland\/wp-json\/wp\/v2\/pages\/6115","targetHints":{"allow":["GET"]}}],"collection":[{"href":"https:\/\/www.djurskyddet.se\/jamtland\/wp-json\/wp\/v2\/pages"}],"about":[{"href":"https:\/\/www.djurskyddet.se\/jamtland\/wp-json\/wp\/v2\/types\/page"}],"author":[{"embeddable":true,"href":"https:\/\/www.djurskyddet.se\/jamtland\/wp-json\/wp\/v2\/users\/3"}],"replies":[{"embeddable":true,"href":"https:\/\/www.djurskyddet.se\/jamtland\/wp-json\/wp\/v2\/comments?post=6115"}],"version-history":[{"count":4,"href":"https:\/\/www.djurskyddet.se\/jamtland\/wp-json\/wp\/v2\/pages\/6115\/revisions"}],"predecessor-version":[{"id":7211,"href":"https:\/\/www.djurskyddet.se\/jamtland\/wp-json\/wp\/v2\/pages\/6115\/revisions\/7211"}],"up":[{"embeddable":true,"href":"https:\/\/www.djurskyddet.se\/jamtland\/wp-json\/wp\/v2\/pages\/7524"}],"wp:attachment":[{"href":"https:\/\/www.djurskyddet.se\/jamtland\/wp-json\/wp\/v2\/media?parent=6115"}],"curies":[{"name":"wp","href":"https:\/\/api.w.org\/{rel}","templated":true}]}}