{"id":6119,"date":"2019-02-06T10:32:02","date_gmt":"2019-02-06T09:32:02","guid":{"rendered":"https:\/\/www.djurskyddet.se\/jamtland\/?page_id=6119"},"modified":"2020-11-30T21:32:56","modified_gmt":"2020-11-30T20:32:56","slug":"katthalsningar-2014","status":"publish","type":"page","link":"https:\/\/www.djurskyddet.se\/jamtland\/adoption\/att-adoptera\/katthalsningar-2020\/katthalsningar-2014\/","title":{"rendered":"Katth\u00e4lsningar 2014"},"content":{"rendered":"<h3><strong>Cliff och Sandra<\/strong><\/h3>\n<p><a href=\"https:\/\/www.djurskyddet.se\/jamtland\/wp-content\/uploads\/sites\/14\/2019\/03\/smilla-20141109_152313_500x889.jpg\"><img loading=\"lazy\" decoding=\"async\" class=\"alignnone size-medium wp-image-7171\" src=\"https:\/\/www.djurskyddet.se\/jamtland\/wp-content\/uploads\/sites\/14\/2019\/03\/smilla-20141109_152313_500x889-169x300.jpg\" alt=\"\" width=\"169\" height=\"300\" srcset=\"https:\/\/www.djurskyddet.se\/jamtland\/wp-content\/uploads\/sites\/14\/2019\/03\/smilla-20141109_152313_500x889-169x300.jpg 169w, https:\/\/www.djurskyddet.se\/jamtland\/wp-content\/uploads\/sites\/14\/2019\/03\/smilla-20141109_152313_500x889-400x711.jpg 400w, https:\/\/www.djurskyddet.se\/jamtland\/wp-content\/uploads\/sites\/14\/2019\/03\/smilla-20141109_152313_500x889.jpg 500w\" sizes=\"auto, (max-width: 169px) 100vw, 169px\" \/><\/a><a href=\"https:\/\/www.djurskyddet.se\/jamtland\/wp-content\/uploads\/sites\/14\/2019\/03\/cliff-sandrakatter-275_500x375.jpg\"><img loading=\"lazy\" decoding=\"async\" class=\"alignnone size-medium wp-image-7127\" src=\"https:\/\/www.djurskyddet.se\/jamtland\/wp-content\/uploads\/sites\/14\/2019\/03\/cliff-sandrakatter-275_500x375-300x225.jpg\" alt=\"\" width=\"300\" height=\"225\" srcset=\"https:\/\/www.djurskyddet.se\/jamtland\/wp-content\/uploads\/sites\/14\/2019\/03\/cliff-sandrakatter-275_500x375-300x225.jpg 300w, https:\/\/www.djurskyddet.se\/jamtland\/wp-content\/uploads\/sites\/14\/2019\/03\/cliff-sandrakatter-275_500x375-400x300.jpg 400w, https:\/\/www.djurskyddet.se\/jamtland\/wp-content\/uploads\/sites\/14\/2019\/03\/cliff-sandrakatter-275_500x375.jpg 500w\" sizes=\"auto, (max-width: 300px) 100vw, 300px\" \/><\/a>\u00a0<a href=\"https:\/\/www.djurskyddet.se\/jamtland\/wp-content\/uploads\/sites\/14\/2019\/03\/cliff-sandrakatter-285_500x375.jpg\"><img loading=\"lazy\" decoding=\"async\" class=\"alignnone size-medium wp-image-7128\" src=\"https:\/\/www.djurskyddet.se\/jamtland\/wp-content\/uploads\/sites\/14\/2019\/03\/cliff-sandrakatter-285_500x375-300x225.jpg\" alt=\"\" width=\"300\" height=\"225\" srcset=\"https:\/\/www.djurskyddet.se\/jamtland\/wp-content\/uploads\/sites\/14\/2019\/03\/cliff-sandrakatter-285_500x375-300x225.jpg 300w, https:\/\/www.djurskyddet.se\/jamtland\/wp-content\/uploads\/sites\/14\/2019\/03\/cliff-sandrakatter-285_500x375-400x300.jpg 400w, https:\/\/www.djurskyddet.se\/jamtland\/wp-content\/uploads\/sites\/14\/2019\/03\/cliff-sandrakatter-285_500x375.jpg 500w\" sizes=\"auto, (max-width: 300px) 100vw, 300px\" \/><\/a><\/p>\n<p><em>H\u00e4sning fr\u00e5n Cliff och Sandra<\/em><\/p>\n<p><em>Nu har Cliff och Sandra bott hos oss i 2,5 m\u00e5nader och mycket har h\u00e4nt p\u00e5 den tiden. Nu har dom bekantat sig med oss huset och \u00e4ven hundarna.<\/em><br \/><em>Dom \u00e4r verkligen sm\u00e5 personligheter. Dom har f\u00e5tt beh\u00e5lla sina namn fr\u00e5n katthemmet tycker namnen passar s\u00e5 bra.<\/em><\/p>\n<p><em>Sandra \u00e4r lite aristokratiskt elegant och hemlighetsfull.<\/em><br \/><em>Cliff en liten buskille. Ligger ofta tillsammans och h\u00e5ller om varandra vid sovdags.<\/em><\/p>\n<p><em>Dom har sina rutiner. H\u00e5ller ig\u00e5ng p\u00e5 natten leker och springer genom rummen.<\/em><\/p>\n<p><em>P\u00e5 morgonen serveras \u00e4lgf\u00e4rs sedan \u00e4r det lektid n\u00e5gra timmar innan det \u00e4r dags f\u00f6r s\u00f6mn \u00f6ver dagen fram till kv\u00e4llen.<\/em><br \/><em>Hundarna h\u00e5ller sig p\u00e5 respektfullt avst\u00e5nd \u00e4n s\u00e5 l\u00e4nge.<\/em><br \/><em>Dom \u00e4r s\u00e5 charmiga och h\u00e4rliga och vi \u00e4r s\u00e5 glada \u00f6ver v\u00e5ra nya sm\u00e5 familjemedlemmar!<\/em><\/p>\n<hr \/>\n<h3><strong>Tarzan<\/strong><\/h3>\n<p><a href=\"https:\/\/www.djurskyddet.se\/jamtland\/wp-content\/uploads\/sites\/14\/2019\/03\/trassel-20141018_162610_499x665.jpg\"><img loading=\"lazy\" decoding=\"async\" class=\"alignnone size-medium wp-image-7176\" src=\"https:\/\/www.djurskyddet.se\/jamtland\/wp-content\/uploads\/sites\/14\/2019\/03\/trassel-20141018_162610_499x665-225x300.jpg\" alt=\"\" width=\"225\" height=\"300\" srcset=\"https:\/\/www.djurskyddet.se\/jamtland\/wp-content\/uploads\/sites\/14\/2019\/03\/trassel-20141018_162610_499x665-225x300.jpg 225w, https:\/\/www.djurskyddet.se\/jamtland\/wp-content\/uploads\/sites\/14\/2019\/03\/trassel-20141018_162610_499x665-400x533.jpg 400w, https:\/\/www.djurskyddet.se\/jamtland\/wp-content\/uploads\/sites\/14\/2019\/03\/trassel-20141018_162610_499x665.jpg 499w\" sizes=\"auto, (max-width: 225px) 100vw, 225px\" \/><\/a>\u00a0<a href=\"https:\/\/www.djurskyddet.se\/jamtland\/wp-content\/uploads\/sites\/14\/2019\/03\/trassel-20141108_200351_499x665.jpg\"><img loading=\"lazy\" decoding=\"async\" class=\"alignnone size-medium wp-image-7177\" src=\"https:\/\/www.djurskyddet.se\/jamtland\/wp-content\/uploads\/sites\/14\/2019\/03\/trassel-20141108_200351_499x665-225x300.jpg\" alt=\"\" width=\"225\" height=\"300\" srcset=\"https:\/\/www.djurskyddet.se\/jamtland\/wp-content\/uploads\/sites\/14\/2019\/03\/trassel-20141108_200351_499x665-225x300.jpg 225w, https:\/\/www.djurskyddet.se\/jamtland\/wp-content\/uploads\/sites\/14\/2019\/03\/trassel-20141108_200351_499x665-400x533.jpg 400w, https:\/\/www.djurskyddet.se\/jamtland\/wp-content\/uploads\/sites\/14\/2019\/03\/trassel-20141108_200351_499x665.jpg 499w\" sizes=\"auto, (max-width: 225px) 100vw, 225px\" \/><\/a><\/p>\n<p><em>Hej!<\/em><\/p>\n<p><em>H\u00e4r kommer en h\u00e4lsning fr\u00e5n Er Tarzan, v\u00e5r Trassel.<\/em><br \/><em>Namnet gav sig sj\u00e4lvt, han lyckades alltid trassla till linan han sprang i. \ud83d\ude42<\/em><\/p>\n<p><em>Han \u00e4r redan en riktigt mysig katt med mycket egna vanor, sover i v\u00e5r s\u00e4ng, p\u00e5 morgonkvisten kryper han upp och l\u00e4gger sig p\u00e5 huvudkudden och spinner v\u00e4ldigt h\u00f6gt till dess vi vaknar.<\/em><\/p>\n<p><em>V\u00e4ldigt duktig r\u00e5tt\/mus f\u00e5ngare \u00e4r han ocks\u00e5, l\u00e4mnar till v\u00e5r l\u00e4ttnad f\u00e5glarna ifred, sitter under f\u00e5gelbordet och jagar m\u00f6ssen som \u00e4ter fr\u00f6na som ramlar ner allt under tiden som f\u00e5glarna sitter lugnt och tittar p\u00e5.<\/em><\/p>\n<p><em>\u00d6nskar Er alla en vit jul och ett gott nytt \u00e5r<\/em><\/p>\n<p><em>Britt, Larseric och Trassel<\/em><\/p>\n<hr \/>\n<h3><strong>Zorro och Ture<\/strong><\/h3>\n<p><a href=\"https:\/\/www.djurskyddet.se\/jamtland\/wp-content\/uploads\/sites\/14\/2019\/03\/zorro-img_0037_499x380.jpg.png\"><img loading=\"lazy\" decoding=\"async\" class=\"alignnone size-medium wp-image-7178\" src=\"https:\/\/www.djurskyddet.se\/jamtland\/wp-content\/uploads\/sites\/14\/2019\/03\/zorro-img_0037_499x380.jpg-300x228.png\" alt=\"\" width=\"300\" height=\"228\" srcset=\"https:\/\/www.djurskyddet.se\/jamtland\/wp-content\/uploads\/sites\/14\/2019\/03\/zorro-img_0037_499x380.jpg-300x228.png 300w, https:\/\/www.djurskyddet.se\/jamtland\/wp-content\/uploads\/sites\/14\/2019\/03\/zorro-img_0037_499x380.jpg-400x305.png 400w, https:\/\/www.djurskyddet.se\/jamtland\/wp-content\/uploads\/sites\/14\/2019\/03\/zorro-img_0037_499x380.jpg.png 499w\" sizes=\"auto, (max-width: 300px) 100vw, 300px\" \/><\/a><\/p>\n<p><em>H\u00e4lsning fr\u00e5n Zorro och Ture.<\/em><\/p>\n<p><em>Zorro och Ture, perfekt matchning.<\/em><br \/><em>Lite blyg \u00e4r Zorro \u00e4nnu, men vi f\u00e5r klappa ibland och han \u00e4r lekfull och n\u00f6jd n\u00e4r vi bara finns.<\/em><\/p>\n<p><em>V\u00e4nliga h\u00e4lsningar<\/em><br \/><em>\u00c5sa<\/em><\/p>\n<hr \/>\n<h3><strong>Mandus<\/strong><\/h3>\n<p><a href=\"https:\/\/www.djurskyddet.se\/jamtland\/wp-content\/uploads\/sites\/14\/2019\/03\/mandus-oskar.jpg\"><img loading=\"lazy\" decoding=\"async\" class=\"alignnone size-medium wp-image-7148\" src=\"https:\/\/www.djurskyddet.se\/jamtland\/wp-content\/uploads\/sites\/14\/2019\/03\/mandus-oskar-225x300.jpg\" alt=\"\" width=\"225\" height=\"300\" srcset=\"https:\/\/www.djurskyddet.se\/jamtland\/wp-content\/uploads\/sites\/14\/2019\/03\/mandus-oskar-225x300.jpg 225w, https:\/\/www.djurskyddet.se\/jamtland\/wp-content\/uploads\/sites\/14\/2019\/03\/mandus-oskar-400x533.jpg 400w, https:\/\/www.djurskyddet.se\/jamtland\/wp-content\/uploads\/sites\/14\/2019\/03\/mandus-oskar.jpg 499w\" sizes=\"auto, (max-width: 225px) 100vw, 225px\" \/><\/a>\u00a0<a href=\"https:\/\/www.djurskyddet.se\/jamtland\/wp-content\/uploads\/sites\/14\/2019\/03\/mandus.jpg\"><img loading=\"lazy\" decoding=\"async\" class=\"alignnone size-medium wp-image-7149\" src=\"https:\/\/www.djurskyddet.se\/jamtland\/wp-content\/uploads\/sites\/14\/2019\/03\/mandus-225x300.jpg\" alt=\"\" width=\"225\" height=\"300\" srcset=\"https:\/\/www.djurskyddet.se\/jamtland\/wp-content\/uploads\/sites\/14\/2019\/03\/mandus-225x300.jpg 225w, https:\/\/www.djurskyddet.se\/jamtland\/wp-content\/uploads\/sites\/14\/2019\/03\/mandus-400x533.jpg 400w, https:\/\/www.djurskyddet.se\/jamtland\/wp-content\/uploads\/sites\/14\/2019\/03\/mandus.jpg 499w\" sizes=\"auto, (max-width: 225px) 100vw, 225px\" \/><\/a>\u00a0<a href=\"https:\/\/www.djurskyddet.se\/jamtland\/wp-content\/uploads\/sites\/14\/2019\/03\/mandus1.jpg\"><img loading=\"lazy\" decoding=\"async\" class=\"alignnone size-medium wp-image-7150\" src=\"https:\/\/www.djurskyddet.se\/jamtland\/wp-content\/uploads\/sites\/14\/2019\/03\/mandus1-169x300.jpg\" alt=\"\" width=\"169\" height=\"300\" srcset=\"https:\/\/www.djurskyddet.se\/jamtland\/wp-content\/uploads\/sites\/14\/2019\/03\/mandus1-169x300.jpg 169w, https:\/\/www.djurskyddet.se\/jamtland\/wp-content\/uploads\/sites\/14\/2019\/03\/mandus1-400x709.jpg 400w, https:\/\/www.djurskyddet.se\/jamtland\/wp-content\/uploads\/sites\/14\/2019\/03\/mandus1.jpg 499w\" sizes=\"auto, (max-width: 169px) 100vw, 169px\" \/><\/a>\u00a0<a href=\"https:\/\/www.djurskyddet.se\/jamtland\/wp-content\/uploads\/sites\/14\/2019\/03\/mandus2.jpg\"><img loading=\"lazy\" decoding=\"async\" class=\"alignnone size-medium wp-image-7151\" src=\"https:\/\/www.djurskyddet.se\/jamtland\/wp-content\/uploads\/sites\/14\/2019\/03\/mandus2-300x300.jpg\" alt=\"\" width=\"300\" height=\"300\" srcset=\"https:\/\/www.djurskyddet.se\/jamtland\/wp-content\/uploads\/sites\/14\/2019\/03\/mandus2-300x300.jpg 300w, https:\/\/www.djurskyddet.se\/jamtland\/wp-content\/uploads\/sites\/14\/2019\/03\/mandus2-150x150.jpg 150w, https:\/\/www.djurskyddet.se\/jamtland\/wp-content\/uploads\/sites\/14\/2019\/03\/mandus2.jpg 500w, https:\/\/www.djurskyddet.se\/jamtland\/wp-content\/uploads\/sites\/14\/2019\/03\/mandus2-400x400.jpg 400w\" sizes=\"auto, (max-width: 300px) 100vw, 300px\" \/><\/a>\u00a0<a href=\"https:\/\/www.djurskyddet.se\/jamtland\/wp-content\/uploads\/sites\/14\/2019\/03\/mandus3.jpg\"><img loading=\"lazy\" decoding=\"async\" class=\"alignnone size-medium wp-image-7152\" src=\"https:\/\/www.djurskyddet.se\/jamtland\/wp-content\/uploads\/sites\/14\/2019\/03\/mandus3-225x300.jpg\" alt=\"\" width=\"225\" height=\"300\" srcset=\"https:\/\/www.djurskyddet.se\/jamtland\/wp-content\/uploads\/sites\/14\/2019\/03\/mandus3-225x300.jpg 225w, https:\/\/www.djurskyddet.se\/jamtland\/wp-content\/uploads\/sites\/14\/2019\/03\/mandus3-400x533.jpg 400w, https:\/\/www.djurskyddet.se\/jamtland\/wp-content\/uploads\/sites\/14\/2019\/03\/mandus3.jpg 499w\" sizes=\"auto, (max-width: 225px) 100vw, 225px\" \/><\/a><\/p>\n<p><em>Hej!<\/em><br \/><em>H\u00e4r kommer en h\u00e4lsning fr\u00e5n Oskar, han hette Mandus n\u00e4r jag k\u00f6pte honom av er.<\/em><br \/><em>Han har nu bott hos oss sen den 22\/10 &#8211; 14 &amp; har gjort v\u00e4ldigt mycket framsteg sen den dagen.<\/em><br \/><em>Han \u00e4r fortfarande lite f\u00f6rsiktig av sig men inte alls som i b\u00f6rjan \ud83d\ude42<\/em><br \/><em>Oskar \u00e4r b\u00e4stis med Alfons som bodde h\u00e4r sen innan, de brottas &amp; busar &amp; sover tillsammans \ud83d\ude42<\/em><br \/><em>De g\u00f6r det mesta tillsammans som riktiga b\u00e4stisar \ud83d\ude42<\/em><br \/><em>Oskar \u00e4lskar att bli klappad &amp; att gosa, en riktig kelgris som gillar att ligga antingen i min s\u00e4ng eller i soffan.<\/em><br \/><em>N\u00e4r han inte leker med Alfons eller gosar med mig s\u00e5 tycker han det \u00e4r v\u00e4ldigt sp\u00e4nnande att sitta p\u00e5 f\u00f6nsterbr\u00e4dan &amp; spana p\u00e5 f\u00e5glar, ibland pratar han med dom \ud83d\ude42<\/em><br \/><em>Det m\u00e4rks att Oskar \u00e4r tacksam &amp; trivs h\u00e4r genom att t ex:<\/em><br \/><em>N\u00e4r han ska \u00e4ta s\u00e5 \u00e4ter han f\u00f6rst lite, sedan springer han till mig f\u00f6r att kela och sen tillbaka till matsk\u00e5len \ud83d\ude42<\/em><br \/><em>Jag antar att det betyder tack f\u00f6r maten \ud83d\ude42<\/em><br \/><em>Jag \u00e4r s\u00e5 glad att han flyttat hit &amp; trivs toppenbra!<\/em><br \/><em>H\u00e4r \u00e4r n\u00e5gra bilder p\u00e5 Oskar &amp; 1 bild n\u00e4r de busar tillsammans \ud83d\ude42<\/em><\/p>\n<p><em>Mvh Malin<\/em><\/p>\n<hr \/>\n<h3><strong>Milla<\/strong><\/h3>\n<p><a href=\"https:\/\/www.djurskyddet.se\/jamtland\/wp-content\/uploads\/sites\/14\/2019\/03\/smilla-20141109_152313_500x889.jpg\"><img loading=\"lazy\" decoding=\"async\" class=\"alignnone size-medium wp-image-7171\" src=\"https:\/\/www.djurskyddet.se\/jamtland\/wp-content\/uploads\/sites\/14\/2019\/03\/smilla-20141109_152313_500x889-169x300.jpg\" alt=\"\" width=\"169\" height=\"300\" srcset=\"https:\/\/www.djurskyddet.se\/jamtland\/wp-content\/uploads\/sites\/14\/2019\/03\/smilla-20141109_152313_500x889-169x300.jpg 169w, https:\/\/www.djurskyddet.se\/jamtland\/wp-content\/uploads\/sites\/14\/2019\/03\/smilla-20141109_152313_500x889-400x711.jpg 400w, https:\/\/www.djurskyddet.se\/jamtland\/wp-content\/uploads\/sites\/14\/2019\/03\/smilla-20141109_152313_500x889.jpg 500w\" sizes=\"auto, (max-width: 169px) 100vw, 169px\" \/><\/a>\u00a0<a href=\"https:\/\/www.djurskyddet.se\/jamtland\/wp-content\/uploads\/sites\/14\/2019\/03\/smilla-20141028_130524_500x889.jpg\"><img loading=\"lazy\" decoding=\"async\" class=\"alignnone size-medium wp-image-7170\" src=\"https:\/\/www.djurskyddet.se\/jamtland\/wp-content\/uploads\/sites\/14\/2019\/03\/smilla-20141028_130524_500x889-169x300.jpg\" alt=\"\" width=\"169\" height=\"300\" srcset=\"https:\/\/www.djurskyddet.se\/jamtland\/wp-content\/uploads\/sites\/14\/2019\/03\/smilla-20141028_130524_500x889-169x300.jpg 169w, https:\/\/www.djurskyddet.se\/jamtland\/wp-content\/uploads\/sites\/14\/2019\/03\/smilla-20141028_130524_500x889-400x711.jpg 400w, https:\/\/www.djurskyddet.se\/jamtland\/wp-content\/uploads\/sites\/14\/2019\/03\/smilla-20141028_130524_500x889.jpg 500w\" sizes=\"auto, (max-width: 169px) 100vw, 169px\" \/><\/a>\u00a0<a href=\"https:\/\/www.djurskyddet.se\/jamtland\/wp-content\/uploads\/sites\/14\/2019\/03\/smilla-20140926_181955_500x889.jpg\"><img loading=\"lazy\" decoding=\"async\" class=\"alignnone size-medium wp-image-7169\" src=\"https:\/\/www.djurskyddet.se\/jamtland\/wp-content\/uploads\/sites\/14\/2019\/03\/smilla-20140926_181955_500x889-169x300.jpg\" alt=\"\" width=\"169\" height=\"300\" srcset=\"https:\/\/www.djurskyddet.se\/jamtland\/wp-content\/uploads\/sites\/14\/2019\/03\/smilla-20140926_181955_500x889-169x300.jpg 169w, https:\/\/www.djurskyddet.se\/jamtland\/wp-content\/uploads\/sites\/14\/2019\/03\/smilla-20140926_181955_500x889-400x711.jpg 400w, https:\/\/www.djurskyddet.se\/jamtland\/wp-content\/uploads\/sites\/14\/2019\/03\/smilla-20140926_181955_500x889.jpg 500w\" sizes=\"auto, (max-width: 169px) 100vw, 169px\" \/><\/a><\/p>\n<p><em>H\u00e4lsning fr\u00e5n Smilla (Milla)<\/em><\/p>\n<p><em>H\u00e4r \u00e4r Milla som numera heter Smilla med sin nya kompis Sotis.<\/em><br \/><em>Hon \u00e5 Sotis \u00e4r b\u00e4sta v\u00e4nner och springer runt h\u00e4r \u00e5 busar eller ligger \u00e5 gosar mest hela dagarna.<\/em><br \/><em>Smilla har varit hos oss i ca 2 m\u00e5nader nu, hon \u00e4r fortfarande v\u00e4ldigt blyg men vi g\u00f6r framsteg varje dag.<\/em><\/p>\n<p><em>H\u00e4lsning Lena<\/em><\/p>\n<hr \/>\n<h3><strong>Maggie<\/strong><\/h3>\n<p><a href=\"https:\/\/www.djurskyddet.se\/jamtland\/wp-content\/uploads\/sites\/14\/2019\/03\/silje.jpg\"><img loading=\"lazy\" decoding=\"async\" class=\"alignnone size-medium wp-image-7166\" src=\"https:\/\/www.djurskyddet.se\/jamtland\/wp-content\/uploads\/sites\/14\/2019\/03\/silje-300x225.jpg\" alt=\"\" width=\"300\" height=\"225\" srcset=\"https:\/\/www.djurskyddet.se\/jamtland\/wp-content\/uploads\/sites\/14\/2019\/03\/silje-300x225.jpg 300w, https:\/\/www.djurskyddet.se\/jamtland\/wp-content\/uploads\/sites\/14\/2019\/03\/silje-400x300.jpg 400w, https:\/\/www.djurskyddet.se\/jamtland\/wp-content\/uploads\/sites\/14\/2019\/03\/silje.jpg 500w\" sizes=\"auto, (max-width: 300px) 100vw, 300px\" \/><\/a>\u00a0<a href=\"https:\/\/www.djurskyddet.se\/jamtland\/wp-content\/uploads\/sites\/14\/2019\/03\/silje1.jpg\"><img loading=\"lazy\" decoding=\"async\" class=\"alignnone size-medium wp-image-7167\" src=\"https:\/\/www.djurskyddet.se\/jamtland\/wp-content\/uploads\/sites\/14\/2019\/03\/silje1-300x225.jpg\" alt=\"\" width=\"300\" height=\"225\" srcset=\"https:\/\/www.djurskyddet.se\/jamtland\/wp-content\/uploads\/sites\/14\/2019\/03\/silje1-300x225.jpg 300w, https:\/\/www.djurskyddet.se\/jamtland\/wp-content\/uploads\/sites\/14\/2019\/03\/silje1-400x300.jpg 400w, https:\/\/www.djurskyddet.se\/jamtland\/wp-content\/uploads\/sites\/14\/2019\/03\/silje1.jpg 497w\" sizes=\"auto, (max-width: 300px) 100vw, 300px\" \/><\/a>\u00a0<a href=\"https:\/\/www.djurskyddet.se\/jamtland\/wp-content\/uploads\/sites\/14\/2019\/03\/silje2.jpg\"><img loading=\"lazy\" decoding=\"async\" class=\"alignnone size-medium wp-image-7168\" src=\"https:\/\/www.djurskyddet.se\/jamtland\/wp-content\/uploads\/sites\/14\/2019\/03\/silje2-300x225.jpg\" alt=\"\" width=\"300\" height=\"225\" srcset=\"https:\/\/www.djurskyddet.se\/jamtland\/wp-content\/uploads\/sites\/14\/2019\/03\/silje2-300x225.jpg 300w, https:\/\/www.djurskyddet.se\/jamtland\/wp-content\/uploads\/sites\/14\/2019\/03\/silje2-400x300.jpg 400w, https:\/\/www.djurskyddet.se\/jamtland\/wp-content\/uploads\/sites\/14\/2019\/03\/silje2.jpg 492w\" sizes=\"auto, (max-width: 300px) 100vw, 300px\" \/><\/a><\/p>\n<p><em>Hej,<\/em><\/p>\n<p><em>Ber om urs\u00e4kt f\u00f6r att det tagit mig s\u00e5 l\u00e4nge att f\u00e5 iv\u00e4g ett mail till er, men jag ville att Silje, fd Maggie, och jag skulle f\u00e5 v\u00e4nja oss riktigt med varandra f\u00f6rst. Silje var ju en v\u00e4ldigt f\u00f6rsiktig och f\u00f6rsynt katt n\u00e4r jag h\u00e4mtade henne och hon \u00e4r fortfarande v\u00e4ldigt skygg mot m\u00e4nniskor hon inte k\u00e4nner igen. Hon verkar dock ha vant sig vid att dela sitt hem med mig och min pojkv\u00e4n har vunnit hennes hj\u00e4rta helt och h\u00e5llet.<\/em><\/p>\n<p><em>Hon k\u00f6r sina sm\u00e5 race s\u00e5v\u00e4l n\u00e4r jag arbetar som n\u00e4r jag \u00e4r hemma och mattorna ligger s\u00e4llan p\u00e5 sina platser numer. \ud83d\ude42 Favoritleksaken \u00e4r en liten boll med inbyggd bj\u00e4llra, men sm\u00e5 stoppade m\u00f6ss duger ocks\u00e5. H\u00f6gt upp i luften ska de!<\/em><\/p>\n<p><em>Kattstolpen med utsikt mot mattes jobb har blivit favoritplats nummer ett, d\u00e4rifr\u00e5n har hon full koll p\u00e5 vilka kunder som kommer och g\u00e5r. Ibland retas skatorna fr\u00e5n balkongr\u00e4cket och d\u00e5 blir hon riktigt f\u00f6rargad, men lite sp\u00e4nnande \u00e4r det visst ocks\u00e5..<\/em><\/p>\n<p><em>Silje var v\u00e4ldigt tunn n\u00e4r jag h\u00e4mtade henne och trots att hon f\u00f6rsta b\u00f6rjan \u00e5t som en h\u00e4st s\u00e5 ville hon inte l\u00e4gga p\u00e5 sig och det fick mig att b\u00f6rja misst\u00e4nka mask. Mycket riktigt fanns de d\u00e4r i l\u00e5dan n\u00e4r jag b\u00f6rjade kika efter och nu hoppas vi p\u00e5 lite mer k\u00f6tt p\u00e5 benen efter att jag avmaskat henne f\u00f6r en dryg vecka sedan. Annars \u00e4r hon frisk och fin, vilket vi ska se till att hon f\u00f6rblir. \ud83d\ude42<\/em><\/p>\n<p><em>Med v\u00e4nliga h\u00e4lsningar,<\/em><\/p>\n<p><em>Malin.<\/em><\/p>\n<hr \/>\n<h3><strong>Kiwi<\/strong><\/h3>\n<p><a href=\"https:\/\/www.djurskyddet.se\/jamtland\/wp-content\/uploads\/sites\/14\/2019\/03\/kiwi-img_1604_170x228.jpg\"><img loading=\"lazy\" decoding=\"async\" class=\"alignnone size-full wp-image-7143\" src=\"https:\/\/www.djurskyddet.se\/jamtland\/wp-content\/uploads\/sites\/14\/2019\/03\/kiwi-img_1604_170x228.jpg\" alt=\"\" width=\"170\" height=\"228\" \/><\/a>\u00a0<a href=\"https:\/\/www.djurskyddet.se\/jamtland\/wp-content\/uploads\/sites\/14\/2019\/03\/kiwi-img_1974_170x227.jpg\"><img loading=\"lazy\" decoding=\"async\" class=\"alignnone size-full wp-image-7146\" src=\"https:\/\/www.djurskyddet.se\/jamtland\/wp-content\/uploads\/sites\/14\/2019\/03\/kiwi-img_1974_170x227.jpg\" alt=\"\" width=\"170\" height=\"227\" \/><\/a>\u00a0<a href=\"https:\/\/www.djurskyddet.se\/jamtland\/wp-content\/uploads\/sites\/14\/2019\/03\/kiwi-img_1700_170x228.jpg\"><img loading=\"lazy\" decoding=\"async\" class=\"alignnone size-full wp-image-7144\" src=\"https:\/\/www.djurskyddet.se\/jamtland\/wp-content\/uploads\/sites\/14\/2019\/03\/kiwi-img_1700_170x228.jpg\" alt=\"\" width=\"170\" height=\"228\" \/><\/a>\u00a0<em><a href=\"https:\/\/www.djurskyddet.se\/jamtland\/wp-content\/uploads\/sites\/14\/2019\/03\/kiwi-img_1907_172x229.jpg\"><img loading=\"lazy\" decoding=\"async\" class=\"alignnone size-full wp-image-7145\" src=\"https:\/\/www.djurskyddet.se\/jamtland\/wp-content\/uploads\/sites\/14\/2019\/03\/kiwi-img_1907_172x229.jpg\" alt=\"\" width=\"172\" height=\"229\" \/><\/a><\/em><\/p>\n<p><em>Hej!<\/em><\/p>\n<p><em>Kiwi har desv\u00e4rre inte blivit kastrerad \u00e4nnu d\u00e5 jag tycker hon \u00e4r f\u00f6r mager (hon v\u00e4ger under 2 kg) tanken \u00e4r att hon skall kastreras s\u00e5 fort hon \u00f6kat lite i vikt.<\/em><br \/><em>Allt g\u00e5r bra \ud83d\ude00 hon leker bra med andra katten (tila) och sover gott tillsammans med hunden (mila)<\/em><br \/><em>bifogar lite bilder \ud83d\ude42<\/em><\/p>\n<div><em>MVH \/\/ Elise<\/em><\/div>\n<div><hr \/>\n<h3><strong>Gitte<\/strong><\/h3>\n<p><a href=\"https:\/\/www.djurskyddet.se\/jamtland\/wp-content\/uploads\/sites\/14\/2019\/03\/gitte1_261x261.jpg.png\"><img loading=\"lazy\" decoding=\"async\" class=\"alignnone size-full wp-image-7137\" src=\"https:\/\/www.djurskyddet.se\/jamtland\/wp-content\/uploads\/sites\/14\/2019\/03\/gitte1_261x261.jpg.png\" alt=\"\" width=\"261\" height=\"261\" srcset=\"https:\/\/www.djurskyddet.se\/jamtland\/wp-content\/uploads\/sites\/14\/2019\/03\/gitte1_261x261.jpg.png 261w, https:\/\/www.djurskyddet.se\/jamtland\/wp-content\/uploads\/sites\/14\/2019\/03\/gitte1_261x261.jpg-150x150.png 150w\" sizes=\"auto, (max-width: 261px) 100vw, 261px\" \/><\/a>\u00a0<a href=\"https:\/\/www.djurskyddet.se\/jamtland\/wp-content\/uploads\/sites\/14\/2019\/03\/gitte2_263x263.jpg.png\"><img loading=\"lazy\" decoding=\"async\" class=\"alignnone size-full wp-image-7138\" src=\"https:\/\/www.djurskyddet.se\/jamtland\/wp-content\/uploads\/sites\/14\/2019\/03\/gitte2_263x263.jpg.png\" alt=\"\" width=\"263\" height=\"263\" srcset=\"https:\/\/www.djurskyddet.se\/jamtland\/wp-content\/uploads\/sites\/14\/2019\/03\/gitte2_263x263.jpg.png 263w, https:\/\/www.djurskyddet.se\/jamtland\/wp-content\/uploads\/sites\/14\/2019\/03\/gitte2_263x263.jpg-150x150.png 150w\" sizes=\"auto, (max-width: 263px) 100vw, 263px\" \/><\/a>\u00a0<a href=\"https:\/\/www.djurskyddet.se\/jamtland\/wp-content\/uploads\/sites\/14\/2019\/03\/gitte4_262x262.jpg.png\"><img loading=\"lazy\" decoding=\"async\" class=\"alignnone size-full wp-image-7140\" src=\"https:\/\/www.djurskyddet.se\/jamtland\/wp-content\/uploads\/sites\/14\/2019\/03\/gitte4_262x262.jpg.png\" alt=\"\" width=\"262\" height=\"262\" srcset=\"https:\/\/www.djurskyddet.se\/jamtland\/wp-content\/uploads\/sites\/14\/2019\/03\/gitte4_262x262.jpg.png 262w, https:\/\/www.djurskyddet.se\/jamtland\/wp-content\/uploads\/sites\/14\/2019\/03\/gitte4_262x262.jpg-150x150.png 150w\" sizes=\"auto, (max-width: 262px) 100vw, 262px\" \/><\/a>\u00a0<a href=\"https:\/\/www.djurskyddet.se\/jamtland\/wp-content\/uploads\/sites\/14\/2019\/03\/gitte3_261x261.jpg.png\"><img loading=\"lazy\" decoding=\"async\" class=\"alignnone size-full wp-image-7139\" src=\"https:\/\/www.djurskyddet.se\/jamtland\/wp-content\/uploads\/sites\/14\/2019\/03\/gitte3_261x261.jpg.png\" alt=\"\" width=\"261\" height=\"261\" srcset=\"https:\/\/www.djurskyddet.se\/jamtland\/wp-content\/uploads\/sites\/14\/2019\/03\/gitte3_261x261.jpg.png 261w, https:\/\/www.djurskyddet.se\/jamtland\/wp-content\/uploads\/sites\/14\/2019\/03\/gitte3_261x261.jpg-150x150.png 150w\" sizes=\"auto, (max-width: 261px) 100vw, 261px\" \/><\/a><\/p>\n<\/div>\n<div>\n<p><em>H\u00e4lsning fr\u00e5n Luna (fd Gitte)<\/em><\/p>\n<p><em>Nu har Gitte, som f\u00e5tt det nya namnet Luna, blivit kastrerad och ID-m\u00e4rkt. ID-numret \u00e4r: xxxxxxx.<\/em><br \/><em>Hon har ocks\u00e5 behandlats f\u00f6r \u00f6ronskabb i v\u00e5ras som nu \u00e4r borta.<\/em><\/p>\n<p><em>Luna m\u00e5r j\u00e4ttebra i sitt nya hem och har blivit en riktig kelgris!<\/em><\/p>\n<p><em>H\u00e4r kommer n\u00e5gra bilder.<\/em><\/p>\n<\/div>\n<div>\u00a0<\/div>\n<div><em>Mvh Jessica M<\/em><\/div>\n<div><hr \/>\n<h3><strong>Thelise<\/strong><\/h3>\n<p><a href=\"https:\/\/www.djurskyddet.se\/jamtland\/wp-content\/uploads\/sites\/14\/2019\/03\/thelise-20140914_181833_500x375.jpg\"><img loading=\"lazy\" decoding=\"async\" class=\"alignnone size-medium wp-image-7172\" src=\"https:\/\/www.djurskyddet.se\/jamtland\/wp-content\/uploads\/sites\/14\/2019\/03\/thelise-20140914_181833_500x375-300x225.jpg\" alt=\"\" width=\"300\" height=\"225\" srcset=\"https:\/\/www.djurskyddet.se\/jamtland\/wp-content\/uploads\/sites\/14\/2019\/03\/thelise-20140914_181833_500x375-300x225.jpg 300w, https:\/\/www.djurskyddet.se\/jamtland\/wp-content\/uploads\/sites\/14\/2019\/03\/thelise-20140914_181833_500x375-400x300.jpg 400w, https:\/\/www.djurskyddet.se\/jamtland\/wp-content\/uploads\/sites\/14\/2019\/03\/thelise-20140914_181833_500x375.jpg 500w\" sizes=\"auto, (max-width: 300px) 100vw, 300px\" \/><\/a><\/p>\n<p><em>H\u00e4lsning fr\u00e5n Thelise.<\/em><\/p>\n<p><em>F\u00f6rsta natten tillbringades under soffan. H\u00f6rdes bara n\u00e5gra pip.<\/em><\/p>\n<p><em>Men sen&#8230;.full rulle, mycket snabba race genom rummen med andra katten och helt om\u00f6jlig att f\u00e5 med p\u00e5 bild i vaket tillst\u00e5nd.<\/em><\/p>\n<p><em>Thelise \u00e4r enormt social o s\u00e4llskaplig och har det gott.<\/em><\/p>\n<hr \/>\n<h3><strong>Nilas<\/strong><\/h3>\n<p><a href=\"https:\/\/www.djurskyddet.se\/jamtland\/wp-content\/uploads\/sites\/14\/2019\/03\/nilas.jpg\"><img loading=\"lazy\" decoding=\"async\" class=\"alignnone size-medium wp-image-7158\" src=\"https:\/\/www.djurskyddet.se\/jamtland\/wp-content\/uploads\/sites\/14\/2019\/03\/nilas-300x225.jpg\" alt=\"\" width=\"300\" height=\"225\" srcset=\"https:\/\/www.djurskyddet.se\/jamtland\/wp-content\/uploads\/sites\/14\/2019\/03\/nilas-300x225.jpg 300w, https:\/\/www.djurskyddet.se\/jamtland\/wp-content\/uploads\/sites\/14\/2019\/03\/nilas-400x300.jpg 400w, https:\/\/www.djurskyddet.se\/jamtland\/wp-content\/uploads\/sites\/14\/2019\/03\/nilas.jpg 500w\" sizes=\"auto, (max-width: 300px) 100vw, 300px\" \/><\/a>\u00a0<a href=\"https:\/\/www.djurskyddet.se\/jamtland\/wp-content\/uploads\/sites\/14\/2019\/03\/nilas2.jpg\"><img loading=\"lazy\" decoding=\"async\" class=\"alignnone size-medium wp-image-7160\" src=\"https:\/\/www.djurskyddet.se\/jamtland\/wp-content\/uploads\/sites\/14\/2019\/03\/nilas2-169x300.jpg\" alt=\"\" width=\"169\" height=\"300\" srcset=\"https:\/\/www.djurskyddet.se\/jamtland\/wp-content\/uploads\/sites\/14\/2019\/03\/nilas2-169x300.jpg 169w, https:\/\/www.djurskyddet.se\/jamtland\/wp-content\/uploads\/sites\/14\/2019\/03\/nilas2-400x711.jpg 400w, https:\/\/www.djurskyddet.se\/jamtland\/wp-content\/uploads\/sites\/14\/2019\/03\/nilas2.jpg 500w\" sizes=\"auto, (max-width: 169px) 100vw, 169px\" \/><\/a>\u00a0<a href=\"https:\/\/www.djurskyddet.se\/jamtland\/wp-content\/uploads\/sites\/14\/2019\/03\/nilas1.jpg\"><img loading=\"lazy\" decoding=\"async\" class=\"alignnone size-medium wp-image-7159\" src=\"https:\/\/www.djurskyddet.se\/jamtland\/wp-content\/uploads\/sites\/14\/2019\/03\/nilas1-169x300.jpg\" alt=\"\" width=\"169\" height=\"300\" srcset=\"https:\/\/www.djurskyddet.se\/jamtland\/wp-content\/uploads\/sites\/14\/2019\/03\/nilas1-169x300.jpg 169w, https:\/\/www.djurskyddet.se\/jamtland\/wp-content\/uploads\/sites\/14\/2019\/03\/nilas1-400x711.jpg 400w, https:\/\/www.djurskyddet.se\/jamtland\/wp-content\/uploads\/sites\/14\/2019\/03\/nilas1.jpg 500w\" sizes=\"auto, (max-width: 169px) 100vw, 169px\" \/><\/a><\/p>\n<div><em>Hej,<\/em><\/div>\n<div><em>En liten h\u00e4lsning fr\u00e5n familjen Copp och Nilas.<\/em><\/div>\n<div><em>Vilken toppen fin kille vi f\u00e5tt. Han kan inte f\u00e5 nog av gos.<\/em><\/div>\n<div><em>Lite f\u00f6rsiktig och avvaktande var han f\u00f6rsta dygnet men nu har han blivit varm i kl\u00e4derna och traskar runt i huset som han \u00e4ger det. F\u00f6r n\u00e5gra n\u00e4tter sedan f\u00e5ngade han sin f\u00f6rsta mus! ( vi har mus bes\u00f6k i k\u00f6ket om n\u00e4tterna ibland i det gamla lilla hus vi bor i )<\/em><\/div>\n<div><em>Han var helt upp i gasen av stolthet efter\u00e5t och levde om o hoppade p\u00e5 m\u00f6bler och lekte med alla m\u00f6jliga sm\u00e5 prylar i sin upprymdhet.<\/em><\/div>\n<div>\u00a0<\/div>\n<div><em>Han h\u00e4nger mycket uppe i flickornas rum d\u00e4r dom byggt en sovplats uppe p\u00e5 en h\u00f6g hylla d\u00e4r han gillar att ligga eller s\u00e5 ligger han i n\u00e5n av v\u00e5ra s\u00e4ngar och kurrar s\u00e5 det mullrar.<\/em><\/div>\n<div><em>Mer och mer b\u00f6rjar han leka med repstumpar och andra leksaker barnen hittar p\u00e5 till honom.<\/em><\/div>\n<div>\u00a0<\/div>\n<div><em>Vi \u00e4r s\u00e5 glada f\u00f6r honom och tror att han gillar oss ox\u00e5<\/em><\/div>\n<div><em>Tack !<\/em><\/div>\n<div><hr \/>\n<h3><strong>Ronja och Lillan<\/strong><\/h3>\n<p><a href=\"https:\/\/www.djurskyddet.se\/jamtland\/wp-content\/uploads\/sites\/14\/2019\/03\/ronja-lillan.jpg\"><img loading=\"lazy\" decoding=\"async\" class=\"alignnone size-medium wp-image-7165\" src=\"https:\/\/www.djurskyddet.se\/jamtland\/wp-content\/uploads\/sites\/14\/2019\/03\/ronja-lillan-300x225.jpg\" alt=\"\" width=\"300\" height=\"225\" srcset=\"https:\/\/www.djurskyddet.se\/jamtland\/wp-content\/uploads\/sites\/14\/2019\/03\/ronja-lillan-300x225.jpg 300w, https:\/\/www.djurskyddet.se\/jamtland\/wp-content\/uploads\/sites\/14\/2019\/03\/ronja-lillan-400x300.jpg 400w, https:\/\/www.djurskyddet.se\/jamtland\/wp-content\/uploads\/sites\/14\/2019\/03\/ronja-lillan.jpg 500w\" sizes=\"auto, (max-width: 300px) 100vw, 300px\" \/><\/a><\/p>\n<p><em>Hej!<\/em><br \/><em>Skickar en h\u00e4lsning fr\u00e5n Ronja &amp; Lilja (fd Lillan).<\/em><\/p>\n<p><em>De har nu bott hos mig n\u00e4stan ett halv\u00e5r, fast det har vart s\u00e5 kul att det inte alls k\u00e4nns som det har vart s\u00e5 l\u00e4nge.<\/em><\/p>\n<p><em>B\u00e5da m\u00e5r bra och har hittat precis vilka st\u00e4llen i min lilla l\u00e4genhet som \u00e4r de b\u00e4sta sovplatserna, \u00e4ven om det ibland blir br\u00e5k om vem som ska f\u00e5 ligga l\u00e4ngst upp p\u00e5 kattornet.<\/em><br \/><em>Ronja var ganska skygg och r\u00e4dd f\u00f6r ok\u00e4nda ljud till en b\u00f6rjan men efter hon vant sig har hon blivit den som best\u00e4mmer h\u00e4romkring, och s\u00e4ger snabbt till eller skramlar med matsk\u00e5lar n\u00e4r hon vill n\u00e5nting.<\/em><br \/><em>Lilja \u00e4r mindre pratglad men mer gosig av sig, och gillar att ligga i s\u00e4ngen vid ens f\u00f6tter n\u00e4r hon inte tittar ut \u00f6ver v\u00e4rlden fr\u00e5n tornet eller balkongen.<\/em><\/p>\n<hr \/>\n<h3><strong>Pascal<\/strong><\/h3>\n<p><a href=\"https:\/\/www.djurskyddet.se\/jamtland\/wp-content\/uploads\/sites\/14\/2019\/03\/pascal_500x833.jpg\"><img loading=\"lazy\" decoding=\"async\" class=\"alignnone size-medium wp-image-7164\" src=\"https:\/\/www.djurskyddet.se\/jamtland\/wp-content\/uploads\/sites\/14\/2019\/03\/pascal_500x833-180x300.jpg\" alt=\"\" width=\"180\" height=\"300\" srcset=\"https:\/\/www.djurskyddet.se\/jamtland\/wp-content\/uploads\/sites\/14\/2019\/03\/pascal_500x833-180x300.jpg 180w, https:\/\/www.djurskyddet.se\/jamtland\/wp-content\/uploads\/sites\/14\/2019\/03\/pascal_500x833-400x666.jpg 400w, https:\/\/www.djurskyddet.se\/jamtland\/wp-content\/uploads\/sites\/14\/2019\/03\/pascal_500x833.jpg 500w\" sizes=\"auto, (max-width: 180px) 100vw, 180px\" \/><\/a><\/p>\n<p><em>Hej<\/em><\/p>\n<p><em>Skickar en h\u00e4lsning fr\u00e5n Pascal .<\/em><\/p>\n<p><em>Pascal verkar trivas j\u00e4ttebra hos oss och vi trivs j\u00e4ttebra med honom. Han \u00e4r mest ute men kommer hem n\u00e5gra g\u00e5nger per dag. P\u00e5 kv\u00e4llen ligger han ofta och myser med oss i soffan.<\/em><\/p>\n<p><em>Han tar m\u00e5nga m\u00f6ss verkar ha rutin p\u00e5 det. Han verkar \u00e4ven vara v\u00e4n med grannkatten, han har nog visat att det \u00e4r han som \u00e4r h\u00f6gsta rang och grannkatten verkar acceptera det.<\/em><\/p>\n<p><em>Han funkar j\u00e4ttebra med barnen och \u00e4r v\u00e4ldigt gosig med b\u00e5de dom och \u00d6rjan och mig. Han har bra aptit och tycker mycket om rester som \u00e4lgk\u00f6tt och fisk.<\/em><\/p>\n<p><em>Vi \u00e4r glada och tacksamma att Pascal kom till oss och vi \u00e4lskade honom fr\u00e5n f\u00f6rsta dagen<\/em><\/p>\n<p><em>Tack f\u00f6r att ni finns<\/em><\/p>\n<p><em>Med v\u00e4nliga h\u00e4lsningar M\u00e4ret, \u00d6rjan, Ville, Vilma och Pascal<\/em><\/p>\n<hr \/>\n<h3><strong>Gustav<\/strong><\/h3>\n<p><a href=\"https:\/\/www.djurskyddet.se\/jamtland\/wp-content\/uploads\/sites\/14\/2019\/03\/gustav.jpg\"><img loading=\"lazy\" decoding=\"async\" class=\"alignnone size-medium wp-image-7141\" src=\"https:\/\/www.djurskyddet.se\/jamtland\/wp-content\/uploads\/sites\/14\/2019\/03\/gustav-300x225.jpg\" alt=\"\" width=\"300\" height=\"225\" srcset=\"https:\/\/www.djurskyddet.se\/jamtland\/wp-content\/uploads\/sites\/14\/2019\/03\/gustav-300x225.jpg 300w, https:\/\/www.djurskyddet.se\/jamtland\/wp-content\/uploads\/sites\/14\/2019\/03\/gustav-400x300.jpg 400w, https:\/\/www.djurskyddet.se\/jamtland\/wp-content\/uploads\/sites\/14\/2019\/03\/gustav.jpg 500w\" sizes=\"auto, (max-width: 300px) 100vw, 300px\" \/><\/a>\u00a0<a href=\"https:\/\/www.djurskyddet.se\/jamtland\/wp-content\/uploads\/sites\/14\/2019\/03\/gustav1.jpeg\"><img loading=\"lazy\" decoding=\"async\" class=\"alignnone size-medium wp-image-7142\" src=\"https:\/\/www.djurskyddet.se\/jamtland\/wp-content\/uploads\/sites\/14\/2019\/03\/gustav1-225x300.jpeg\" alt=\"\" width=\"225\" height=\"300\" srcset=\"https:\/\/www.djurskyddet.se\/jamtland\/wp-content\/uploads\/sites\/14\/2019\/03\/gustav1-225x300.jpeg 225w, https:\/\/www.djurskyddet.se\/jamtland\/wp-content\/uploads\/sites\/14\/2019\/03\/gustav1-400x533.jpeg 400w, https:\/\/www.djurskyddet.se\/jamtland\/wp-content\/uploads\/sites\/14\/2019\/03\/gustav1.jpeg 480w\" sizes=\"auto, (max-width: 225px) 100vw, 225px\" \/><\/a><\/p>\n<p><em>Hej!<\/em><\/p>\n<p><em>Gustav m\u00e5r som en prins, precis som vi k\u00e4nner att han \u00e4r. Han g\u00e5r nu ute sj\u00e4lv och trivs mycket bra med det.<\/em><\/p>\n<p><em>Han s\u00e4ger sj\u00e4lv till om han vill g\u00e5 ut eller in kl 3 p\u00e5 natten. Han \u00e4ter bara torrfoder trots att vi har provat med r\u00e4kor, kyckling lever och andra smarriga delikatesser.<\/em><\/p>\n<p><em>Det \u00e4r helt otroligt hur hela familjen kan \u00e4lska och st\u00e4lla upp f\u00f6r honom.&#8217;<\/em><\/p>\n<p><em>Hans favorit \u00e4r Husse men han \u00e4r ju ocks\u00e5 hemma alla fm. Favoritsovplatsen \u00e4r i v\u00e5r s\u00e4ng.<\/em><\/p>\n<p><em>Mvh Karen<\/em><\/p>\n<hr \/>\n<h3><strong>Cindy<\/strong><\/h3>\n<p><a href=\"https:\/\/www.djurskyddet.se\/jamtland\/wp-content\/uploads\/sites\/14\/2019\/03\/cindy.jpg\"><img loading=\"lazy\" decoding=\"async\" class=\"size-medium wp-image-7122\" src=\"https:\/\/www.djurskyddet.se\/jamtland\/wp-content\/uploads\/sites\/14\/2019\/03\/cindy-300x212.jpg\" alt=\"\" width=\"300\" height=\"212\" srcset=\"https:\/\/www.djurskyddet.se\/jamtland\/wp-content\/uploads\/sites\/14\/2019\/03\/cindy-300x212.jpg 300w, https:\/\/www.djurskyddet.se\/jamtland\/wp-content\/uploads\/sites\/14\/2019\/03\/cindy-400x283.jpg 400w, https:\/\/www.djurskyddet.se\/jamtland\/wp-content\/uploads\/sites\/14\/2019\/03\/cindy.jpg 500w\" sizes=\"auto, (max-width: 300px) 100vw, 300px\" \/><\/a><\/p>\n<p><em>Dagen efter hon flyttat hem till mig<\/em><\/p>\n<div id=\"attachment_7124\" style=\"width: 310px\" class=\"wp-caption alignnone\"><a href=\"https:\/\/www.djurskyddet.se\/jamtland\/wp-content\/uploads\/sites\/14\/2019\/03\/cindy2.jpg\"><img loading=\"lazy\" decoding=\"async\" aria-describedby=\"caption-attachment-7124\" class=\"size-medium wp-image-7124\" src=\"https:\/\/www.djurskyddet.se\/jamtland\/wp-content\/uploads\/sites\/14\/2019\/03\/cindy2-300x260.jpg\" alt=\"\" width=\"300\" height=\"260\" srcset=\"https:\/\/www.djurskyddet.se\/jamtland\/wp-content\/uploads\/sites\/14\/2019\/03\/cindy2-300x260.jpg 300w, https:\/\/www.djurskyddet.se\/jamtland\/wp-content\/uploads\/sites\/14\/2019\/03\/cindy2-400x346.jpg 400w, https:\/\/www.djurskyddet.se\/jamtland\/wp-content\/uploads\/sites\/14\/2019\/03\/cindy2.jpg 497w\" sizes=\"auto, (max-width: 300px) 100vw, 300px\" \/><\/a><p id=\"caption-attachment-7124\" class=\"wp-caption-text\"><em>Spana p\u00e5 balkongen \u00e4r alltid sp\u00e4nnande.<\/em><\/p><\/div>\n<div id=\"attachment_7123\" style=\"width: 310px\" class=\"wp-caption alignnone\"><a href=\"https:\/\/www.djurskyddet.se\/jamtland\/wp-content\/uploads\/sites\/14\/2019\/03\/cindy1.jpg\"><img loading=\"lazy\" decoding=\"async\" aria-describedby=\"caption-attachment-7123\" class=\"size-medium wp-image-7123\" src=\"https:\/\/www.djurskyddet.se\/jamtland\/wp-content\/uploads\/sites\/14\/2019\/03\/cindy1-300x192.jpg\" alt=\"\" width=\"300\" height=\"192\" srcset=\"https:\/\/www.djurskyddet.se\/jamtland\/wp-content\/uploads\/sites\/14\/2019\/03\/cindy1-300x192.jpg 300w, https:\/\/www.djurskyddet.se\/jamtland\/wp-content\/uploads\/sites\/14\/2019\/03\/cindy1-400x256.jpg 400w, https:\/\/www.djurskyddet.se\/jamtland\/wp-content\/uploads\/sites\/14\/2019\/03\/cindy1.jpg 500w\" sizes=\"auto, (max-width: 300px) 100vw, 300px\" \/><\/a><p id=\"caption-attachment-7123\" class=\"wp-caption-text\"><em>S\u00e5 h\u00e4r ligger hon alltid med favorit-leksaken &#8221;invirad&#8221; och f\u00f6rs\u00f6ker se inbjudande ut s\u00e5 man<\/em><br \/><em>ska b\u00f6rja leka med henne, s\u00e5 otroligt s\u00f6tt!<\/em><\/p><\/div>\n<div id=\"attachment_7125\" style=\"width: 310px\" class=\"wp-caption alignnone\"><a href=\"https:\/\/www.djurskyddet.se\/jamtland\/wp-content\/uploads\/sites\/14\/2019\/03\/cindy3.jpg\"><img loading=\"lazy\" decoding=\"async\" aria-describedby=\"caption-attachment-7125\" class=\"size-medium wp-image-7125\" src=\"https:\/\/www.djurskyddet.se\/jamtland\/wp-content\/uploads\/sites\/14\/2019\/03\/cindy3-300x204.jpg\" alt=\"\" width=\"300\" height=\"204\" srcset=\"https:\/\/www.djurskyddet.se\/jamtland\/wp-content\/uploads\/sites\/14\/2019\/03\/cindy3-300x204.jpg 300w, https:\/\/www.djurskyddet.se\/jamtland\/wp-content\/uploads\/sites\/14\/2019\/03\/cindy3-400x273.jpg 400w, https:\/\/www.djurskyddet.se\/jamtland\/wp-content\/uploads\/sites\/14\/2019\/03\/cindy3.jpg 499w\" sizes=\"auto, (max-width: 300px) 100vw, 300px\" \/><\/a><p id=\"caption-attachment-7125\" class=\"wp-caption-text\"><em>Ja s\u00e5 h\u00e4r kan man ju ocks\u00e5 ligga!<\/em><\/p><\/div>\n<div id=\"attachment_7126\" style=\"width: 310px\" class=\"wp-caption alignnone\"><a href=\"https:\/\/www.djurskyddet.se\/jamtland\/wp-content\/uploads\/sites\/14\/2019\/03\/cindy4.jpg\"><img loading=\"lazy\" decoding=\"async\" aria-describedby=\"caption-attachment-7126\" class=\"size-medium wp-image-7126\" src=\"https:\/\/www.djurskyddet.se\/jamtland\/wp-content\/uploads\/sites\/14\/2019\/03\/cindy4-300x200.jpg\" alt=\"\" width=\"300\" height=\"200\" srcset=\"https:\/\/www.djurskyddet.se\/jamtland\/wp-content\/uploads\/sites\/14\/2019\/03\/cindy4-300x200.jpg 300w, https:\/\/www.djurskyddet.se\/jamtland\/wp-content\/uploads\/sites\/14\/2019\/03\/cindy4-400x266.jpg 400w, https:\/\/www.djurskyddet.se\/jamtland\/wp-content\/uploads\/sites\/14\/2019\/03\/cindy4.jpg 500w\" sizes=\"auto, (max-width: 300px) 100vw, 300px\" \/><\/a><p id=\"caption-attachment-7126\" class=\"wp-caption-text\"><em>Eller s\u00e5 h\u00e4r! \ud83d\ude00<\/em><\/p><\/div>\n<p><em>Hej, h\u00e4r kommer en n\u00e5got sen uppdatering om Lotis (fd Cindy) Lilla fr\u00f6ken har hunnit bli ett<\/em><br \/><em>\u00e5r och hon \u00e4r ett underbart yrv\u00e4der med massor av energi, men samtidigt v\u00e4ldigt go och vill<\/em><br \/><em>vara n\u00e4ra hela tiden.<\/em><br \/><em>Hon gillar att prata och svarar s\u00e5klart n\u00e4r jag s\u00e4ger n\u00e5got \ud83d\ude09 Or\u00e4dd har hon varit fr\u00e5n f\u00f6rsta<\/em><br \/><em>stunden utan \u00e4r mest nyfiken p\u00e5 allt.<\/em><\/p>\n<p><em>Min 3-\u00e5riga hona var till en b\u00f6rjan lite tjurig och fr\u00e4ste n\u00e4r Lotis f\u00f6rs\u00f6kte busa, men nu<\/em><br \/><em>jagar de varann och busar utan morr och fr\u00e4s \ud83d\ude42<\/em><\/p>\n<p><em>Min \u00e4ldsta dam som \u00e4r 12 har hon respekt f\u00f6r och har f\u00f6rst\u00e5tt att h\u00e4rja med henne \u00e4r l\u00f6nl\u00f6st,<\/em><br \/><em>men sova bredvid varandra g\u00e5r bra! Hon sover alltid i s\u00e4ngen ocks\u00e5 men bara n\u00e4r jag \u00e4r d\u00e4r, s\u00e5<\/em><br \/><em>lite &#8221;mammig&#8221; \u00e4r hon allt.<\/em><\/p>\n<p><em>Hon \u00e4r numera b\u00e5de kastrerad och id-m\u00e4rkt med nr 8901N<\/em><\/p>\n<p><em>Skickar med lite bilder ocks\u00e5:<\/em><\/p>\n<p><em>Mvh\u00a0Djenni<\/em><\/p>\n<hr \/>\n<h3><strong>Nisse<\/strong><\/h3>\n<p><a href=\"https:\/\/www.djurskyddet.se\/jamtland\/wp-content\/uploads\/sites\/14\/2019\/03\/nisse_500x375.jpg\"><img loading=\"lazy\" decoding=\"async\" class=\"alignnone size-medium wp-image-7161\" src=\"https:\/\/www.djurskyddet.se\/jamtland\/wp-content\/uploads\/sites\/14\/2019\/03\/nisse_500x375-300x225.jpg\" alt=\"\" width=\"300\" height=\"225\" srcset=\"https:\/\/www.djurskyddet.se\/jamtland\/wp-content\/uploads\/sites\/14\/2019\/03\/nisse_500x375-300x225.jpg 300w, https:\/\/www.djurskyddet.se\/jamtland\/wp-content\/uploads\/sites\/14\/2019\/03\/nisse_500x375-400x300.jpg 400w, https:\/\/www.djurskyddet.se\/jamtland\/wp-content\/uploads\/sites\/14\/2019\/03\/nisse_500x375.jpg 500w\" sizes=\"auto, (max-width: 300px) 100vw, 300px\" \/><\/a><\/p>\n<div><em>Nu har finaste Nisse bott hos oss i n\u00e4stan 1,5 m\u00e5nad.<\/em><\/div>\n<div><em>Han \u00e4r j\u00e4ttebusig, full med uppt\u00e5g och knasiga id\u00e9er. Han har lagt rabarber p\u00e5 Doris hundkorg, \u00e4ter fantastiska m\u00e4ngder mat, dricker g\u00e4rna vatten i kranen och \u00e4r allm\u00e4nt charmig.<\/em><\/div>\n<div><em>Vi \u00e4lskar honom j\u00e4ttemycket och han passar verkligen in i v\u00e5r familj\/flock.<\/em><\/div>\n<div>\u00a0<\/div>\n<div><em>\/\u00c5sa Malm<\/em><\/div>\n<div><hr \/>\n<h3><strong>Palle<\/strong><\/h3>\n<p><a href=\"https:\/\/www.djurskyddet.se\/jamtland\/wp-content\/uploads\/sites\/14\/2019\/03\/palle-wp_001489_499x665.jpg\"><img loading=\"lazy\" decoding=\"async\" class=\"alignnone size-medium wp-image-7162\" src=\"https:\/\/www.djurskyddet.se\/jamtland\/wp-content\/uploads\/sites\/14\/2019\/03\/palle-wp_001489_499x665-225x300.jpg\" alt=\"\" width=\"225\" height=\"300\" srcset=\"https:\/\/www.djurskyddet.se\/jamtland\/wp-content\/uploads\/sites\/14\/2019\/03\/palle-wp_001489_499x665-225x300.jpg 225w, https:\/\/www.djurskyddet.se\/jamtland\/wp-content\/uploads\/sites\/14\/2019\/03\/palle-wp_001489_499x665-400x533.jpg 400w, https:\/\/www.djurskyddet.se\/jamtland\/wp-content\/uploads\/sites\/14\/2019\/03\/palle-wp_001489_499x665.jpg 499w\" sizes=\"auto, (max-width: 225px) 100vw, 225px\" \/><\/a>\u00a0<a href=\"https:\/\/www.djurskyddet.se\/jamtland\/wp-content\/uploads\/sites\/14\/2019\/03\/palle-wp_001507_500x375.jpg\"><img loading=\"lazy\" decoding=\"async\" class=\"alignnone size-medium wp-image-7163\" src=\"https:\/\/www.djurskyddet.se\/jamtland\/wp-content\/uploads\/sites\/14\/2019\/03\/palle-wp_001507_500x375-300x225.jpg\" alt=\"\" width=\"300\" height=\"225\" srcset=\"https:\/\/www.djurskyddet.se\/jamtland\/wp-content\/uploads\/sites\/14\/2019\/03\/palle-wp_001507_500x375-300x225.jpg 300w, https:\/\/www.djurskyddet.se\/jamtland\/wp-content\/uploads\/sites\/14\/2019\/03\/palle-wp_001507_500x375-400x300.jpg 400w, https:\/\/www.djurskyddet.se\/jamtland\/wp-content\/uploads\/sites\/14\/2019\/03\/palle-wp_001507_500x375.jpg 500w\" sizes=\"auto, (max-width: 300px) 100vw, 300px\" \/><\/a><em>H\u00e4r kommer en h\u00e4lsning fr\u00e5n Palle (som oftast kallas f\u00f6r dansken)<\/em><br \/><em>Han har funnit sig v\u00e4l tillr\u00e4tta efter det f\u00f6rsta dygnet d\u00e5 han skr\u00e4ckslagen g\u00f6mde sig. N\u00e4r han v\u00e4l b\u00f6rjade se sig omkring s\u00e5 tyckte han att livet var helt ok.<\/em><br \/><em>Han tyr sig mycket till Mats, den andra katten och dom tv\u00e5 sover ofta tillsammans om Palle f\u00e5r best\u00e4mma. B\u00e4st trivs dom i pudelns hundb\u00e4dd, hon \u00e4r dock inte lika n\u00f6jd.<\/em><br \/><em>Han g\u00e5r ut och in genom kattluckan som han vill och \u00e4r ute mer och mer. N\u00e4r han kommer in s\u00e5 ber\u00e4ttar han det h\u00f6gljutt och d\u00e5 vill han ha b\u00e5de mat och kel.<\/em><\/p>\n<p><em>Vi \u00e4r s\u00e5 glada och n\u00f6jda \u00f6ver v\u00e5r nya katt.<\/em><br \/><em>H\u00e4lsningar Tommy &amp; Birgitta.<\/em><\/p>\n<hr \/>\n<h3><strong>M\u00e5ns<\/strong><\/h3>\n<p><a href=\"https:\/\/www.djurskyddet.se\/jamtland\/wp-content\/uploads\/sites\/14\/2019\/03\/m\u00e5ns1.jpg\"><img loading=\"lazy\" decoding=\"async\" class=\"alignnone size-medium wp-image-7157\" src=\"https:\/\/www.djurskyddet.se\/jamtland\/wp-content\/uploads\/sites\/14\/2019\/03\/m\u00e5ns1-300x300.jpg\" alt=\"\" width=\"300\" height=\"300\" srcset=\"https:\/\/www.djurskyddet.se\/jamtland\/wp-content\/uploads\/sites\/14\/2019\/03\/m\u00e5ns1-300x300.jpg 300w, https:\/\/www.djurskyddet.se\/jamtland\/wp-content\/uploads\/sites\/14\/2019\/03\/m\u00e5ns1-150x150.jpg 150w, https:\/\/www.djurskyddet.se\/jamtland\/wp-content\/uploads\/sites\/14\/2019\/03\/m\u00e5ns1-400x400.jpg 400w, https:\/\/www.djurskyddet.se\/jamtland\/wp-content\/uploads\/sites\/14\/2019\/03\/m\u00e5ns1.jpg 480w\" sizes=\"auto, (max-width: 300px) 100vw, 300px\" \/><\/a>\u00a0<a href=\"https:\/\/www.djurskyddet.se\/jamtland\/wp-content\/uploads\/sites\/14\/2019\/03\/m\u00e5ns.jpg\"><img loading=\"lazy\" decoding=\"async\" class=\"alignnone size-medium wp-image-7156\" src=\"https:\/\/www.djurskyddet.se\/jamtland\/wp-content\/uploads\/sites\/14\/2019\/03\/m\u00e5ns-225x300.jpg\" alt=\"\" width=\"225\" height=\"300\" srcset=\"https:\/\/www.djurskyddet.se\/jamtland\/wp-content\/uploads\/sites\/14\/2019\/03\/m\u00e5ns-225x300.jpg 225w, https:\/\/www.djurskyddet.se\/jamtland\/wp-content\/uploads\/sites\/14\/2019\/03\/m\u00e5ns-400x533.jpg 400w, https:\/\/www.djurskyddet.se\/jamtland\/wp-content\/uploads\/sites\/14\/2019\/03\/m\u00e5ns.jpg 480w\" sizes=\"auto, (max-width: 225px) 100vw, 225px\" \/><\/a>\u00a0<a href=\"https:\/\/www.djurskyddet.se\/jamtland\/wp-content\/uploads\/sites\/14\/2019\/03\/m\u00e5ns-o-momo2.jpg\"><img loading=\"lazy\" decoding=\"async\" class=\"alignnone size-medium wp-image-7155\" src=\"https:\/\/www.djurskyddet.se\/jamtland\/wp-content\/uploads\/sites\/14\/2019\/03\/m\u00e5ns-o-momo2-300x225.jpg\" alt=\"\" width=\"300\" height=\"225\" srcset=\"https:\/\/www.djurskyddet.se\/jamtland\/wp-content\/uploads\/sites\/14\/2019\/03\/m\u00e5ns-o-momo2-300x225.jpg 300w, https:\/\/www.djurskyddet.se\/jamtland\/wp-content\/uploads\/sites\/14\/2019\/03\/m\u00e5ns-o-momo2-400x300.jpg 400w, https:\/\/www.djurskyddet.se\/jamtland\/wp-content\/uploads\/sites\/14\/2019\/03\/m\u00e5ns-o-momo2.jpg 500w\" sizes=\"auto, (max-width: 300px) 100vw, 300px\" \/><\/a>\u00a0<a href=\"https:\/\/www.djurskyddet.se\/jamtland\/wp-content\/uploads\/sites\/14\/2019\/03\/m\u00e5ns-o-momo1.jpg\"><img loading=\"lazy\" decoding=\"async\" class=\"alignnone size-medium wp-image-7154\" src=\"https:\/\/www.djurskyddet.se\/jamtland\/wp-content\/uploads\/sites\/14\/2019\/03\/m\u00e5ns-o-momo1-225x300.jpg\" alt=\"\" width=\"225\" height=\"300\" srcset=\"https:\/\/www.djurskyddet.se\/jamtland\/wp-content\/uploads\/sites\/14\/2019\/03\/m\u00e5ns-o-momo1-225x300.jpg 225w, https:\/\/www.djurskyddet.se\/jamtland\/wp-content\/uploads\/sites\/14\/2019\/03\/m\u00e5ns-o-momo1-400x533.jpg 400w, https:\/\/www.djurskyddet.se\/jamtland\/wp-content\/uploads\/sites\/14\/2019\/03\/m\u00e5ns-o-momo1.jpg 480w\" sizes=\"auto, (max-width: 225px) 100vw, 225px\" \/><\/a>\u00a0<a href=\"https:\/\/www.djurskyddet.se\/jamtland\/wp-content\/uploads\/sites\/14\/2019\/03\/m\u00e5ns-o-momo.jpg\"><img loading=\"lazy\" decoding=\"async\" class=\"alignnone size-medium wp-image-7153\" src=\"https:\/\/www.djurskyddet.se\/jamtland\/wp-content\/uploads\/sites\/14\/2019\/03\/m\u00e5ns-o-momo-300x225.jpg\" alt=\"\" width=\"300\" height=\"225\" srcset=\"https:\/\/www.djurskyddet.se\/jamtland\/wp-content\/uploads\/sites\/14\/2019\/03\/m\u00e5ns-o-momo-300x225.jpg 300w, https:\/\/www.djurskyddet.se\/jamtland\/wp-content\/uploads\/sites\/14\/2019\/03\/m\u00e5ns-o-momo-400x300.jpg 400w, https:\/\/www.djurskyddet.se\/jamtland\/wp-content\/uploads\/sites\/14\/2019\/03\/m\u00e5ns-o-momo.jpg 500w\" sizes=\"auto, (max-width: 300px) 100vw, 300px\" \/><\/a><\/p>\n<p><em>Hej!<\/em><\/p>\n<p><em>Vi \u00e4r Elisabetta och Alessio \ud83d\ude42<\/em><\/p>\n<p><em>Vi har antagit M\u00e5ns f\u00f6rra onsdag (12 mars) och vi skickar det h\u00e4r e-post med n\u00e5gra bilder p\u00e5 honom och den andra katten vi har: Momo.<\/em><\/p>\n<p><em>Redan efter 1 dag de b\u00f6rjade gilla varandra. De g\u00f6r flesta av de saker tillsammans, och de leker ocks\u00e5! M\u00e5ns \u00e4r riktigt trevlig och sn\u00e4ll, och han gillar att bli klappad av oss, samt Momo g\u00f6r. Momo \u00e4r en mycket sn\u00e4ll katt ocks\u00e5, som har accepterat M\u00e5ns mycket snabbt.<\/em><\/p>\n<p><em>Vi \u00e4r mycket glada att vi antog M\u00e5ns \ud83d\ude42<\/em><\/p>\n<p><em>H\u00e4r har ni lite bilder p\u00e5 dem.<\/em><\/p>\n<p><em>V\u00e4nliga h\u00e4lsningar<\/em><br \/><em>\/Elisabetta och Alessio<\/em><\/p>\n<hr \/>\n<h3><strong>Tiger och Vanna<\/strong><\/h3>\n<p><a href=\"https:\/\/www.djurskyddet.se\/jamtland\/wp-content\/uploads\/sites\/14\/2019\/03\/tiger-o-molly.jpeg\"><img loading=\"lazy\" decoding=\"async\" class=\"alignnone size-medium wp-image-7174\" src=\"https:\/\/www.djurskyddet.se\/jamtland\/wp-content\/uploads\/sites\/14\/2019\/03\/tiger-o-molly-300x300.jpeg\" alt=\"\" width=\"300\" height=\"300\" srcset=\"https:\/\/www.djurskyddet.se\/jamtland\/wp-content\/uploads\/sites\/14\/2019\/03\/tiger-o-molly-300x300.jpeg 300w, https:\/\/www.djurskyddet.se\/jamtland\/wp-content\/uploads\/sites\/14\/2019\/03\/tiger-o-molly-150x150.jpeg 150w, https:\/\/www.djurskyddet.se\/jamtland\/wp-content\/uploads\/sites\/14\/2019\/03\/tiger-o-molly-400x400.jpeg 400w, https:\/\/www.djurskyddet.se\/jamtland\/wp-content\/uploads\/sites\/14\/2019\/03\/tiger-o-molly.jpeg 427w\" sizes=\"auto, (max-width: 300px) 100vw, 300px\" \/><\/a>\u00a0<a href=\"https:\/\/www.djurskyddet.se\/jamtland\/wp-content\/uploads\/sites\/14\/2019\/03\/tiger-o-molly1.jpg\"><img loading=\"lazy\" decoding=\"async\" class=\"alignnone size-medium wp-image-7175\" src=\"https:\/\/www.djurskyddet.se\/jamtland\/wp-content\/uploads\/sites\/14\/2019\/03\/tiger-o-molly1-300x225.jpg\" alt=\"\" width=\"300\" height=\"225\" srcset=\"https:\/\/www.djurskyddet.se\/jamtland\/wp-content\/uploads\/sites\/14\/2019\/03\/tiger-o-molly1-300x225.jpg 300w, https:\/\/www.djurskyddet.se\/jamtland\/wp-content\/uploads\/sites\/14\/2019\/03\/tiger-o-molly1-400x300.jpg 400w, https:\/\/www.djurskyddet.se\/jamtland\/wp-content\/uploads\/sites\/14\/2019\/03\/tiger-o-molly1.jpg 500w\" sizes=\"auto, (max-width: 300px) 100vw, 300px\" \/><\/a>\u00a0<a href=\"https:\/\/www.djurskyddet.se\/jamtland\/wp-content\/uploads\/sites\/14\/2019\/03\/tiger-o-hund.jpg\"><img loading=\"lazy\" decoding=\"async\" class=\"alignnone size-medium wp-image-7173\" src=\"https:\/\/www.djurskyddet.se\/jamtland\/wp-content\/uploads\/sites\/14\/2019\/03\/tiger-o-hund-300x225.jpg\" alt=\"\" width=\"300\" height=\"225\" srcset=\"https:\/\/www.djurskyddet.se\/jamtland\/wp-content\/uploads\/sites\/14\/2019\/03\/tiger-o-hund-300x225.jpg 300w, https:\/\/www.djurskyddet.se\/jamtland\/wp-content\/uploads\/sites\/14\/2019\/03\/tiger-o-hund-400x300.jpg 400w, https:\/\/www.djurskyddet.se\/jamtland\/wp-content\/uploads\/sites\/14\/2019\/03\/tiger-o-hund.jpg 500w\" sizes=\"auto, (max-width: 300px) 100vw, 300px\" \/><\/a><\/p>\n<p><em>Hej!<\/em><\/p>\n<p><em>H\u00e4r kommer en liten h\u00e4lsning och uppdatering fr\u00e5n Tiger och Vanna som nu bott hos sin nya matte i ca ett \u00e5r.<\/em><\/p>\n<p><em>Vanna, som numera heter Molly, var fr\u00e5n b\u00f6rjan en v\u00e4ldigt r\u00e4dd och f\u00f6rsiktig katt. Men under \u00e5rets g\u00e5ng har Molly utvecklats och blivit en alltmer nyfiken, tuffare och framf\u00f6r allt en otroligt gosig katt.<\/em><br \/><em>Fr\u00e5n att inte v\u00e5gat vara i samma rum som matte v\u00e5gar Molly numera sova i samma s\u00e4ng som matte om n\u00e4tterna, tillsammans med sin &#8221;bror&#8221; Tiger.<\/em><br \/><em>Det \u00e4r mysigt att sova med brorsan i s\u00e4ngen..<\/em><\/p>\n<p><em>Tiger d\u00e4remot var redan fr\u00e5n start en ut\u00e5triktad och social katt som snabbt f\u00e5ngade min uppm\u00e4rksamhet p\u00e5 katthemmet. Han \u00e4r en v\u00e4ldigt trevlig katt som aldrig slutar f\u00f6rv\u00e5na mig. Han \u00e4r nyfiken av sig och beter sig som om han vore en hund. Kommer direkt n\u00e4r man ropar hans namn och f\u00f6ljer mer \u00e4n g\u00e4rna ut p\u00e5 promenader. Roligaste promenaderna \u00e4r helt klart de tillf\u00e4llena n\u00e4r Tiger f\u00e5r g\u00f6ra s\u00e4llskap tillsammans med sin b\u00e4sta hundkompis Yosephine!<\/em><\/p>\n<p><em>H\u00e4lsningar<\/em><\/p>\n<p><em>Tiger &amp; Molly med familj<\/em><\/p>\n<hr \/>\n<h3><strong>Cajsa<\/strong><\/h3>\n<p><a href=\"https:\/\/www.djurskyddet.se\/jamtland\/wp-content\/uploads\/sites\/14\/2019\/03\/cajsa.jpg\"><img loading=\"lazy\" decoding=\"async\" class=\"alignnone size-medium wp-image-7119\" src=\"https:\/\/www.djurskyddet.se\/jamtland\/wp-content\/uploads\/sites\/14\/2019\/03\/cajsa-300x271.jpg\" alt=\"\" width=\"300\" height=\"271\" srcset=\"https:\/\/www.djurskyddet.se\/jamtland\/wp-content\/uploads\/sites\/14\/2019\/03\/cajsa-300x271.jpg 300w, https:\/\/www.djurskyddet.se\/jamtland\/wp-content\/uploads\/sites\/14\/2019\/03\/cajsa-400x361.jpg 400w, https:\/\/www.djurskyddet.se\/jamtland\/wp-content\/uploads\/sites\/14\/2019\/03\/cajsa.jpg 499w\" sizes=\"auto, (max-width: 300px) 100vw, 300px\" \/><\/a>\u00a0<a href=\"https:\/\/www.djurskyddet.se\/jamtland\/wp-content\/uploads\/sites\/14\/2019\/03\/cajsa1.jpg\"><img loading=\"lazy\" decoding=\"async\" class=\"alignnone size-medium wp-image-7120\" src=\"https:\/\/www.djurskyddet.se\/jamtland\/wp-content\/uploads\/sites\/14\/2019\/03\/cajsa1-300x276.jpg\" alt=\"\" width=\"300\" height=\"276\" srcset=\"https:\/\/www.djurskyddet.se\/jamtland\/wp-content\/uploads\/sites\/14\/2019\/03\/cajsa1-300x276.jpg 300w, https:\/\/www.djurskyddet.se\/jamtland\/wp-content\/uploads\/sites\/14\/2019\/03\/cajsa1-400x368.jpg 400w, https:\/\/www.djurskyddet.se\/jamtland\/wp-content\/uploads\/sites\/14\/2019\/03\/cajsa1.jpg 500w\" sizes=\"auto, (max-width: 300px) 100vw, 300px\" \/><\/a>\u00a0<a href=\"https:\/\/www.djurskyddet.se\/jamtland\/wp-content\/uploads\/sites\/14\/2019\/03\/cajsa2.jpg\"><img loading=\"lazy\" decoding=\"async\" class=\"alignnone size-medium wp-image-7121\" src=\"https:\/\/www.djurskyddet.se\/jamtland\/wp-content\/uploads\/sites\/14\/2019\/03\/cajsa2-297x300.jpg\" alt=\"\" width=\"297\" height=\"300\" srcset=\"https:\/\/www.djurskyddet.se\/jamtland\/wp-content\/uploads\/sites\/14\/2019\/03\/cajsa2-297x300.jpg 297w, https:\/\/www.djurskyddet.se\/jamtland\/wp-content\/uploads\/sites\/14\/2019\/03\/cajsa2-400x404.jpg 400w, https:\/\/www.djurskyddet.se\/jamtland\/wp-content\/uploads\/sites\/14\/2019\/03\/cajsa2.jpg 500w\" sizes=\"auto, (max-width: 297px) 100vw, 297px\" \/><\/a><\/p>\n<p><em>Hej!<\/em><\/p>\n<p><em>H\u00e4r kommer en h\u00e4lsning fr\u00e5n Cajsa och hennes nya familj. Hon har bott hos oss nu i snart tv\u00e5 m\u00e5nader. Till att b\u00f6rja med var Cajsa v\u00e4ldigt f\u00f6rsiktig. Hon spenderade den mesta av sin tid under v\u00e5r s\u00e4ng. Efter n\u00e5gra veckor med mycket busande och krusande fr\u00e5n oss l\u00e4t hon sig klappas. Nu njuter hon av att bli klappad och vi ska g\u00f6ra det l\u00e4nge om hon f\u00e5r best\u00e4mma! \ud83d\ude09<\/em><\/p>\n<p><em>Hon vill fortfarande inte att vi lyfter upp henne men hon gillar att vara n\u00e4ra och ligga och mysa! I alla m\u00f6jliga och om\u00f6jliga st\u00e4llningar som synes p\u00e5 bilderna! \ud83d\ude09<\/em><br \/><em>N\u00e5got Cajsa fortfarande inte f\u00f6rst\u00e5tt sig p\u00e5 riktigt \u00e4nnu \u00e4r varf\u00f6r de tv\u00e5 barnen i hemmet m\u00e5ste leva om s\u00e5 mycket! Men det kommer nog ordna sig fram\u00f6ver!<\/em><\/p>\n<p><em>Cajsa verkar trivas toppen och \u00e4lskar att busa och leka b\u00e5de med sina och barnens leksaker!:)<\/em><\/p>\n<p><em>Hon \u00e4r allas v\u00e5r lilla \u00e4lskling!<\/em><\/p>\n<p><em>Med v\u00e4nliga h\u00e4lsningar,<\/em><br \/><em>Cajsa och hennes nya familj<\/em><\/p>\n<hr \/>\n<h3><strong>Leon<\/strong><\/h3>\n<p><a href=\"https:\/\/www.djurskyddet.se\/jamtland\/wp-content\/uploads\/sites\/14\/2019\/03\/leon.jpg\"><img loading=\"lazy\" decoding=\"async\" class=\"alignnone size-medium wp-image-7147\" src=\"https:\/\/www.djurskyddet.se\/jamtland\/wp-content\/uploads\/sites\/14\/2019\/03\/leon-300x225.jpg\" alt=\"\" width=\"300\" height=\"225\" srcset=\"https:\/\/www.djurskyddet.se\/jamtland\/wp-content\/uploads\/sites\/14\/2019\/03\/leon-300x225.jpg 300w, https:\/\/www.djurskyddet.se\/jamtland\/wp-content\/uploads\/sites\/14\/2019\/03\/leon-400x300.jpg 400w, https:\/\/www.djurskyddet.se\/jamtland\/wp-content\/uploads\/sites\/14\/2019\/03\/leon.jpg 500w\" sizes=\"auto, (max-width: 300px) 100vw, 300px\" \/><\/a><\/p>\n<p><em>Hej, l\u00e4nge sen nu.<\/em><\/p>\n<p><em>Leon har det bra,han \u00e4r fortfarande v\u00e4ldigt f\u00f6rsiktig av sig,men det f\u00e5r ta sin tid.Och han \u00e4r ju bara helt underbar,det finns inget mysigare.<\/em><\/p>\n<p><em>Men han har lite speciella sidor&#8230;&#8230; han \u00e4lskar tomater &#8230;.<\/em><br \/><em>Hellre s\u00e5na \u00e4n k\u00f6tt \ud83d\ude00 Ja ja,han f\u00e5r bara h\u00e5lla p\u00e5 &#8230;men han knycker en s\u00e5 fort han f\u00e5r chansen..n\u00e4r man har satt fram p\u00e5 bordet tar han sin chans&#8230;<\/em><br \/><em>Och ja,han \u00e4r nog bortsk\u00e4md&#8230;men vi \u00e4lskar detta lilla djuret :))))))))))))<\/em><\/p>\n<hr \/>\n<h3><strong>Disel och Dexter<\/strong><\/h3>\n<p><a href=\"https:\/\/www.djurskyddet.se\/jamtland\/wp-content\/uploads\/sites\/14\/2019\/03\/disel-o-dexter.jpg\"><img loading=\"lazy\" decoding=\"async\" class=\"alignnone size-medium wp-image-7133\" src=\"https:\/\/www.djurskyddet.se\/jamtland\/wp-content\/uploads\/sites\/14\/2019\/03\/disel-o-dexter-300x225.jpg\" alt=\"\" width=\"300\" height=\"225\" srcset=\"https:\/\/www.djurskyddet.se\/jamtland\/wp-content\/uploads\/sites\/14\/2019\/03\/disel-o-dexter-300x225.jpg 300w, https:\/\/www.djurskyddet.se\/jamtland\/wp-content\/uploads\/sites\/14\/2019\/03\/disel-o-dexter-400x300.jpg 400w, https:\/\/www.djurskyddet.se\/jamtland\/wp-content\/uploads\/sites\/14\/2019\/03\/disel-o-dexter.jpg 500w\" sizes=\"auto, (max-width: 300px) 100vw, 300px\" \/><\/a>\u00a0<a href=\"https:\/\/www.djurskyddet.se\/jamtland\/wp-content\/uploads\/sites\/14\/2019\/03\/disel.jpg\"><img loading=\"lazy\" decoding=\"async\" class=\"alignnone size-medium wp-image-7134\" src=\"https:\/\/www.djurskyddet.se\/jamtland\/wp-content\/uploads\/sites\/14\/2019\/03\/disel-260x300.jpg\" alt=\"\" width=\"260\" height=\"300\" srcset=\"https:\/\/www.djurskyddet.se\/jamtland\/wp-content\/uploads\/sites\/14\/2019\/03\/disel-260x300.jpg 260w, https:\/\/www.djurskyddet.se\/jamtland\/wp-content\/uploads\/sites\/14\/2019\/03\/disel-400x462.jpg 400w, https:\/\/www.djurskyddet.se\/jamtland\/wp-content\/uploads\/sites\/14\/2019\/03\/disel.jpg 500w\" sizes=\"auto, (max-width: 260px) 100vw, 260px\" \/><\/a><\/p>\n<p><em>Hejsan,<\/em><\/p>\n<p><em>h\u00e4r kommer ett par bilder och n\u00e5gra ord om Disel &amp; Dexter, som nu bott hos oss i ca 1 m\u00e5nad.<\/em><\/p>\n<p><em>Det m\u00e4rktes redan fr\u00e5n b\u00f6rjan att Disel \u00e4r tuff, modig och nyfiken. Han gjorde sig hemmastadd p\u00e5 en g\u00e5ng i sitt nya hus medan Dexter var mer f\u00f6rsiktig och gick till en b\u00f6rjan undan n\u00e4r barnen h\u00e4rjade och lekte. Efter n\u00e5gon vecka slappnade \u00e4ven han av och numera vill de g\u00e4rna vara i centrum av barnens lekar b\u00e5da tv\u00e5. De s\u00e4tter sig g\u00e4rna mitt i p\u00e4rlpysslet eller bland kritorna och vill g\u00e4rna vara med och leka.<\/em><\/p>\n<p><em>De \u00e4r ocks\u00e5 v\u00e4ldigt gosiga och har sedan dag ett utsett k\u00f6ksstolarna med mysiga dynor till sina favoritsovplatser, varje g\u00e5ng man drar ut en stol s\u00e5 ligger den ena eller andra kissen d\u00e4r och slumrar. &#8221;Kattstol!&#8221; utropar barnen och tar glatt n\u00e4sta stol att s\u00e4tta sig p\u00e5.<\/em><\/p>\n<p><em>Vi \u00e4r v\u00e4ldigt glada \u00f6ver v\u00e5ra nya v\u00e4nner!<\/em><\/p>\n<p><em>H\u00e4sningar Frida med busungar<\/em><\/p>\n<hr \/>\n<h3><strong>Dalton och Daisy<\/strong><\/h3>\n<div id=\"attachment_7130\" style=\"width: 310px\" class=\"wp-caption alignnone\"><a href=\"https:\/\/www.djurskyddet.se\/jamtland\/wp-content\/uploads\/sites\/14\/2019\/03\/dalton-och-daisy_500x283.jpg\"><img loading=\"lazy\" decoding=\"async\" aria-describedby=\"caption-attachment-7130\" class=\"wp-image-7130 size-medium\" src=\"https:\/\/www.djurskyddet.se\/jamtland\/wp-content\/uploads\/sites\/14\/2019\/03\/dalton-och-daisy_500x283-300x170.jpg\" alt=\"\" width=\"300\" height=\"170\" srcset=\"https:\/\/www.djurskyddet.se\/jamtland\/wp-content\/uploads\/sites\/14\/2019\/03\/dalton-och-daisy_500x283-300x170.jpg 300w, https:\/\/www.djurskyddet.se\/jamtland\/wp-content\/uploads\/sites\/14\/2019\/03\/dalton-och-daisy_500x283-400x226.jpg 400w, https:\/\/www.djurskyddet.se\/jamtland\/wp-content\/uploads\/sites\/14\/2019\/03\/dalton-och-daisy_500x283.jpg 500w\" sizes=\"auto, (max-width: 300px) 100vw, 300px\" \/><\/a><p id=\"caption-attachment-7130\" class=\"wp-caption-text\"><em>Men matte, m\u00e5ste du plugga just nu? Se s\u00e5 s\u00f6ta vi \u00e4r! Vi kan hj\u00e4lpa dig! Att ta paus det vill s\u00e4ga&#8230;<\/em><\/p><\/div>\n<br \/><br \/>\n<div id=\"attachment_7131\" style=\"width: 180px\" class=\"wp-caption alignnone\"><a href=\"https:\/\/www.djurskyddet.se\/jamtland\/wp-content\/uploads\/sites\/14\/2019\/03\/dalton-och-daisy-2.jpg\"><img loading=\"lazy\" decoding=\"async\" aria-describedby=\"caption-attachment-7131\" class=\"size-medium wp-image-7131\" src=\"https:\/\/www.djurskyddet.se\/jamtland\/wp-content\/uploads\/sites\/14\/2019\/03\/dalton-och-daisy-2-170x300.jpg\" alt=\"\" width=\"170\" height=\"300\" srcset=\"https:\/\/www.djurskyddet.se\/jamtland\/wp-content\/uploads\/sites\/14\/2019\/03\/dalton-och-daisy-2-170x300.jpg 170w, https:\/\/www.djurskyddet.se\/jamtland\/wp-content\/uploads\/sites\/14\/2019\/03\/dalton-och-daisy-2.jpg 274w\" sizes=\"auto, (max-width: 170px) 100vw, 170px\" \/><\/a><p id=\"caption-attachment-7131\" class=\"wp-caption-text\"><em>Vi tycker om att mysa med husse ocks\u00e5!<\/em><\/p><\/div>\n<br \/><br \/>\n<div id=\"attachment_7129\" style=\"width: 180px\" class=\"wp-caption alignnone\"><a href=\"https:\/\/www.djurskyddet.se\/jamtland\/wp-content\/uploads\/sites\/14\/2019\/03\/daisy.jpg\"><img loading=\"lazy\" decoding=\"async\" aria-describedby=\"caption-attachment-7129\" class=\"wp-image-7129 size-medium\" src=\"https:\/\/www.djurskyddet.se\/jamtland\/wp-content\/uploads\/sites\/14\/2019\/03\/daisy-170x300.jpg\" alt=\"\" width=\"170\" height=\"300\" srcset=\"https:\/\/www.djurskyddet.se\/jamtland\/wp-content\/uploads\/sites\/14\/2019\/03\/daisy-170x300.jpg 170w, https:\/\/www.djurskyddet.se\/jamtland\/wp-content\/uploads\/sites\/14\/2019\/03\/daisy.jpg 274w\" sizes=\"auto, (max-width: 170px) 100vw, 170px\" \/><\/a><p id=\"caption-attachment-7129\" class=\"wp-caption-text\"><em>\u00c5h, vad \u00e4r det d\u00e4r f\u00f6r n\u00e5got?<\/em><\/p><\/div>\n<br \/><br \/>\n<div id=\"attachment_7132\" style=\"width: 180px\" class=\"wp-caption alignnone\"><a href=\"https:\/\/www.djurskyddet.se\/jamtland\/wp-content\/uploads\/sites\/14\/2019\/03\/dalton.jpg\"><img loading=\"lazy\" decoding=\"async\" aria-describedby=\"caption-attachment-7132\" class=\"size-medium wp-image-7132\" src=\"https:\/\/www.djurskyddet.se\/jamtland\/wp-content\/uploads\/sites\/14\/2019\/03\/dalton-170x300.jpg\" alt=\"\" width=\"170\" height=\"300\" srcset=\"https:\/\/www.djurskyddet.se\/jamtland\/wp-content\/uploads\/sites\/14\/2019\/03\/dalton-170x300.jpg 170w, https:\/\/www.djurskyddet.se\/jamtland\/wp-content\/uploads\/sites\/14\/2019\/03\/dalton.jpg 274w\" sizes=\"auto, (max-width: 170px) 100vw, 170px\" \/><\/a><p id=\"caption-attachment-7132\" class=\"wp-caption-text\"><em>Alltid lika mysigt att f\u00e5 ligga i mattes kn\u00e4 och sova!<\/em><\/p><\/div>\n<div>\u00a0<\/div>\n<div><em>Hej! H\u00e4r kommer lite bilder p\u00e5 Dalton och Daisy som vill h\u00e4lsa att de har det j\u00e4ttebra hos sin husse och matte.<\/em><\/div>\n<div>\u00a0<\/div>\n<div><em>De \u00e4lskar att bara f\u00e5 mysa och ta det lugnt, men spenderar \u00e4ven stora delar av dygnet till att leka och hitta p\u00e5 med hyss d\u00e5 matte och husse inte kollar!<\/em><\/div>\n<\/div>\n<div><em>H\u00e4lsningar fr\u00e5n Dalton och Daisy samt husse Tobias och matte Angela!<\/em><\/div>\n<div><hr \/>\n<h3><strong>Eija<\/strong><\/h3>\n<p><a href=\"https:\/\/www.djurskyddet.se\/jamtland\/wp-content\/uploads\/sites\/14\/2019\/03\/eija-sam_04152_499x375.jpg\"><img loading=\"lazy\" decoding=\"async\" class=\"alignnone size-medium wp-image-7136\" src=\"https:\/\/www.djurskyddet.se\/jamtland\/wp-content\/uploads\/sites\/14\/2019\/03\/eija-sam_04152_499x375-300x225.jpg\" alt=\"\" width=\"300\" height=\"225\" srcset=\"https:\/\/www.djurskyddet.se\/jamtland\/wp-content\/uploads\/sites\/14\/2019\/03\/eija-sam_04152_499x375-300x225.jpg 300w, https:\/\/www.djurskyddet.se\/jamtland\/wp-content\/uploads\/sites\/14\/2019\/03\/eija-sam_04152_499x375-400x301.jpg 400w, https:\/\/www.djurskyddet.se\/jamtland\/wp-content\/uploads\/sites\/14\/2019\/03\/eija-sam_04152_499x375.jpg 499w\" sizes=\"auto, (max-width: 300px) 100vw, 300px\" \/><\/a>\u00a0<a href=\"https:\/\/www.djurskyddet.se\/jamtland\/wp-content\/uploads\/sites\/14\/2019\/03\/eija-mariosam_04112_499x375.jpg\"><img loading=\"lazy\" decoding=\"async\" class=\"alignnone size-medium wp-image-7135\" src=\"https:\/\/www.djurskyddet.se\/jamtland\/wp-content\/uploads\/sites\/14\/2019\/03\/eija-mariosam_04112_499x375-300x225.jpg\" alt=\"\" width=\"300\" height=\"225\" srcset=\"https:\/\/www.djurskyddet.se\/jamtland\/wp-content\/uploads\/sites\/14\/2019\/03\/eija-mariosam_04112_499x375-300x225.jpg 300w, https:\/\/www.djurskyddet.se\/jamtland\/wp-content\/uploads\/sites\/14\/2019\/03\/eija-mariosam_04112_499x375-400x301.jpg 400w, https:\/\/www.djurskyddet.se\/jamtland\/wp-content\/uploads\/sites\/14\/2019\/03\/eija-mariosam_04112_499x375.jpg 499w\" sizes=\"auto, (max-width: 300px) 100vw, 300px\" \/><\/a><\/p>\n<\/div>\n<div><em>H\u00e4r kommer en h\u00e4lsning fr\u00e5n Eija som trivs hur bra som helst i sitt nya hem och med sin nya v\u00e4n Mario. Lek och bus st\u00e5r p\u00e5 schemat varje dag, men f\u00f6r det mesta tar hon det bara lugnt och myser med matte Ylva.<\/em><\/div>\n<h3>\u00a0<\/h3>\n<hr \/>\n<h3><strong>Rufus<\/strong><\/h3>\n<p><em>En h\u00e4lsning fr\u00e5n Rufus matte \u00e5r 2020:\u00a0<\/em><br \/><em>Han jamar inte som vanlig katt, han l\u00e5ter som en f\u00e5gel&#8230;\u00e5 slickar mig i h\u00e5ret.<\/em><\/p>\n<div dir=\"auto\"><em>Han \u00e4r b\u00e5de vacker \u00e5 s\u00f6t nu. Svansen \u00e4r som en stor plym, h\u00e5rstr\u00e5na d\u00e4r \u00e4r 16cm l\u00e5nga!<\/em><\/div>\n<div dir=\"auto\"><em>Kompis med europ\u00e9n Felix. <a href=\"https:\/\/www.djurskyddet.se\/jamtland\/wp-content\/uploads\/sites\/14\/2020\/11\/2764-1.png\"><img loading=\"lazy\" decoding=\"async\" class=\"alignnone size-full wp-image-8330\" src=\"https:\/\/www.djurskyddet.se\/jamtland\/wp-content\/uploads\/sites\/14\/2020\/11\/2764-1.png\" alt=\"\" width=\"16\" height=\"16\" \/><\/a><\/em><\/div>\n<p><a href=\"https:\/\/www.djurskyddet.se\/jamtland\/wp-content\/uploads\/sites\/14\/2020\/11\/Rufus.jpg\"><img loading=\"lazy\" decoding=\"async\" class=\"alignnone  wp-image-8422\" src=\"https:\/\/www.djurskyddet.se\/jamtland\/wp-content\/uploads\/sites\/14\/2020\/11\/Rufus.jpg\" alt=\"\" width=\"222\" height=\"296\" srcset=\"https:\/\/www.djurskyddet.se\/jamtland\/wp-content\/uploads\/sites\/14\/2020\/11\/Rufus.jpg 768w, https:\/\/www.djurskyddet.se\/jamtland\/wp-content\/uploads\/sites\/14\/2020\/11\/Rufus-225x300.jpg 225w, https:\/\/www.djurskyddet.se\/jamtland\/wp-content\/uploads\/sites\/14\/2020\/11\/Rufus-400x533.jpg 400w\" sizes=\"auto, (max-width: 222px) 100vw, 222px\" \/><\/a> <a href=\"https:\/\/www.djurskyddet.se\/jamtland\/wp-content\/uploads\/sites\/14\/2020\/11\/Rufus2.jpg\"><img loading=\"lazy\" decoding=\"async\" class=\"alignnone  wp-image-8423\" src=\"https:\/\/www.djurskyddet.se\/jamtland\/wp-content\/uploads\/sites\/14\/2020\/11\/Rufus2.jpg\" alt=\"\" width=\"222\" height=\"296\" srcset=\"https:\/\/www.djurskyddet.se\/jamtland\/wp-content\/uploads\/sites\/14\/2020\/11\/Rufus2.jpg 768w, https:\/\/www.djurskyddet.se\/jamtland\/wp-content\/uploads\/sites\/14\/2020\/11\/Rufus2-225x300.jpg 225w, https:\/\/www.djurskyddet.se\/jamtland\/wp-content\/uploads\/sites\/14\/2020\/11\/Rufus2-400x533.jpg 400w\" sizes=\"auto, (max-width: 222px) 100vw, 222px\" \/><\/a><\/p>\n<hr \/><\/div>\n<\/div>\n\n\n<p><\/p>\n","protected":false},"excerpt":{"rendered":"<p>Cliff och Sandra \u00a0 H\u00e4sning fr\u00e5n Cliff och Sandra Nu har Cliff och Sandra bott hos oss i 2,5 m\u00e5nader och mycket har h\u00e4nt p\u00e5 den tiden. Nu har dom bekantat sig med oss huset och \u00e4ven hundarna.Dom \u00e4r verkligen sm\u00e5 personligheter. Dom har f\u00e5tt beh\u00e5lla sina namn fr\u00e5n katthemmet tycker namnen passar s\u00e5 bra. Sandra \u00e4r lite aristokratiskt elegant och hemlighetsfull.Cliff en liten buskille. Ligger ofta tillsammans och h\u00e5ller&hellip;<\/p>\n<p><a class=\"more-link\" href=\"https:\/\/www.djurskyddet.se\/jamtland\/adoption\/att-adoptera\/katthalsningar-2020\/katthalsningar-2014\/\" title=\"Continue reading &lsquo;Katth\u00e4lsningar 2014&rsquo;\">L&auml;s mer<span class=\"meta-nav\">&raquo;<\/span><\/a><\/p>\n","protected":false},"author":3,"featured_media":0,"parent":7524,"menu_order":0,"comment_status":"closed","ping_status":"closed","template":"page-templates\/left-sidebar.php","meta":{"_acf_changed":false,"footnotes":""},"class_list":["post-6119","page","type-page","status-publish","hentry"],"acf":[],"_links":{"self":[{"href":"https:\/\/www.djurskyddet.se\/jamtland\/wp-json\/wp\/v2\/pages\/6119","targetHints":{"allow":["GET"]}}],"collection":[{"href":"https:\/\/www.djurskyddet.se\/jamtland\/wp-json\/wp\/v2\/pages"}],"about":[{"href":"https:\/\/www.djurskyddet.se\/jamtland\/wp-json\/wp\/v2\/types\/page"}],"author":[{"embeddable":true,"href":"https:\/\/www.djurskyddet.se\/jamtland\/wp-json\/wp\/v2\/users\/3"}],"replies":[{"embeddable":true,"href":"https:\/\/www.djurskyddet.se\/jamtland\/wp-json\/wp\/v2\/comments?post=6119"}],"version-history":[{"count":13,"href":"https:\/\/www.djurskyddet.se\/jamtland\/wp-json\/wp\/v2\/pages\/6119\/revisions"}],"predecessor-version":[{"id":8425,"href":"https:\/\/www.djurskyddet.se\/jamtland\/wp-json\/wp\/v2\/pages\/6119\/revisions\/8425"}],"up":[{"embeddable":true,"href":"https:\/\/www.djurskyddet.se\/jamtland\/wp-json\/wp\/v2\/pages\/7524"}],"wp:attachment":[{"href":"https:\/\/www.djurskyddet.se\/jamtland\/wp-json\/wp\/v2\/media?parent=6119"}],"curies":[{"name":"wp","href":"https:\/\/api.w.org\/{rel}","templated":true}]}}