{"id":6123,"date":"2019-02-06T10:33:49","date_gmt":"2019-02-06T09:33:49","guid":{"rendered":"https:\/\/www.djurskyddet.se\/jamtland\/?page_id=6123"},"modified":"2020-11-30T15:48:03","modified_gmt":"2020-11-30T14:48:03","slug":"katthalsningar-2015","status":"publish","type":"page","link":"https:\/\/www.djurskyddet.se\/jamtland\/adoption\/att-adoptera\/katthalsningar-2020\/katthalsningar-2015\/","title":{"rendered":"Katth\u00e4lsningar 2015"},"content":{"rendered":"<h3><strong>Stella<\/strong><\/h3>\n<p><a href=\"https:\/\/www.djurskyddet.se\/jamtland\/wp-content\/uploads\/sites\/14\/2019\/03\/stella-2015-12-01-205057_500x750.jpg\"><img loading=\"lazy\" decoding=\"async\" class=\"alignnone size-medium wp-image-7108\" src=\"https:\/\/www.djurskyddet.se\/jamtland\/wp-content\/uploads\/sites\/14\/2019\/03\/stella-2015-12-01-205057_500x750-200x300.jpg\" alt=\"\" width=\"200\" height=\"300\" srcset=\"https:\/\/www.djurskyddet.se\/jamtland\/wp-content\/uploads\/sites\/14\/2019\/03\/stella-2015-12-01-205057_500x750-200x300.jpg 200w, https:\/\/www.djurskyddet.se\/jamtland\/wp-content\/uploads\/sites\/14\/2019\/03\/stella-2015-12-01-205057_500x750-400x600.jpg 400w, https:\/\/www.djurskyddet.se\/jamtland\/wp-content\/uploads\/sites\/14\/2019\/03\/stella-2015-12-01-205057_500x750.jpg 500w\" sizes=\"auto, (max-width: 200px) 100vw, 200px\" \/><\/a><\/p>\n<p><em>En god jul \u00f6nskar vi till alla er p\u00e5 katthemmet.<\/em><br \/>\n<em>Jag trivs v\u00e4ldigt bra i mitt nya hem. Matte tycker nog att jag \u00e4r v\u00e4ldigt roande och busig n\u00e4r jag har mina hyss f\u00f6r mig. Men d\u00e5 o d\u00e5 kan jag inte f\u00e5 nog av att gosa ocks\u00e5.<\/em><br \/>\n<em>Nu till jul ska jag leka med allt julpynt och \u00e4ta upp min adventskalender. Hoppas \u00e4ven p\u00e5 massa julklappar.<\/em><br \/>\n<em>M\u00e5nga busiga och goa h\u00e4lsningar fr\u00e5n Stella.<\/em><br \/>\n<em>Matte och Husse h\u00e4lsar ocks\u00e5.<\/em><\/p>\n<hr \/>\n<h3><strong>Lill-Stinta<\/strong><\/h3>\n<p><a href=\"https:\/\/www.djurskyddet.se\/jamtland\/wp-content\/uploads\/sites\/14\/2019\/03\/stina-img_0745_500x375.jpg\"><img loading=\"lazy\" decoding=\"async\" class=\"alignnone size-medium wp-image-7109\" src=\"https:\/\/www.djurskyddet.se\/jamtland\/wp-content\/uploads\/sites\/14\/2019\/03\/stina-img_0745_500x375-300x225.jpg\" alt=\"\" width=\"300\" height=\"225\" srcset=\"https:\/\/www.djurskyddet.se\/jamtland\/wp-content\/uploads\/sites\/14\/2019\/03\/stina-img_0745_500x375-300x225.jpg 300w, https:\/\/www.djurskyddet.se\/jamtland\/wp-content\/uploads\/sites\/14\/2019\/03\/stina-img_0745_500x375-400x300.jpg 400w, https:\/\/www.djurskyddet.se\/jamtland\/wp-content\/uploads\/sites\/14\/2019\/03\/stina-img_0745_500x375.jpg 500w\" sizes=\"auto, (max-width: 300px) 100vw, 300px\" \/><\/a>\u00a0<a href=\"https:\/\/www.djurskyddet.se\/jamtland\/wp-content\/uploads\/sites\/14\/2019\/03\/stina2-img_5639_500x375.jpg.png\"><img loading=\"lazy\" decoding=\"async\" class=\"alignnone size-medium wp-image-7110\" src=\"https:\/\/www.djurskyddet.se\/jamtland\/wp-content\/uploads\/sites\/14\/2019\/03\/stina2-img_5639_500x375.jpg-300x225.png\" alt=\"\" width=\"300\" height=\"225\" srcset=\"https:\/\/www.djurskyddet.se\/jamtland\/wp-content\/uploads\/sites\/14\/2019\/03\/stina2-img_5639_500x375.jpg-300x225.png 300w, https:\/\/www.djurskyddet.se\/jamtland\/wp-content\/uploads\/sites\/14\/2019\/03\/stina2-img_5639_500x375.jpg-400x300.png 400w, https:\/\/www.djurskyddet.se\/jamtland\/wp-content\/uploads\/sites\/14\/2019\/03\/stina2-img_5639_500x375.jpg.png 500w\" sizes=\"auto, (max-width: 300px) 100vw, 300px\" \/><\/a>\u00a0<a href=\"https:\/\/www.djurskyddet.se\/jamtland\/wp-content\/uploads\/sites\/14\/2019\/03\/stina3-img_5595_500x889.jpg\"><img loading=\"lazy\" decoding=\"async\" class=\"alignnone size-medium wp-image-7111\" src=\"https:\/\/www.djurskyddet.se\/jamtland\/wp-content\/uploads\/sites\/14\/2019\/03\/stina3-img_5595_500x889-169x300.jpg\" alt=\"\" width=\"169\" height=\"300\" srcset=\"https:\/\/www.djurskyddet.se\/jamtland\/wp-content\/uploads\/sites\/14\/2019\/03\/stina3-img_5595_500x889-169x300.jpg 169w, https:\/\/www.djurskyddet.se\/jamtland\/wp-content\/uploads\/sites\/14\/2019\/03\/stina3-img_5595_500x889-400x711.jpg 400w, https:\/\/www.djurskyddet.se\/jamtland\/wp-content\/uploads\/sites\/14\/2019\/03\/stina3-img_5595_500x889.jpg 500w\" sizes=\"auto, (max-width: 169px) 100vw, 169px\" \/><\/a><\/p>\n<p><em>Hall\u00e5!<\/em><\/p>\n<p><em>Adopterade Stina (Lill-stinta) i slutet p\u00e5 sommaren 2015.<\/em><\/p>\n<p><em>Hon \u00e4r en s\u00e5n otrolig social och go katt, hon trivs j\u00e4ttebra hemma hos mig och \u00e4r en s\u00e5n fin tjej. Hon leker och springer runt ett tag innan det \u00e4r dags f\u00f6r kv\u00e4llsgoset varje kv\u00e4ll.<\/em><\/p>\n<p><em>Hade f\u00e5tt klappa henne p\u00e5 magen i timtal om hon sj\u00e4lv fick best\u00e4mma, s\u00e5\u00e5\u00e5 underbart tycker hon.<\/em><\/p>\n<hr \/>\n<h3><strong>Assar<\/strong><\/h3>\n<p><a href=\"https:\/\/www.djurskyddet.se\/jamtland\/wp-content\/uploads\/sites\/14\/2019\/03\/assar-rscn1411_500x375.jpg\"><img loading=\"lazy\" decoding=\"async\" class=\"alignnone size-medium wp-image-7082\" src=\"https:\/\/www.djurskyddet.se\/jamtland\/wp-content\/uploads\/sites\/14\/2019\/03\/assar-rscn1411_500x375-300x225.jpg\" alt=\"\" width=\"300\" height=\"225\" srcset=\"https:\/\/www.djurskyddet.se\/jamtland\/wp-content\/uploads\/sites\/14\/2019\/03\/assar-rscn1411_500x375-300x225.jpg 300w, https:\/\/www.djurskyddet.se\/jamtland\/wp-content\/uploads\/sites\/14\/2019\/03\/assar-rscn1411_500x375-400x300.jpg 400w, https:\/\/www.djurskyddet.se\/jamtland\/wp-content\/uploads\/sites\/14\/2019\/03\/assar-rscn1411_500x375.jpg 500w\" sizes=\"auto, (max-width: 300px) 100vw, 300px\" \/><\/a><\/p>\n<p><em>H\u00e4r \u00e4r en bild p\u00e5 Assar som jag adopterade 30 oktober 2015.<\/em><br \/>\n<em>Han trivs j\u00e4tte bra. Med v\u00e4nlig h\u00e4lsning, Sylvia.<\/em><\/p>\n<hr \/>\n<h3><strong>Saga<\/strong><\/h3>\n<p><a href=\"https:\/\/www.djurskyddet.se\/jamtland\/wp-content\/uploads\/sites\/14\/2019\/03\/Saga.jpg\"><img loading=\"lazy\" decoding=\"async\" class=\"alignnone size-medium wp-image-7101\" src=\"https:\/\/www.djurskyddet.se\/jamtland\/wp-content\/uploads\/sites\/14\/2019\/03\/Saga-169x300.jpg\" alt=\"\" width=\"169\" height=\"300\" srcset=\"https:\/\/www.djurskyddet.se\/jamtland\/wp-content\/uploads\/sites\/14\/2019\/03\/Saga-169x300.jpg 169w, https:\/\/www.djurskyddet.se\/jamtland\/wp-content\/uploads\/sites\/14\/2019\/03\/Saga-400x711.jpg 400w, https:\/\/www.djurskyddet.se\/jamtland\/wp-content\/uploads\/sites\/14\/2019\/03\/Saga.jpg 500w\" sizes=\"auto, (max-width: 169px) 100vw, 169px\" \/><\/a>\u00a0<a href=\"https:\/\/www.djurskyddet.se\/jamtland\/wp-content\/uploads\/sites\/14\/2019\/03\/saga.png\"><img loading=\"lazy\" decoding=\"async\" class=\"alignnone size-medium wp-image-7102\" src=\"https:\/\/www.djurskyddet.se\/jamtland\/wp-content\/uploads\/sites\/14\/2019\/03\/saga-282x300.png\" alt=\"\" width=\"282\" height=\"300\" srcset=\"https:\/\/www.djurskyddet.se\/jamtland\/wp-content\/uploads\/sites\/14\/2019\/03\/saga-282x300.png 282w, https:\/\/www.djurskyddet.se\/jamtland\/wp-content\/uploads\/sites\/14\/2019\/03\/saga-400x425.png 400w, https:\/\/www.djurskyddet.se\/jamtland\/wp-content\/uploads\/sites\/14\/2019\/03\/saga.png 499w\" sizes=\"auto, (max-width: 282px) 100vw, 282px\" \/><\/a><\/p>\n<p><em>Hej!<\/em><\/p>\n<p><em>Nu har jag bott hos min nya kompis Smillan i tv\u00e5 veckor.<\/em><\/p>\n<p><em>Vi leker \u00e5 busar \u00e5 trivs bra tillsammans.<\/em><\/p>\n<p><em>Idag best\u00e4mde vi oss f\u00f6r att vila tillsammans ocks\u00e5, det tyckte tydligen husse och matte var n\u00e5t speciellt.<\/em><\/p>\n<p><em>Varma h\u00e4lsningar fr\u00e5n Saga<\/em><\/p>\n<hr \/>\n<h3><strong>Svea<\/strong><\/h3>\n<p><a href=\"https:\/\/www.djurskyddet.se\/jamtland\/wp-content\/uploads\/sites\/14\/2019\/03\/svea_500x375.jpg\"><img loading=\"lazy\" decoding=\"async\" class=\"alignnone size-medium wp-image-7112\" src=\"https:\/\/www.djurskyddet.se\/jamtland\/wp-content\/uploads\/sites\/14\/2019\/03\/svea_500x375-300x225.jpg\" alt=\"\" width=\"300\" height=\"225\" srcset=\"https:\/\/www.djurskyddet.se\/jamtland\/wp-content\/uploads\/sites\/14\/2019\/03\/svea_500x375-300x225.jpg 300w, https:\/\/www.djurskyddet.se\/jamtland\/wp-content\/uploads\/sites\/14\/2019\/03\/svea_500x375-400x300.jpg 400w, https:\/\/www.djurskyddet.se\/jamtland\/wp-content\/uploads\/sites\/14\/2019\/03\/svea_500x375.jpg 500w\" sizes=\"auto, (max-width: 300px) 100vw, 300px\" \/><\/a><\/p>\n<p><em>Nu har Svea bott hos oss i snart ett halv\u00e5r och en s\u00e5n otrolig skillnad p\u00e5 katt d\u00e5 och nu!<\/em><br \/>\n<em>Jag kom hem med en blyg os\u00e4ker liten tjej som hellst ville ligga under s\u00e4ngen och numera \u00e4r hon en tuff lekfull katt som \u00e4lskar att bli klappad.<\/em><\/p>\n<p><em>Kommer tillomed fram n\u00e4r det kommer fr\u00e4mmat och ska h\u00e4lsa.<\/em><\/p>\n<p><em>Och varje kv\u00e4ll kommer hon och l\u00e4gger sej p\u00e5 min mage, spinner och m\u00e5r gott! H\u00e4r har hon \u00e4ven tv\u00e5 kattkompisar som det busas och rasas med.<\/em><br \/>\n<em>Att bli lyft \u00e4r fortfarande ot\u00e4ckt men vi jobbar p\u00e5 saken och det ska bli sp\u00e4nnande att se hennes framsteg om ytterligare ett halv\u00e5r!<\/em><\/p>\n<p><em>Vi \u00e4r s\u00e5 glada att Svea kom till oss och hon \u00e4r en h\u00f6gt \u00e4lskad familjemedlem! &lt;3<\/em><\/p>\n<hr \/>\n<h3><strong>Nissan<\/strong><\/h3>\n<p><a href=\"https:\/\/www.djurskyddet.se\/jamtland\/wp-content\/uploads\/sites\/14\/2019\/03\/nissan-img_1871_499x373.jpg\"><img loading=\"lazy\" decoding=\"async\" class=\"alignnone  wp-image-7092\" src=\"https:\/\/www.djurskyddet.se\/jamtland\/wp-content\/uploads\/sites\/14\/2019\/03\/nissan-img_1871_499x373-300x224.jpg\" alt=\"\" width=\"300\" height=\"224\" srcset=\"https:\/\/www.djurskyddet.se\/jamtland\/wp-content\/uploads\/sites\/14\/2019\/03\/nissan-img_1871_499x373-300x224.jpg 300w, https:\/\/www.djurskyddet.se\/jamtland\/wp-content\/uploads\/sites\/14\/2019\/03\/nissan-img_1871_499x373-400x299.jpg 400w, https:\/\/www.djurskyddet.se\/jamtland\/wp-content\/uploads\/sites\/14\/2019\/03\/nissan-img_1871_499x373.jpg 499w\" sizes=\"auto, (max-width: 300px) 100vw, 300px\" \/><\/a><\/p>\n<p><em>Hej!<\/em><br \/>\n<em>Nu har Nissan bott hos oss i fyra veckor, och \u00e4r i dag en kelsjuk, pigg och glad katt.<\/em><\/p>\n<p><em>Hon har f\u00e5tt sin andra vaccination, \u00e4ter bra och har b\u00f6rjat vara ute. \u00c4r lite skygg fortfarande i vissa situationer, men f\u00e5r hon lite tid p\u00e5 sig kommer hon fram och vill bli klappad och smekt.<\/em><\/p>\n<p><em>Har \u00e4ven b\u00f6rjat intressera sig lite f\u00f6r leksakerna, vilket hon inte var det minsta intresserad av fr\u00e5n b\u00f6rjan. Hon \u00e4lskar husse, ligger g\u00e4rna n\u00e4ra honom och reser han sig och g\u00e5r, ja d\u00e5 g\u00f6r hon det ocks\u00e5, vill ju se vart han t\u00e4nker ta v\u00e4gen.<\/em><\/p>\n<p><em>S\u00e5 skillnaden \u00e4r stor i dag, mot hur hon s\u00e5g ut n\u00e4r vi hittade henne liggande p\u00e5 v\u00e5r altan, mager och el\u00e4ndig, f\u00f6r sju veckor sedan.<\/em><\/p>\n<p><em>H\u00e4lsningar Nissan, Inger och Bertil<\/em><\/p>\n<hr \/>\n<h3><strong>Basker<\/strong><\/h3>\n<p><a href=\"https:\/\/www.djurskyddet.se\/jamtland\/wp-content\/uploads\/sites\/14\/2019\/03\/basker_499x665.jpg\"><img loading=\"lazy\" decoding=\"async\" class=\"alignnone size-medium wp-image-7083\" src=\"https:\/\/www.djurskyddet.se\/jamtland\/wp-content\/uploads\/sites\/14\/2019\/03\/basker_499x665-225x300.jpg\" alt=\"\" width=\"225\" height=\"300\" srcset=\"https:\/\/www.djurskyddet.se\/jamtland\/wp-content\/uploads\/sites\/14\/2019\/03\/basker_499x665-225x300.jpg 225w, https:\/\/www.djurskyddet.se\/jamtland\/wp-content\/uploads\/sites\/14\/2019\/03\/basker_499x665-400x533.jpg 400w, https:\/\/www.djurskyddet.se\/jamtland\/wp-content\/uploads\/sites\/14\/2019\/03\/basker_499x665.jpg 499w\" sizes=\"auto, (max-width: 225px) 100vw, 225px\" \/><\/a><\/p>\n<p><em>Basker h\u00e4lsar och trivs som attan, ligger p\u00e5 mattes mage varje natt och \u00e4lskar att mysa i soffan.<\/em><br \/>\n<em>\/ Magdalena Kast\u00e5s<\/em><\/p>\n<hr \/>\n<h3><strong>Zita<\/strong><\/h3>\n<p><a href=\"https:\/\/www.djurskyddet.se\/jamtland\/wp-content\/uploads\/sites\/14\/2019\/03\/zita-img_1390.jpeg\"><img loading=\"lazy\" decoding=\"async\" class=\"alignnone size-full wp-image-7114\" src=\"https:\/\/www.djurskyddet.se\/jamtland\/wp-content\/uploads\/sites\/14\/2019\/03\/zita-img_1390.jpeg\" alt=\"\" width=\"240\" height=\"265\" \/><\/a>\u00a0<a href=\"https:\/\/www.djurskyddet.se\/jamtland\/wp-content\/uploads\/sites\/14\/2019\/03\/zita-img_1609.jpeg\"><img loading=\"lazy\" decoding=\"async\" class=\"alignnone size-medium wp-image-7115\" src=\"https:\/\/www.djurskyddet.se\/jamtland\/wp-content\/uploads\/sites\/14\/2019\/03\/zita-img_1609-225x300.jpeg\" alt=\"\" width=\"225\" height=\"300\" srcset=\"https:\/\/www.djurskyddet.se\/jamtland\/wp-content\/uploads\/sites\/14\/2019\/03\/zita-img_1609-225x300.jpeg 225w, https:\/\/www.djurskyddet.se\/jamtland\/wp-content\/uploads\/sites\/14\/2019\/03\/zita-img_1609.jpeg 240w\" sizes=\"auto, (max-width: 225px) 100vw, 225px\" \/><\/a><\/p>\n<p><em>Hej,<\/em><br \/>\n<em>Efter tre veckor tr\u00f6ttnade jag p\u00e5 att ligga i tv\u00e4ttstugan och best\u00e4mde mig f\u00f6r att visa mina sociala och busiga sidor. Jag trivs nu j\u00e4ttebra tillsammans med min \u00e4ldre kompis Elisabeth och f\u00f6ljer g\u00e4rna efter henne d\u00e5 hon har mycket att l\u00e4ra ut. Jag tycker om att bli klappad och gillar ocks\u00e5 n\u00e4r man stryker mig p\u00e5 tassarna! Att bli buren \u00e4r inget jag riktigt l\u00e4rt mig uppskatta \u00e4nnu men allt f\u00e5r ta sin tid.<\/em><\/p>\n<p><em>Bakom mig st\u00e5r min b\u00e4sta kompis Elisabeth.<\/em><\/p>\n<p><em>Jag hoppas verkligen att min bror Zack ocks\u00e5 hittar ett hem.<\/em><\/p>\n<hr \/>\n<h3><strong>Prinsen<\/strong><\/h3>\n<h3><a href=\"https:\/\/www.djurskyddet.se\/jamtland\/wp-content\/uploads\/sites\/14\/2019\/03\/prinsen-img_0116-1_500x500.jpg\"><img loading=\"lazy\" decoding=\"async\" class=\"alignnone size-medium wp-image-7093\" src=\"https:\/\/www.djurskyddet.se\/jamtland\/wp-content\/uploads\/sites\/14\/2019\/03\/prinsen-img_0116-1_500x500-300x300.jpg\" alt=\"\" width=\"300\" height=\"300\" srcset=\"https:\/\/www.djurskyddet.se\/jamtland\/wp-content\/uploads\/sites\/14\/2019\/03\/prinsen-img_0116-1_500x500-300x300.jpg 300w, https:\/\/www.djurskyddet.se\/jamtland\/wp-content\/uploads\/sites\/14\/2019\/03\/prinsen-img_0116-1_500x500-150x150.jpg 150w, https:\/\/www.djurskyddet.se\/jamtland\/wp-content\/uploads\/sites\/14\/2019\/03\/prinsen-img_0116-1_500x500.jpg 500w, https:\/\/www.djurskyddet.se\/jamtland\/wp-content\/uploads\/sites\/14\/2019\/03\/prinsen-img_0116-1_500x500-400x400.jpg 400w\" sizes=\"auto, (max-width: 300px) 100vw, 300px\" \/><\/a>\u00a0<a href=\"https:\/\/www.djurskyddet.se\/jamtland\/wp-content\/uploads\/sites\/14\/2019\/03\/prinsen-img_0121-1-crop_500x324.jpg.png\"><img loading=\"lazy\" decoding=\"async\" class=\"alignnone size-medium wp-image-7094\" src=\"https:\/\/www.djurskyddet.se\/jamtland\/wp-content\/uploads\/sites\/14\/2019\/03\/prinsen-img_0121-1-crop_500x324.jpg-300x194.png\" alt=\"\" width=\"300\" height=\"194\" srcset=\"https:\/\/www.djurskyddet.se\/jamtland\/wp-content\/uploads\/sites\/14\/2019\/03\/prinsen-img_0121-1-crop_500x324.jpg-300x194.png 300w, https:\/\/www.djurskyddet.se\/jamtland\/wp-content\/uploads\/sites\/14\/2019\/03\/prinsen-img_0121-1-crop_500x324.jpg-400x259.png 400w, https:\/\/www.djurskyddet.se\/jamtland\/wp-content\/uploads\/sites\/14\/2019\/03\/prinsen-img_0121-1-crop_500x324.jpg.png 500w\" sizes=\"auto, (max-width: 300px) 100vw, 300px\" \/><\/a>\u00a0<a href=\"https:\/\/www.djurskyddet.se\/jamtland\/wp-content\/uploads\/sites\/14\/2019\/03\/prinsen-img_0127-1_500x664.jpg.png\"><img loading=\"lazy\" decoding=\"async\" class=\"alignnone size-medium wp-image-7095\" src=\"https:\/\/www.djurskyddet.se\/jamtland\/wp-content\/uploads\/sites\/14\/2019\/03\/prinsen-img_0127-1_500x664.jpg-226x300.png\" alt=\"\" width=\"226\" height=\"300\" srcset=\"https:\/\/www.djurskyddet.se\/jamtland\/wp-content\/uploads\/sites\/14\/2019\/03\/prinsen-img_0127-1_500x664.jpg-226x300.png 226w, https:\/\/www.djurskyddet.se\/jamtland\/wp-content\/uploads\/sites\/14\/2019\/03\/prinsen-img_0127-1_500x664.jpg-400x531.png 400w, https:\/\/www.djurskyddet.se\/jamtland\/wp-content\/uploads\/sites\/14\/2019\/03\/prinsen-img_0127-1_500x664.jpg.png 500w\" sizes=\"auto, (max-width: 226px) 100vw, 226px\" \/><\/a><\/h3>\n<p><em>Hej,<\/em><br \/>\n<em>vill skicka en h\u00e4lsning till er alla p\u00e5 djurskyddet att jag m\u00e5r bra och att matte har \u00e4ntligen hittat en h\u00e5rd mat som jag gillar, (hon har nog provat de flesta som finns), jag vill ju helst av allt bara \u00e4ta mjukmat men det blir f\u00f6r dyrt.<\/em><br \/>\n<em>Jag har f\u00e5tt ett alldeles nytt tr\u00e4d s\u00e5 jag kan ligga och spana och tv\u00e5 f\u00f6nsterplatser har jag f\u00e5tt.<\/em><\/p>\n<p><em>Matte s\u00e4ger att jag kan f\u00e5 g\u00e5 ut i koppel men jag v\u00e4grar ha halsband, s\u00e5 vi avvaktar det.<\/em><br \/>\n<em>Jag \u00e4r riktigt busig och \u00e4lskar att leka.<\/em><\/p>\n<p><em>Nospussar till er fr\u00e5n Prinsen<\/em><\/p>\n<hr \/>\n<h3><strong>Lukas<\/strong><\/h3>\n<p><a href=\"https:\/\/www.djurskyddet.se\/jamtland\/wp-content\/uploads\/sites\/14\/2019\/03\/lukas-20150524_124722_500x500.jpg\"><img loading=\"lazy\" decoding=\"async\" class=\"alignnone size-medium wp-image-7084\" src=\"https:\/\/www.djurskyddet.se\/jamtland\/wp-content\/uploads\/sites\/14\/2019\/03\/lukas-20150524_124722_500x500-300x300.jpg\" alt=\"\" width=\"300\" height=\"300\" srcset=\"https:\/\/www.djurskyddet.se\/jamtland\/wp-content\/uploads\/sites\/14\/2019\/03\/lukas-20150524_124722_500x500-300x300.jpg 300w, https:\/\/www.djurskyddet.se\/jamtland\/wp-content\/uploads\/sites\/14\/2019\/03\/lukas-20150524_124722_500x500-150x150.jpg 150w, https:\/\/www.djurskyddet.se\/jamtland\/wp-content\/uploads\/sites\/14\/2019\/03\/lukas-20150524_124722_500x500.jpg 500w, https:\/\/www.djurskyddet.se\/jamtland\/wp-content\/uploads\/sites\/14\/2019\/03\/lukas-20150524_124722_500x500-400x400.jpg 400w\" sizes=\"auto, (max-width: 300px) 100vw, 300px\" \/><\/a><\/p>\n<p><em>Hej,<\/em><br \/>\n<em>H\u00e4r kommer en liten h\u00e4lsning fr\u00e5n Lukas \u263a.<\/em><br \/>\n<em>V\u00e4rldens b\u00e4sta finaste gosigaste katt. \u00c4lskar att kela och busa.<\/em><br \/>\n<em>Jag \u00e4r s\u00e5 tacksam f\u00f6r att ha honom i mitt liv.<\/em><\/p>\n<p><em>B\u00e4sta h\u00e4lsningar<\/em><br \/>\n<em>matte Solveig<\/em><\/p>\n<hr \/>\n<h3><strong>Ruffa och Reeves<\/strong><\/h3>\n<p><a href=\"https:\/\/www.djurskyddet.se\/jamtland\/wp-content\/uploads\/sites\/14\/2019\/03\/ruffa-1.jpg\"><img loading=\"lazy\" decoding=\"async\" class=\"alignnone size-medium wp-image-7097\" src=\"https:\/\/www.djurskyddet.se\/jamtland\/wp-content\/uploads\/sites\/14\/2019\/03\/ruffa-1-300x225.jpg\" alt=\"\" width=\"300\" height=\"225\" srcset=\"https:\/\/www.djurskyddet.se\/jamtland\/wp-content\/uploads\/sites\/14\/2019\/03\/ruffa-1-300x225.jpg 300w, https:\/\/www.djurskyddet.se\/jamtland\/wp-content\/uploads\/sites\/14\/2019\/03\/ruffa-1-400x300.jpg 400w, https:\/\/www.djurskyddet.se\/jamtland\/wp-content\/uploads\/sites\/14\/2019\/03\/ruffa-1.jpg 500w\" sizes=\"auto, (max-width: 300px) 100vw, 300px\" \/><\/a>\u00a0<a href=\"https:\/\/www.djurskyddet.se\/jamtland\/wp-content\/uploads\/sites\/14\/2019\/03\/ruffa2.jpg\"><img loading=\"lazy\" decoding=\"async\" class=\"alignnone size-medium wp-image-7098\" src=\"https:\/\/www.djurskyddet.se\/jamtland\/wp-content\/uploads\/sites\/14\/2019\/03\/ruffa2-225x300.jpg\" alt=\"\" width=\"225\" height=\"300\" srcset=\"https:\/\/www.djurskyddet.se\/jamtland\/wp-content\/uploads\/sites\/14\/2019\/03\/ruffa2-225x300.jpg 225w, https:\/\/www.djurskyddet.se\/jamtland\/wp-content\/uploads\/sites\/14\/2019\/03\/ruffa2-400x533.jpg 400w, https:\/\/www.djurskyddet.se\/jamtland\/wp-content\/uploads\/sites\/14\/2019\/03\/ruffa2.jpg 480w\" sizes=\"auto, (max-width: 225px) 100vw, 225px\" \/><\/a>\u00a0<a href=\"https:\/\/www.djurskyddet.se\/jamtland\/wp-content\/uploads\/sites\/14\/2019\/03\/ruffa3.jpg\"><img loading=\"lazy\" decoding=\"async\" class=\"alignnone size-medium wp-image-7099\" src=\"https:\/\/www.djurskyddet.se\/jamtland\/wp-content\/uploads\/sites\/14\/2019\/03\/ruffa3-225x300.jpg\" alt=\"\" width=\"225\" height=\"300\" srcset=\"https:\/\/www.djurskyddet.se\/jamtland\/wp-content\/uploads\/sites\/14\/2019\/03\/ruffa3-225x300.jpg 225w, https:\/\/www.djurskyddet.se\/jamtland\/wp-content\/uploads\/sites\/14\/2019\/03\/ruffa3-400x533.jpg 400w, https:\/\/www.djurskyddet.se\/jamtland\/wp-content\/uploads\/sites\/14\/2019\/03\/ruffa3.jpg 480w\" sizes=\"auto, (max-width: 225px) 100vw, 225px\" \/><\/a>\u00a0<a href=\"https:\/\/www.djurskyddet.se\/jamtland\/wp-content\/uploads\/sites\/14\/2019\/03\/ruffa4.jpg\"><img loading=\"lazy\" decoding=\"async\" class=\"alignnone size-medium wp-image-7100\" src=\"https:\/\/www.djurskyddet.se\/jamtland\/wp-content\/uploads\/sites\/14\/2019\/03\/ruffa4-300x225.jpg\" alt=\"\" width=\"300\" height=\"225\" srcset=\"https:\/\/www.djurskyddet.se\/jamtland\/wp-content\/uploads\/sites\/14\/2019\/03\/ruffa4-300x225.jpg 300w, https:\/\/www.djurskyddet.se\/jamtland\/wp-content\/uploads\/sites\/14\/2019\/03\/ruffa4-400x300.jpg 400w, https:\/\/www.djurskyddet.se\/jamtland\/wp-content\/uploads\/sites\/14\/2019\/03\/ruffa4.jpg 500w\" sizes=\"auto, (max-width: 300px) 100vw, 300px\" \/><\/a><\/p>\n<p><em>Hej Djurskyddet!<\/em><\/p>\n<p><em>Nu har vi bott hos v\u00e5r nya familj i fyra m\u00e5nader, och vi trivs j\u00e4ttebra! Det var lite pirrigt i b\u00f6rjan, d\u00e5 v\u00e5gade vi inte riktigt l\u00e4mna sovrummet&#8230; Att bli klappad var ju mysigt, men inte n\u00e4r tv\u00e5beningarna skulle lyfta oss!<\/em><\/p>\n<p><em>Men nu har vi l\u00e4rt k\u00e4nna varandra och de verkar vara ganska sn\u00e4lla! Vi \u00e4lskar att kela, och att bli borstad \u00e4r inte heller s\u00e5 tokigt! Det \u00e4r till och med mysigt att bli buren ibland, men det \u00e4r mysigare att ligga bredvid i s\u00e4ngen. De brukar ta med oss till en stuga i fj\u00e4llen ganska ofta, och d\u00e4r trivs vi ocks\u00e5 superbra! Vi \u00e5ker tillsammans i en bur dit men d\u00e5 somnar vi oftast under tiden f\u00f6r det skumpar s\u00e5 mycket.<\/em><\/p>\n<p><em>Vi fick ett h\u00e4ftigt kl\u00f6str\u00e4d som vi \u00e4lskar att busa, kl\u00e4ttra och sova i. D\u00e4r kan inte hunden Zigge n\u00e5 oss heller, fast vi tycker egentligen att han \u00e4r ganska cool &#8211; han har tv\u00e4ttat \u00f6ronen p\u00e5 oss ibland \ud83d\ude42<\/em><\/p>\n<p><em>Vi brukar f\u00f6lja efter matte \u00f6verallt i huset och fr\u00e5ga vad hon g\u00f6r &#8211; hon svarar oftast men inte p\u00e5 kattspr\u00e5k (hon l\u00e4r sig nog).<\/em><\/p>\n<p><em>Matte och husse har sagt att vi kanske f\u00e5r h\u00e4lsa p\u00e5 er om de reser bort i h\u00f6st, det blir kul!<\/em><\/p>\n<p><em>Ha det s\u00e5 bra!<\/em><br \/>\n<em>Rufsan (Ruffa) &amp; Reeves<\/em><\/p>\n<hr \/>\n<h3><strong>Alba och Aston<\/strong><\/h3>\n<p><a href=\"https:\/\/www.djurskyddet.se\/jamtland\/wp-content\/uploads\/sites\/14\/2019\/03\/luna_498x694.jpg\"><img loading=\"lazy\" decoding=\"async\" class=\"alignnone size-medium wp-image-7085\" src=\"https:\/\/www.djurskyddet.se\/jamtland\/wp-content\/uploads\/sites\/14\/2019\/03\/luna_498x694-215x300.jpg\" alt=\"\" width=\"215\" height=\"300\" srcset=\"https:\/\/www.djurskyddet.se\/jamtland\/wp-content\/uploads\/sites\/14\/2019\/03\/luna_498x694-215x300.jpg 215w, https:\/\/www.djurskyddet.se\/jamtland\/wp-content\/uploads\/sites\/14\/2019\/03\/luna_498x694-400x557.jpg 400w, https:\/\/www.djurskyddet.se\/jamtland\/wp-content\/uploads\/sites\/14\/2019\/03\/luna_498x694.jpg 498w\" sizes=\"auto, (max-width: 215px) 100vw, 215px\" \/><\/a>\u00a0<a href=\"https:\/\/www.djurskyddet.se\/jamtland\/wp-content\/uploads\/sites\/14\/2019\/03\/luna2_497x345.jpg\"><img loading=\"lazy\" decoding=\"async\" class=\"alignnone size-medium wp-image-7086\" src=\"https:\/\/www.djurskyddet.se\/jamtland\/wp-content\/uploads\/sites\/14\/2019\/03\/luna2_497x345-300x208.jpg\" alt=\"\" width=\"300\" height=\"208\" srcset=\"https:\/\/www.djurskyddet.se\/jamtland\/wp-content\/uploads\/sites\/14\/2019\/03\/luna2_497x345-300x208.jpg 300w, https:\/\/www.djurskyddet.se\/jamtland\/wp-content\/uploads\/sites\/14\/2019\/03\/luna2_497x345-400x278.jpg 400w, https:\/\/www.djurskyddet.se\/jamtland\/wp-content\/uploads\/sites\/14\/2019\/03\/luna2_497x345.jpg 497w\" sizes=\"auto, (max-width: 300px) 100vw, 300px\" \/><\/a>\u00a0<a href=\"https:\/\/www.djurskyddet.se\/jamtland\/wp-content\/uploads\/sites\/14\/2019\/03\/mys_i_mattes_kna.jpg\"><img loading=\"lazy\" decoding=\"async\" class=\"alignnone size-medium wp-image-7091\" src=\"https:\/\/www.djurskyddet.se\/jamtland\/wp-content\/uploads\/sites\/14\/2019\/03\/mys_i_mattes_kna-217x300.jpg\" alt=\"\" width=\"217\" height=\"300\" srcset=\"https:\/\/www.djurskyddet.se\/jamtland\/wp-content\/uploads\/sites\/14\/2019\/03\/mys_i_mattes_kna-217x300.jpg 217w, https:\/\/www.djurskyddet.se\/jamtland\/wp-content\/uploads\/sites\/14\/2019\/03\/mys_i_mattes_kna-400x553.jpg 400w, https:\/\/www.djurskyddet.se\/jamtland\/wp-content\/uploads\/sites\/14\/2019\/03\/mys_i_mattes_kna.jpg 482w\" sizes=\"auto, (max-width: 217px) 100vw, 217px\" \/><\/a>\u00a0<a href=\"https:\/\/www.djurskyddet.se\/jamtland\/wp-content\/uploads\/sites\/14\/2019\/03\/remus_498x320.jpg\"><img loading=\"lazy\" decoding=\"async\" class=\"alignnone size-medium wp-image-7096\" src=\"https:\/\/www.djurskyddet.se\/jamtland\/wp-content\/uploads\/sites\/14\/2019\/03\/remus_498x320-300x193.jpg\" alt=\"\" width=\"300\" height=\"193\" srcset=\"https:\/\/www.djurskyddet.se\/jamtland\/wp-content\/uploads\/sites\/14\/2019\/03\/remus_498x320-300x193.jpg 300w, https:\/\/www.djurskyddet.se\/jamtland\/wp-content\/uploads\/sites\/14\/2019\/03\/remus_498x320-400x257.jpg 400w, https:\/\/www.djurskyddet.se\/jamtland\/wp-content\/uploads\/sites\/14\/2019\/03\/remus_498x320.jpg 498w\" sizes=\"auto, (max-width: 300px) 100vw, 300px\" \/><\/a>\u00a0<a href=\"https:\/\/www.djurskyddet.se\/jamtland\/wp-content\/uploads\/sites\/14\/2019\/03\/tupplur_499x315.jpg\"><img loading=\"lazy\" decoding=\"async\" class=\"alignnone size-medium wp-image-7113\" src=\"https:\/\/www.djurskyddet.se\/jamtland\/wp-content\/uploads\/sites\/14\/2019\/03\/tupplur_499x315-300x189.jpg\" alt=\"\" width=\"300\" height=\"189\" srcset=\"https:\/\/www.djurskyddet.se\/jamtland\/wp-content\/uploads\/sites\/14\/2019\/03\/tupplur_499x315-300x189.jpg 300w, https:\/\/www.djurskyddet.se\/jamtland\/wp-content\/uploads\/sites\/14\/2019\/03\/tupplur_499x315-400x253.jpg 400w, https:\/\/www.djurskyddet.se\/jamtland\/wp-content\/uploads\/sites\/14\/2019\/03\/tupplur_499x315.jpg 499w\" sizes=\"auto, (max-width: 300px) 100vw, 300px\" \/><\/a><\/p>\n<p><em>Hej alla p\u00e5 Djurskyddet J\u00e4mtland!<\/em><\/p>\n<p><em>Jag vill avl\u00e4gga en rapport om de tv\u00e5 underbara kattungar jag adopterade hos er den 5e februari.<\/em><br \/>\n<em>B\u00e5da \u00e4r nu kastrerade enligt \u00f6verenskommelse med veterin\u00e4r Maria Edler och l\u00e4kningen har g\u00e5tt \u00f6ver f\u00f6rv\u00e4ntan.<\/em><\/p>\n<p><em>Flickan Alba heter sedan hon kom till mig Luna och hon \u00e4r ID-m\u00e4rkt med nr xxxxx (v\u00e4nster \u00f6ra).<\/em><\/p>\n<p><em>Hon har varit en absolut kelgris fr\u00e5n dag 1 och \u00e4r om\u00e4ttligt social mot alla hon tr\u00e4ffar, om s\u00e5 bara postombudet.<\/em><br \/>\n<em>Pojken Aston heter numera Remus och \u00e4r ID-m\u00e4rkt med nr xxxxx (v\u00e4nster \u00f6ra).<\/em><br \/>\n<em>Han har genomg\u00e5tt den st\u00f6rsta f\u00f6r\u00e4ndringen fr\u00e5n att ha varit ganska avvaktande till att vara sj\u00e4lvs\u00e4ker, tillg\u00e4nglig och riktigt kelen, om \u00e4n i sin egen takt.<\/em><br \/>\n<em>Han \u00e4r ett energiknippe utan dess like.<\/em><\/p>\n<p><em>Liken efter alla leksaker ligger spridda i l\u00e4genheten.<\/em><br \/>\n<em>De \u00e4r min stora fr\u00f6jd och har gjort mitt hem till ett riktigt Hem.<\/em><\/p>\n<p><em>Med de varmaste h\u00e4lsningar<\/em><br \/>\n<em>Hedda G<\/em><\/p>\n<hr \/>\n<h3><strong>Doris<\/strong><\/h3>\n<p><a href=\"https:\/\/www.djurskyddet.se\/jamtland\/wp-content\/uploads\/sites\/14\/2019\/03\/sessie.jpg\"><img loading=\"lazy\" decoding=\"async\" class=\"alignnone size-medium wp-image-7103\" src=\"https:\/\/www.djurskyddet.se\/jamtland\/wp-content\/uploads\/sites\/14\/2019\/03\/sessie-300x225.jpg\" alt=\"\" width=\"300\" height=\"225\" srcset=\"https:\/\/www.djurskyddet.se\/jamtland\/wp-content\/uploads\/sites\/14\/2019\/03\/sessie-300x225.jpg 300w, https:\/\/www.djurskyddet.se\/jamtland\/wp-content\/uploads\/sites\/14\/2019\/03\/sessie-400x300.jpg 400w, https:\/\/www.djurskyddet.se\/jamtland\/wp-content\/uploads\/sites\/14\/2019\/03\/sessie.jpg 500w\" sizes=\"auto, (max-width: 300px) 100vw, 300px\" \/><\/a>\u00a0<a href=\"https:\/\/www.djurskyddet.se\/jamtland\/wp-content\/uploads\/sites\/14\/2019\/03\/sessie1.jpg\"><img loading=\"lazy\" decoding=\"async\" class=\"alignnone size-medium wp-image-7104\" src=\"https:\/\/www.djurskyddet.se\/jamtland\/wp-content\/uploads\/sites\/14\/2019\/03\/sessie1-300x225.jpg\" alt=\"\" width=\"300\" height=\"225\" srcset=\"https:\/\/www.djurskyddet.se\/jamtland\/wp-content\/uploads\/sites\/14\/2019\/03\/sessie1-300x225.jpg 300w, https:\/\/www.djurskyddet.se\/jamtland\/wp-content\/uploads\/sites\/14\/2019\/03\/sessie1-400x300.jpg 400w, https:\/\/www.djurskyddet.se\/jamtland\/wp-content\/uploads\/sites\/14\/2019\/03\/sessie1.jpg 500w\" sizes=\"auto, (max-width: 300px) 100vw, 300px\" \/><\/a>\u00a0<a href=\"https:\/\/www.djurskyddet.se\/jamtland\/wp-content\/uploads\/sites\/14\/2019\/03\/sessie2.jpg\"><img loading=\"lazy\" decoding=\"async\" class=\"alignnone size-medium wp-image-7105\" src=\"https:\/\/www.djurskyddet.se\/jamtland\/wp-content\/uploads\/sites\/14\/2019\/03\/sessie2-300x225.jpg\" alt=\"\" width=\"300\" height=\"225\" srcset=\"https:\/\/www.djurskyddet.se\/jamtland\/wp-content\/uploads\/sites\/14\/2019\/03\/sessie2-300x225.jpg 300w, https:\/\/www.djurskyddet.se\/jamtland\/wp-content\/uploads\/sites\/14\/2019\/03\/sessie2-400x300.jpg 400w, https:\/\/www.djurskyddet.se\/jamtland\/wp-content\/uploads\/sites\/14\/2019\/03\/sessie2.jpg 500w\" sizes=\"auto, (max-width: 300px) 100vw, 300px\" \/><\/a>\u00a0<a href=\"https:\/\/www.djurskyddet.se\/jamtland\/wp-content\/uploads\/sites\/14\/2019\/03\/sessie3.jpg\"><img loading=\"lazy\" decoding=\"async\" class=\"alignnone size-medium wp-image-7106\" src=\"https:\/\/www.djurskyddet.se\/jamtland\/wp-content\/uploads\/sites\/14\/2019\/03\/sessie3-300x225.jpg\" alt=\"\" width=\"300\" height=\"225\" srcset=\"https:\/\/www.djurskyddet.se\/jamtland\/wp-content\/uploads\/sites\/14\/2019\/03\/sessie3-300x225.jpg 300w, https:\/\/www.djurskyddet.se\/jamtland\/wp-content\/uploads\/sites\/14\/2019\/03\/sessie3-400x300.jpg 400w, https:\/\/www.djurskyddet.se\/jamtland\/wp-content\/uploads\/sites\/14\/2019\/03\/sessie3.jpg 500w\" sizes=\"auto, (max-width: 300px) 100vw, 300px\" \/><\/a>\u00a0<a href=\"https:\/\/www.djurskyddet.se\/jamtland\/wp-content\/uploads\/sites\/14\/2019\/03\/sessie4.jpg\"><img loading=\"lazy\" decoding=\"async\" class=\"alignnone size-medium wp-image-7107\" src=\"https:\/\/www.djurskyddet.se\/jamtland\/wp-content\/uploads\/sites\/14\/2019\/03\/sessie4-300x225.jpg\" alt=\"\" width=\"300\" height=\"225\" srcset=\"https:\/\/www.djurskyddet.se\/jamtland\/wp-content\/uploads\/sites\/14\/2019\/03\/sessie4-300x225.jpg 300w, https:\/\/www.djurskyddet.se\/jamtland\/wp-content\/uploads\/sites\/14\/2019\/03\/sessie4-400x300.jpg 400w, https:\/\/www.djurskyddet.se\/jamtland\/wp-content\/uploads\/sites\/14\/2019\/03\/sessie4.jpg 500w\" sizes=\"auto, (max-width: 300px) 100vw, 300px\" \/><\/a><\/p>\n<p><em>Innan jag s\u00e5g Sessie (fd Doris) p\u00e5 Kattklubben var jag inne p\u00e5 att k\u00f6pa en annan katt eftersom det hela tog s\u00e5 l\u00e5ng tid och jag fick veta att katt\u00e4garna hade hittat sin katt b\u00f6rjade jag att tappa hoppet. Men n\u00e4r jag kom en g\u00e5ng till och bes\u00f6kte kattklubben d\u00e5 s\u00e5g jag Sessie som jag sedan tidigare hade visat intresse f\u00f6r i fall det inte skulle bli den andra katten. D\u00e5 ringde jag upp kattklubben f\u00f6r att p\u00e5minna dem att jag var intresserad av Sessie n\u00e4r jag fick veta att den andra katten hade \u00e5terkommit till sina \u00e4gare. Jag kom en vecka senare och bes\u00f6kte kattklubben. Det var d\u00e5 jag kom i kontakt med Ulla som var mycket positiv till Sessie som jag hade visat intresse f\u00f6r. Vid det tillf\u00e4llet fick jag mer kontakt med Sessie och det k\u00e4ndes mycket bra. Samma dag best\u00e4mde jag mig f\u00f6r den katten. Det k\u00e4ndes r\u00e4tt.<\/em><\/p>\n<p><em>K\u00e4nslan jag fick av Sessie var att hon var j\u00e4tte go och sn\u00e4ll n\u00e4r jag klappade henne vilket k\u00e4ndes som avg\u00f6rande f\u00f6r mitt beslut att ge henne ett nytt hem hos mig. N\u00e4r jag s\u00e5g de andra katterna p\u00e5 kattklubben s\u00e5 fick jag inte samma kontakt som med Sessie.<\/em><\/p>\n<p><em>H\u00e4lsningar Jenny &amp; Sessie<\/em><\/p>\n<hr \/>\n<h3><strong>Catitzy<\/strong><\/h3>\n<p><a href=\"https:\/\/www.djurskyddet.se\/jamtland\/wp-content\/uploads\/sites\/14\/2019\/03\/maj-britt-img_3419_499x665.jpg\"><img loading=\"lazy\" decoding=\"async\" class=\"alignnone size-medium wp-image-7089\" src=\"https:\/\/www.djurskyddet.se\/jamtland\/wp-content\/uploads\/sites\/14\/2019\/03\/maj-britt-img_3419_499x665-225x300.jpg\" alt=\"\" width=\"225\" height=\"300\" srcset=\"https:\/\/www.djurskyddet.se\/jamtland\/wp-content\/uploads\/sites\/14\/2019\/03\/maj-britt-img_3419_499x665-225x300.jpg 225w, https:\/\/www.djurskyddet.se\/jamtland\/wp-content\/uploads\/sites\/14\/2019\/03\/maj-britt-img_3419_499x665-400x533.jpg 400w, https:\/\/www.djurskyddet.se\/jamtland\/wp-content\/uploads\/sites\/14\/2019\/03\/maj-britt-img_3419_499x665.jpg 499w\" sizes=\"auto, (max-width: 225px) 100vw, 225px\" \/><\/a>\u00a0<a href=\"https:\/\/www.djurskyddet.se\/jamtland\/wp-content\/uploads\/sites\/14\/2019\/03\/maj-britt-img_3325_499x665.jpg\"><img loading=\"lazy\" decoding=\"async\" class=\"alignnone size-medium wp-image-7088\" src=\"https:\/\/www.djurskyddet.se\/jamtland\/wp-content\/uploads\/sites\/14\/2019\/03\/maj-britt-img_3325_499x665-225x300.jpg\" alt=\"\" width=\"225\" height=\"300\" srcset=\"https:\/\/www.djurskyddet.se\/jamtland\/wp-content\/uploads\/sites\/14\/2019\/03\/maj-britt-img_3325_499x665-225x300.jpg 225w, https:\/\/www.djurskyddet.se\/jamtland\/wp-content\/uploads\/sites\/14\/2019\/03\/maj-britt-img_3325_499x665-400x533.jpg 400w, https:\/\/www.djurskyddet.se\/jamtland\/wp-content\/uploads\/sites\/14\/2019\/03\/maj-britt-img_3325_499x665.jpg 499w\" sizes=\"auto, (max-width: 225px) 100vw, 225px\" \/><\/a>\u00a0<a href=\"https:\/\/www.djurskyddet.se\/jamtland\/wp-content\/uploads\/sites\/14\/2019\/03\/maj-britt-img_3049_499x665.jpg\"><img loading=\"lazy\" decoding=\"async\" class=\"alignnone size-medium wp-image-7087\" src=\"https:\/\/www.djurskyddet.se\/jamtland\/wp-content\/uploads\/sites\/14\/2019\/03\/maj-britt-img_3049_499x665-225x300.jpg\" alt=\"\" width=\"225\" height=\"300\" srcset=\"https:\/\/www.djurskyddet.se\/jamtland\/wp-content\/uploads\/sites\/14\/2019\/03\/maj-britt-img_3049_499x665-225x300.jpg 225w, https:\/\/www.djurskyddet.se\/jamtland\/wp-content\/uploads\/sites\/14\/2019\/03\/maj-britt-img_3049_499x665-400x533.jpg 400w, https:\/\/www.djurskyddet.se\/jamtland\/wp-content\/uploads\/sites\/14\/2019\/03\/maj-britt-img_3049_499x665.jpg 499w\" sizes=\"auto, (max-width: 225px) 100vw, 225px\" \/><\/a><\/p>\n<p><em>Maj-Britt\u00a0(fd Catitzy) trivs j\u00e4ttebra hos oss. Och Gunvald \u00e4r glad \u00f6ver att ha f\u00e5tt en kompis. Vi har f\u00e5tt en riktigt matglad och lekfull katt. \u00c4r s\u00e5 himla glad att vi fick ta hand om just henne!<\/em><\/p>\n<p><em>Mvh Jessica med familj.<\/em><\/p>\n<hr \/>\n<h3><strong>Molly<\/strong><\/h3>\n<p><a href=\"https:\/\/www.djurskyddet.se\/jamtland\/wp-content\/uploads\/sites\/14\/2019\/03\/molly-tussi-20141202_201300_499x665.jpg\"><img loading=\"lazy\" decoding=\"async\" class=\"alignnone size-medium wp-image-7090\" src=\"https:\/\/www.djurskyddet.se\/jamtland\/wp-content\/uploads\/sites\/14\/2019\/03\/molly-tussi-20141202_201300_499x665-225x300.jpg\" alt=\"\" width=\"225\" height=\"300\" srcset=\"https:\/\/www.djurskyddet.se\/jamtland\/wp-content\/uploads\/sites\/14\/2019\/03\/molly-tussi-20141202_201300_499x665-225x300.jpg 225w, https:\/\/www.djurskyddet.se\/jamtland\/wp-content\/uploads\/sites\/14\/2019\/03\/molly-tussi-20141202_201300_499x665-400x533.jpg 400w, https:\/\/www.djurskyddet.se\/jamtland\/wp-content\/uploads\/sites\/14\/2019\/03\/molly-tussi-20141202_201300_499x665.jpg 499w\" sizes=\"auto, (max-width: 225px) 100vw, 225px\" \/><\/a><\/p>\n<p><em>Hej!<\/em><br \/>\n<em>Tiden g\u00e5r&#8230; Molly 4 \u00e5r kom till mig i maj 2014. Hon fick ett nytt namn o heter nu Tussi. Hon trivs o myser. Hon \u00e4r \u00e4lskad o f\u00e5r mycket uppm\u00e4rksamhet.<\/em><br \/>\n<em>Det \u00e4r en katt som \u00e4ter allt hon ser &#8221;blommor, mattfransar m m&#8221; s\u00e5 det \u00e4r mycket plockande vilket var oroligt i b\u00f6rjan av r\u00e4dsla att n\u00e5got hon svalt skulle fastna. Bortsett fr\u00e5n det \u00e4r allt toppen<\/em><\/p>\n<p><em>Jag \u00e4r s\u00e5 lycklig \u00f6ver min fina katt.<\/em><br \/>\n<em>\/kicki<\/em><\/p>\n<hr \/>\n<h3><strong>Paloma<\/strong><\/h3>\n<p><em>Paloma har bytt namn till Snaps. Hon trivs och k\u00e4nner sig trygg i sitt hem.<\/em><\/p>\n<p><a href=\"https:\/\/www.djurskyddet.se\/jamtland\/wp-content\/uploads\/sites\/14\/2020\/11\/Paloma.jpg\"><img loading=\"lazy\" decoding=\"async\" class=\"alignnone  wp-image-8402\" src=\"https:\/\/www.djurskyddet.se\/jamtland\/wp-content\/uploads\/sites\/14\/2020\/11\/Paloma.jpg\" alt=\"\" width=\"233\" height=\"358\" srcset=\"https:\/\/www.djurskyddet.se\/jamtland\/wp-content\/uploads\/sites\/14\/2020\/11\/Paloma.jpg 624w, https:\/\/www.djurskyddet.se\/jamtland\/wp-content\/uploads\/sites\/14\/2020\/11\/Paloma-195x300.jpg 195w, https:\/\/www.djurskyddet.se\/jamtland\/wp-content\/uploads\/sites\/14\/2020\/11\/Paloma-400x615.jpg 400w\" sizes=\"auto, (max-width: 233px) 100vw, 233px\" \/><\/a><\/p>\n<hr \/>\n","protected":false},"excerpt":{"rendered":"<p>Stella En god jul \u00f6nskar vi till alla er p\u00e5 katthemmet. Jag trivs v\u00e4ldigt bra i mitt nya hem. Matte tycker nog att jag \u00e4r v\u00e4ldigt roande och busig n\u00e4r jag har mina hyss f\u00f6r mig. Men d\u00e5 o d\u00e5 kan jag inte f\u00e5 nog av att gosa ocks\u00e5. Nu till jul ska jag leka med allt julpynt och \u00e4ta upp min adventskalender. Hoppas \u00e4ven p\u00e5 massa julklappar. M\u00e5nga busiga&hellip;<\/p>\n<p><a class=\"more-link\" href=\"https:\/\/www.djurskyddet.se\/jamtland\/adoption\/att-adoptera\/katthalsningar-2020\/katthalsningar-2015\/\" title=\"Continue reading &lsquo;Katth\u00e4lsningar 2015&rsquo;\">L&auml;s mer<span class=\"meta-nav\">&raquo;<\/span><\/a><\/p>\n","protected":false},"author":3,"featured_media":0,"parent":7524,"menu_order":0,"comment_status":"closed","ping_status":"closed","template":"page-templates\/left-sidebar.php","meta":{"_acf_changed":false,"footnotes":""},"class_list":["post-6123","page","type-page","status-publish","hentry"],"acf":[],"_links":{"self":[{"href":"https:\/\/www.djurskyddet.se\/jamtland\/wp-json\/wp\/v2\/pages\/6123","targetHints":{"allow":["GET"]}}],"collection":[{"href":"https:\/\/www.djurskyddet.se\/jamtland\/wp-json\/wp\/v2\/pages"}],"about":[{"href":"https:\/\/www.djurskyddet.se\/jamtland\/wp-json\/wp\/v2\/types\/page"}],"author":[{"embeddable":true,"href":"https:\/\/www.djurskyddet.se\/jamtland\/wp-json\/wp\/v2\/users\/3"}],"replies":[{"embeddable":true,"href":"https:\/\/www.djurskyddet.se\/jamtland\/wp-json\/wp\/v2\/comments?post=6123"}],"version-history":[{"count":6,"href":"https:\/\/www.djurskyddet.se\/jamtland\/wp-json\/wp\/v2\/pages\/6123\/revisions"}],"predecessor-version":[{"id":8403,"href":"https:\/\/www.djurskyddet.se\/jamtland\/wp-json\/wp\/v2\/pages\/6123\/revisions\/8403"}],"up":[{"embeddable":true,"href":"https:\/\/www.djurskyddet.se\/jamtland\/wp-json\/wp\/v2\/pages\/7524"}],"wp:attachment":[{"href":"https:\/\/www.djurskyddet.se\/jamtland\/wp-json\/wp\/v2\/media?parent=6123"}],"curies":[{"name":"wp","href":"https:\/\/api.w.org\/{rel}","templated":true}]}}