{"id":6126,"date":"2019-02-06T10:37:47","date_gmt":"2019-02-06T09:37:47","guid":{"rendered":"https:\/\/www.djurskyddet.se\/jamtland\/?page_id=6126"},"modified":"2020-11-30T09:58:47","modified_gmt":"2020-11-30T08:58:47","slug":"katthalsningar-2016","status":"publish","type":"page","link":"https:\/\/www.djurskyddet.se\/jamtland\/adoption\/att-adoptera\/katthalsningar-2020\/katthalsningar-2016\/","title":{"rendered":"Katth\u00e4lsningar 2016"},"content":{"rendered":"<h3><strong>Pelle och Tuttan<\/strong><\/h3>\n<div id=\"attachment_7064\" style=\"width: 244px\" class=\"wp-caption alignnone\"><a href=\"https:\/\/www.djurskyddet.se\/jamtland\/wp-content\/uploads\/sites\/14\/2019\/03\/tuttan2_499x640.jpg.png\"><img loading=\"lazy\" decoding=\"async\" aria-describedby=\"caption-attachment-7064\" class=\"wp-image-7064 size-medium\" src=\"https:\/\/www.djurskyddet.se\/jamtland\/wp-content\/uploads\/sites\/14\/2019\/03\/tuttan2_499x640.jpg-234x300.png\" alt=\"\" width=\"234\" height=\"300\" srcset=\"https:\/\/www.djurskyddet.se\/jamtland\/wp-content\/uploads\/sites\/14\/2019\/03\/tuttan2_499x640.jpg-234x300.png 234w, https:\/\/www.djurskyddet.se\/jamtland\/wp-content\/uploads\/sites\/14\/2019\/03\/tuttan2_499x640.jpg-400x513.png 400w, https:\/\/www.djurskyddet.se\/jamtland\/wp-content\/uploads\/sites\/14\/2019\/03\/tuttan2_499x640.jpg.png 499w\" sizes=\"auto, (max-width: 234px) 100vw, 234px\" \/><\/a><p id=\"caption-attachment-7064\" class=\"wp-caption-text\">Tuttan<\/p><\/div>\n<div id=\"attachment_7063\" style=\"width: 310px\" class=\"wp-caption alignnone\"><a href=\"https:\/\/www.djurskyddet.se\/jamtland\/wp-content\/uploads\/sites\/14\/2019\/03\/tuttan1_500x373.jpg.png\"><img loading=\"lazy\" decoding=\"async\" aria-describedby=\"caption-attachment-7063\" class=\"wp-image-7063 size-medium\" src=\"https:\/\/www.djurskyddet.se\/jamtland\/wp-content\/uploads\/sites\/14\/2019\/03\/tuttan1_500x373.jpg-300x224.png\" alt=\"\" width=\"300\" height=\"224\" srcset=\"https:\/\/www.djurskyddet.se\/jamtland\/wp-content\/uploads\/sites\/14\/2019\/03\/tuttan1_500x373.jpg-300x224.png 300w, https:\/\/www.djurskyddet.se\/jamtland\/wp-content\/uploads\/sites\/14\/2019\/03\/tuttan1_500x373.jpg-400x298.png 400w, https:\/\/www.djurskyddet.se\/jamtland\/wp-content\/uploads\/sites\/14\/2019\/03\/tuttan1_500x373.jpg.png 500w\" sizes=\"auto, (max-width: 300px) 100vw, 300px\" \/><\/a><p id=\"caption-attachment-7063\" class=\"wp-caption-text\">Tuttan<\/p><\/div>\n<div id=\"attachment_7056\" style=\"width: 310px\" class=\"wp-caption alignnone\"><a href=\"https:\/\/www.djurskyddet.se\/jamtland\/wp-content\/uploads\/sites\/14\/2019\/03\/pelle2_500x474.jpg.png\"><img loading=\"lazy\" decoding=\"async\" aria-describedby=\"caption-attachment-7056\" class=\"wp-image-7056 size-medium\" src=\"https:\/\/www.djurskyddet.se\/jamtland\/wp-content\/uploads\/sites\/14\/2019\/03\/pelle2_500x474.jpg-300x284.png\" alt=\"\" width=\"300\" height=\"284\" srcset=\"https:\/\/www.djurskyddet.se\/jamtland\/wp-content\/uploads\/sites\/14\/2019\/03\/pelle2_500x474.jpg-300x284.png 300w, https:\/\/www.djurskyddet.se\/jamtland\/wp-content\/uploads\/sites\/14\/2019\/03\/pelle2_500x474.jpg-400x379.png 400w, https:\/\/www.djurskyddet.se\/jamtland\/wp-content\/uploads\/sites\/14\/2019\/03\/pelle2_500x474.jpg.png 500w\" sizes=\"auto, (max-width: 300px) 100vw, 300px\" \/><\/a><p id=\"caption-attachment-7056\" class=\"wp-caption-text\">Pelle<\/p><\/div>\n<div id=\"attachment_7055\" style=\"width: 310px\" class=\"wp-caption alignnone\"><a href=\"https:\/\/www.djurskyddet.se\/jamtland\/wp-content\/uploads\/sites\/14\/2019\/03\/pelle1_497x375.jpg.png\"><img loading=\"lazy\" decoding=\"async\" aria-describedby=\"caption-attachment-7055\" class=\"wp-image-7055 size-medium\" src=\"https:\/\/www.djurskyddet.se\/jamtland\/wp-content\/uploads\/sites\/14\/2019\/03\/pelle1_497x375.jpg-300x226.png\" alt=\"\" width=\"300\" height=\"226\" srcset=\"https:\/\/www.djurskyddet.se\/jamtland\/wp-content\/uploads\/sites\/14\/2019\/03\/pelle1_497x375.jpg-300x226.png 300w, https:\/\/www.djurskyddet.se\/jamtland\/wp-content\/uploads\/sites\/14\/2019\/03\/pelle1_497x375.jpg-400x302.png 400w, https:\/\/www.djurskyddet.se\/jamtland\/wp-content\/uploads\/sites\/14\/2019\/03\/pelle1_497x375.jpg.png 497w\" sizes=\"auto, (max-width: 300px) 100vw, 300px\" \/><\/a><p id=\"caption-attachment-7055\" class=\"wp-caption-text\">Pelle<\/p><\/div>\n<p>\u00a0\u00a0\u00a0<\/p>\n<p>Pelle och Tuttan i sitt nya hem. Tuttan kastade sig \u00f6ver varje mm av huset och str\u00f6k sig. Pelle \u00e4r galet gosig, men \u00e4ngslades \u00f6ver milj\u00f6byte. De \u00e4r b\u00e5da alldeles underbara.<br \/>\/Anders och Maria<\/p>\n<hr \/>\n<h3><strong>Edmund<\/strong><\/h3>\n<p><a href=\"https:\/\/www.djurskyddet.se\/jamtland\/wp-content\/uploads\/sites\/14\/2019\/03\/edmund_497x330.jpg.png\"><img loading=\"lazy\" decoding=\"async\" class=\"alignnone size-medium wp-image-7040\" src=\"https:\/\/www.djurskyddet.se\/jamtland\/wp-content\/uploads\/sites\/14\/2019\/03\/edmund_497x330.jpg-300x199.png\" alt=\"\" width=\"300\" height=\"199\" srcset=\"https:\/\/www.djurskyddet.se\/jamtland\/wp-content\/uploads\/sites\/14\/2019\/03\/edmund_497x330.jpg-300x199.png 300w, https:\/\/www.djurskyddet.se\/jamtland\/wp-content\/uploads\/sites\/14\/2019\/03\/edmund_497x330.jpg-400x266.png 400w, https:\/\/www.djurskyddet.se\/jamtland\/wp-content\/uploads\/sites\/14\/2019\/03\/edmund_497x330.jpg.png 497w\" sizes=\"auto, (max-width: 300px) 100vw, 300px\" \/><\/a>\u00a0<a href=\"https:\/\/www.djurskyddet.se\/jamtland\/wp-content\/uploads\/sites\/14\/2019\/03\/edmund2_498x280.jpg.png\"><img loading=\"lazy\" decoding=\"async\" class=\"alignnone size-medium wp-image-7041\" src=\"https:\/\/www.djurskyddet.se\/jamtland\/wp-content\/uploads\/sites\/14\/2019\/03\/edmund2_498x280.jpg-300x169.png\" alt=\"\" width=\"300\" height=\"169\" srcset=\"https:\/\/www.djurskyddet.se\/jamtland\/wp-content\/uploads\/sites\/14\/2019\/03\/edmund2_498x280.jpg-300x169.png 300w, https:\/\/www.djurskyddet.se\/jamtland\/wp-content\/uploads\/sites\/14\/2019\/03\/edmund2_498x280.jpg-400x225.png 400w, https:\/\/www.djurskyddet.se\/jamtland\/wp-content\/uploads\/sites\/14\/2019\/03\/edmund2_498x280.jpg.png 498w\" sizes=\"auto, (max-width: 300px) 100vw, 300px\" \/><\/a>\u00a0<a href=\"https:\/\/www.djurskyddet.se\/jamtland\/wp-content\/uploads\/sites\/14\/2019\/03\/edmund3_499x640.jpg.png\"><img loading=\"lazy\" decoding=\"async\" class=\"alignnone size-medium wp-image-7042\" src=\"https:\/\/www.djurskyddet.se\/jamtland\/wp-content\/uploads\/sites\/14\/2019\/03\/edmund3_499x640.jpg-234x300.png\" alt=\"\" width=\"234\" height=\"300\" srcset=\"https:\/\/www.djurskyddet.se\/jamtland\/wp-content\/uploads\/sites\/14\/2019\/03\/edmund3_499x640.jpg-234x300.png 234w, https:\/\/www.djurskyddet.se\/jamtland\/wp-content\/uploads\/sites\/14\/2019\/03\/edmund3_499x640.jpg-400x513.png 400w, https:\/\/www.djurskyddet.se\/jamtland\/wp-content\/uploads\/sites\/14\/2019\/03\/edmund3_499x640.jpg.png 499w\" sizes=\"auto, (max-width: 234px) 100vw, 234px\" \/><\/a><\/p>\n<p>Hej!<br \/>H\u00e4r kommer en h\u00e4lsning fr\u00e5n Linus, d\u00e5varande Edmund. Han lever livet i Sj\u00e4levad med b\u00e4sta kompisen Nisse. Linus beundrar Nisse och tar efter honom i allt, ligger g\u00e4rna s\u00e5 n\u00e4ra som m\u00f6jligt och om Nisse till\u00e5ter s\u00e5 l\u00e4gger Linus g\u00e4rna tassen p\u00e5 Nisses svans och sedan spinner han s\u00e5 hela huset vibrerar. Linus \u00e4r en riktig musj\u00e4gare, han tar \u00e4ven in sina byten och l\u00e4mnar i mattes och husse s\u00e4ng (samt \u00e4ter upp dem, d\u00e4rav den lilla magen men sakta men s\u00e4kert ska nog \u00e4ven den kunna trimmas ner). En sn\u00e4llare katt \u00e4n Linus har vi aldrig m\u00f6tt!<\/p>\n<p>\/Therese<\/p>\n<hr \/>\n<h3><strong>Hobbe<\/strong><\/h3>\n<p><a href=\"https:\/\/www.djurskyddet.se\/jamtland\/wp-content\/uploads\/sites\/14\/2019\/03\/hobbe_500x458.jpg.png\"><img loading=\"lazy\" decoding=\"async\" class=\"alignnone size-medium wp-image-7048\" src=\"https:\/\/www.djurskyddet.se\/jamtland\/wp-content\/uploads\/sites\/14\/2019\/03\/hobbe_500x458.jpg-300x275.png\" alt=\"\" width=\"300\" height=\"275\" srcset=\"https:\/\/www.djurskyddet.se\/jamtland\/wp-content\/uploads\/sites\/14\/2019\/03\/hobbe_500x458.jpg-300x275.png 300w, https:\/\/www.djurskyddet.se\/jamtland\/wp-content\/uploads\/sites\/14\/2019\/03\/hobbe_500x458.jpg-400x366.png 400w, https:\/\/www.djurskyddet.se\/jamtland\/wp-content\/uploads\/sites\/14\/2019\/03\/hobbe_500x458.jpg.png 500w\" sizes=\"auto, (max-width: 300px) 100vw, 300px\" \/><\/a><\/p>\n<p>Hobbe trivs bra med mig och katten Mitzi. Nu f\u00e5r jag till och med lyfta upp han i famnen och han \u00e4lskar att bli kliad p\u00e5 magen.<\/p>\n<p>\/ Sylvia<\/p>\n<hr \/>\n<h3><strong>Bamse och Bizou<\/strong><\/h3>\n<p><a href=\"https:\/\/www.djurskyddet.se\/jamtland\/wp-content\/uploads\/sites\/14\/2019\/03\/bamse-och-bizou_499x490.jpg.png\"><img loading=\"lazy\" decoding=\"async\" class=\"alignnone size-medium wp-image-7037\" src=\"https:\/\/www.djurskyddet.se\/jamtland\/wp-content\/uploads\/sites\/14\/2019\/03\/bamse-och-bizou_499x490.jpg-300x295.png\" alt=\"\" width=\"300\" height=\"295\" srcset=\"https:\/\/www.djurskyddet.se\/jamtland\/wp-content\/uploads\/sites\/14\/2019\/03\/bamse-och-bizou_499x490.jpg-300x295.png 300w, https:\/\/www.djurskyddet.se\/jamtland\/wp-content\/uploads\/sites\/14\/2019\/03\/bamse-och-bizou_499x490.jpg-400x393.png 400w, https:\/\/www.djurskyddet.se\/jamtland\/wp-content\/uploads\/sites\/14\/2019\/03\/bamse-och-bizou_499x490.jpg.png 499w\" sizes=\"auto, (max-width: 300px) 100vw, 300px\" \/><\/a><\/p>\n<p>En h\u00e4lsning fr\u00e5n grabbarna<\/p>\n<p>\/ Kicki<\/p>\n<hr \/>\n<h3><strong>Karma och Victoria<\/strong><\/h3>\n<p><a href=\"https:\/\/www.djurskyddet.se\/jamtland\/wp-content\/uploads\/sites\/14\/2019\/03\/karma_499x370.jpg.png\"><img loading=\"lazy\" decoding=\"async\" class=\"alignnone size-medium wp-image-7054\" src=\"https:\/\/www.djurskyddet.se\/jamtland\/wp-content\/uploads\/sites\/14\/2019\/03\/karma_499x370.jpg-300x222.png\" alt=\"\" width=\"300\" height=\"222\" srcset=\"https:\/\/www.djurskyddet.se\/jamtland\/wp-content\/uploads\/sites\/14\/2019\/03\/karma_499x370.jpg-300x222.png 300w, https:\/\/www.djurskyddet.se\/jamtland\/wp-content\/uploads\/sites\/14\/2019\/03\/karma_499x370.jpg-400x297.png 400w, https:\/\/www.djurskyddet.se\/jamtland\/wp-content\/uploads\/sites\/14\/2019\/03\/karma_499x370.jpg.png 499w\" sizes=\"auto, (max-width: 300px) 100vw, 300px\" \/><\/a>\u00a0<a href=\"https:\/\/www.djurskyddet.se\/jamtland\/wp-content\/uploads\/sites\/14\/2019\/03\/victoria_500x658.jpg.png\"><img loading=\"lazy\" decoding=\"async\" class=\"alignnone size-medium wp-image-7065\" src=\"https:\/\/www.djurskyddet.se\/jamtland\/wp-content\/uploads\/sites\/14\/2019\/03\/victoria_500x658.jpg-228x300.png\" alt=\"\" width=\"228\" height=\"300\" srcset=\"https:\/\/www.djurskyddet.se\/jamtland\/wp-content\/uploads\/sites\/14\/2019\/03\/victoria_500x658.jpg-228x300.png 228w, https:\/\/www.djurskyddet.se\/jamtland\/wp-content\/uploads\/sites\/14\/2019\/03\/victoria_500x658.jpg-400x526.png 400w, https:\/\/www.djurskyddet.se\/jamtland\/wp-content\/uploads\/sites\/14\/2019\/03\/victoria_500x658.jpg.png 500w\" sizes=\"auto, (max-width: 228px) 100vw, 228px\" \/><\/a><\/p>\n<p>H\u00e4r kommer bilder p\u00e5 Karma och Victoria.<\/p>\n<p>De har funnit sig v\u00e4l tillr\u00e4tta och b\u00e5da \u00e4r v\u00e4ldigt sociala och kontakts\u00f6kande nu, \u00e4ven om Victoria fortfarande \u00e4r den som \u00e4r mest p\u00e5. De \u00e4ter och verkar m\u00e5 fint.<\/p>\n<p>\/ Sara<\/p>\n<hr \/>\n<h3><strong>Sabrina<\/strong><\/h3>\n<p><a href=\"https:\/\/www.djurskyddet.se\/jamtland\/wp-content\/uploads\/sites\/14\/2019\/03\/sabina.png\"><img loading=\"lazy\" decoding=\"async\" class=\"alignnone size-medium wp-image-7062\" src=\"https:\/\/www.djurskyddet.se\/jamtland\/wp-content\/uploads\/sites\/14\/2019\/03\/sabina-230x300.png\" alt=\"\" width=\"230\" height=\"300\" srcset=\"https:\/\/www.djurskyddet.se\/jamtland\/wp-content\/uploads\/sites\/14\/2019\/03\/sabina-230x300.png 230w, https:\/\/www.djurskyddet.se\/jamtland\/wp-content\/uploads\/sites\/14\/2019\/03\/sabina.png 338w\" sizes=\"auto, (max-width: 230px) 100vw, 230px\" \/><\/a><\/p>\n<p>En h\u00e4lsning fr\u00e5n Sally (f\u00f6re detta Sabina). Hon \u00e4r verkligen v\u00e4rldens sn\u00e4llaste katt! Och som vi \u00e4lskar henne! \u00c4ven hon verkar stortrivas med sin tillvaro! Vi tycker ni \u00e4r fantastiska som gjort s\u00e5 mycket f\u00f6r henne och alla andra katter!<\/p>\n<p>\/Karin<\/p>\n<hr \/>\n<h3><strong>Birk och Zandor<\/strong><\/h3>\n<p><a href=\"https:\/\/www.djurskyddet.se\/jamtland\/wp-content\/uploads\/sites\/14\/2019\/03\/birk.png\"><img loading=\"lazy\" decoding=\"async\" class=\"alignnone size-medium wp-image-7039\" src=\"https:\/\/www.djurskyddet.se\/jamtland\/wp-content\/uploads\/sites\/14\/2019\/03\/birk-169x300.png\" alt=\"\" width=\"169\" height=\"300\" srcset=\"https:\/\/www.djurskyddet.se\/jamtland\/wp-content\/uploads\/sites\/14\/2019\/03\/birk-169x300.png 169w, https:\/\/www.djurskyddet.se\/jamtland\/wp-content\/uploads\/sites\/14\/2019\/03\/birk.png 324w\" sizes=\"auto, (max-width: 169px) 100vw, 169px\" \/><\/a>\u00a0<a href=\"https:\/\/www.djurskyddet.se\/jamtland\/wp-content\/uploads\/sites\/14\/2019\/03\/birk-och-zandor.png\"><img loading=\"lazy\" decoding=\"async\" class=\"alignnone size-medium wp-image-7038\" src=\"https:\/\/www.djurskyddet.se\/jamtland\/wp-content\/uploads\/sites\/14\/2019\/03\/birk-och-zandor-300x232.png\" alt=\"\" width=\"300\" height=\"232\" srcset=\"https:\/\/www.djurskyddet.se\/jamtland\/wp-content\/uploads\/sites\/14\/2019\/03\/birk-och-zandor-300x232.png 300w, https:\/\/www.djurskyddet.se\/jamtland\/wp-content\/uploads\/sites\/14\/2019\/03\/birk-och-zandor.png 382w\" sizes=\"auto, (max-width: 300px) 100vw, 300px\" \/><\/a><\/p>\n<p>Birk kommer bra \u00f6verens med Zandor. De leker och busar tillsammans. Inget tjafs eller fr\u00e4sande alls. Zandor har levt upp lite mer sedan Birk kom hit.<\/p>\n<p>\/ Christer<\/p>\n<hr \/>\n<h3><strong>Ronja och Madicken<\/strong><\/h3>\n<p><a href=\"https:\/\/www.djurskyddet.se\/jamtland\/wp-content\/uploads\/sites\/14\/2019\/03\/ronja-och-madicken_500x375.jpg.png\"><img loading=\"lazy\" decoding=\"async\" class=\"alignnone size-medium wp-image-7057\" src=\"https:\/\/www.djurskyddet.se\/jamtland\/wp-content\/uploads\/sites\/14\/2019\/03\/ronja-och-madicken_500x375.jpg-225x300.png\" alt=\"\" width=\"225\" height=\"300\" srcset=\"https:\/\/www.djurskyddet.se\/jamtland\/wp-content\/uploads\/sites\/14\/2019\/03\/ronja-och-madicken_500x375.jpg-225x300.png 225w, https:\/\/www.djurskyddet.se\/jamtland\/wp-content\/uploads\/sites\/14\/2019\/03\/ronja-och-madicken_500x375.jpg.png 375w\" sizes=\"auto, (max-width: 225px) 100vw, 225px\" \/><\/a>\u00a0<a href=\"https:\/\/www.djurskyddet.se\/jamtland\/wp-content\/uploads\/sites\/14\/2019\/03\/ronja-och-madicken-1_500x375.jpg.png\"><img loading=\"lazy\" decoding=\"async\" class=\"alignnone size-medium wp-image-7058\" src=\"https:\/\/www.djurskyddet.se\/jamtland\/wp-content\/uploads\/sites\/14\/2019\/03\/ronja-och-madicken-1_500x375.jpg-225x300.png\" alt=\"\" width=\"225\" height=\"300\" srcset=\"https:\/\/www.djurskyddet.se\/jamtland\/wp-content\/uploads\/sites\/14\/2019\/03\/ronja-och-madicken-1_500x375.jpg-225x300.png 225w, https:\/\/www.djurskyddet.se\/jamtland\/wp-content\/uploads\/sites\/14\/2019\/03\/ronja-och-madicken-1_500x375.jpg.png 375w\" sizes=\"auto, (max-width: 225px) 100vw, 225px\" \/><\/a>\u00a0<a href=\"https:\/\/www.djurskyddet.se\/jamtland\/wp-content\/uploads\/sites\/14\/2019\/03\/ronja-och-madicken-2_500x375.jpg.png\"><img loading=\"lazy\" decoding=\"async\" class=\"alignnone size-medium wp-image-7059\" src=\"https:\/\/www.djurskyddet.se\/jamtland\/wp-content\/uploads\/sites\/14\/2019\/03\/ronja-och-madicken-2_500x375.jpg-300x225.png\" alt=\"\" width=\"300\" height=\"225\" srcset=\"https:\/\/www.djurskyddet.se\/jamtland\/wp-content\/uploads\/sites\/14\/2019\/03\/ronja-och-madicken-2_500x375.jpg-300x225.png 300w, https:\/\/www.djurskyddet.se\/jamtland\/wp-content\/uploads\/sites\/14\/2019\/03\/ronja-och-madicken-2_500x375.jpg-400x300.png 400w, https:\/\/www.djurskyddet.se\/jamtland\/wp-content\/uploads\/sites\/14\/2019\/03\/ronja-och-madicken-2_500x375.jpg.png 500w\" sizes=\"auto, (max-width: 300px) 100vw, 300px\" \/><\/a>\u00a0\u00a0<a href=\"https:\/\/www.djurskyddet.se\/jamtland\/wp-content\/uploads\/sites\/14\/2019\/03\/ronja-och-madicken-3_499x885.jpg.png\"><img loading=\"lazy\" decoding=\"async\" class=\"alignnone size-medium wp-image-7060\" src=\"https:\/\/www.djurskyddet.se\/jamtland\/wp-content\/uploads\/sites\/14\/2019\/03\/ronja-och-madicken-3_499x885.jpg-169x300.png\" alt=\"\" width=\"169\" height=\"300\" srcset=\"https:\/\/www.djurskyddet.se\/jamtland\/wp-content\/uploads\/sites\/14\/2019\/03\/ronja-och-madicken-3_499x885.jpg-169x300.png 169w, https:\/\/www.djurskyddet.se\/jamtland\/wp-content\/uploads\/sites\/14\/2019\/03\/ronja-och-madicken-3_499x885.jpg-400x709.png 400w, https:\/\/www.djurskyddet.se\/jamtland\/wp-content\/uploads\/sites\/14\/2019\/03\/ronja-och-madicken-3_499x885.jpg.png 499w\" sizes=\"auto, (max-width: 169px) 100vw, 169px\" \/>\u00a0<\/a><a href=\"https:\/\/www.djurskyddet.se\/jamtland\/wp-content\/uploads\/sites\/14\/2019\/03\/ronja-och-madicken-4_500x375.jpg.png\"><img loading=\"lazy\" decoding=\"async\" class=\"alignnone size-medium wp-image-7061\" src=\"https:\/\/www.djurskyddet.se\/jamtland\/wp-content\/uploads\/sites\/14\/2019\/03\/ronja-och-madicken-4_500x375.jpg-225x300.png\" alt=\"\" width=\"225\" height=\"300\" srcset=\"https:\/\/www.djurskyddet.se\/jamtland\/wp-content\/uploads\/sites\/14\/2019\/03\/ronja-och-madicken-4_500x375.jpg-225x300.png 225w, https:\/\/www.djurskyddet.se\/jamtland\/wp-content\/uploads\/sites\/14\/2019\/03\/ronja-och-madicken-4_500x375.jpg.png 375w\" sizes=\"auto, (max-width: 225px) 100vw, 225px\" \/><\/a><\/p>\n<div>H\u00e4r kommer en h\u00e4lsning fr\u00e5n systrarna Ronja (Khalessi) &amp; Madicken (Arya) som flyttade hem till oss f\u00f6r n\u00e5gra veckor sedan!<\/div>\n<div>\u00a0<\/div>\n<div>Vi trivs s\u00e5 bra i v\u00e5rt nya hem och styr och st\u00e4ller med b\u00e5de matte, husse och storasyrran Unni (tax).<\/div>\n<div>\u00a0<\/div>\n<div>Husse och matte har d\u00f6pt om oss efter sina favoritkarakt\u00e4rer i serien Game of thrones, och det tycker vi \u00e4r helt ok!<\/div>\n<div>\u00a0<\/div>\n<div>Vi \u00e4ter gott och f\u00e5r vara med \u00f6verallt. Att sova brevid nya familjen i s\u00e4ngen \u00e4r det b\u00e4sta som finns, och n\u00e4r vi tycker det \u00e4r dags f\u00f6r m\u00e4nniskorna att kliva upp biter vi dom i t\u00e5rna.<\/div>\n<div><hr \/>\n<h3><strong>Estri och Mandus<\/strong><\/h3>\n<p><a href=\"https:\/\/www.djurskyddet.se\/jamtland\/wp-content\/uploads\/sites\/14\/2019\/03\/estri.jpg\"><img loading=\"lazy\" decoding=\"async\" class=\"alignnone size-medium wp-image-7043\" src=\"https:\/\/www.djurskyddet.se\/jamtland\/wp-content\/uploads\/sites\/14\/2019\/03\/estri-225x300.jpg\" alt=\"\" width=\"225\" height=\"300\" srcset=\"https:\/\/www.djurskyddet.se\/jamtland\/wp-content\/uploads\/sites\/14\/2019\/03\/estri-225x300.jpg 225w, https:\/\/www.djurskyddet.se\/jamtland\/wp-content\/uploads\/sites\/14\/2019\/03\/estri.jpg 375w\" sizes=\"auto, (max-width: 225px) 100vw, 225px\" \/><\/a>\u00a0<a href=\"https:\/\/www.djurskyddet.se\/jamtland\/wp-content\/uploads\/sites\/14\/2019\/03\/estri1.jpg\"><img loading=\"lazy\" decoding=\"async\" class=\"alignnone size-medium wp-image-7044\" src=\"https:\/\/www.djurskyddet.se\/jamtland\/wp-content\/uploads\/sites\/14\/2019\/03\/estri1-240x300.jpg\" alt=\"\" width=\"240\" height=\"300\" srcset=\"https:\/\/www.djurskyddet.se\/jamtland\/wp-content\/uploads\/sites\/14\/2019\/03\/estri1-240x300.jpg 240w, https:\/\/www.djurskyddet.se\/jamtland\/wp-content\/uploads\/sites\/14\/2019\/03\/estri1-400x499.jpg 400w, https:\/\/www.djurskyddet.se\/jamtland\/wp-content\/uploads\/sites\/14\/2019\/03\/estri1.jpg 500w\" sizes=\"auto, (max-width: 240px) 100vw, 240px\" \/><\/a>\u00a0<a href=\"https:\/\/www.djurskyddet.se\/jamtland\/wp-content\/uploads\/sites\/14\/2019\/03\/estri3.jpg\"><img loading=\"lazy\" decoding=\"async\" class=\"alignnone size-medium wp-image-7046\" src=\"https:\/\/www.djurskyddet.se\/jamtland\/wp-content\/uploads\/sites\/14\/2019\/03\/estri3-225x300.jpg\" alt=\"\" width=\"225\" height=\"300\" srcset=\"https:\/\/www.djurskyddet.se\/jamtland\/wp-content\/uploads\/sites\/14\/2019\/03\/estri3-225x300.jpg 225w, https:\/\/www.djurskyddet.se\/jamtland\/wp-content\/uploads\/sites\/14\/2019\/03\/estri3.jpg 375w\" sizes=\"auto, (max-width: 225px) 100vw, 225px\" \/><\/a>\u00a0<a href=\"https:\/\/www.djurskyddet.se\/jamtland\/wp-content\/uploads\/sites\/14\/2019\/03\/estri2.jpg\"><img loading=\"lazy\" decoding=\"async\" class=\"alignnone size-medium wp-image-7045\" src=\"https:\/\/www.djurskyddet.se\/jamtland\/wp-content\/uploads\/sites\/14\/2019\/03\/estri2-225x300.jpg\" alt=\"\" width=\"225\" height=\"300\" srcset=\"https:\/\/www.djurskyddet.se\/jamtland\/wp-content\/uploads\/sites\/14\/2019\/03\/estri2-225x300.jpg 225w, https:\/\/www.djurskyddet.se\/jamtland\/wp-content\/uploads\/sites\/14\/2019\/03\/estri2.jpg 375w\" sizes=\"auto, (max-width: 225px) 100vw, 225px\" \/><\/a>\u00a0<a href=\"https:\/\/www.djurskyddet.se\/jamtland\/wp-content\/uploads\/sites\/14\/2019\/03\/estri4.jpg\"><img loading=\"lazy\" decoding=\"async\" class=\"alignnone size-medium wp-image-7047\" src=\"https:\/\/www.djurskyddet.se\/jamtland\/wp-content\/uploads\/sites\/14\/2019\/03\/estri4-225x300.jpg\" alt=\"\" width=\"225\" height=\"300\" srcset=\"https:\/\/www.djurskyddet.se\/jamtland\/wp-content\/uploads\/sites\/14\/2019\/03\/estri4-225x300.jpg 225w, https:\/\/www.djurskyddet.se\/jamtland\/wp-content\/uploads\/sites\/14\/2019\/03\/estri4.jpg 375w\" sizes=\"auto, (max-width: 225px) 100vw, 225px\" \/><\/a><\/p>\n<div>Hej!<\/div>\n<div>H\u00e4r kommer en h\u00e4lsning fr\u00e5n lilla Estri som numera heter Selma!<\/div>\n<div>Lilla Selma \u00e4r fortfarande v\u00e4ldigt f\u00f6rsiktig av sig men g\u00f6r hela tiden framsteg!<\/div>\n<div>Nu v\u00e5gar hon hoppa upp bredvid mig i soffan &amp; jag f\u00e5r klappa henne utan att hon \u00e4r p\u00e5 sp\u00e4nn.<\/div>\n<div>Hon \u00e4r mycket mer avslappnad nu.<\/div>\n<div>Hon \u00e4r en v\u00e4ldigt lekfull &amp; busig pratglad liten tjej som h\u00e5ller mig vaken p\u00e5 n\u00e4tterna!\u00a0<img decoding=\"async\" class=\"CToWUd\" src=\"https:\/\/mail.google.com\/mail\/e\/1f602\" alt=\"?\" \/><\/div>\n<div>Hon &amp; Oskar (fd Mandus) som ocks\u00e5 kommer fr\u00e5n er \u00e4r ett \u00e4kta k\u00e4rlekspar!<\/div>\n<div>De kommer otroligt bra \u00f6verrens &amp; har gjort det redan fr\u00e5n f\u00f6rsta b\u00f6rjan.<\/div>\n<div>Selma har sin trygghet i Oskar &amp; ska alltid vara d\u00e4r han \u00e4r!<\/div>\n<div>Han \u00e4r som hennes pappa, en f\u00f6rebild f\u00f6r lilla Selma \ud83d\ude42<\/div>\n<div>Jag ville bara skicka en h\u00e4lsning att b\u00e5de Selma &amp; Oskar har det j\u00e4ttebra!<\/div>\n<div>De \u00e4r mina guldklimpar!<\/div>\n<div>H\u00e4r kommer n\u00e5gra bilder p\u00e5 b\u00e5da 2.<\/div>\n<div>\/ Malin Dammfors<\/div>\n<div><hr \/>\n<h3><strong>Jojje<\/strong><\/h3>\n<p><a href=\"https:\/\/www.djurskyddet.se\/jamtland\/wp-content\/uploads\/sites\/14\/2019\/03\/jojje-1_500x375.jpg\"><img loading=\"lazy\" decoding=\"async\" class=\"alignnone size-medium wp-image-7049\" src=\"https:\/\/www.djurskyddet.se\/jamtland\/wp-content\/uploads\/sites\/14\/2019\/03\/jojje-1_500x375-300x225.jpg\" alt=\"\" width=\"300\" height=\"225\" srcset=\"https:\/\/www.djurskyddet.se\/jamtland\/wp-content\/uploads\/sites\/14\/2019\/03\/jojje-1_500x375-300x225.jpg 300w, https:\/\/www.djurskyddet.se\/jamtland\/wp-content\/uploads\/sites\/14\/2019\/03\/jojje-1_500x375-400x300.jpg 400w, https:\/\/www.djurskyddet.se\/jamtland\/wp-content\/uploads\/sites\/14\/2019\/03\/jojje-1_500x375.jpg 500w\" sizes=\"auto, (max-width: 300px) 100vw, 300px\" \/><\/a>\u00a0<a href=\"https:\/\/www.djurskyddet.se\/jamtland\/wp-content\/uploads\/sites\/14\/2019\/03\/jojje2_500x375.jpg\"><img loading=\"lazy\" decoding=\"async\" class=\"alignnone size-medium wp-image-7051\" src=\"https:\/\/www.djurskyddet.se\/jamtland\/wp-content\/uploads\/sites\/14\/2019\/03\/jojje2_500x375-300x225.jpg\" alt=\"\" width=\"300\" height=\"225\" srcset=\"https:\/\/www.djurskyddet.se\/jamtland\/wp-content\/uploads\/sites\/14\/2019\/03\/jojje2_500x375-300x225.jpg 300w, https:\/\/www.djurskyddet.se\/jamtland\/wp-content\/uploads\/sites\/14\/2019\/03\/jojje2_500x375-400x300.jpg 400w, https:\/\/www.djurskyddet.se\/jamtland\/wp-content\/uploads\/sites\/14\/2019\/03\/jojje2_500x375.jpg 500w\" sizes=\"auto, (max-width: 300px) 100vw, 300px\" \/><\/a>\u00a0<a href=\"https:\/\/www.djurskyddet.se\/jamtland\/wp-content\/uploads\/sites\/14\/2019\/03\/jojje-och-barnen_500x375.jpg\"><img loading=\"lazy\" decoding=\"async\" class=\"alignnone size-medium wp-image-7050\" src=\"https:\/\/www.djurskyddet.se\/jamtland\/wp-content\/uploads\/sites\/14\/2019\/03\/jojje-och-barnen_500x375-300x225.jpg\" alt=\"\" width=\"300\" height=\"225\" srcset=\"https:\/\/www.djurskyddet.se\/jamtland\/wp-content\/uploads\/sites\/14\/2019\/03\/jojje-och-barnen_500x375-300x225.jpg 300w, https:\/\/www.djurskyddet.se\/jamtland\/wp-content\/uploads\/sites\/14\/2019\/03\/jojje-och-barnen_500x375-400x300.jpg 400w, https:\/\/www.djurskyddet.se\/jamtland\/wp-content\/uploads\/sites\/14\/2019\/03\/jojje-och-barnen_500x375.jpg 500w\" sizes=\"auto, (max-width: 300px) 100vw, 300px\" \/><\/a>Hej!<\/p>\n<div>H\u00e4r kommer en liten h\u00e4lsning fr\u00e5n Jojje med familj!<\/div>\n<div>\u00a0<\/div>\n<div>Jojje har bott med oss i \u00f6ver ett halv \u00e5r nu och blivit en k\u00e4r familjemedlem och \u00e4r i v\u00e5ra \u00f6gon v\u00e4rldens b\u00e4sta katt :))<\/div>\n<div>Till en b\u00f6rjan var han lite skygg och h\u00f6ll sig p\u00e5 avst\u00e5nd. Efter n\u00e5gra dagar blev han s\u00e5 gosig och kelig.<\/div>\n<div>Han \u00e4lskar barn och sover alltid med den yngsta dottern (vilket \u00e4r en stor lycka och dr\u00f6m f\u00f6r henne) , \u00e4lskar att g\u00e5 ut p\u00e5 promenader och leka i sn\u00f6n.<\/div>\n<div>\u00a0<\/div>\n<div>V\u00e4nliga h\u00e4lsningar fr\u00e5n Therese, Isah, Jacob och Jojje Andersson \ud83d\ude42<\/div>\n<div><hr \/>\n<h3><strong>Fernice<\/strong><\/h3>\n<p><a href=\"https:\/\/www.djurskyddet.se\/jamtland\/wp-content\/uploads\/sites\/14\/2019\/03\/jussi-fenrice-2-20160208_111645_498x325.jpg\"><img loading=\"lazy\" decoding=\"async\" class=\"alignnone size-medium wp-image-7053\" src=\"https:\/\/www.djurskyddet.se\/jamtland\/wp-content\/uploads\/sites\/14\/2019\/03\/jussi-fenrice-2-20160208_111645_498x325-300x196.jpg\" alt=\"\" width=\"300\" height=\"196\" srcset=\"https:\/\/www.djurskyddet.se\/jamtland\/wp-content\/uploads\/sites\/14\/2019\/03\/jussi-fenrice-2-20160208_111645_498x325-300x196.jpg 300w, https:\/\/www.djurskyddet.se\/jamtland\/wp-content\/uploads\/sites\/14\/2019\/03\/jussi-fenrice-2-20160208_111645_498x325-400x261.jpg 400w, https:\/\/www.djurskyddet.se\/jamtland\/wp-content\/uploads\/sites\/14\/2019\/03\/jussi-fenrice-2-20160208_111645_498x325.jpg 498w\" sizes=\"auto, (max-width: 300px) 100vw, 300px\" \/><\/a>\u00a0<a href=\"https:\/\/www.djurskyddet.se\/jamtland\/wp-content\/uploads\/sites\/14\/2019\/03\/jussi-fenrice-1-20160208_111623_498x280.jpg\"><img loading=\"lazy\" decoding=\"async\" class=\"alignnone size-medium wp-image-7052\" src=\"https:\/\/www.djurskyddet.se\/jamtland\/wp-content\/uploads\/sites\/14\/2019\/03\/jussi-fenrice-1-20160208_111623_498x280-300x169.jpg\" alt=\"\" width=\"300\" height=\"169\" srcset=\"https:\/\/www.djurskyddet.se\/jamtland\/wp-content\/uploads\/sites\/14\/2019\/03\/jussi-fenrice-1-20160208_111623_498x280-300x169.jpg 300w, https:\/\/www.djurskyddet.se\/jamtland\/wp-content\/uploads\/sites\/14\/2019\/03\/jussi-fenrice-1-20160208_111623_498x280-400x225.jpg 400w, https:\/\/www.djurskyddet.se\/jamtland\/wp-content\/uploads\/sites\/14\/2019\/03\/jussi-fenrice-1-20160208_111623_498x280.jpg 498w\" sizes=\"auto, (max-width: 300px) 100vw, 300px\" \/><\/a><\/p>\n<div>\n<p>H\u00e4lsning fr\u00e5n Jussi (fd Fenrice)<\/p>\n<p><span style=\"font-size: 1rem\">Fenrice fick ett nytt namn, Jussi. N\u00e4r han vill leka \u00e5 katten Sammi \u00e4r lite seg i starten , s\u00e5 g\u00e5r tonl\u00e4get fr\u00e5n plingelingljud till en grov h\u00f6g ton. Jussi Bj\u00f6rling var ju en tenor.<\/span><\/p>\n<\/div>\n<div>Han l\u00e5g under en byr\u00e5 i en vecka. Vi k\u00f6pte en Feliway , n\u00e4sta dag \u00f6vergav han byr\u00e5n ! Han har kommit p\u00e5 , att sitter vi i soffan eller ligger vi i s\u00e4ngen , s\u00e5 \u00e4r vi inte farliga!<\/div>\n<div>D\u00e5 har han tom legat vid fot\u00e4ndan p\u00e5 natten. Han g\u00e5r p\u00e5 l\u00e5dan oftare nu. Fr\u00e5n b\u00f6rjan var det s\u00e5 s\u00e4llan&#8230; Men nu \u00e4r det ett krafsande utan dess like&#8230; \u00c4ter \u00e5 dricker bra . blir det kokt fisk blir han lycklig !!!<\/div>\n<div>\u00a0<\/div>\n<div>Fr\u00e5n ett fr\u00e4sande , morrande \u00e5 spottande katt , s\u00e5 har han blivit en nyfiken och pratig kille.<\/div>\n<div>Vi l\u00e4ngtar till vi f\u00e5r ta i honom , men. det blir !<\/div>\n<div>Det f\u00e5r v\u00e4l ta sin tid , har ju all tid i v\u00e4rlden. Den som v\u00e4ntar p\u00e5 n\u00e5t gott&#8230;,&#8230;<\/div>\n<div>\u00a0<\/div>\n<div>H\u00e4lsningar fr\u00e5n Wanja \u00e5 Jussi<\/div>\n<div>\u00a0<\/div>\n<div><hr \/><\/div>\n<\/div>\n<\/div>\n<\/div>\n\n\n<h3 class=\"wp-block-heading\"><strong>Melissa<\/strong><\/h3>\n\n\n\n<p>H\u00e4lsning fr\u00e5n \u00e5r 2020:  Detta \u00e4r Melissa som jag adopterade januari 2016, och hon\/jag (husse) stortrivs.<\/p>\n\n\n\n<figure class=\"wp-block-image is-resized\"><img loading=\"lazy\" decoding=\"async\" src=\"https:\/\/www.djurskyddet.se\/jamtland\/wp-content\/uploads\/sites\/14\/2020\/11\/Melissa.jpg\" alt=\"\" class=\"wp-image-8338\" width=\"157\" height=\"246\" srcset=\"https:\/\/www.djurskyddet.se\/jamtland\/wp-content\/uploads\/sites\/14\/2020\/11\/Melissa.jpg 480w, https:\/\/www.djurskyddet.se\/jamtland\/wp-content\/uploads\/sites\/14\/2020\/11\/Melissa-192x300.jpg 192w, https:\/\/www.djurskyddet.se\/jamtland\/wp-content\/uploads\/sites\/14\/2020\/11\/Melissa-400x626.jpg 400w\" sizes=\"auto, (max-width: 157px) 100vw, 157px\" \/><\/figure>\n\n\n\n<figure class=\"wp-block-image is-resized\"><img loading=\"lazy\" decoding=\"async\" src=\"https:\/\/www.djurskyddet.se\/jamtland\/wp-content\/uploads\/sites\/14\/2020\/11\/Melissa1-1.jpg\" alt=\"\" class=\"wp-image-8340\" width=\"243\" height=\"182\" srcset=\"https:\/\/www.djurskyddet.se\/jamtland\/wp-content\/uploads\/sites\/14\/2020\/11\/Melissa1-1.jpg 640w, https:\/\/www.djurskyddet.se\/jamtland\/wp-content\/uploads\/sites\/14\/2020\/11\/Melissa1-1-300x225.jpg 300w, https:\/\/www.djurskyddet.se\/jamtland\/wp-content\/uploads\/sites\/14\/2020\/11\/Melissa1-1-400x300.jpg 400w\" sizes=\"auto, (max-width: 243px) 100vw, 243px\" \/><\/figure>\n\n\n\n<hr class=\"wp-block-separator is-style-wide\" \/>\n","protected":false},"excerpt":{"rendered":"<p>Pelle och Tuttan \u00a0\u00a0\u00a0 Pelle och Tuttan i sitt nya hem. Tuttan kastade sig \u00f6ver varje mm av huset och str\u00f6k sig. Pelle \u00e4r galet gosig, men \u00e4ngslades \u00f6ver milj\u00f6byte. De \u00e4r b\u00e5da alldeles underbara.\/Anders och Maria Edmund \u00a0\u00a0 Hej!H\u00e4r kommer en h\u00e4lsning fr\u00e5n Linus, d\u00e5varande Edmund. Han lever livet i Sj\u00e4levad med b\u00e4sta kompisen Nisse. Linus beundrar Nisse och tar efter honom i allt, ligger g\u00e4rna s\u00e5 n\u00e4ra som&hellip;<\/p>\n<p><a class=\"more-link\" href=\"https:\/\/www.djurskyddet.se\/jamtland\/adoption\/att-adoptera\/katthalsningar-2020\/katthalsningar-2016\/\" title=\"Continue reading &lsquo;Katth\u00e4lsningar 2016&rsquo;\">L&auml;s mer<span class=\"meta-nav\">&raquo;<\/span><\/a><\/p>\n","protected":false},"author":3,"featured_media":0,"parent":7524,"menu_order":0,"comment_status":"closed","ping_status":"closed","template":"page-templates\/left-sidebar.php","meta":{"_acf_changed":false,"footnotes":""},"class_list":["post-6126","page","type-page","status-publish","hentry"],"acf":[],"_links":{"self":[{"href":"https:\/\/www.djurskyddet.se\/jamtland\/wp-json\/wp\/v2\/pages\/6126","targetHints":{"allow":["GET"]}}],"collection":[{"href":"https:\/\/www.djurskyddet.se\/jamtland\/wp-json\/wp\/v2\/pages"}],"about":[{"href":"https:\/\/www.djurskyddet.se\/jamtland\/wp-json\/wp\/v2\/types\/page"}],"author":[{"embeddable":true,"href":"https:\/\/www.djurskyddet.se\/jamtland\/wp-json\/wp\/v2\/users\/3"}],"replies":[{"embeddable":true,"href":"https:\/\/www.djurskyddet.se\/jamtland\/wp-json\/wp\/v2\/comments?post=6126"}],"version-history":[{"count":9,"href":"https:\/\/www.djurskyddet.se\/jamtland\/wp-json\/wp\/v2\/pages\/6126\/revisions"}],"predecessor-version":[{"id":8393,"href":"https:\/\/www.djurskyddet.se\/jamtland\/wp-json\/wp\/v2\/pages\/6126\/revisions\/8393"}],"up":[{"embeddable":true,"href":"https:\/\/www.djurskyddet.se\/jamtland\/wp-json\/wp\/v2\/pages\/7524"}],"wp:attachment":[{"href":"https:\/\/www.djurskyddet.se\/jamtland\/wp-json\/wp\/v2\/media?parent=6126"}],"curies":[{"name":"wp","href":"https:\/\/api.w.org\/{rel}","templated":true}]}}