{"id":7502,"date":"2020-01-10T15:21:52","date_gmt":"2020-01-10T14:21:52","guid":{"rendered":"https:\/\/www.djurskyddet.se\/jamtland\/?page_id=7502"},"modified":"2025-01-13T16:50:39","modified_gmt":"2025-01-13T15:50:39","slug":"katter-som-fatt-nya-hem","status":"publish","type":"page","link":"https:\/\/www.djurskyddet.se\/jamtland\/katter-som-fatt-nya-hem\/","title":{"rendered":"Katter som f\u00e5tt nya hem"},"content":{"rendered":"<p>H\u00e4r visar vi de katter som f\u00e5tt nya k\u00e4rleksfulla hem via de arbetet vi volont\u00e4rer g\u00f6r p\u00e5 katthemmet.<\/p>\n<p>Katter som f\u00e5tt nya hem \u00e5r:<\/p>\n<p><a href=\"https:\/\/www.djurskyddet.se\/jamtland\/katter-som-fatt-nya-hem\/katter-som-fatt-hem-2025\/\">2025<\/a><br \/><a href=\"https:\/\/www.djurskyddet.se\/jamtland\/katter-som-fatt-nya-hem\/katter-som-fatt-hem-2024\/\">2024<\/a><br \/><a href=\"https:\/\/www.djurskyddet.se\/jamtland\/katter-som-fatt-nya-hem\/katter-som-fatt-hem-2023\/\">2023<\/a><br \/><a href=\"https:\/\/www.djurskyddet.se\/jamtland\/katter-som-fatt-nya-hem\/katter-som-fatt-hem-2022\/\">2022<\/a><br \/><a href=\"https:\/\/www.djurskyddet.se\/jamtland\/katter-som-fatt-nya-hem\/katter-som-fatt-hem-2021\/\">2021<\/a><br \/><a href=\"https:\/\/www.djurskyddet.se\/jamtland\/katter-som-fatt-nya-hem\/katter-som-fatt-nya-hem-2020\/\">2020<\/a><br \/><a href=\"https:\/\/www.djurskyddet.se\/jamtland\/katter-som-fatt-nya-hem\/katter-som-fatt-nya-hem\/\">2019<\/a><br \/><a href=\"https:\/\/www.djurskyddet.se\/jamtland\/katter-som-fatt-nya-hem\/katter-som-fatt-hem-2018\/\">2018<\/a><br \/><a href=\"https:\/\/www.djurskyddet.se\/jamtland\/katter-som-fatt-nya-hem\/katter-som-fatt-hem-2017\/\">2017<\/a><br \/><a href=\"https:\/\/www.djurskyddet.se\/jamtland\/katter-som-fatt-nya-hem\/katter-som-fatt-hem-2016\/\">2016<\/a><br \/><a href=\"https:\/\/www.djurskyddet.se\/jamtland\/katter-som-fatt-nya-hem\/katter-som-fatt-hem-2015\/\">2015<\/a><br \/><a href=\"https:\/\/www.djurskyddet.se\/jamtland\/katter-som-fatt-nya-hem\/katter-som-fatt-hem-2014\/\">2014<\/a><br \/><a href=\"https:\/\/www.djurskyddet.se\/jamtland\/katter-som-fatt-nya-hem\/katter-som-fatt-hem-2012-2013\/\">2012-2013<\/a><\/p>\n\n\n<figure class=\"wp-block-image\"><img loading=\"lazy\" decoding=\"async\" width=\"1024\" height=\"768\" src=\"https:\/\/www.djurskyddet.se\/jamtland\/wp-content\/uploads\/sites\/14\/2021\/01\/Sn\u00f6vit-med-barn-1024x768.jpg\" alt=\"\" class=\"wp-image-8541\" srcset=\"https:\/\/www.djurskyddet.se\/jamtland\/wp-content\/uploads\/sites\/14\/2021\/01\/Sn\u00f6vit-med-barn.jpg 1024w, https:\/\/www.djurskyddet.se\/jamtland\/wp-content\/uploads\/sites\/14\/2021\/01\/Sn\u00f6vit-med-barn-300x225.jpg 300w, https:\/\/www.djurskyddet.se\/jamtland\/wp-content\/uploads\/sites\/14\/2021\/01\/Sn\u00f6vit-med-barn-768x576.jpg 768w, https:\/\/www.djurskyddet.se\/jamtland\/wp-content\/uploads\/sites\/14\/2021\/01\/Sn\u00f6vit-med-barn-400x300.jpg 400w\" sizes=\"auto, (max-width: 1024px) 100vw, 1024px\" \/><\/figure>\n","protected":false},"excerpt":{"rendered":"<p>H\u00e4r visar vi de katter som f\u00e5tt nya k\u00e4rleksfulla hem via de arbetet vi volont\u00e4rer g\u00f6r p\u00e5 katthemmet. Katter som f\u00e5tt nya hem \u00e5r: 2025202420232022202120202019201820172016201520142012-2013<\/p>\n","protected":false},"author":3,"featured_media":0,"parent":0,"menu_order":2,"comment_status":"closed","ping_status":"closed","template":"page-templates\/left-sidebar.php","meta":{"_acf_changed":false,"footnotes":""},"class_list":["post-7502","page","type-page","status-publish","hentry"],"acf":[],"_links":{"self":[{"href":"https:\/\/www.djurskyddet.se\/jamtland\/wp-json\/wp\/v2\/pages\/7502","targetHints":{"allow":["GET"]}}],"collection":[{"href":"https:\/\/www.djurskyddet.se\/jamtland\/wp-json\/wp\/v2\/pages"}],"about":[{"href":"https:\/\/www.djurskyddet.se\/jamtland\/wp-json\/wp\/v2\/types\/page"}],"author":[{"embeddable":true,"href":"https:\/\/www.djurskyddet.se\/jamtland\/wp-json\/wp\/v2\/users\/3"}],"replies":[{"embeddable":true,"href":"https:\/\/www.djurskyddet.se\/jamtland\/wp-json\/wp\/v2\/comments?post=7502"}],"version-history":[{"count":82,"href":"https:\/\/www.djurskyddet.se\/jamtland\/wp-json\/wp\/v2\/pages\/7502\/revisions"}],"predecessor-version":[{"id":11686,"href":"https:\/\/www.djurskyddet.se\/jamtland\/wp-json\/wp\/v2\/pages\/7502\/revisions\/11686"}],"wp:attachment":[{"href":"https:\/\/www.djurskyddet.se\/jamtland\/wp-json\/wp\/v2\/media?parent=7502"}],"curies":[{"name":"wp","href":"https:\/\/api.w.org\/{rel}","templated":true}]}}