{"id":9207,"date":"2025-01-25T15:22:11","date_gmt":"2025-01-25T14:22:11","guid":{"rendered":"https:\/\/www.djurskyddet.se\/jamtland\/?page_id=9207"},"modified":"2025-01-25T20:46:14","modified_gmt":"2025-01-25T19:46:14","slug":"katthalsningar-2021","status":"publish","type":"page","link":"https:\/\/www.djurskyddet.se\/jamtland\/adoption\/att-adoptera\/katthalsningar-2020\/katthalsningar-2021\/","title":{"rendered":"Katth\u00e4lsningar 2021"},"content":{"rendered":"\n<p class=\"has-text-align-center\"><img loading=\"lazy\" decoding=\"async\" width=\"225\" height=\"300\" class=\"wp-image-11741\" style=\"width: 400px\" src=\"https:\/\/www.djurskyddet.se\/jamtland\/wp-content\/uploads\/sites\/14\/2025\/01\/millie1-225x300-1.jpg\" alt=\"\"><\/p>\n\n\n\n<p class=\"has-text-align-center\">Millie: &#8221;Hej igen! T\u00e4nkte skicka en sista uppdatering om Karmas utveckling. Karma sover nu ALLTID i s\u00e4ngen och vaknar man till f\u00e5r man vara beredd f\u00f6r mys! Hon har \u00e4ven tr\u00e4ffat lite andra m\u00e4nniskor vilket g\u00e5tt l\u00e5ngt \u00f6ver f\u00f6rv\u00e4ntan, hon bjuder sj\u00e4lv in till klappar!! Hon har \u00e4ven tr\u00e4ffat en hund och det gick s\u00e5 pass bra att de b\u00e5da l\u00e5g i soffan i varsin \u00e4nde redan f\u00f6rsta g\u00e5ngen. Karmas nya hobby \u00e4r att f\u00f6lja efter matte, helst till k\u00f6ket p\u00e5 morgonen n\u00e4r hon vet att det \u00e4r dags f\u00f6r frukost! Hon har \u00e4ven l\u00e4rt sig \u201dligg\u201d s\u00e5 hon kan ligga p\u00e5 kommando. Och inte alltid men oftast lyssnar hon p\u00e5 \u201dkom\u201d.<br>H\u00e5ller \u00e4ven p\u00e5 att tr\u00e4na lite andra kommandon. Hon har inte varit intresserad av att g\u00e5 ut \u00e4nnu trots n\u00e5gra f\u00f6rs\u00f6k. Dock \u00e4lskar hon numera att leka b\u00e5de ensam med sina leksaker och tillsammans med matte och husse. Det g\u00e5r bara fram\u00e5t! Tack f\u00f6r att vi fick hitta varandra!&#8221;<\/p>\n\n\n\n<hr class=\"wp-block-separator has-alpha-channel-opacity\" \/>\n\n\n\n<p class=\"has-text-align-center\"><img loading=\"lazy\" decoding=\"async\" width=\"1024\" height=\"574\" class=\"wp-image-12093\" style=\"width: 500px\" src=\"https:\/\/www.djurskyddet.se\/jamtland\/wp-content\/uploads\/sites\/14\/2025\/01\/473717193_968421158553722_7099045248377250294_n.jpg\" alt=\"\" srcset=\"https:\/\/www.djurskyddet.se\/jamtland\/wp-content\/uploads\/sites\/14\/2025\/01\/473717193_968421158553722_7099045248377250294_n.jpg 1024w, https:\/\/www.djurskyddet.se\/jamtland\/wp-content\/uploads\/sites\/14\/2025\/01\/473717193_968421158553722_7099045248377250294_n-300x168.jpg 300w, https:\/\/www.djurskyddet.se\/jamtland\/wp-content\/uploads\/sites\/14\/2025\/01\/473717193_968421158553722_7099045248377250294_n-768x431.jpg 768w, https:\/\/www.djurskyddet.se\/jamtland\/wp-content\/uploads\/sites\/14\/2025\/01\/473717193_968421158553722_7099045248377250294_n-400x224.jpg 400w\" sizes=\"auto, (max-width: 1024px) 100vw, 1024px\" \/><\/p>\n\n\n\n<p class=\"has-text-align-center\">&#8221;H\u00e4r kommer h\u00e4lsningar fr\u00e5n Topsy och Fabiona. P\u00e5 f\u00f6rsta bilden spanar Topsy ut fr\u00e5n sin balkongl\u00e5da. De vilar ut i favoritf\u00e5t\u00f6ljen efter morgonpasset. P\u00e5 tredje bilden h\u00e5ller Fabiona koll \u00f6ver vardagsrummet. De m\u00e5r bra och vi trivs s\u00e5 gott med varandra.&#8221;<\/p>\n\n\n\n<hr class=\"wp-block-separator has-alpha-channel-opacity\" \/>\n\n\n\n<p class=\"has-text-align-center\"><img loading=\"lazy\" decoding=\"async\" width=\"833\" height=\"1024\" class=\"wp-image-12094\" style=\"width: 500px\" src=\"https:\/\/www.djurskyddet.se\/jamtland\/wp-content\/uploads\/sites\/14\/2025\/01\/Oscar-Ebba.jpg\" alt=\"\" srcset=\"https:\/\/www.djurskyddet.se\/jamtland\/wp-content\/uploads\/sites\/14\/2025\/01\/Oscar-Ebba.jpg 833w, https:\/\/www.djurskyddet.se\/jamtland\/wp-content\/uploads\/sites\/14\/2025\/01\/Oscar-Ebba-244x300.jpg 244w, https:\/\/www.djurskyddet.se\/jamtland\/wp-content\/uploads\/sites\/14\/2025\/01\/Oscar-Ebba-768x944.jpg 768w, https:\/\/www.djurskyddet.se\/jamtland\/wp-content\/uploads\/sites\/14\/2025\/01\/Oscar-Ebba-400x492.jpg 400w\" sizes=\"auto, (max-width: 833px) 100vw, 833px\" \/><\/p>\n\n\n\n<hr class=\"wp-block-separator has-alpha-channel-opacity\" \/>\n\n\n\n<p class=\"has-text-align-center\"><img loading=\"lazy\" decoding=\"async\" width=\"943\" height=\"1014\" class=\"wp-image-12095\" style=\"width: 500px\" src=\"https:\/\/www.djurskyddet.se\/jamtland\/wp-content\/uploads\/sites\/14\/2025\/01\/missar.jpg\" alt=\"\" srcset=\"https:\/\/www.djurskyddet.se\/jamtland\/wp-content\/uploads\/sites\/14\/2025\/01\/missar.jpg 943w, https:\/\/www.djurskyddet.se\/jamtland\/wp-content\/uploads\/sites\/14\/2025\/01\/missar-279x300.jpg 279w, https:\/\/www.djurskyddet.se\/jamtland\/wp-content\/uploads\/sites\/14\/2025\/01\/missar-768x826.jpg 768w, https:\/\/www.djurskyddet.se\/jamtland\/wp-content\/uploads\/sites\/14\/2025\/01\/missar-400x430.jpg 400w\" sizes=\"auto, (max-width: 943px) 100vw, 943px\" \/><\/p>\n\n\n\n<p class=\"has-text-align-center\">&#8221;Hejsan! T\u00e4nkte bara h\u00f6ra av mig med en l\u00e4gesrapport f\u00f6r missarna. De m\u00e5r alldeles utm\u00e4rkt och trivs bra ihop och leker tillsammans. Tjejerna \u00e4r mycket f\u00f6rtjusta i Robbie och Unic har ett tydligt l\u00f6pbeteende som \u00e4r lite konstigt med tanke p\u00e5 att hon \u00e4r kastrerad. H\u00e4r \u00e4r rena Vilda V\u00e4stern olika tider p\u00e5 dagarna s\u00e5 roligt de har!&#8221;<\/p>\n\n\n\n<hr class=\"wp-block-separator has-alpha-channel-opacity\" \/>\n\n\n\n<p class=\"has-text-align-center\"><img loading=\"lazy\" decoding=\"async\" width=\"777\" height=\"1024\" class=\"wp-image-12096\" style=\"width: 400px\" src=\"https:\/\/www.djurskyddet.se\/jamtland\/wp-content\/uploads\/sites\/14\/2025\/01\/378243203_6899296826782720_7801758053529249079_n.jpg\" alt=\"\" srcset=\"https:\/\/www.djurskyddet.se\/jamtland\/wp-content\/uploads\/sites\/14\/2025\/01\/378243203_6899296826782720_7801758053529249079_n.jpg 777w, https:\/\/www.djurskyddet.se\/jamtland\/wp-content\/uploads\/sites\/14\/2025\/01\/378243203_6899296826782720_7801758053529249079_n-228x300.jpg 228w, https:\/\/www.djurskyddet.se\/jamtland\/wp-content\/uploads\/sites\/14\/2025\/01\/378243203_6899296826782720_7801758053529249079_n-768x1012.jpg 768w, https:\/\/www.djurskyddet.se\/jamtland\/wp-content\/uploads\/sites\/14\/2025\/01\/378243203_6899296826782720_7801758053529249079_n-400x527.jpg 400w\" sizes=\"auto, (max-width: 777px) 100vw, 777px\" \/><\/p>\n\n\n\n<p class=\"has-text-align-center\">&#8221;Hej! Jag vill bara h\u00f6ra av mig med en kort rapport fr\u00e5n Smulan som vi fick i januari. Allt har g\u00e5tt bra. V\u00e5r gamla katt Charlie \u00e4r fortfarande lite skeptisk men hon jobbar p\u00e5 att vinna \u00f6ver honom. Hon \u00e4r glad och nyfiken p\u00e5 det mesta. Tack \u00e4n en g\u00e5ng f\u00f6r det arbete ni g\u00f6r!&#8221;<\/p>\n\n\n\n<hr class=\"wp-block-separator has-alpha-channel-opacity\" \/>\n\n\n\n<p class=\"has-text-align-center\"><img loading=\"lazy\" decoding=\"async\" width=\"906\" height=\"1024\" class=\"wp-image-12097\" style=\"width: 400px\" src=\"https:\/\/www.djurskyddet.se\/jamtland\/wp-content\/uploads\/sites\/14\/2025\/01\/Untitled35.jpg\" alt=\"\" srcset=\"https:\/\/www.djurskyddet.se\/jamtland\/wp-content\/uploads\/sites\/14\/2025\/01\/Untitled35.jpg 906w, https:\/\/www.djurskyddet.se\/jamtland\/wp-content\/uploads\/sites\/14\/2025\/01\/Untitled35-265x300.jpg 265w, https:\/\/www.djurskyddet.se\/jamtland\/wp-content\/uploads\/sites\/14\/2025\/01\/Untitled35-768x868.jpg 768w, https:\/\/www.djurskyddet.se\/jamtland\/wp-content\/uploads\/sites\/14\/2025\/01\/Untitled35-400x452.jpg 400w\" sizes=\"auto, (max-width: 906px) 100vw, 906px\" \/><\/p>\n\n\n\n<p class=\"has-text-align-center\">&#8221;H\u00e4r kommer en h\u00e4lsning fr\u00e5n Zigge och Tyra! De gillar att sitta o titta p\u00e5 f\u00e5glarna som \u00e4ter utanf\u00f6r. Zigge tar g\u00e4rna kortare promenader men myser \u00e4ven inne framf\u00f6r brasan.&#8221;<\/p>\n\n\n\n<hr class=\"wp-block-separator has-alpha-channel-opacity\" \/>\n\n\n\n<p class=\"has-text-align-center\"><img loading=\"lazy\" decoding=\"async\" width=\"991\" height=\"1022\" class=\"wp-image-12098\" style=\"width: 400px\" src=\"https:\/\/www.djurskyddet.se\/jamtland\/wp-content\/uploads\/sites\/14\/2025\/01\/Zorba.jpg\" alt=\"\" srcset=\"https:\/\/www.djurskyddet.se\/jamtland\/wp-content\/uploads\/sites\/14\/2025\/01\/Zorba.jpg 991w, https:\/\/www.djurskyddet.se\/jamtland\/wp-content\/uploads\/sites\/14\/2025\/01\/Zorba-291x300.jpg 291w, https:\/\/www.djurskyddet.se\/jamtland\/wp-content\/uploads\/sites\/14\/2025\/01\/Zorba-768x792.jpg 768w, https:\/\/www.djurskyddet.se\/jamtland\/wp-content\/uploads\/sites\/14\/2025\/01\/Zorba-400x413.jpg 400w\" sizes=\"auto, (max-width: 991px) 100vw, 991px\" \/><\/p>\n\n\n\n<p class=\"has-text-align-center\">&#8221;Hej! Rapport fr\u00e5n Zorba, numera Saga. Matte har monterat ihop ett bastant kattr\u00e4d, katter tre g\u00e5nger s\u00e5 stora ska tr\u00e4det h\u00e5lla f\u00f6r. Hon m\u00e5r bra, \u00e4r blank i p\u00e4lsen, har slutat hets\u00e4ta nu n\u00e4r hon vet att det bara hennes mat och ingen ska tr\u00e4nga bort henne. Det r\u00f6da som syns p\u00e5 fotot \u00e4r hennes halsband, som jag h\u00e5ller p\u00e5 att v\u00e4nja henne med. Det \u00e4r bra ifall jag n\u00e5gong\u00e5ng m\u00e5ste till veterin\u00e4ren. Hon \u00e4r v\u00e4ldigt skeptisk till &#8221;fr\u00e4mmande&#8221; m\u00e4nniskor. Vill ocks\u00e5 ber\u00e4tta att n\u00e4r vi leker med hennes favo-leksak kastar jag iv\u00e4g den och hon tar den i munnen och kommer till mig och vill att jag ska kasta den igen. Apporterar allts\u00e5. Fast p\u00e5 katters vis bara s\u00e5 l\u00e4nge HON tycker det \u00e4r kul. Nu sussar hon i sitt kattr\u00e4d i s\u00e4ng nr 2 av 3.&#8221;<\/p>\n\n\n\n<hr class=\"wp-block-separator has-alpha-channel-opacity\" \/>\n\n\n\n<p class=\"has-text-align-center\"><img loading=\"lazy\" decoding=\"async\" width=\"928\" height=\"1003\" class=\"wp-image-12099\" style=\"width: 400px\" src=\"https:\/\/www.djurskyddet.se\/jamtland\/wp-content\/uploads\/sites\/14\/2025\/01\/Untitled36.jpg\" alt=\"\" srcset=\"https:\/\/www.djurskyddet.se\/jamtland\/wp-content\/uploads\/sites\/14\/2025\/01\/Untitled36.jpg 928w, https:\/\/www.djurskyddet.se\/jamtland\/wp-content\/uploads\/sites\/14\/2025\/01\/Untitled36-278x300.jpg 278w, https:\/\/www.djurskyddet.se\/jamtland\/wp-content\/uploads\/sites\/14\/2025\/01\/Untitled36-768x830.jpg 768w, https:\/\/www.djurskyddet.se\/jamtland\/wp-content\/uploads\/sites\/14\/2025\/01\/Untitled36-400x432.jpg 400w\" sizes=\"auto, (max-width: 928px) 100vw, 928px\" \/><\/p>\n\n\n\n<p class=\"has-text-align-center\">&#8221;H\u00e4r \u00e4r ett kort p\u00e5 Logan och Alva nu p\u00e5 morgonen d\u00e4r de tittar p\u00e5 f\u00e5glar som jag matar. De m\u00e5r j\u00e4ttebra!&#8221;<\/p>\n\n\n\n<hr class=\"wp-block-separator has-alpha-channel-opacity\" \/>\n\n\n\n<p class=\"has-text-align-center\"><img loading=\"lazy\" decoding=\"async\" width=\"614\" height=\"677\" class=\"wp-image-12100\" style=\"width: 400px\" src=\"https:\/\/www.djurskyddet.se\/jamtland\/wp-content\/uploads\/sites\/14\/2025\/01\/Untitled37.jpg\" alt=\"\" srcset=\"https:\/\/www.djurskyddet.se\/jamtland\/wp-content\/uploads\/sites\/14\/2025\/01\/Untitled37.jpg 614w, https:\/\/www.djurskyddet.se\/jamtland\/wp-content\/uploads\/sites\/14\/2025\/01\/Untitled37-272x300.jpg 272w, https:\/\/www.djurskyddet.se\/jamtland\/wp-content\/uploads\/sites\/14\/2025\/01\/Untitled37-400x441.jpg 400w\" sizes=\"auto, (max-width: 614px) 100vw, 614px\" \/><\/p>\n\n\n\n<p class=\"has-text-align-center\">&#8221;Hej! H\u00e4r \u00e4r en bild av Hedvig och Liv (Lillmisse) tagen ikv\u00e4ll innan de f\u00e5tt kv\u00e4llsmat!&#8221;<\/p>\n\n\n\n<hr class=\"wp-block-separator has-alpha-channel-opacity\" \/>\n","protected":false},"excerpt":{"rendered":"<p>Millie: &#8221;Hej igen! T\u00e4nkte skicka en sista uppdatering om Karmas utveckling. Karma sover nu ALLTID i s\u00e4ngen och vaknar man till f\u00e5r man vara beredd f\u00f6r mys! Hon har \u00e4ven tr\u00e4ffat lite andra m\u00e4nniskor vilket g\u00e5tt l\u00e5ngt \u00f6ver f\u00f6rv\u00e4ntan, hon bjuder sj\u00e4lv in till klappar!! Hon har \u00e4ven tr\u00e4ffat en hund och det gick s\u00e5 pass bra att de b\u00e5da l\u00e5g i soffan i varsin \u00e4nde redan f\u00f6rsta g\u00e5ngen. Karmas&hellip;<\/p>\n<p><a class=\"more-link\" href=\"https:\/\/www.djurskyddet.se\/jamtland\/adoption\/att-adoptera\/katthalsningar-2020\/katthalsningar-2021\/\" title=\"Continue reading &lsquo;Katth\u00e4lsningar 2021&rsquo;\">L&auml;s mer<span class=\"meta-nav\">&raquo;<\/span><\/a><\/p>\n","protected":false},"author":15,"featured_media":0,"parent":7524,"menu_order":8,"comment_status":"closed","ping_status":"closed","template":"","meta":{"_acf_changed":false,"footnotes":""},"class_list":["post-9207","page","type-page","status-publish","hentry"],"acf":[],"_links":{"self":[{"href":"https:\/\/www.djurskyddet.se\/jamtland\/wp-json\/wp\/v2\/pages\/9207","targetHints":{"allow":["GET"]}}],"collection":[{"href":"https:\/\/www.djurskyddet.se\/jamtland\/wp-json\/wp\/v2\/pages"}],"about":[{"href":"https:\/\/www.djurskyddet.se\/jamtland\/wp-json\/wp\/v2\/types\/page"}],"author":[{"embeddable":true,"href":"https:\/\/www.djurskyddet.se\/jamtland\/wp-json\/wp\/v2\/users\/15"}],"replies":[{"embeddable":true,"href":"https:\/\/www.djurskyddet.se\/jamtland\/wp-json\/wp\/v2\/comments?post=9207"}],"version-history":[{"count":2,"href":"https:\/\/www.djurskyddet.se\/jamtland\/wp-json\/wp\/v2\/pages\/9207\/revisions"}],"predecessor-version":[{"id":12101,"href":"https:\/\/www.djurskyddet.se\/jamtland\/wp-json\/wp\/v2\/pages\/9207\/revisions\/12101"}],"up":[{"embeddable":true,"href":"https:\/\/www.djurskyddet.se\/jamtland\/wp-json\/wp\/v2\/pages\/7524"}],"wp:attachment":[{"href":"https:\/\/www.djurskyddet.se\/jamtland\/wp-json\/wp\/v2\/media?parent=9207"}],"curies":[{"name":"wp","href":"https:\/\/api.w.org\/{rel}","templated":true}]}}