{"id":5639,"date":"2019-09-30T13:09:18","date_gmt":"2019-09-30T13:09:18","guid":{"rendered":"https:\/\/www.djurskyddet.se\/kalmardjurhem\/?page_id=5639"},"modified":"2019-10-02T11:48:21","modified_gmt":"2019-10-02T11:48:21","slug":"minneslund","status":"publish","type":"page","link":"https:\/\/www.djurskyddet.se\/kalmardjurhem\/minneslund\/","title":{"rendered":"Minneslund"},"content":{"rendered":"\n<p><strong><em>V\u00e4lkomna\ntill v\u00e5r Minneslund !<\/em><\/strong><\/p>\n\n\n\n<p><em>Djurskyddet\ni Kalmar har en minneslund p\u00e5 Sk\u00e4lbyg\u00e5rd f\u00f6r s\u00e4llskapsdjur som \u00e4r avsedd f\u00f6r\nask urnor, d v s askan str\u00f6s under en gr\u00e4stuva. Det finns tv\u00e5 rabatter avsedda\nf\u00f6r vaser med snittblommor i, inga plastblommor eller leksaker f\u00e5r l\u00e4ggas i\nminneslunden, inte heller gr\u00e4va ner blommor. Personalen p\u00e5 djurhemmet har hand\nom urns\u00e4ttningen, man betalar en eng\u00e5ngs summa p\u00e5 400 kr, f\u00f6r mer information\nta kontakt med Camilla som jobbar p\u00e5 djurhemmet. Vill du s\u00e4tta snittblommor g\u00e5r\ndet bra att h\u00e4mta vas och vatten p\u00e5 djurhemmet.<\/em><\/p>\n\n\n\n<p><em>Minneslunden kan man bes\u00f6ka\nn\u00e4r man vill. En lugn och fridfull plats d\u00e4r man kan minnas och s\u00f6rja sin v\u00e4n.<\/em><\/p>\n\n\n\n<p><b><i><font><\/i><\/b><br><em><br> <em>\u00a0<\/em><\/em> <\/p>\n\n\n\n<p><em><br> <\/em> <\/p>\n\n\n\n<figure class=\"wp-block-image\"><img loading=\"lazy\" decoding=\"async\" width=\"500\" height=\"333\" src=\"https:\/\/www.djurskyddet.se\/kalmardjurhem\/wp-content\/uploads\/sites\/33\/2019\/10\/minbneslund-1.jpg\" alt=\"\" class=\"wp-image-5701\" srcset=\"https:\/\/www.djurskyddet.se\/kalmardjurhem\/wp-content\/uploads\/sites\/33\/2019\/10\/minbneslund-1.jpg 500w, https:\/\/www.djurskyddet.se\/kalmardjurhem\/wp-content\/uploads\/sites\/33\/2019\/10\/minbneslund-1-300x200.jpg 300w, https:\/\/www.djurskyddet.se\/kalmardjurhem\/wp-content\/uploads\/sites\/33\/2019\/10\/minbneslund-1-400x266.jpg 400w\" sizes=\"auto, (max-width: 500px) 100vw, 500px\" \/><\/figure>\n\n\n\n<figure class=\"wp-block-image\"><img loading=\"lazy\" decoding=\"async\" width=\"500\" height=\"333\" src=\"https:\/\/www.djurskyddet.se\/kalmardjurhem\/wp-content\/uploads\/sites\/33\/2019\/10\/minneslund-2.jpg\" alt=\"\" class=\"wp-image-5702\" srcset=\"https:\/\/www.djurskyddet.se\/kalmardjurhem\/wp-content\/uploads\/sites\/33\/2019\/10\/minneslund-2.jpg 500w, https:\/\/www.djurskyddet.se\/kalmardjurhem\/wp-content\/uploads\/sites\/33\/2019\/10\/minneslund-2-300x200.jpg 300w, https:\/\/www.djurskyddet.se\/kalmardjurhem\/wp-content\/uploads\/sites\/33\/2019\/10\/minneslund-2-400x266.jpg 400w\" sizes=\"auto, (max-width: 500px) 100vw, 500px\" \/><\/figure>\n","protected":false},"excerpt":{"rendered":"<p>V\u00e4lkomna till v\u00e5r Minneslund ! Djurskyddet i Kalmar har en minneslund p\u00e5 Sk\u00e4lbyg\u00e5rd f\u00f6r s\u00e4llskapsdjur som \u00e4r avsedd f\u00f6r ask urnor, d v s askan str\u00f6s under en gr\u00e4stuva. Det finns tv\u00e5 rabatter avsedda f\u00f6r vaser med snittblommor i, inga plastblommor eller leksaker f\u00e5r l\u00e4ggas i minneslunden, inte heller gr\u00e4va ner blommor. Personalen p\u00e5 djurhemmet har hand om urns\u00e4ttningen, man betalar en eng\u00e5ngs summa p\u00e5 400 kr, f\u00f6r mer information&hellip;<\/p>\n<p><a class=\"more-link\" href=\"https:\/\/www.djurskyddet.se\/kalmardjurhem\/minneslund\/\" title=\"Continue reading &lsquo;Minneslund&rsquo;\">L&auml;s mer<span class=\"meta-nav\">&raquo;<\/span><\/a><\/p>\n","protected":false},"author":29,"featured_media":0,"parent":0,"menu_order":0,"comment_status":"closed","ping_status":"closed","template":"","meta":{"_acf_changed":false,"footnotes":""},"class_list":["post-5639","page","type-page","status-publish","hentry"],"acf":[],"_links":{"self":[{"href":"https:\/\/www.djurskyddet.se\/kalmardjurhem\/wp-json\/wp\/v2\/pages\/5639","targetHints":{"allow":["GET"]}}],"collection":[{"href":"https:\/\/www.djurskyddet.se\/kalmardjurhem\/wp-json\/wp\/v2\/pages"}],"about":[{"href":"https:\/\/www.djurskyddet.se\/kalmardjurhem\/wp-json\/wp\/v2\/types\/page"}],"author":[{"embeddable":true,"href":"https:\/\/www.djurskyddet.se\/kalmardjurhem\/wp-json\/wp\/v2\/users\/29"}],"replies":[{"embeddable":true,"href":"https:\/\/www.djurskyddet.se\/kalmardjurhem\/wp-json\/wp\/v2\/comments?post=5639"}],"version-history":[{"count":6,"href":"https:\/\/www.djurskyddet.se\/kalmardjurhem\/wp-json\/wp\/v2\/pages\/5639\/revisions"}],"predecessor-version":[{"id":5704,"href":"https:\/\/www.djurskyddet.se\/kalmardjurhem\/wp-json\/wp\/v2\/pages\/5639\/revisions\/5704"}],"wp:attachment":[{"href":"https:\/\/www.djurskyddet.se\/kalmardjurhem\/wp-json\/wp\/v2\/media?parent=5639"}],"curies":[{"name":"wp","href":"https:\/\/api.w.org\/{rel}","templated":true}]}}