{"id":5604,"date":"2018-08-07T07:24:39","date_gmt":"2018-08-07T07:24:39","guid":{"rendered":"http:\/\/www.djurskyddet.se\/karlshamn\/?page_id=5604"},"modified":"2021-11-02T18:33:47","modified_gmt":"2021-11-02T18:33:47","slug":"solskenshistorier","status":"publish","type":"page","link":"https:\/\/www.djurskyddet.se\/karlshamn\/om-oss\/solskenshistorier\/","title":{"rendered":"Solskenshistorier"},"content":{"rendered":"\n<h4 class=\"wp-block-heading\">H\u00e4r kan du l\u00e4sa om en del av v\u00e5ra djur som blivit omplacerade!<\/h4>\n\n\n\n<ul class=\"wp-block-list\"><li><strong>2016<\/strong> var det endast en handfull som blev omplacerade.<\/li><li><strong>2019<\/strong> var det <em>50<\/em> katter som fick permanenta hem! <\/li><li><strong>2020<\/strong> var det <em>100 <\/em>katter som fick permanenta hem!<\/li><li><strong>2021<\/strong> har hittills <em>9<\/em> katter f\u00e5tt nya hem!<\/li><li>Vi har dessutom hj\u00e4lpt hantera andra djur s\u00e5som kaniner, hundar, h\u00e4star, andra sm\u00e5djur, och \u00e4ven en uggla!<\/li><\/ul>\n\n\n\n<div class=\"wp-block-image\"><figure class=\"aligncenter size-large is-resized\"><img loading=\"lazy\" decoding=\"async\" src=\"https:\/\/www.djurskyddet.se\/karlshamn\/wp-content\/uploads\/sites\/19\/2021\/10\/tosen_korg.jpg\" alt=\"\" class=\"wp-image-7563\" width=\"495\" height=\"371\" srcset=\"https:\/\/www.djurskyddet.se\/karlshamn\/wp-content\/uploads\/sites\/19\/2021\/10\/tosen_korg.jpg 912w, https:\/\/www.djurskyddet.se\/karlshamn\/wp-content\/uploads\/sites\/19\/2021\/10\/tosen_korg-300x225.jpg 300w, https:\/\/www.djurskyddet.se\/karlshamn\/wp-content\/uploads\/sites\/19\/2021\/10\/tosen_korg-768x576.jpg 768w, https:\/\/www.djurskyddet.se\/karlshamn\/wp-content\/uploads\/sites\/19\/2021\/10\/tosen_korg-400x300.jpg 400w\" sizes=\"auto, (max-width: 495px) 100vw, 495px\" \/><figcaption><strong>T\u00f6sen, mamma till Sune &amp; Berit fick ett hem den 2 november!<br>Vaccinerad, chippad och kastrerad vid leverans.<\/strong><\/figcaption><\/figure><\/div>\n\n\n\n<div class=\"wp-block-image\"><figure class=\"aligncenter size-large\"><img loading=\"lazy\" decoding=\"async\" width=\"498\" height=\"664\" src=\"https:\/\/www.djurskyddet.se\/karlshamn\/wp-content\/uploads\/sites\/19\/2021\/11\/eliza_svarta-edited.jpg\" alt=\"\" class=\"wp-image-7625\" srcset=\"https:\/\/www.djurskyddet.se\/karlshamn\/wp-content\/uploads\/sites\/19\/2021\/11\/eliza_svarta-edited.jpg 498w, https:\/\/www.djurskyddet.se\/karlshamn\/wp-content\/uploads\/sites\/19\/2021\/11\/eliza_svarta-edited-225x300.jpg 225w, https:\/\/www.djurskyddet.se\/karlshamn\/wp-content\/uploads\/sites\/19\/2021\/11\/eliza_svarta-edited-400x533.jpg 400w\" sizes=\"auto, (max-width: 498px) 100vw, 498px\" \/><figcaption><strong>Eliza (den svart\/vita) fick ett eget hem!<br>Funnen ensam tog Djurskyddet in henne<br> tills hon var redo f\u00f6r att flytta.<\/strong><\/figcaption><\/figure><\/div>\n\n\n\n<div class=\"wp-block-image\"><figure class=\"aligncenter size-large is-resized\"><img loading=\"lazy\" decoding=\"async\" src=\"https:\/\/www.djurskyddet.se\/karlshamn\/wp-content\/uploads\/sites\/19\/2021\/11\/sune_berit.jpg\" alt=\"\" class=\"wp-image-7623\" width=\"507\" height=\"677\" srcset=\"https:\/\/www.djurskyddet.se\/karlshamn\/wp-content\/uploads\/sites\/19\/2021\/11\/sune_berit.jpg 767w, https:\/\/www.djurskyddet.se\/karlshamn\/wp-content\/uploads\/sites\/19\/2021\/11\/sune_berit-225x300.jpg 225w, https:\/\/www.djurskyddet.se\/karlshamn\/wp-content\/uploads\/sites\/19\/2021\/11\/sune_berit-400x534.jpg 400w\" sizes=\"auto, (max-width: 507px) 100vw, 507px\" \/><figcaption><strong>Syskonen Sune och Berit fick vars ett hem!<br>Minst 12 veckor gamla, vaccinerade och chippade.<\/strong><\/figcaption><\/figure><\/div>\n\n\n\n<div class=\"wp-block-image\"><figure class=\"aligncenter size-large is-resized\"><img loading=\"lazy\" decoding=\"async\" src=\"https:\/\/www.djurskyddet.se\/karlshamn\/wp-content\/uploads\/sites\/19\/2021\/11\/markus_9_sept.jpg\" alt=\"\" class=\"wp-image-7622\" width=\"507\" height=\"380\" srcset=\"https:\/\/www.djurskyddet.se\/karlshamn\/wp-content\/uploads\/sites\/19\/2021\/11\/markus_9_sept.jpg 1024w, https:\/\/www.djurskyddet.se\/karlshamn\/wp-content\/uploads\/sites\/19\/2021\/11\/markus_9_sept-300x225.jpg 300w, https:\/\/www.djurskyddet.se\/karlshamn\/wp-content\/uploads\/sites\/19\/2021\/11\/markus_9_sept-768x576.jpg 768w, https:\/\/www.djurskyddet.se\/karlshamn\/wp-content\/uploads\/sites\/19\/2021\/11\/markus_9_sept-400x300.jpg 400w\" sizes=\"auto, (max-width: 507px) 100vw, 507px\" \/><figcaption><strong>Markus fick nytt hem den 9 september!<\/strong><\/figcaption><\/figure><\/div>\n\n\n\n<div class=\"wp-block-media-text alignwide has-media-on-the-right is-stacked-on-mobile\"><figure class=\"wp-block-media-text__media\"><video controls src=\"https:\/\/www.djurskyddet.se\/karlshamn\/wp-content\/uploads\/sites\/19\/2021\/11\/hazel_hem17juni.mp4\"><\/video><\/figure><div class=\"wp-block-media-text__content\">\n<p class=\"has-large-font-size\">Hazel fick sitt nya hem den 17 juni!<\/p>\n<\/div><\/div>\n\n\n\n<div class=\"wp-block-image\"><figure class=\"aligncenter size-large is-resized\"><img loading=\"lazy\" decoding=\"async\" src=\"https:\/\/www.djurskyddet.se\/karlshamn\/wp-content\/uploads\/sites\/19\/2021\/05\/dustin-1.png\" alt=\"\" class=\"wp-image-7464\" width=\"379\" height=\"394\" srcset=\"https:\/\/www.djurskyddet.se\/karlshamn\/wp-content\/uploads\/sites\/19\/2021\/05\/dustin-1.png 452w, https:\/\/www.djurskyddet.se\/karlshamn\/wp-content\/uploads\/sites\/19\/2021\/05\/dustin-1-289x300.png 289w, https:\/\/www.djurskyddet.se\/karlshamn\/wp-content\/uploads\/sites\/19\/2021\/05\/dustin-1-400x416.png 400w\" sizes=\"auto, (max-width: 379px) 100vw, 379px\" \/><figcaption><strong>Dustin, maj 2021.<\/strong><br>St\u00e5tlig herre p\u00e5 2\u00e5r, kastrerad och chippad. <br>Fick ett nytt hem genom Djurskyddet, <br>samt medverkade i Sparbanken i Karlshamns video!<br><a href=\"https:\/\/www.facebook.com\/sparbankenikarlshamn\/videos\/168046041905424\" target=\"_blank\" rel=\"noreferrer noopener\">https:\/\/www.facebook.com\/sparbankenikarlshamn\/videos\/168046041905424<\/a><\/figcaption><\/figure><\/div>\n\n\n\n<div class=\"wp-block-image\"><figure class=\"aligncenter size-large is-resized\"><img decoding=\"async\" src=\"https:\/\/www.djurskyddet.se\/karlshamn\/wp-content\/uploads\/sites\/19\/2021\/05\/esther-1-edited.jpg\" alt=\"\" class=\"wp-image-7463\" width=\"379\" srcset=\"https:\/\/www.djurskyddet.se\/karlshamn\/wp-content\/uploads\/sites\/19\/2021\/05\/esther-1-edited.jpg 519w, https:\/\/www.djurskyddet.se\/karlshamn\/wp-content\/uploads\/sites\/19\/2021\/05\/esther-1-edited-300x300.jpg 300w, https:\/\/www.djurskyddet.se\/karlshamn\/wp-content\/uploads\/sites\/19\/2021\/05\/esther-1-edited-150x150.jpg 150w, https:\/\/www.djurskyddet.se\/karlshamn\/wp-content\/uploads\/sites\/19\/2021\/05\/esther-1-edited-400x400.jpg 400w\" sizes=\"(max-width: 519px) 100vw, 519px\" \/><figcaption><strong>Esther, maj 2021.<\/strong><br>S\u00f6ta 2\u00e5riga Esther som var b\u00e5de chippad, kastrerad och vaccinerad, fick ett hem genom Djurskyddet.<\/figcaption><\/figure><\/div>\n\n\n\n<div class=\"wp-block-image\"><figure class=\"aligncenter size-large is-resized\"><img loading=\"lazy\" decoding=\"async\" src=\"https:\/\/www.djurskyddet.se\/karlshamn\/wp-content\/uploads\/sites\/19\/2021\/05\/ottilia_2pic.jpg\" alt=\"\" class=\"wp-image-7461\" width=\"403\" height=\"348\" srcset=\"https:\/\/www.djurskyddet.se\/karlshamn\/wp-content\/uploads\/sites\/19\/2021\/05\/ottilia_2pic.jpg 1024w, https:\/\/www.djurskyddet.se\/karlshamn\/wp-content\/uploads\/sites\/19\/2021\/05\/ottilia_2pic-300x260.jpg 300w, https:\/\/www.djurskyddet.se\/karlshamn\/wp-content\/uploads\/sites\/19\/2021\/05\/ottilia_2pic-768x665.jpg 768w, https:\/\/www.djurskyddet.se\/karlshamn\/wp-content\/uploads\/sites\/19\/2021\/05\/ottilia_2pic-400x346.jpg 400w\" sizes=\"auto, (max-width: 403px) 100vw, 403px\" \/><figcaption><strong>Ottilia, februari 2021.<\/strong><br>Till h\u00f6ger ligger Ottilia i sitt nya hem och myser!<\/figcaption><\/figure><\/div>\n\n\n\n<figure class=\"wp-block-video aligncenter\"><video controls src=\"https:\/\/www.djurskyddet.se\/karlshamn\/wp-content\/uploads\/sites\/19\/2021\/05\/betty_boop.mp4\"><\/video><figcaption><strong>Betty Boop, 2020.<\/strong><br>Ensamma lilla Betty fick hj\u00e4lp att bli b\u00e4ttre i magen,<br>och har idag ett fint hem i Karlskrona!<\/figcaption><\/figure>\n\n\n\n<div class=\"wp-block-image\"><figure class=\"aligncenter size-large is-resized\"><img loading=\"lazy\" decoding=\"async\" src=\"https:\/\/www.djurskyddet.se\/karlshamn\/wp-content\/uploads\/sites\/19\/2021\/05\/pigall_lo.jpg\" alt=\"\" class=\"wp-image-7460\" width=\"376\" height=\"500\" srcset=\"https:\/\/www.djurskyddet.se\/karlshamn\/wp-content\/uploads\/sites\/19\/2021\/05\/pigall_lo.jpg 770w, https:\/\/www.djurskyddet.se\/karlshamn\/wp-content\/uploads\/sites\/19\/2021\/05\/pigall_lo-226x300.jpg 226w, https:\/\/www.djurskyddet.se\/karlshamn\/wp-content\/uploads\/sites\/19\/2021\/05\/pigall_lo-768x1021.jpg 768w, https:\/\/www.djurskyddet.se\/karlshamn\/wp-content\/uploads\/sites\/19\/2021\/05\/pigall_lo-400x532.jpg 400w\" sizes=\"auto, (max-width: 376px) 100vw, 376px\" \/><figcaption><strong>Liliey &#8211; fd Pigall (v\u00e4nstra katten), vintern 2020.<\/strong><br>F\u00f6dd vild, f\u00f6r att sedan trivas i sitt nya hem<br> med kattkompisen Lo!<br>Liliey var \u00e4ven med n\u00e4r SVT intervjuade Djurskyddet <br>ang\u00e5ende rekord\u00e5ret 2020!<br><a href=\"https:\/\/www.svt.se\/nyheter\/lokalt\/blekinge\/djurskyddets-rekordar-raddat-100-katter\" target=\"_blank\" rel=\"noreferrer noopener\">https:\/\/www.svt.se\/nyheter\/lokalt\/blekinge\/djurskyddets-rekordar-raddat-100-katter<\/a><\/figcaption><\/figure><\/div>\n\n\n\n<div class=\"wp-block-image\"><figure class=\"aligncenter size-large is-resized\"><img decoding=\"async\" src=\"https:\/\/www.djurskyddet.se\/karlshamn\/wp-content\/uploads\/sites\/19\/2021\/05\/japp-edited.jpg\" alt=\"\" class=\"wp-image-7459\" width=\"378\" srcset=\"https:\/\/www.djurskyddet.se\/karlshamn\/wp-content\/uploads\/sites\/19\/2021\/05\/japp-edited.jpg 569w, https:\/\/www.djurskyddet.se\/karlshamn\/wp-content\/uploads\/sites\/19\/2021\/05\/japp-edited-300x300.jpg 300w, https:\/\/www.djurskyddet.se\/karlshamn\/wp-content\/uploads\/sites\/19\/2021\/05\/japp-edited-150x150.jpg 150w, https:\/\/www.djurskyddet.se\/karlshamn\/wp-content\/uploads\/sites\/19\/2021\/05\/japp-edited-400x400.jpg 400w\" sizes=\"(max-width: 569px) 100vw, 569px\" \/><figcaption><strong>Reo &#8211; fd Japp, vintern 2020.<\/strong><br>F\u00f6dd vild med sina syskon. Reo blev chippad genom Djurskyddet och fick senare sitt egna hem i Karlskrona.<br>&#8221;G\u00f6mde sig bakom soffan i b\u00f6rjan i nya hemmet, men springer numera och leker!&#8221; Rapporterar \u00e4garen glatt.<\/figcaption><\/figure><\/div>\n\n\n\n<div class=\"wp-block-image\"><figure class=\"aligncenter size-large\"><img loading=\"lazy\" decoding=\"async\" width=\"373\" height=\"280\" src=\"https:\/\/www.djurskyddet.se\/karlshamn\/wp-content\/uploads\/sites\/19\/2021\/05\/pysen.jpg\" alt=\"\" class=\"wp-image-7457\" srcset=\"https:\/\/www.djurskyddet.se\/karlshamn\/wp-content\/uploads\/sites\/19\/2021\/05\/pysen.jpg 373w, https:\/\/www.djurskyddet.se\/karlshamn\/wp-content\/uploads\/sites\/19\/2021\/05\/pysen-300x225.jpg 300w\" sizes=\"auto, (max-width: 373px) 100vw, 373px\" \/><figcaption><strong>Leo &#8211; fd Pysen, vintern 2020.<\/strong><br>F\u00f6dd vild med sina syskon, fick en andra chans genom Djurskyddet. Leo blev chippad f\u00f6r att senare f\u00e5 ett eget hem d\u00e4r han idag leker med husets andra djur Hugo!<\/figcaption><\/figure><\/div>\n\n\n\n<div class=\"wp-block-image\"><figure class=\"aligncenter is-resized\"><img loading=\"lazy\" decoding=\"async\" src=\"https:\/\/www.djurskyddet.se\/karlshamn\/wp-content\/uploads\/sites\/19\/2020\/09\/teckna3-1024x1000.jpg\" alt=\"\" class=\"wp-image-6984\" width=\"364\" height=\"355\" srcset=\"https:\/\/www.djurskyddet.se\/karlshamn\/wp-content\/uploads\/sites\/19\/2020\/09\/teckna3.jpg 1024w, https:\/\/www.djurskyddet.se\/karlshamn\/wp-content\/uploads\/sites\/19\/2020\/09\/teckna3-300x293.jpg 300w, https:\/\/www.djurskyddet.se\/karlshamn\/wp-content\/uploads\/sites\/19\/2020\/09\/teckna3-768x750.jpg 768w, https:\/\/www.djurskyddet.se\/karlshamn\/wp-content\/uploads\/sites\/19\/2020\/09\/teckna3-400x391.jpg 400w\" sizes=\"auto, (max-width: 364px) 100vw, 364px\" \/><figcaption><strong>2020 Sten<\/strong><br>Sten var hittad, precis under en sten, ensam <br>och p\u00e5hackad av f\u00e5glar.<br>Ingen mamma eller syskon i n\u00e4rheten. <br>Sten var runt 3 veckor n\u00e4r han hittades. <br>F\u00f6rstoppning som f\u00f6rhindrade matlust, <br>men en nyfikenhet och vilja att leva var stor! <br><strong>Video om Sten finns att se h\u00e4r:<\/strong><br><a rel=\"noreferrer noopener\" aria-label=\"Djurskyddet Karlshamn Youtube (\u00f6ppnas i en ny flik)\" href=\"https:\/\/www.youtube.com\/watch?v=3o-WiDRgzcQ&amp;ab_channel=DjurskyddetKarlshamn\" target=\"_blank\">Djurskyddet Karlshamn Youtube<\/a><\/figcaption><\/figure><\/div>\n\n\n\n<p class=\"has-text-align-center\"><br><a aria-label=\"\ufffc (\u00f6ppnas i en ny flik)\" href=\"https:\/\/www.djurskyddet.se\/karlshamn\/wp-content\/uploads\/sites\/19\/2020\/08\/fanta_quinni_zingo_jaffa_pepsi_kola.jpg\" target=\"_blank\" rel=\"noreferrer noopener\"><img loading=\"lazy\" decoding=\"async\" width=\"768\" height=\"1024\" class=\"wp-image-6905\" style=\"width: 200px\" src=\"https:\/\/www.djurskyddet.se\/karlshamn\/wp-content\/uploads\/sites\/19\/2020\/08\/fanta_quinni_zingo_jaffa_pepsi_kola.jpg\" alt=\"\" srcset=\"https:\/\/www.djurskyddet.se\/karlshamn\/wp-content\/uploads\/sites\/19\/2020\/08\/fanta_quinni_zingo_jaffa_pepsi_kola.jpg 768w, https:\/\/www.djurskyddet.se\/karlshamn\/wp-content\/uploads\/sites\/19\/2020\/08\/fanta_quinni_zingo_jaffa_pepsi_kola-225x300.jpg 225w, https:\/\/www.djurskyddet.se\/karlshamn\/wp-content\/uploads\/sites\/19\/2020\/08\/fanta_quinni_zingo_jaffa_pepsi_kola-400x533.jpg 400w\" sizes=\"auto, (max-width: 768px) 100vw, 768px\" \/><\/a><a aria-label=\"\ufffc (\u00f6ppnas i en ny flik)\" rel=\"noreferrer noopener\" href=\"https:\/\/www.djurskyddet.se\/karlshamn\/wp-content\/uploads\/sites\/19\/2020\/08\/jaffa.jpg\" target=\"_blank\"><img loading=\"lazy\" decoding=\"async\" width=\"1024\" height=\"576\" class=\"wp-image-6903\" style=\"width: 350px\" src=\"https:\/\/www.djurskyddet.se\/karlshamn\/wp-content\/uploads\/sites\/19\/2020\/08\/jaffa.jpg\" alt=\"\" srcset=\"https:\/\/www.djurskyddet.se\/karlshamn\/wp-content\/uploads\/sites\/19\/2020\/08\/jaffa.jpg 1024w, https:\/\/www.djurskyddet.se\/karlshamn\/wp-content\/uploads\/sites\/19\/2020\/08\/jaffa-300x169.jpg 300w, https:\/\/www.djurskyddet.se\/karlshamn\/wp-content\/uploads\/sites\/19\/2020\/08\/jaffa-768x432.jpg 768w, https:\/\/www.djurskyddet.se\/karlshamn\/wp-content\/uploads\/sites\/19\/2020\/08\/jaffa-400x225.jpg 400w\" sizes=\"auto, (max-width: 1024px) 100vw, 1024px\" \/><\/a><br><strong>2020<\/strong><br>Jaffa kom med sin kattunge Kola till djurskyddet. <br> Tre moderl\u00f6sa kattungar: pepsi, zingo och fanta blev adopterade av Jaffa.<br> N\u00e4r Jaffa introducerades inf\u00f6r Quinni, en annan unge, <br>(fr\u00e5n Idas kull), accepterade hon \u00e4ven henne!<br> Hemmets katt Bella kom ocks\u00e5 \u00f6verens med Jaffa, s\u00e5 st\u00f6dhemmet valde att beh\u00e5lla Jaffa. <br>Jaffa har dessutom varit en sn\u00e4ll katt,<br> och hj\u00e4lpt nykomlingen Svarta Sara i st\u00f6dhemmet att finna sig till r\u00e4tta.<br><\/p>\n\n\n\n<div class=\"wp-block-image\"><figure class=\"aligncenter is-resized\"><img loading=\"lazy\" decoding=\"async\" src=\"https:\/\/www.djurskyddet.se\/karlshamn\/wp-content\/uploads\/sites\/19\/2020\/08\/lotta_grot-768x1024.jpg\" alt=\"\" class=\"wp-image-6850\" width=\"281\" height=\"375\" srcset=\"https:\/\/www.djurskyddet.se\/karlshamn\/wp-content\/uploads\/sites\/19\/2020\/08\/lotta_grot.jpg 768w, https:\/\/www.djurskyddet.se\/karlshamn\/wp-content\/uploads\/sites\/19\/2020\/08\/lotta_grot-225x300.jpg 225w, https:\/\/www.djurskyddet.se\/karlshamn\/wp-content\/uploads\/sites\/19\/2020\/08\/lotta_grot-400x533.jpg 400w\" sizes=\"auto, (max-width: 281px) 100vw, 281px\" \/><figcaption><strong>2020<\/strong><br>Busiga Lotta, som h\u00e4r planerar <br>hur hon ska f\u00e5 gr\u00f6t,<br>fick ett f\u00f6r alltid hem p\u00e5 landet hos en barnfamilj!<\/figcaption><\/figure><\/div>\n\n\n\n<div class=\"wp-block-image\"><figure class=\"aligncenter is-resized\"><img loading=\"lazy\" decoding=\"async\" src=\"https:\/\/www.djurskyddet.se\/karlshamn\/wp-content\/uploads\/sites\/19\/2020\/06\/ida_mamma_ensam.jpg\" alt=\"\" class=\"wp-image-6765\" width=\"277\" height=\"518\" srcset=\"https:\/\/www.djurskyddet.se\/karlshamn\/wp-content\/uploads\/sites\/19\/2020\/06\/ida_mamma_ensam.jpg 513w, https:\/\/www.djurskyddet.se\/karlshamn\/wp-content\/uploads\/sites\/19\/2020\/06\/ida_mamma_ensam-160x300.jpg 160w, https:\/\/www.djurskyddet.se\/karlshamn\/wp-content\/uploads\/sites\/19\/2020\/06\/ida_mamma_ensam-400x749.jpg 400w\" sizes=\"auto, (max-width: 277px) 100vw, 277px\" \/><figcaption><strong>2020<\/strong><br>Mamma Ida, som var en j\u00e4ttebra mamma, fick \u00e4ntligen ett f\u00f6r alltid hem!<\/figcaption><\/figure><\/div>\n\n\n\n<div class=\"wp-block-image\"><figure class=\"aligncenter is-resized\"><img loading=\"lazy\" decoding=\"async\" src=\"https:\/\/www.djurskyddet.se\/karlshamn\/wp-content\/uploads\/sites\/19\/2020\/08\/pajas-768x1024.jpg\" alt=\"\" class=\"wp-image-6841\" width=\"339\" height=\"452\" srcset=\"https:\/\/www.djurskyddet.se\/karlshamn\/wp-content\/uploads\/sites\/19\/2020\/08\/pajas.jpg 768w, https:\/\/www.djurskyddet.se\/karlshamn\/wp-content\/uploads\/sites\/19\/2020\/08\/pajas-225x300.jpg 225w, https:\/\/www.djurskyddet.se\/karlshamn\/wp-content\/uploads\/sites\/19\/2020\/08\/pajas-400x533.jpg 400w\" sizes=\"auto, (max-width: 339px) 100vw, 339px\" \/><figcaption><strong>2020<\/strong><br>Pajas fick ett eget hem.<\/figcaption><\/figure><\/div>\n\n\n\n<div class=\"wp-block-image\"><figure class=\"aligncenter is-resized\"><img loading=\"lazy\" decoding=\"async\" src=\"https:\/\/www.djurskyddet.se\/karlshamn\/wp-content\/uploads\/sites\/19\/2020\/08\/bagheera-768x1024.jpg\" alt=\"\" class=\"wp-image-6835\" width=\"339\" height=\"452\" srcset=\"https:\/\/www.djurskyddet.se\/karlshamn\/wp-content\/uploads\/sites\/19\/2020\/08\/bagheera.jpg 768w, https:\/\/www.djurskyddet.se\/karlshamn\/wp-content\/uploads\/sites\/19\/2020\/08\/bagheera-225x300.jpg 225w, https:\/\/www.djurskyddet.se\/karlshamn\/wp-content\/uploads\/sites\/19\/2020\/08\/bagheera-400x533.jpg 400w\" sizes=\"auto, (max-width: 339px) 100vw, 339px\" \/><figcaption><strong>2020<\/strong><br>Bagheera fick nytt hem.<\/figcaption><\/figure><\/div>\n\n\n\n<div class=\"wp-block-image\"><figure class=\"aligncenter is-resized\"><img loading=\"lazy\" decoding=\"async\" src=\"https:\/\/www.djurskyddet.se\/karlshamn\/wp-content\/uploads\/sites\/19\/2020\/03\/musen-1024x768.jpg\" alt=\"\" class=\"wp-image-6558\" width=\"525\" height=\"394\" srcset=\"https:\/\/www.djurskyddet.se\/karlshamn\/wp-content\/uploads\/sites\/19\/2020\/03\/musen.jpg 1024w, https:\/\/www.djurskyddet.se\/karlshamn\/wp-content\/uploads\/sites\/19\/2020\/03\/musen-300x225.jpg 300w, https:\/\/www.djurskyddet.se\/karlshamn\/wp-content\/uploads\/sites\/19\/2020\/03\/musen-768x576.jpg 768w, https:\/\/www.djurskyddet.se\/karlshamn\/wp-content\/uploads\/sites\/19\/2020\/03\/musen-400x300.jpg 400w\" sizes=\"auto, (max-width: 525px) 100vw, 525px\" \/><figcaption><strong>2020<\/strong><br>Den s\u00e5 kallade &#8221;Musen&#8221; har blivit adopterad! <br> Det blev en kort solskenshistoria denna g\u00e5ngen.<br> Musen hade stora f\u00e4stingar, l\u00f6ss och dessutom torkade bandmaskar i rumpan.<br> N\u00e4r veterin\u00e4ren fr\u00e5gade vad som skulle bli av med honom och det f\u00f6rklarades att det skulle f\u00f6rs\u00f6kas hitta st\u00f6dhem f\u00f6r att sedan leta ett f\u00f6r-alltid-hem, sade denne &#8221;Men jag kan adoptera honom!&#8221;.<\/figcaption><\/figure><\/div>\n\n\n\n<div class=\"wp-block-image\"><figure class=\"aligncenter is-resized\"><img loading=\"lazy\" decoding=\"async\" src=\"https:\/\/www.djurskyddet.se\/karlshamn\/wp-content\/uploads\/sites\/19\/2020\/03\/stellacollage.jpg\" alt=\"\" class=\"wp-image-6556\" width=\"466\" height=\"303\" srcset=\"https:\/\/www.djurskyddet.se\/karlshamn\/wp-content\/uploads\/sites\/19\/2020\/03\/stellacollage.jpg 804w, https:\/\/www.djurskyddet.se\/karlshamn\/wp-content\/uploads\/sites\/19\/2020\/03\/stellacollage-300x196.jpg 300w, https:\/\/www.djurskyddet.se\/karlshamn\/wp-content\/uploads\/sites\/19\/2020\/03\/stellacollage-768x501.jpg 768w, https:\/\/www.djurskyddet.se\/karlshamn\/wp-content\/uploads\/sites\/19\/2020\/03\/stellacollage-400x261.jpg 400w\" sizes=\"auto, (max-width: 466px) 100vw, 466px\" \/><figcaption><strong>2020<\/strong><br>22 Februari kontaktades Djurskyddet ang\u00e5ende en semi-l\u00e5ngh\u00e5rig hona <br>som beh\u00f6vde nytt hem, eller som skulle s\u00f6vas. <br> Stella var undern\u00e4rd, aldrig bes\u00f6kt veterin\u00e4r och hade varit dr\u00e4ktig en g\u00e5ng.<br> Hemveterin\u00e4ren Lena konstaterade att Stella var undern\u00e4rd, och hade \u00e4ven skabb i \u00f6ronen, och f\u00f6rmodligen aldrig f\u00e5tt klorna klippta. <br>Lena rekommenderade v\u00e4tskeers\u00e4ttning och &#8221;tv\u00e5ngsmatning&#8221; f\u00f6r att f\u00e5 ig\u00e5ng aptiten. <br> Maten var blandad med v\u00e4tskeers\u00e4ttning s\u00e5 v\u00e4l att den var flytande<br> och efter 5 omg\u00e5ngar v\u00e4nde aptiten!<br> Stella blev adopterad av en kvinna i 65-\u00e5rs \u00e5ldern <br>och fick forts\u00e4tta med kattungemat ett tag f\u00f6r att f\u00e5 upp vikten.<\/figcaption><\/figure><\/div>\n\n\n\n<div class=\"wp-block-image\"><figure class=\"aligncenter is-resized\"><img loading=\"lazy\" decoding=\"async\" src=\"https:\/\/www.djurskyddet.se\/karlshamn\/wp-content\/uploads\/sites\/19\/2020\/02\/ginettaariellotus.jpg\" alt=\"\" class=\"wp-image-6410\" width=\"442\" height=\"330\" srcset=\"https:\/\/www.djurskyddet.se\/karlshamn\/wp-content\/uploads\/sites\/19\/2020\/02\/ginettaariellotus.jpg 758w, https:\/\/www.djurskyddet.se\/karlshamn\/wp-content\/uploads\/sites\/19\/2020\/02\/ginettaariellotus-300x224.jpg 300w, https:\/\/www.djurskyddet.se\/karlshamn\/wp-content\/uploads\/sites\/19\/2020\/02\/ginettaariellotus-400x298.jpg 400w\" sizes=\"auto, (max-width: 442px) 100vw, 442px\" \/><figcaption><strong>2019<\/strong><br>Ritas k\u00e4llingar Ginetta, Ariel och Lotus.<br>St\u00f6dhemmet adopterade Ginetta, och s\u00e4rbon till jourhemmet adopterade Ariel. <br>Lotus fick sitt egna hem strax innan jul! <\/figcaption><\/figure><\/div>\n\n\n\n<div class=\"wp-block-image\"><figure class=\"aligncenter is-resized\"><img loading=\"lazy\" decoding=\"async\" src=\"https:\/\/www.djurskyddet.se\/karlshamn\/wp-content\/uploads\/sites\/19\/2020\/02\/rita.jpg\" alt=\"\" class=\"wp-image-6406\" width=\"343\" height=\"370\" srcset=\"https:\/\/www.djurskyddet.se\/karlshamn\/wp-content\/uploads\/sites\/19\/2020\/02\/rita.jpg 554w, https:\/\/www.djurskyddet.se\/karlshamn\/wp-content\/uploads\/sites\/19\/2020\/02\/rita-278x300.jpg 278w, https:\/\/www.djurskyddet.se\/karlshamn\/wp-content\/uploads\/sites\/19\/2020\/02\/rita-400x432.jpg 400w\" sizes=\"auto, (max-width: 343px) 100vw, 343px\" \/><figcaption><strong>2019 September<\/strong><br> Rita, en vuxen hona p\u00e5 ca 2 \u00e5r, <br>hittades av en barnfamilj i Karlshamn.<br>Efter Rita f\u00f6tt sina 3 k\u00e4llingar konstaterades det <br>att Rita hade juverinflammation, <br>och fick g\u00e5 p\u00e5 medicin tills hon blev \u00e5terst\u00e4lld.<br>Rita omplacerades 2 g\u00e5nger innan hon fann sitt f\u00f6r alltid hem, hos Hemveterin\u00e4ren Lenas granne av allla! <\/figcaption><\/figure><\/div>\n\n\n\n<div class=\"wp-block-image\"><figure class=\"aligncenter is-resized\"><img loading=\"lazy\" decoding=\"async\" src=\"https:\/\/www.djurskyddet.se\/karlshamn\/wp-content\/uploads\/sites\/19\/2019\/05\/nala.jpg\" alt=\"\" class=\"wp-image-5955\" width=\"410\" height=\"349\" srcset=\"https:\/\/www.djurskyddet.se\/karlshamn\/wp-content\/uploads\/sites\/19\/2019\/05\/nala.jpg 816w, https:\/\/www.djurskyddet.se\/karlshamn\/wp-content\/uploads\/sites\/19\/2019\/05\/nala-300x256.jpg 300w, https:\/\/www.djurskyddet.se\/karlshamn\/wp-content\/uploads\/sites\/19\/2019\/05\/nala-768x655.jpg 768w, https:\/\/www.djurskyddet.se\/karlshamn\/wp-content\/uploads\/sites\/19\/2019\/05\/nala-400x341.jpg 400w\" sizes=\"auto, (max-width: 410px) 100vw, 410px\" \/><figcaption><strong>2019<\/strong><br>Gamla tiken Nala, som beh\u00f6ver en del medicinsk v\u00e5rd, har hamnat hos en underbar tjej\/familj i Karlshamn.<\/figcaption><\/figure><\/div>\n\n\n\n<div class=\"wp-block-image\"><figure class=\"aligncenter is-resized\"><img loading=\"lazy\" decoding=\"async\" src=\"https:\/\/www.djurskyddet.se\/karlshamn\/wp-content\/uploads\/sites\/19\/2020\/02\/kurrebusan-1024x768.jpg\" alt=\"\" class=\"wp-image-6362\" width=\"467\" height=\"350\" srcset=\"https:\/\/www.djurskyddet.se\/karlshamn\/wp-content\/uploads\/sites\/19\/2020\/02\/kurrebusan.jpg 1024w, https:\/\/www.djurskyddet.se\/karlshamn\/wp-content\/uploads\/sites\/19\/2020\/02\/kurrebusan-300x225.jpg 300w, https:\/\/www.djurskyddet.se\/karlshamn\/wp-content\/uploads\/sites\/19\/2020\/02\/kurrebusan-768x576.jpg 768w, https:\/\/www.djurskyddet.se\/karlshamn\/wp-content\/uploads\/sites\/19\/2020\/02\/kurrebusan-400x300.jpg 400w\" sizes=\"auto, (max-width: 467px) 100vw, 467px\" \/><figcaption><strong>2019<br>E<\/strong>n dag i slutet av <strong>juli<\/strong> kontaktades Djurskyddet Karlshamn av en kvinna som hade hittat en mager och utsvulten katt med en b\u00f6ld ovanf\u00f6r h\u00f6gra \u00f6gat.  <br> Katten blev skr\u00e4md n\u00e4r han skulle ut fr\u00e5n transportburen och f\u00f6rsvann ut i gatan. <br>Det gick 2 m\u00e5nader innan katten \u00e5terfanns, detta var 1,5 kilometer fr\u00e5n var katten f\u00f6rsvann. Den d\u00f6ptes till Guz (Polska och betyder bula).<br>Han blev unders\u00f6kt, vaccinerad, chippad, kastrerad<br> och b\u00f6lden opererades bort innan han fick sitt nya hem.<br>Hundarna i det nya hemmet accepterade nykomlingen direkt, men <br>Kurre och hemmets egna katt, Busan, hade mycket sv\u00e5rt att komma \u00f6verens i b\u00f6rjan.<br>Busan hade varit ensamkatt hela sitt liv och var r\u00e4dd f\u00f6r honom. <br>P\u00e5 bilden \u00e4r det f\u00f6rsta g\u00e5ngen Kurre och Busan kunde sova bredvid varandra! <\/figcaption><\/figure><\/div>\n\n\n\n<div class=\"wp-block-image\"><figure class=\"aligncenter is-resized\"><img loading=\"lazy\" decoding=\"async\" src=\"https:\/\/www.djurskyddet.se\/karlshamn\/wp-content\/uploads\/sites\/19\/2020\/02\/helge2.jpg\" alt=\"\" class=\"wp-image-6398\" width=\"298\" height=\"533\" srcset=\"https:\/\/www.djurskyddet.se\/karlshamn\/wp-content\/uploads\/sites\/19\/2020\/02\/helge2.jpg 536w, https:\/\/www.djurskyddet.se\/karlshamn\/wp-content\/uploads\/sites\/19\/2020\/02\/helge2-168x300.jpg 168w, https:\/\/www.djurskyddet.se\/karlshamn\/wp-content\/uploads\/sites\/19\/2020\/02\/helge2-400x716.jpg 400w\" sizes=\"auto, (max-width: 298px) 100vw, 298px\" \/><figcaption><strong>2019<\/strong><br>Ugglan Helge fick hj\u00e4lp genom Djurskyddet.<\/figcaption><\/figure><\/div>\n\n\n\n<div class=\"wp-block-image\"><figure class=\"aligncenter is-resized\"><img loading=\"lazy\" decoding=\"async\" src=\"https:\/\/www.djurskyddet.se\/karlshamn\/wp-content\/uploads\/sites\/19\/2020\/02\/vegajadenmorris.jpg\" alt=\"\" class=\"wp-image-6403\" width=\"375\" height=\"375\" srcset=\"https:\/\/www.djurskyddet.se\/karlshamn\/wp-content\/uploads\/sites\/19\/2020\/02\/vegajadenmorris.jpg 748w, https:\/\/www.djurskyddet.se\/karlshamn\/wp-content\/uploads\/sites\/19\/2020\/02\/vegajadenmorris-150x150.jpg 150w, https:\/\/www.djurskyddet.se\/karlshamn\/wp-content\/uploads\/sites\/19\/2020\/02\/vegajadenmorris-300x300.jpg 300w, https:\/\/www.djurskyddet.se\/karlshamn\/wp-content\/uploads\/sites\/19\/2020\/02\/vegajadenmorris-400x400.jpg 400w\" sizes=\"auto, (max-width: 375px) 100vw, 375px\" \/><figcaption><strong>2019<\/strong><br>K\u00e4llingarna till Mini &#8211; Vega, Jaden och Morris.<br>Alla fick hem efter 12 veckors \u00e5lder!<\/figcaption><\/figure><\/div>\n\n\n\n<div class=\"wp-block-image\"><figure class=\"aligncenter is-resized\"><img loading=\"lazy\" decoding=\"async\" src=\"https:\/\/www.djurskyddet.se\/karlshamn\/wp-content\/uploads\/sites\/19\/2020\/02\/Mini-3-768x1024.jpg\" alt=\"\" class=\"wp-image-6264\" width=\"299\" height=\"399\" srcset=\"https:\/\/www.djurskyddet.se\/karlshamn\/wp-content\/uploads\/sites\/19\/2020\/02\/Mini-3.jpg 768w, https:\/\/www.djurskyddet.se\/karlshamn\/wp-content\/uploads\/sites\/19\/2020\/02\/Mini-3-225x300.jpg 225w, https:\/\/www.djurskyddet.se\/karlshamn\/wp-content\/uploads\/sites\/19\/2020\/02\/Mini-3-400x533.jpg 400w\" sizes=\"auto, (max-width: 299px) 100vw, 299px\" \/><figcaption><strong>April 2019.<\/strong><br> Mini skulle kastreras men fick v\u00e4nta d\u00e5 hon var dr\u00e4ktig.<br>Efter hon var &#8221;barnfri&#8221; fick hon \u00e4ntligen flytta! <\/figcaption><\/figure><\/div>\n\n\n\n<div class=\"wp-block-image\"><figure class=\"aligncenter is-resized\"><img loading=\"lazy\" decoding=\"async\" src=\"https:\/\/www.djurskyddet.se\/karlshamn\/wp-content\/uploads\/sites\/19\/2020\/02\/linamelker.png\" alt=\"\" class=\"wp-image-6364\" width=\"480\" height=\"327\" srcset=\"https:\/\/www.djurskyddet.se\/karlshamn\/wp-content\/uploads\/sites\/19\/2020\/02\/linamelker.png 657w, https:\/\/www.djurskyddet.se\/karlshamn\/wp-content\/uploads\/sites\/19\/2020\/02\/linamelker-300x205.png 300w, https:\/\/www.djurskyddet.se\/karlshamn\/wp-content\/uploads\/sites\/19\/2020\/02\/linamelker-400x273.png 400w\" sizes=\"auto, (max-width: 480px) 100vw, 480px\" \/><figcaption><strong>April 2019<\/strong>.<br>Efter blivit \u00f6vergivna av sin vilda mamma blev det handmatning i jourhemmet.<br>Mycket samarbete tog plats d\u00e5 matning genom n\u00e4tterna, <br>tv\u00e4ttning i form av tandborstar skedde i skift.<br>N\u00e4r de var tillr\u00e4ckligt stora fick de flytta tillsammans till en bostad med innerg\u00e5rd.<\/figcaption><\/figure><\/div>\n\n\n\n<div class=\"wp-block-image\"><figure class=\"aligncenter is-resized\"><img loading=\"lazy\" decoding=\"async\" src=\"https:\/\/www.djurskyddet.se\/karlshamn\/wp-content\/uploads\/sites\/19\/2020\/02\/tesla.png\" alt=\"\" class=\"wp-image-6345\" width=\"289\" height=\"385\" srcset=\"https:\/\/www.djurskyddet.se\/karlshamn\/wp-content\/uploads\/sites\/19\/2020\/02\/tesla.png 480w, https:\/\/www.djurskyddet.se\/karlshamn\/wp-content\/uploads\/sites\/19\/2020\/02\/tesla-225x300.png 225w, https:\/\/www.djurskyddet.se\/karlshamn\/wp-content\/uploads\/sites\/19\/2020\/02\/tesla-400x533.png 400w\" sizes=\"auto, (max-width: 289px) 100vw, 289px\" \/><figcaption><strong>April 2019.<\/strong><br>Tesla fick ett nytt hem i Laholm, <br>d\u00e4r hon fick s\u00e4llskap av en \u00e4ldre honkatt.<\/figcaption><\/figure><\/div>\n\n\n\n<div class=\"wp-block-image\"><figure class=\"aligncenter is-resized\"><img loading=\"lazy\" decoding=\"async\" src=\"https:\/\/www.djurskyddet.se\/karlshamn\/wp-content\/uploads\/sites\/19\/2020\/02\/iris-1024x446.png\" alt=\"\" class=\"wp-image-6356\" width=\"500\" height=\"217\" srcset=\"https:\/\/www.djurskyddet.se\/karlshamn\/wp-content\/uploads\/sites\/19\/2020\/02\/iris.png 1024w, https:\/\/www.djurskyddet.se\/karlshamn\/wp-content\/uploads\/sites\/19\/2020\/02\/iris-300x131.png 300w, https:\/\/www.djurskyddet.se\/karlshamn\/wp-content\/uploads\/sites\/19\/2020\/02\/iris-768x335.png 768w, https:\/\/www.djurskyddet.se\/karlshamn\/wp-content\/uploads\/sites\/19\/2020\/02\/iris-400x174.png 400w\" sizes=\"auto, (max-width: 500px) 100vw, 500px\" \/><figcaption><strong>Februari 2019.<\/strong><br>Iris fick ett nytt hem som ensamkatt efter att ha vantrivts i sitt f\u00f6rra hem bland tv\u00e5 andra katter.<\/figcaption><\/figure><\/div>\n\n\n\n<div class=\"wp-block-image\"><figure class=\"aligncenter is-resized\"><img loading=\"lazy\" decoding=\"async\" src=\"https:\/\/www.djurskyddet.se\/karlshamn\/wp-content\/uploads\/sites\/19\/2020\/03\/88085199_197587137976342_600870851037888512_n.jpg\" alt=\"\" class=\"wp-image-6481\" width=\"256\" height=\"480\" srcset=\"https:\/\/www.djurskyddet.se\/karlshamn\/wp-content\/uploads\/sites\/19\/2020\/03\/88085199_197587137976342_600870851037888512_n.jpg 256w, https:\/\/www.djurskyddet.se\/karlshamn\/wp-content\/uploads\/sites\/19\/2020\/03\/88085199_197587137976342_600870851037888512_n-160x300.jpg 160w\" sizes=\"auto, (max-width: 256px) 100vw, 256px\" \/><figcaption><strong>I slutet av 2018<\/strong> omplacerades Sture, fd Surre.<br>Fr\u00e5n en l\u00e4genhet i Olofstr\u00f6m <br>till en tomt med egen bakg\u00e5rd i Karlshamn,<br> och \u00e4ven 3 kaninkompisar!<br>Ibland blir det en tur i sele,<br>och grannens katt har respekt f\u00f6r Sture.<br>Under 2020 fyller Sture 3\u00e5r.<\/figcaption><\/figure><\/div>\n\n\n\n<div class=\"wp-block-image\"><figure class=\"aligncenter is-resized\"><img loading=\"lazy\" decoding=\"async\" src=\"https:\/\/www.djurskyddet.se\/karlshamn\/wp-content\/uploads\/sites\/19\/2018\/08\/kattwesslarpskatten-omplacerad.jpg\" alt=\"\" class=\"wp-image-5605\" width=\"262\" height=\"349\" srcset=\"https:\/\/www.djurskyddet.se\/karlshamn\/wp-content\/uploads\/sites\/19\/2018\/08\/kattwesslarpskatten-omplacerad.jpg 499w, https:\/\/www.djurskyddet.se\/karlshamn\/wp-content\/uploads\/sites\/19\/2018\/08\/kattwesslarpskatten-omplacerad-225x300.jpg 225w, https:\/\/www.djurskyddet.se\/karlshamn\/wp-content\/uploads\/sites\/19\/2018\/08\/kattwesslarpskatten-omplacerad-400x533.jpg 400w\" sizes=\"auto, (max-width: 262px) 100vw, 262px\" \/><figcaption><strong> 2018-02-08 <\/strong><br>Wesslarpskatten fick ett nytt hem i Karlskrona.<\/figcaption><\/figure><\/div>\n\n\n\n<div class=\"wp-block-image\"><figure class=\"aligncenter is-resized\"><img loading=\"lazy\" decoding=\"async\" src=\"https:\/\/www.djurskyddet.se\/karlshamn\/wp-content\/uploads\/sites\/19\/2018\/08\/kattersmurffantomen-omplacerad.jpg\" alt=\"\" class=\"wp-image-5609\" width=\"262\" height=\"390\" srcset=\"https:\/\/www.djurskyddet.se\/karlshamn\/wp-content\/uploads\/sites\/19\/2018\/08\/kattersmurffantomen-omplacerad.jpg 500w, https:\/\/www.djurskyddet.se\/karlshamn\/wp-content\/uploads\/sites\/19\/2018\/08\/kattersmurffantomen-omplacerad-202x300.jpg 202w, https:\/\/www.djurskyddet.se\/karlshamn\/wp-content\/uploads\/sites\/19\/2018\/08\/kattersmurffantomen-omplacerad-400x595.jpg 400w\" sizes=\"auto, (max-width: 262px) 100vw, 262px\" \/><figcaption><strong> 2018<\/strong><br> I Horsaryd h\u00e4mtade vi tv\u00e5 vilda kattungar Fantomen o Smurfen<br>Efter n\u00e5gra veckor blev dem chippade o vaccinerade.&nbsp;<\/figcaption><\/figure><\/div>\n\n\n\n<div class=\"wp-block-image\"><figure class=\"aligncenter is-resized\"><img loading=\"lazy\" decoding=\"async\" src=\"https:\/\/www.djurskyddet.se\/karlshamn\/wp-content\/uploads\/sites\/19\/2018\/08\/katt002-omplacerad.jpg\" alt=\"\" class=\"wp-image-5612\" width=\"216\" height=\"288\" srcset=\"https:\/\/www.djurskyddet.se\/karlshamn\/wp-content\/uploads\/sites\/19\/2018\/08\/katt002-omplacerad.jpg 243w, https:\/\/www.djurskyddet.se\/karlshamn\/wp-content\/uploads\/sites\/19\/2018\/08\/katt002-omplacerad-225x300.jpg 225w\" sizes=\"auto, (max-width: 216px) 100vw, 216px\" \/><figcaption>En katt som omplacerades <strong>2017.<\/strong> <br>\u00c4lskar o vara i torpet o jaga m\u00f6ss. <\/figcaption><\/figure><\/div>\n\n\n\n<div class=\"wp-block-image\"><figure class=\"aligncenter is-resized\"><img loading=\"lazy\" decoding=\"async\" src=\"https:\/\/www.djurskyddet.se\/karlshamn\/wp-content\/uploads\/sites\/19\/2018\/08\/Katt3-omplacerad.png\" alt=\"\" class=\"wp-image-5615\" width=\"277\" height=\"158\" srcset=\"https:\/\/www.djurskyddet.se\/karlshamn\/wp-content\/uploads\/sites\/19\/2018\/08\/Katt3-omplacerad.png 609w, https:\/\/www.djurskyddet.se\/karlshamn\/wp-content\/uploads\/sites\/19\/2018\/08\/Katt3-omplacerad-300x171.png 300w, https:\/\/www.djurskyddet.se\/karlshamn\/wp-content\/uploads\/sites\/19\/2018\/08\/Katt3-omplacerad-400x229.png 400w\" sizes=\"auto, (max-width: 277px) 100vw, 277px\" \/><figcaption>Pia och Sven, av rasen Brittisk korth\u00e5r,  <br>fick gemensamt hem <strong>2017-04-05<\/strong> genom djurskyddet!<\/figcaption><\/figure><\/div>\n\n\n\n<p>Senast uppdaterad: 02\/11\/2021<\/p>\n","protected":false},"excerpt":{"rendered":"<p>H\u00e4r kan du l\u00e4sa om en del av v\u00e5ra djur som blivit omplacerade! 2016 var det endast en handfull som blev omplacerade. 2019 var det 50 katter som fick permanenta hem! 2020 var det 100 katter som fick permanenta hem! 2021 har hittills 9 katter f\u00e5tt nya hem! Vi har dessutom hj\u00e4lpt hantera andra djur s\u00e5som kaniner, hundar, h\u00e4star, andra sm\u00e5djur, och \u00e4ven en uggla! Hazel fick sitt nya hem&hellip;<\/p>\n<p><a class=\"more-link\" href=\"https:\/\/www.djurskyddet.se\/karlshamn\/om-oss\/solskenshistorier\/\" title=\"Continue reading &lsquo;Solskenshistorier&rsquo;\">L&auml;s mer<span class=\"meta-nav\">&raquo;<\/span><\/a><\/p>\n","protected":false},"author":3,"featured_media":0,"parent":5495,"menu_order":0,"comment_status":"closed","ping_status":"closed","template":"page-templates\/left-sidebar.php","meta":{"_acf_changed":false,"footnotes":""},"class_list":["post-5604","page","type-page","status-publish","hentry"],"acf":[],"_links":{"self":[{"href":"https:\/\/www.djurskyddet.se\/karlshamn\/wp-json\/wp\/v2\/pages\/5604","targetHints":{"allow":["GET"]}}],"collection":[{"href":"https:\/\/www.djurskyddet.se\/karlshamn\/wp-json\/wp\/v2\/pages"}],"about":[{"href":"https:\/\/www.djurskyddet.se\/karlshamn\/wp-json\/wp\/v2\/types\/page"}],"author":[{"embeddable":true,"href":"https:\/\/www.djurskyddet.se\/karlshamn\/wp-json\/wp\/v2\/users\/3"}],"replies":[{"embeddable":true,"href":"https:\/\/www.djurskyddet.se\/karlshamn\/wp-json\/wp\/v2\/comments?post=5604"}],"version-history":[{"count":61,"href":"https:\/\/www.djurskyddet.se\/karlshamn\/wp-json\/wp\/v2\/pages\/5604\/revisions"}],"predecessor-version":[{"id":7626,"href":"https:\/\/www.djurskyddet.se\/karlshamn\/wp-json\/wp\/v2\/pages\/5604\/revisions\/7626"}],"up":[{"embeddable":true,"href":"https:\/\/www.djurskyddet.se\/karlshamn\/wp-json\/wp\/v2\/pages\/5495"}],"wp:attachment":[{"href":"https:\/\/www.djurskyddet.se\/karlshamn\/wp-json\/wp\/v2\/media?parent=5604"}],"curies":[{"name":"wp","href":"https:\/\/api.w.org\/{rel}","templated":true}]}}