{"id":10327,"date":"2020-07-09T12:57:33","date_gmt":"2020-07-09T12:57:33","guid":{"rendered":"https:\/\/www.djurskyddet.se\/kattfotenhalmstad\/?page_id=10327"},"modified":"2020-07-09T12:57:34","modified_gmt":"2020-07-09T12:57:34","slug":"stickan","status":"publish","type":"page","link":"https:\/\/www.djurskyddet.se\/kattfotenhalmstad\/adopterade-katter-2019\/stickan\/","title":{"rendered":"Stickan"},"content":{"rendered":"\n<p>Stickan heter jag, p\u00e5 katthemmet hette jag Leo. Jag fick \u00e4ran att flytta till mitt f\u00f6r alltid hem i september 2019. Familjen s\u00e4ger att jag \u00e4r deras lilla gl\u00e4djepiller och de \u00e4r s\u00e5 tacksamma \u00f6ver att jag flyttade in. Hemma har jag s\u00e4llskap av katten Sonny och hunden M\u00e4rta, tv\u00e5 barn och tv\u00e5 vuxna. Tillsammans \u00e4r vi Familjen S\u00f6derquist!<\/p>\n\n\n\n<div class=\"wp-block-image\"><figure class=\"aligncenter\"><img loading=\"lazy\" decoding=\"async\" width=\"331\" height=\"280\" src=\"https:\/\/www.djurskyddet.se\/kattfotenhalmstad\/wp-content\/uploads\/sites\/35\/2020\/07\/Leo-Stickan-1.jpg\" alt=\"\" class=\"wp-image-10328\" srcset=\"https:\/\/www.djurskyddet.se\/kattfotenhalmstad\/wp-content\/uploads\/sites\/35\/2020\/07\/Leo-Stickan-1.jpg 331w, https:\/\/www.djurskyddet.se\/kattfotenhalmstad\/wp-content\/uploads\/sites\/35\/2020\/07\/Leo-Stickan-1-300x254.jpg 300w\" sizes=\"auto, (max-width: 331px) 100vw, 331px\" \/><\/figure><\/div>\n\n\n\n<div class=\"wp-block-image\"><figure class=\"aligncenter\"><img loading=\"lazy\" decoding=\"async\" width=\"380\" height=\"280\" src=\"https:\/\/www.djurskyddet.se\/kattfotenhalmstad\/wp-content\/uploads\/sites\/35\/2020\/07\/Leo-Stickan-2.jpg\" alt=\"\" class=\"wp-image-10329\" srcset=\"https:\/\/www.djurskyddet.se\/kattfotenhalmstad\/wp-content\/uploads\/sites\/35\/2020\/07\/Leo-Stickan-2.jpg 380w, https:\/\/www.djurskyddet.se\/kattfotenhalmstad\/wp-content\/uploads\/sites\/35\/2020\/07\/Leo-Stickan-2-300x221.jpg 300w\" sizes=\"auto, (max-width: 380px) 100vw, 380px\" \/><\/figure><\/div>\n","protected":false},"excerpt":{"rendered":"<p>Stickan heter jag, p\u00e5 katthemmet hette jag Leo. Jag fick \u00e4ran att flytta till mitt f\u00f6r alltid hem i september 2019. Familjen s\u00e4ger att jag \u00e4r deras lilla gl\u00e4djepiller och de \u00e4r s\u00e5 tacksamma \u00f6ver att jag flyttade in. Hemma har jag s\u00e4llskap av katten Sonny och hunden M\u00e4rta, tv\u00e5 barn och tv\u00e5 vuxna. Tillsammans \u00e4r vi Familjen S\u00f6derquist!<\/p>\n","protected":false},"author":36,"featured_media":0,"parent":8687,"menu_order":0,"comment_status":"closed","ping_status":"closed","template":"page-templates\/left-sidebar20200507.php","meta":{"_acf_changed":false,"footnotes":""},"class_list":["post-10327","page","type-page","status-publish","hentry"],"acf":[],"_links":{"self":[{"href":"https:\/\/www.djurskyddet.se\/kattfotenhalmstad\/wp-json\/wp\/v2\/pages\/10327","targetHints":{"allow":["GET"]}}],"collection":[{"href":"https:\/\/www.djurskyddet.se\/kattfotenhalmstad\/wp-json\/wp\/v2\/pages"}],"about":[{"href":"https:\/\/www.djurskyddet.se\/kattfotenhalmstad\/wp-json\/wp\/v2\/types\/page"}],"author":[{"embeddable":true,"href":"https:\/\/www.djurskyddet.se\/kattfotenhalmstad\/wp-json\/wp\/v2\/users\/36"}],"replies":[{"embeddable":true,"href":"https:\/\/www.djurskyddet.se\/kattfotenhalmstad\/wp-json\/wp\/v2\/comments?post=10327"}],"version-history":[{"count":1,"href":"https:\/\/www.djurskyddet.se\/kattfotenhalmstad\/wp-json\/wp\/v2\/pages\/10327\/revisions"}],"predecessor-version":[{"id":10330,"href":"https:\/\/www.djurskyddet.se\/kattfotenhalmstad\/wp-json\/wp\/v2\/pages\/10327\/revisions\/10330"}],"up":[{"embeddable":true,"href":"https:\/\/www.djurskyddet.se\/kattfotenhalmstad\/wp-json\/wp\/v2\/pages\/8687"}],"wp:attachment":[{"href":"https:\/\/www.djurskyddet.se\/kattfotenhalmstad\/wp-json\/wp\/v2\/media?parent=10327"}],"curies":[{"name":"wp","href":"https:\/\/api.w.org\/{rel}","templated":true}]}}