{"id":9263,"date":"2020-04-12T18:58:45","date_gmt":"2020-04-12T18:58:45","guid":{"rendered":"https:\/\/www.djurskyddet.se\/kattfotenhalmstad\/?page_id=9263"},"modified":"2020-04-12T18:58:45","modified_gmt":"2020-04-12T18:58:45","slug":"belle","status":"publish","type":"page","link":"https:\/\/www.djurskyddet.se\/kattfotenhalmstad\/lyckligt-slut-2\/adopterade-katter-2020\/belle\/","title":{"rendered":"Belle"},"content":{"rendered":"\n<p>Belle heter jag (Pamo var namnet p\u00e5 katthemmet) och \u00e4r en riktig gose fr\u00e5n f\u00f6rsta dagen. Fann en v\u00e4n hos dottern i familjen och f\u00f6ljer henne nu vart hon \u00e4n g\u00e5r och sover g\u00e4rna i hennes s\u00e4ng. Jag kommer fram och h\u00e4lsar p\u00e5 alla som kommer hem till oss och leker mer \u00e4n g\u00e4rna! Nu n\u00e4r v\u00e4rmen har kommit \u00e4r jag ute mer och mer, trivs v\u00e4ldigt bra att jaga sm\u00e5 fj\u00e4rilar och titta p\u00e5 allt som r\u00f6r sig utomhus.<\/p>\n\n\n\n<figure class=\"wp-block-image\"><img loading=\"lazy\" decoding=\"async\" width=\"373\" height=\"280\" src=\"https:\/\/www.djurskyddet.se\/kattfotenhalmstad\/wp-content\/uploads\/sites\/35\/2020\/04\/Belle-1.jpg\" alt=\"\" class=\"wp-image-9264\" srcset=\"https:\/\/www.djurskyddet.se\/kattfotenhalmstad\/wp-content\/uploads\/sites\/35\/2020\/04\/Belle-1.jpg 373w, https:\/\/www.djurskyddet.se\/kattfotenhalmstad\/wp-content\/uploads\/sites\/35\/2020\/04\/Belle-1-300x225.jpg 300w\" sizes=\"auto, (max-width: 373px) 100vw, 373px\" \/><\/figure>\n\n\n\n<figure class=\"wp-block-image\"><img loading=\"lazy\" decoding=\"async\" width=\"280\" height=\"373\" src=\"https:\/\/www.djurskyddet.se\/kattfotenhalmstad\/wp-content\/uploads\/sites\/35\/2020\/04\/Belle-2.jpg\" alt=\"\" class=\"wp-image-9265\" srcset=\"https:\/\/www.djurskyddet.se\/kattfotenhalmstad\/wp-content\/uploads\/sites\/35\/2020\/04\/Belle-2.jpg 280w, https:\/\/www.djurskyddet.se\/kattfotenhalmstad\/wp-content\/uploads\/sites\/35\/2020\/04\/Belle-2-225x300.jpg 225w\" sizes=\"auto, (max-width: 280px) 100vw, 280px\" \/><\/figure>\n","protected":false},"excerpt":{"rendered":"<p>Belle heter jag (Pamo var namnet p\u00e5 katthemmet) och \u00e4r en riktig gose fr\u00e5n f\u00f6rsta dagen. Fann en v\u00e4n hos dottern i familjen och f\u00f6ljer henne nu vart hon \u00e4n g\u00e5r och sover g\u00e4rna i hennes s\u00e4ng. Jag kommer fram och h\u00e4lsar p\u00e5 alla som kommer hem till oss och leker mer \u00e4n g\u00e4rna! Nu n\u00e4r v\u00e4rmen har kommit \u00e4r jag ute mer och mer, trivs v\u00e4ldigt bra att jaga&hellip;<\/p>\n<p><a class=\"more-link\" href=\"https:\/\/www.djurskyddet.se\/kattfotenhalmstad\/lyckligt-slut-2\/adopterade-katter-2020\/belle\/\" title=\"Continue reading &lsquo;Belle&rsquo;\">L&auml;s mer<span class=\"meta-nav\">&raquo;<\/span><\/a><\/p>\n","protected":false},"author":36,"featured_media":0,"parent":8754,"menu_order":0,"comment_status":"closed","ping_status":"closed","template":"page-templates\/left-sidebar.php","meta":{"_acf_changed":false,"footnotes":""},"class_list":["post-9263","page","type-page","status-publish","hentry"],"acf":[],"_links":{"self":[{"href":"https:\/\/www.djurskyddet.se\/kattfotenhalmstad\/wp-json\/wp\/v2\/pages\/9263","targetHints":{"allow":["GET"]}}],"collection":[{"href":"https:\/\/www.djurskyddet.se\/kattfotenhalmstad\/wp-json\/wp\/v2\/pages"}],"about":[{"href":"https:\/\/www.djurskyddet.se\/kattfotenhalmstad\/wp-json\/wp\/v2\/types\/page"}],"author":[{"embeddable":true,"href":"https:\/\/www.djurskyddet.se\/kattfotenhalmstad\/wp-json\/wp\/v2\/users\/36"}],"replies":[{"embeddable":true,"href":"https:\/\/www.djurskyddet.se\/kattfotenhalmstad\/wp-json\/wp\/v2\/comments?post=9263"}],"version-history":[{"count":1,"href":"https:\/\/www.djurskyddet.se\/kattfotenhalmstad\/wp-json\/wp\/v2\/pages\/9263\/revisions"}],"predecessor-version":[{"id":9266,"href":"https:\/\/www.djurskyddet.se\/kattfotenhalmstad\/wp-json\/wp\/v2\/pages\/9263\/revisions\/9266"}],"up":[{"embeddable":true,"href":"https:\/\/www.djurskyddet.se\/kattfotenhalmstad\/wp-json\/wp\/v2\/pages\/8754"}],"wp:attachment":[{"href":"https:\/\/www.djurskyddet.se\/kattfotenhalmstad\/wp-json\/wp\/v2\/media?parent=9263"}],"curies":[{"name":"wp","href":"https:\/\/api.w.org\/{rel}","templated":true}]}}