{"id":5788,"date":"2024-05-22T11:25:05","date_gmt":"2024-05-22T11:25:05","guid":{"rendered":"https:\/\/www.djurskyddet.se\/malartassen\/?page_id=5788"},"modified":"2026-04-21T11:19:47","modified_gmt":"2026-04-21T11:19:47","slug":"vara-katter","status":"publish","type":"page","link":"https:\/\/www.djurskyddet.se\/malartassen\/vara-katter\/","title":{"rendered":"Katter redo f\u00f6r adoption"},"content":{"rendered":"\n<p>H\u00e4r ser du v\u00e5ra katter som finns tillg\u00e4ngliga f\u00f6r adoption just nu.<\/p>\n\n\n\n<hr class=\"wp-block-separator has-alpha-channel-opacity\" \/>\n\n\n<div class=\"wp-block-image\">\n<figure class=\"aligncenter size-full is-resized\"><img loading=\"lazy\" decoding=\"async\" width=\"768\" height=\"1024\" src=\"https:\/\/www.djurskyddet.se\/malartassen\/wp-content\/uploads\/sites\/43\/2026\/01\/Siri.jpg\" alt=\"\" class=\"wp-image-6330\" style=\"width:524px;height:auto\" srcset=\"https:\/\/www.djurskyddet.se\/malartassen\/wp-content\/uploads\/sites\/43\/2026\/01\/Siri.jpg 768w, https:\/\/www.djurskyddet.se\/malartassen\/wp-content\/uploads\/sites\/43\/2026\/01\/Siri-225x300.jpg 225w, https:\/\/www.djurskyddet.se\/malartassen\/wp-content\/uploads\/sites\/43\/2026\/01\/Siri-400x533.jpg 400w\" sizes=\"auto, (max-width: 768px) 100vw, 768px\" \/><\/figure><\/div>\n\n\n<h2 class=\"wp-block-heading\">Siri<\/h2>\n\n\n\n<p>Siri \u00e4r en ca 3 \u00e5r gammal katt, kastrerad, vaccinerad och ID-chippad.<\/p>\n\n\n\n<p>Siri ska vara innekatt.<\/p>\n\n\n\n<p>Hon \u00e4r v\u00e4ldigt skygg och tar inte kontakt direkt med nya m\u00e4nniskor. Hon kan dra sig undan och g\u00f6mma sig i b\u00f6rjan, och beh\u00f6ver tid f\u00f6r att k\u00e4nna sig trygg i sitt nya hem. Siri beh\u00f6ver ett hem med n\u00e5gon som \u00e4r mycket accepterande och f\u00f6rst\u00e5ende, som respekterar hennes gr\u00e4nser och l\u00e5ter henne komma fram i sin egen takt. Hon beh\u00f6ver lugn och trygghet, och m\u00e5r b\u00e4st n\u00e4r hon f\u00e5r <strong>ta dagarna i sin egen takt utan press<\/strong>.<\/p>\n\n\n\n<p>Siri \u00e4r nyfiken och intresserad av v\u00e4rlden runt omkring henne, och med r\u00e4tt f\u00f6ruts\u00e4ttningar kan hon successivt v\u00e5ga ta mer plats och visa sin personlighet. Hon skulle troligen m\u00e5 bra av att bo med <strong>andra sociala och lugna katter,<\/strong> eftersom det kan ge henne trygghet och inspiration, men hon beh\u00f6ver att de \u00e4r sn\u00e4lla och f\u00f6rst\u00e5ende.<\/p>\n\n\n\n<p>Vi s\u00f6ker ett hem som har t\u00e5lamod och vill <strong>bygga en l\u00e5ngsam, trygg relation<\/strong> med Siri. <\/p>\n\n\n\n<figure class=\"wp-block-gallery has-nested-images columns-default is-cropped wp-block-gallery-1 is-layout-flex wp-block-gallery-is-layout-flex\">\n<figure data-wp-context=\"{&quot;imageId&quot;:&quot;69f3f8ca9e2a6&quot;}\" data-wp-interactive=\"core\/image\" class=\"wp-block-image size-large wp-lightbox-container\"><img loading=\"lazy\" decoding=\"async\" width=\"768\" height=\"1024\" data-wp-class--hide=\"state.isContentHidden\" data-wp-class--show=\"state.isContentVisible\" data-wp-init=\"callbacks.setButtonStyles\" data-wp-on-async--click=\"actions.showLightbox\" data-wp-on-async--load=\"callbacks.setButtonStyles\" data-wp-on-async-window--resize=\"callbacks.setButtonStyles\" data-id=\"6333\" src=\"https:\/\/www.djurskyddet.se\/malartassen\/wp-content\/uploads\/sites\/43\/2026\/01\/Siri3.jpg\" alt=\"\" class=\"wp-image-6333\" srcset=\"https:\/\/www.djurskyddet.se\/malartassen\/wp-content\/uploads\/sites\/43\/2026\/01\/Siri3.jpg 768w, https:\/\/www.djurskyddet.se\/malartassen\/wp-content\/uploads\/sites\/43\/2026\/01\/Siri3-225x300.jpg 225w, https:\/\/www.djurskyddet.se\/malartassen\/wp-content\/uploads\/sites\/43\/2026\/01\/Siri3-400x533.jpg 400w\" sizes=\"auto, (max-width: 768px) 100vw, 768px\" \/><button\n\t\t\tclass=\"lightbox-trigger\"\n\t\t\ttype=\"button\"\n\t\t\taria-haspopup=\"dialog\"\n\t\t\taria-label=\"F\u00f6rstora bild\"\n\t\t\tdata-wp-init=\"callbacks.initTriggerButton\"\n\t\t\tdata-wp-on-async--click=\"actions.showLightbox\"\n\t\t\tdata-wp-style--right=\"state.imageButtonRight\"\n\t\t\tdata-wp-style--top=\"state.imageButtonTop\"\n\t\t>\n\t\t\t<svg xmlns=\"http:\/\/www.w3.org\/2000\/svg\" width=\"12\" height=\"12\" fill=\"none\" viewBox=\"0 0 12 12\">\n\t\t\t\t<path fill=\"#fff\" d=\"M2 0a2 2 0 0 0-2 2v2h1.5V2a.5.5 0 0 1 .5-.5h2V0H2Zm2 10.5H2a.5.5 0 0 1-.5-.5V8H0v2a2 2 0 0 0 2 2h2v-1.5ZM8 12v-1.5h2a.5.5 0 0 0 .5-.5V8H12v2a2 2 0 0 1-2 2H8Zm2-12a2 2 0 0 1 2 2v2h-1.5V2a.5.5 0 0 0-.5-.5H8V0h2Z\" \/>\n\t\t\t<\/svg>\n\t\t<\/button><\/figure>\n\n\n\n<figure data-wp-context=\"{&quot;imageId&quot;:&quot;69f3f8ca9e76a&quot;}\" data-wp-interactive=\"core\/image\" class=\"wp-block-image size-large wp-lightbox-container\"><img loading=\"lazy\" decoding=\"async\" width=\"768\" height=\"1024\" data-wp-class--hide=\"state.isContentHidden\" data-wp-class--show=\"state.isContentVisible\" data-wp-init=\"callbacks.setButtonStyles\" data-wp-on-async--click=\"actions.showLightbox\" data-wp-on-async--load=\"callbacks.setButtonStyles\" data-wp-on-async-window--resize=\"callbacks.setButtonStyles\" data-id=\"6334\" src=\"https:\/\/www.djurskyddet.se\/malartassen\/wp-content\/uploads\/sites\/43\/2026\/01\/Siri2.jpg\" alt=\"\" class=\"wp-image-6334\" srcset=\"https:\/\/www.djurskyddet.se\/malartassen\/wp-content\/uploads\/sites\/43\/2026\/01\/Siri2.jpg 768w, https:\/\/www.djurskyddet.se\/malartassen\/wp-content\/uploads\/sites\/43\/2026\/01\/Siri2-225x300.jpg 225w, https:\/\/www.djurskyddet.se\/malartassen\/wp-content\/uploads\/sites\/43\/2026\/01\/Siri2-400x533.jpg 400w\" sizes=\"auto, (max-width: 768px) 100vw, 768px\" \/><button\n\t\t\tclass=\"lightbox-trigger\"\n\t\t\ttype=\"button\"\n\t\t\taria-haspopup=\"dialog\"\n\t\t\taria-label=\"F\u00f6rstora bild\"\n\t\t\tdata-wp-init=\"callbacks.initTriggerButton\"\n\t\t\tdata-wp-on-async--click=\"actions.showLightbox\"\n\t\t\tdata-wp-style--right=\"state.imageButtonRight\"\n\t\t\tdata-wp-style--top=\"state.imageButtonTop\"\n\t\t>\n\t\t\t<svg xmlns=\"http:\/\/www.w3.org\/2000\/svg\" width=\"12\" height=\"12\" fill=\"none\" viewBox=\"0 0 12 12\">\n\t\t\t\t<path fill=\"#fff\" d=\"M2 0a2 2 0 0 0-2 2v2h1.5V2a.5.5 0 0 1 .5-.5h2V0H2Zm2 10.5H2a.5.5 0 0 1-.5-.5V8H0v2a2 2 0 0 0 2 2h2v-1.5ZM8 12v-1.5h2a.5.5 0 0 0 .5-.5V8H12v2a2 2 0 0 1-2 2H8Zm2-12a2 2 0 0 1 2 2v2h-1.5V2a.5.5 0 0 0-.5-.5H8V0h2Z\" \/>\n\t\t\t<\/svg>\n\t\t<\/button><\/figure>\n<\/figure>\n\n\n\n<hr class=\"wp-block-separator has-alpha-channel-opacity\" \/>\n\n\n<div class=\"wp-block-image\">\n<figure class=\"aligncenter size-full\"><img loading=\"lazy\" decoding=\"async\" width=\"637\" height=\"643\" src=\"https:\/\/www.djurskyddet.se\/malartassen\/wp-content\/uploads\/sites\/43\/2026\/02\/Aslani-och-Max.jpg\" alt=\"\" class=\"wp-image-6363\" srcset=\"https:\/\/www.djurskyddet.se\/malartassen\/wp-content\/uploads\/sites\/43\/2026\/02\/Aslani-och-Max.jpg 637w, https:\/\/www.djurskyddet.se\/malartassen\/wp-content\/uploads\/sites\/43\/2026\/02\/Aslani-och-Max-297x300.jpg 297w, https:\/\/www.djurskyddet.se\/malartassen\/wp-content\/uploads\/sites\/43\/2026\/02\/Aslani-och-Max-150x150.jpg 150w, https:\/\/www.djurskyddet.se\/malartassen\/wp-content\/uploads\/sites\/43\/2026\/02\/Aslani-och-Max-400x404.jpg 400w\" sizes=\"auto, (max-width: 637px) 100vw, 637px\" \/><\/figure><\/div>\n\n\n<h2 class=\"wp-block-heading\">Aslani<\/h2>\n\n\n\n<p>Aslani \u00e4r en tv\u00e5\u00e5rig, kastrerad hona som \u00e4r chippad, ID-m\u00e4rkt, avmaskad och grundfullvaccinerad. Hon \u00e4r fortfarande lite blyg och skygg, d\u00e5 hon vuxit upp utomhus och inte haft mycket kontakt med m\u00e4nniskor. D\u00e4rf\u00f6r s\u00f6ker vi ett hem med stort t\u00e5lamod och f\u00f6rst\u00e5else, som kan ge henne den tid och trygghet hon beh\u00f6ver f\u00f6r att bygga f\u00f6rtroende.<\/p>\n\n\n\n<p>Aslani \u00e4r en lekfull katt som skulle trivas i ett hem med en lugn, kastrerad hane eller en stabil, social hane i hennes egen \u00e5lder. Hon ska bo som innekatt, men ett hem med inh\u00e4gnad balkong eller inglasad altan \u00e4r optimalt f\u00f6r att ge henne en trygg och s\u00e4ker utomhusmilj\u00f6.<\/p>\n\n\n\n<p>Vi s\u00f6ker ett hem som verkligen kan erbjuda ett lugnt, k\u00e4rleksfullt och l\u00e5ngsiktigt boende f\u00f6r Aslani.<br>(Vi tror att Aslani \u00e4r dotter till Siri.)<\/p>\n\n\n\n<figure class=\"wp-block-gallery has-nested-images columns-default is-cropped wp-block-gallery-2 is-layout-flex wp-block-gallery-is-layout-flex\">\n<figure data-wp-context=\"{&quot;imageId&quot;:&quot;69f3f8ca9edfa&quot;}\" data-wp-interactive=\"core\/image\" class=\"wp-block-image size-large wp-lightbox-container\"><img loading=\"lazy\" decoding=\"async\" width=\"768\" height=\"1024\" data-wp-class--hide=\"state.isContentHidden\" data-wp-class--show=\"state.isContentVisible\" data-wp-init=\"callbacks.setButtonStyles\" data-wp-on-async--click=\"actions.showLightbox\" data-wp-on-async--load=\"callbacks.setButtonStyles\" data-wp-on-async-window--resize=\"callbacks.setButtonStyles\" data-id=\"6367\" src=\"https:\/\/www.djurskyddet.se\/malartassen\/wp-content\/uploads\/sites\/43\/2026\/02\/Aslani4-1.jpg\" alt=\"\" class=\"wp-image-6367\" srcset=\"https:\/\/www.djurskyddet.se\/malartassen\/wp-content\/uploads\/sites\/43\/2026\/02\/Aslani4-1.jpg 768w, https:\/\/www.djurskyddet.se\/malartassen\/wp-content\/uploads\/sites\/43\/2026\/02\/Aslani4-1-225x300.jpg 225w, https:\/\/www.djurskyddet.se\/malartassen\/wp-content\/uploads\/sites\/43\/2026\/02\/Aslani4-1-400x533.jpg 400w\" sizes=\"auto, (max-width: 768px) 100vw, 768px\" \/><button\n\t\t\tclass=\"lightbox-trigger\"\n\t\t\ttype=\"button\"\n\t\t\taria-haspopup=\"dialog\"\n\t\t\taria-label=\"F\u00f6rstora bild\"\n\t\t\tdata-wp-init=\"callbacks.initTriggerButton\"\n\t\t\tdata-wp-on-async--click=\"actions.showLightbox\"\n\t\t\tdata-wp-style--right=\"state.imageButtonRight\"\n\t\t\tdata-wp-style--top=\"state.imageButtonTop\"\n\t\t>\n\t\t\t<svg xmlns=\"http:\/\/www.w3.org\/2000\/svg\" width=\"12\" height=\"12\" fill=\"none\" viewBox=\"0 0 12 12\">\n\t\t\t\t<path fill=\"#fff\" d=\"M2 0a2 2 0 0 0-2 2v2h1.5V2a.5.5 0 0 1 .5-.5h2V0H2Zm2 10.5H2a.5.5 0 0 1-.5-.5V8H0v2a2 2 0 0 0 2 2h2v-1.5ZM8 12v-1.5h2a.5.5 0 0 0 .5-.5V8H12v2a2 2 0 0 1-2 2H8Zm2-12a2 2 0 0 1 2 2v2h-1.5V2a.5.5 0 0 0-.5-.5H8V0h2Z\" \/>\n\t\t\t<\/svg>\n\t\t<\/button><\/figure>\n\n\n\n<figure data-wp-context=\"{&quot;imageId&quot;:&quot;69f3f8ca9f1c0&quot;}\" data-wp-interactive=\"core\/image\" class=\"wp-block-image size-large wp-lightbox-container\"><img loading=\"lazy\" decoding=\"async\" width=\"768\" height=\"1024\" data-wp-class--hide=\"state.isContentHidden\" data-wp-class--show=\"state.isContentVisible\" data-wp-init=\"callbacks.setButtonStyles\" data-wp-on-async--click=\"actions.showLightbox\" data-wp-on-async--load=\"callbacks.setButtonStyles\" data-wp-on-async-window--resize=\"callbacks.setButtonStyles\" data-id=\"6366\" src=\"https:\/\/www.djurskyddet.se\/malartassen\/wp-content\/uploads\/sites\/43\/2026\/02\/Aslani3.jpg\" alt=\"\" class=\"wp-image-6366\" srcset=\"https:\/\/www.djurskyddet.se\/malartassen\/wp-content\/uploads\/sites\/43\/2026\/02\/Aslani3.jpg 768w, https:\/\/www.djurskyddet.se\/malartassen\/wp-content\/uploads\/sites\/43\/2026\/02\/Aslani3-225x300.jpg 225w, https:\/\/www.djurskyddet.se\/malartassen\/wp-content\/uploads\/sites\/43\/2026\/02\/Aslani3-400x533.jpg 400w\" sizes=\"auto, (max-width: 768px) 100vw, 768px\" \/><button\n\t\t\tclass=\"lightbox-trigger\"\n\t\t\ttype=\"button\"\n\t\t\taria-haspopup=\"dialog\"\n\t\t\taria-label=\"F\u00f6rstora bild\"\n\t\t\tdata-wp-init=\"callbacks.initTriggerButton\"\n\t\t\tdata-wp-on-async--click=\"actions.showLightbox\"\n\t\t\tdata-wp-style--right=\"state.imageButtonRight\"\n\t\t\tdata-wp-style--top=\"state.imageButtonTop\"\n\t\t>\n\t\t\t<svg xmlns=\"http:\/\/www.w3.org\/2000\/svg\" width=\"12\" height=\"12\" fill=\"none\" viewBox=\"0 0 12 12\">\n\t\t\t\t<path fill=\"#fff\" d=\"M2 0a2 2 0 0 0-2 2v2h1.5V2a.5.5 0 0 1 .5-.5h2V0H2Zm2 10.5H2a.5.5 0 0 1-.5-.5V8H0v2a2 2 0 0 0 2 2h2v-1.5ZM8 12v-1.5h2a.5.5 0 0 0 .5-.5V8H12v2a2 2 0 0 1-2 2H8Zm2-12a2 2 0 0 1 2 2v2h-1.5V2a.5.5 0 0 0-.5-.5H8V0h2Z\" \/>\n\t\t\t<\/svg>\n\t\t<\/button><\/figure>\n\n\n\n<figure data-wp-context=\"{&quot;imageId&quot;:&quot;69f3f8ca9f548&quot;}\" data-wp-interactive=\"core\/image\" class=\"wp-block-image size-large wp-lightbox-container\"><img loading=\"lazy\" decoding=\"async\" width=\"768\" height=\"1024\" data-wp-class--hide=\"state.isContentHidden\" data-wp-class--show=\"state.isContentVisible\" data-wp-init=\"callbacks.setButtonStyles\" data-wp-on-async--click=\"actions.showLightbox\" data-wp-on-async--load=\"callbacks.setButtonStyles\" data-wp-on-async-window--resize=\"callbacks.setButtonStyles\" data-id=\"6368\" src=\"https:\/\/www.djurskyddet.se\/malartassen\/wp-content\/uploads\/sites\/43\/2026\/02\/Aslani2.jpg\" alt=\"\" class=\"wp-image-6368\" srcset=\"https:\/\/www.djurskyddet.se\/malartassen\/wp-content\/uploads\/sites\/43\/2026\/02\/Aslani2.jpg 768w, https:\/\/www.djurskyddet.se\/malartassen\/wp-content\/uploads\/sites\/43\/2026\/02\/Aslani2-225x300.jpg 225w, https:\/\/www.djurskyddet.se\/malartassen\/wp-content\/uploads\/sites\/43\/2026\/02\/Aslani2-400x533.jpg 400w\" sizes=\"auto, (max-width: 768px) 100vw, 768px\" \/><button\n\t\t\tclass=\"lightbox-trigger\"\n\t\t\ttype=\"button\"\n\t\t\taria-haspopup=\"dialog\"\n\t\t\taria-label=\"F\u00f6rstora bild\"\n\t\t\tdata-wp-init=\"callbacks.initTriggerButton\"\n\t\t\tdata-wp-on-async--click=\"actions.showLightbox\"\n\t\t\tdata-wp-style--right=\"state.imageButtonRight\"\n\t\t\tdata-wp-style--top=\"state.imageButtonTop\"\n\t\t>\n\t\t\t<svg xmlns=\"http:\/\/www.w3.org\/2000\/svg\" width=\"12\" height=\"12\" fill=\"none\" viewBox=\"0 0 12 12\">\n\t\t\t\t<path fill=\"#fff\" d=\"M2 0a2 2 0 0 0-2 2v2h1.5V2a.5.5 0 0 1 .5-.5h2V0H2Zm2 10.5H2a.5.5 0 0 1-.5-.5V8H0v2a2 2 0 0 0 2 2h2v-1.5ZM8 12v-1.5h2a.5.5 0 0 0 .5-.5V8H12v2a2 2 0 0 1-2 2H8Zm2-12a2 2 0 0 1 2 2v2h-1.5V2a.5.5 0 0 0-.5-.5H8V0h2Z\" \/>\n\t\t\t<\/svg>\n\t\t<\/button><\/figure>\n<\/figure>\n\n\n\n<hr class=\"wp-block-separator has-alpha-channel-opacity\" \/>\n\n\n\n<p>Anv\u00e4nd l\u00e4nken nedanf\u00f6r f\u00f6r att fylla i en adoptionsans\u00f6kan.<\/p>\n\n\n\n<p><a href=\"https:\/\/www.djurskyddet.se\/malartassen\/adoption\/\">Adoption | Djurskyddet M\u00e4lartassen<\/a><\/p>\n\n\n\n<p><\/p>\n","protected":false},"excerpt":{"rendered":"<p>H\u00e4r ser du v\u00e5ra katter som finns tillg\u00e4ngliga f\u00f6r adoption just nu. Siri Siri \u00e4r en ca 3 \u00e5r gammal katt, kastrerad, vaccinerad och ID-chippad. Siri ska vara innekatt. Hon \u00e4r v\u00e4ldigt skygg och tar inte kontakt direkt med nya m\u00e4nniskor. Hon kan dra sig undan och g\u00f6mma sig i b\u00f6rjan, och beh\u00f6ver tid f\u00f6r att k\u00e4nna sig trygg i sitt nya hem. Siri beh\u00f6ver ett hem med n\u00e5gon som&hellip;<\/p>\n<p><a class=\"more-link\" href=\"https:\/\/www.djurskyddet.se\/malartassen\/vara-katter\/\" title=\"Continue reading &lsquo;Katter redo f\u00f6r adoption&rsquo;\">L&auml;s mer<span class=\"meta-nav\">&raquo;<\/span><\/a><\/p>\n","protected":false},"author":3,"featured_media":0,"parent":0,"menu_order":0,"comment_status":"closed","ping_status":"closed","template":"left-sidebar.php","meta":{"_acf_changed":false,"footnotes":""},"class_list":["post-5788","page","type-page","status-publish","hentry"],"acf":[],"_links":{"self":[{"href":"https:\/\/www.djurskyddet.se\/malartassen\/wp-json\/wp\/v2\/pages\/5788","targetHints":{"allow":["GET"]}}],"collection":[{"href":"https:\/\/www.djurskyddet.se\/malartassen\/wp-json\/wp\/v2\/pages"}],"about":[{"href":"https:\/\/www.djurskyddet.se\/malartassen\/wp-json\/wp\/v2\/types\/page"}],"author":[{"embeddable":true,"href":"https:\/\/www.djurskyddet.se\/malartassen\/wp-json\/wp\/v2\/users\/3"}],"replies":[{"embeddable":true,"href":"https:\/\/www.djurskyddet.se\/malartassen\/wp-json\/wp\/v2\/comments?post=5788"}],"version-history":[{"count":74,"href":"https:\/\/www.djurskyddet.se\/malartassen\/wp-json\/wp\/v2\/pages\/5788\/revisions"}],"predecessor-version":[{"id":6439,"href":"https:\/\/www.djurskyddet.se\/malartassen\/wp-json\/wp\/v2\/pages\/5788\/revisions\/6439"}],"wp:attachment":[{"href":"https:\/\/www.djurskyddet.se\/malartassen\/wp-json\/wp\/v2\/media?parent=5788"}],"curies":[{"name":"wp","href":"https:\/\/api.w.org\/{rel}","templated":true}]}}