{"id":5883,"date":"2021-09-07T09:38:51","date_gmt":"2021-09-07T08:38:51","guid":{"rendered":"https:\/\/djurskyddet.flywheelsites.com\/ungdom\/?page_id=5883"},"modified":"2025-10-14T12:26:44","modified_gmt":"2025-10-14T11:26:44","slug":"styrelsen","status":"publish","type":"page","link":"https:\/\/www.djurskyddet.se\/ungdom\/styrelsen\/","title":{"rendered":"F\u00f6rbundsstyrelse"},"content":{"rendered":"\n<div class=\"person my-3 bg-secondary border-thin\">\n\t<div class=\"row\">\n\t\t\t\t<div class=\"col-md-3 d-flex flex-wrap align-content-center justify-content-center\">\n\t\t\t<div>\n\t\t\t\t<img loading=\"lazy\" decoding=\"async\" width=\"400\" height=\"400\" src=\"https:\/\/www.djurskyddet.se\/ungdom\/wp-content\/uploads\/sites\/30\/2025\/05\/Image-2-400x400.jpeg\" class=\"rounded-circle object-fit-cover mb-3 mb-md-0\" alt=\"\" \/>\t\t\t<\/div>\n\t\t<\/div>\n\t\t\t\t<div class=\"col-md-9 d-flex align-content-center flex-wrap ps-md-3\">\n\t\t\t<div>\n\t\t\t\t<h3 class=\"m-0\">Saga Dahlberg<\/h3>\n\t\t\t\t<div class=\"text-primary mb-1\">F\u00f6rbundsordf\u00f6rande Djurskyddet Ungdom<\/div>\n\t\t\t\t<div>25 \u00e5r, Uppsala<\/div>\n\t\t\t\t<div class=\"mb-1\">\n\t\t\t\t\t\t\t\t\t\t<div>\n\t\t\t\t\t<i class=\"fa-solid fa-envelope text-primary me-1\"><\/i>\n\t\t\t\t\t\tsaga.dahlberg@djurskyddet.se \n\t\t\t\t\t<\/div>\n\t\t\t\t\t\t\t\t\t\t\t\t\t\t<\/div>\n\t\t\t<\/div>\n\t\t<\/div>\n\t\t\n\t\t<div class=\"col-md-12 mt-4\">\n\t\n\t\t\t\n\t\t<p>Jag heter Saga och bor i Uppsala tillsammans med min sambo och v\u00e5r gemensamma hund Kili. Kili \u00e4r en f\u00f6re detta gatuhund fr\u00e5n Polen som vi adopterade n\u00e4r han var 11 \u00e5r gammal \u2013 idag \u00e4r han 14.<br \/>\r\n<br \/>\r\nTill vardags arbetar jag med digital marknadsf\u00f6ring och sociala medier p\u00e5 en performancebyr\u00e5, men mitt engagemang f\u00f6r djurskyddsfr\u00e5gor har funnits med mig sedan barndomen. Det har lett till att jag har l\u00e4st kurser inom hundbeteende, etologi, djurskydd och etik.<br \/>\r\n<br \/>\r\nDetta blir mitt andra \u00e5r som f\u00f6rbundsordf\u00f6rande, och som f\u00f6rbundsordf\u00f6rande vill jag st\u00e5 upp f\u00f6r djuren och tala f\u00f6r dem som inte kan g\u00f6ra det sj\u00e4lva. Jag hoppas att v\u00e5rt arbete blir b\u00f6rjan p\u00e5 en verklig f\u00f6r\u00e4ndring \u2013 en f\u00f6r\u00e4ndring som ocks\u00e5 djuren kan k\u00e4nna, inte bara vi.<br \/>\r\n<br \/>\r\nJag brinner s\u00e4rskilt f\u00f6r vargarnas utsatta situation i Sverige, d\u00e4r alltf\u00f6r m\u00e5nga genetiskt viktiga individer skjuts, vilket hotar en livskraftig vargstam. Efter EU:s beslut att r\u00f6sta ja till ett minskat skydd f\u00f6r vargarna \u00e4r det en \u00e4nnu viktigare fr\u00e5ga att lyfta.<br \/>\r\n<br \/>\r\nJag ser fram emot att forts\u00e4tta arbetet, och kom ih\u00e5g: Tillsammans kan vi g\u00f6ra skillnad f\u00f6r djuren!<\/p> \n\t  \n\t\t\t\t\t<\/div>\n\t\t\n\t<\/div>\n<\/div>\n\n\n<div class=\"person my-3 bg-secondary border-thin\">\n\t<div class=\"row\">\n\t\t\t\t<div class=\"col-md-3 d-flex flex-wrap align-content-center justify-content-center\">\n\t\t\t<div>\n\t\t\t\t<img loading=\"lazy\" decoding=\"async\" width=\"400\" height=\"400\" src=\"https:\/\/www.djurskyddet.se\/ungdom\/wp-content\/uploads\/sites\/30\/2025\/06\/Image-7-400x400.jpeg\" class=\"rounded-circle object-fit-cover mb-3 mb-md-0\" alt=\"\" \/>\t\t\t<\/div>\n\t\t<\/div>\n\t\t\t\t<div class=\"col-md-9 d-flex align-content-center flex-wrap ps-md-3\">\n\t\t\t<div>\n\t\t\t\t<h3 class=\"m-0\">Elin Parviainen\u00a0<\/h3>\n\t\t\t\t<div class=\"text-primary mb-1\">Styrelseledamot Djurskyddet Ungdom<\/div>\n\t\t\t\t<div>22 \u00e5r, Kalix<\/div>\n\t\t\t\t<div class=\"mb-1\">\n\t\t\t\t\t\t\t\t\t\t\t\t\t\t<\/div>\n\t\t\t<\/div>\n\t\t<\/div>\n\t\t\n\t\t<div class=\"col-md-12 mt-4\">\n\t\n\t\t\t\n\t\t<p>Hej, jag \u00e4r 22 \u00e5r och kommer fr\u00e5n Kalix, Norrbotten d\u00e4r jag bor tillsammans med min hund Vidar. I dagsl\u00e4get studerar jag p\u00e5 politices kandidatprogram inriktning statsvetenskap men \u00e4r uppvuxen med alla m\u00f6jliga djur och har alltid varit engagerad i djurfr\u00e5gor.<br \/>\r\n<br \/>\r\nJag brinner f\u00f6r samh\u00e4llsfr\u00e5gor \u00f6verlag och har tidigare varit engagerad i flera olika organisationer men detta \u00e4r min f\u00f6rsta g\u00e5ng jag kommer sitta i en styrelse som ledamot.<br \/>\r\n<br \/>\r\nN\u00e5gra viktiga djurfr\u00e5gor jag brinner lite extra f\u00f6r \u00e4r extrem avel, f\u00f6rb\u00e4ttrade f\u00f6rh\u00e5llande f\u00f6r djur i industrier och h\u00e5llbart jakt\/fiske f\u00f6r bevarande av biologisk m\u00e5ngfald.<\/p> \n\t  \n\t\t\t\t\t<\/div>\n\t\t\n\t<\/div>\n<\/div>\n\n\n<div class=\"person my-3 bg-secondary border-thin\">\n\t<div class=\"row\">\n\t\t\t\t<div class=\"col-md-3 d-flex flex-wrap align-content-center justify-content-center\">\n\t\t\t<div>\n\t\t\t\t<img loading=\"lazy\" decoding=\"async\" width=\"400\" height=\"400\" src=\"https:\/\/www.djurskyddet.se\/ungdom\/wp-content\/uploads\/sites\/30\/2025\/05\/nathalie-reden.png\" class=\"rounded-circle object-fit-cover mb-3 mb-md-0\" alt=\"\" \/>\t\t\t<\/div>\n\t\t<\/div>\n\t\t\t\t<div class=\"col-md-9 d-flex align-content-center flex-wrap ps-md-3\">\n\t\t\t<div>\n\t\t\t\t<h3 class=\"m-0\">Nathalie Red\u00e9n<\/h3>\n\t\t\t\t<div class=\"text-primary mb-1\">Styrelseledamot Djurskyddet Ungdom<\/div>\n\t\t\t\t<div>26 \u00e5r, Stockholm<\/div>\n\t\t\t\t<div class=\"mb-1\">\n\t\t\t\t\t\t\t\t\t\t<div>\n\t\t\t\t\t<i class=\"fa-solid fa-envelope text-primary me-1\"><\/i>\n\t\t\t\t\t\tnathalie.reden@djurskyddet.se \n\t\t\t\t\t<\/div>\n\t\t\t\t\t\t\t\t\t\t\t\t\t\t<\/div>\n\t\t\t<\/div>\n\t\t<\/div>\n\t\t\n\t\t<div class=\"col-md-12 mt-4\">\n\t\n\t\t\t\n\t\t<p>Jag \u00e4r s\u00e5 peppad att f\u00f6r tredje \u00e5ret i rad sitta med i f\u00f6rbundsstyrelsen och forts\u00e4tta vara med och p\u00e5verka f\u00f6r djurens b\u00e4sta och genomf\u00f6ra roliga aktiviteter. Jag \u00e4r tillsammans med Saga ansvarig f\u00f6r v\u00e5r hundgrupp. <br \/>\r\n<br \/>\r\nSj\u00e4lv har jag en hund som heter Lexie, hon \u00e4r en bichon havanise och \u00e4r 3,5 \u00e5r gammal. Vi tr\u00e4nar nosework som \u00e4r en hundsport d\u00e4r hunden ska leta efter en specifik doft. Dessutom \u00e4r vi g\u00e4rna ute i naturen eller tar en l\u00f6ptur tillsammans. F\u00f6rutom att vara med min hund s\u00e5 studerar jag datavetenskap och h\u00e4lsopromotion p\u00e5 h\u00f6gskolan.<br \/>\r\n<br \/>\r\nJag \u00e4r med i Djurskyddet Ungdom f\u00f6r att jag brinner f\u00f6r djur och tycker alla djur ska ha det bra. Jag brinner lite extra f\u00f6r hundar och vet att det finns m\u00e5nga hundar som \u00e4r heml\u00f6sa eller behandlas illa och det vill jag \u00e4ndra p\u00e5. Dessutom vill jag f\u00e5 ungas r\u00f6ster att h\u00f6ras mer och f\u00e5 fler unga att engagera sig f\u00f6r djurskydd. <\/p> \n\t  \n\t\t\t\t\t<\/div>\n\t\t\n\t<\/div>\n<\/div>\n\n\n<div class=\"person my-3 bg-secondary border-thin\">\n\t<div class=\"row\">\n\t\t\t\t<div class=\"col-md-3 d-flex flex-wrap align-content-center justify-content-center\">\n\t\t\t<div>\n\t\t\t\t<img loading=\"lazy\" decoding=\"async\" width=\"400\" height=\"400\" src=\"https:\/\/www.djurskyddet.se\/ungdom\/wp-content\/uploads\/sites\/30\/2025\/05\/Livya-Adrian.png\" class=\"rounded-circle object-fit-cover mb-3 mb-md-0\" alt=\"\" \/>\t\t\t<\/div>\n\t\t<\/div>\n\t\t\t\t<div class=\"col-md-9 d-flex align-content-center flex-wrap ps-md-3\">\n\t\t\t<div>\n\t\t\t\t<h3 class=\"m-0\">Livya Adrian<\/h3>\n\t\t\t\t<div class=\"text-primary mb-1\">Styrelseledamot Djurskyddet Ungdom<\/div>\n\t\t\t\t<div>18 \u00e5r, Str\u00e4ngn\u00e4s<\/div>\n\t\t\t\t<div class=\"mb-1\">\n\t\t\t\t\t\t\t\t\t\t\t\t\t\t<\/div>\n\t\t\t<\/div>\n\t\t<\/div>\n\t\t\n\t\t<div class=\"col-md-12 mt-4\">\n\t\n\t\t\t\n\t\t<p>Jag heter Livya Adrian, \u00e4r 18 \u00e5r gammal och bor i Str\u00e4ngn\u00e4s. F\u00f6rutom att jag jobbar som volont\u00e4r och \u00e4r aktiv i djurr\u00e4tt, \u00e4lskar jag att dansa streetdance och modern jazz. <br \/>\r\n<br \/>\r\nJag g\u00e5r p\u00e5 gymnasiet och l\u00e4ser &#8221;Modern Humanities&#8221;, en samh\u00e4llsinriktad spetslinje d\u00e4r jag f\u00e5r g\u00e5 specialkurser om till exempel Europa, retorik och m\u00e4nskliga r\u00e4ttigheter. Men djurens r\u00e4ttigheter \u00e4r det jag brinner mest f\u00f6r!<br \/>\r\n<br \/>\r\nSedan Djurskyddet Ungdoms \u00e5rsm\u00f6te 2024 har jag engagerat mig i Stockholms lokalf\u00f6rening. Ett \u00e5r senare blev jag vald till styrelsen d\u00e4r och ocks\u00e5 till styrelseledamot i F\u00f6rbundsstyrelsen.<br \/>\r\nJag valde att engagera mig i Djurskyddet Ungdom f\u00f6r att jag ville arbeta mer aktivt f\u00f6r att f\u00f6rb\u00e4ttra djurens situation. En annan anledning var att hitta en gemenskap med andra unga som ocks\u00e5 bryr sig om djur! <br \/>\r\n<br \/>\r\nJag tycker det \u00e4r v\u00e4ldigt viktigt att vi ungdomar f\u00e5r ta plats och g\u00f6ra v\u00e5ra r\u00f6ster h\u00f6rda i viktiga fr\u00e5gor. Den djurfr\u00e5ga jag brinner mest f\u00f6r \u00e4r livsmedelsindustrin och djurfabrikerna. Det \u00e4r under all kritik!<br \/>\r\n<br \/>\r\nI framtiden dr\u00f6mmer jag om att jobba med just detta, till exempel p\u00e5 en djurskydds- eller djurr\u00e4ttsorganisation. Att f\u00e5 jobba med det jag brinner f\u00f6r \u00e4r det b\u00e4sta jag kan t\u00e4nka mig och n\u00e5got jag hoppas kunna uppn\u00e5!<\/p> \n\t  \n\t\t\t\t\t<\/div>\n\t\t\n\t<\/div>\n<\/div>\n\n\n<div class=\"person my-3 bg-secondary border-thin\">\n\t<div class=\"row\">\n\t\t\t\t<div class=\"col-md-3 d-flex flex-wrap align-content-center justify-content-center\">\n\t\t\t<div>\n\t\t\t\t<img loading=\"lazy\" decoding=\"async\" width=\"400\" height=\"400\" src=\"https:\/\/www.djurskyddet.se\/ungdom\/wp-content\/uploads\/sites\/30\/2025\/05\/Isabella-jonsson-g-400x400.jpeg\" class=\"rounded-circle object-fit-cover mb-3 mb-md-0\" alt=\"\" \/>\t\t\t<\/div>\n\t\t<\/div>\n\t\t\t\t<div class=\"col-md-9 d-flex align-content-center flex-wrap ps-md-3\">\n\t\t\t<div>\n\t\t\t\t<h3 class=\"m-0\">Isabella J\u00f6nsson Gonzalez<\/h3>\n\t\t\t\t<div class=\"text-primary mb-1\">Styrelseledamot Djurskyddet Ungdom<\/div>\n\t\t\t\t<div>25 \u00e5r, Fj\u00e4lkinge<\/div>\n\t\t\t\t<div class=\"mb-1\">\n\t\t\t\t\t\t\t\t\t\t\t\t\t\t<\/div>\n\t\t\t<\/div>\n\t\t<\/div>\n\t\t\n\t\t<div class=\"col-md-12 mt-4\">\n\t\n\t\t\t\n\t\t<p>Hej!<br \/>\r\nJag heter Isabella, \u00e4r 25 \u00e5r och bor i Fj\u00e4lkinge tillsammans med min sambo och v\u00e5ra tre katter \u2013 Aston, Frida och Freja \u2013 som alla \u00e4r adopterade fr\u00e5n ett katthem jag volont\u00e4rarbetar p\u00e5.<br \/>\r\n<br \/>\r\nI h\u00f6st p\u00e5b\u00f6rjar jag studier i milj\u00f6vetenskap, och vid sidan av det kommer jag \u00e4ven l\u00e4sa kurser i djurskydd, etologi och djurparksdjurens beteende. F\u00f6r mig g\u00e5r milj\u00f6- och djurfr\u00e5gor hand i hand \u2013 vi kan inte prata om en h\u00e5llbar framtid utan att ocks\u00e5 prata om djurens v\u00e4lf\u00e4rd.<br \/>\r\n<br \/>\r\nMitt engagemang f\u00f6r djurens r\u00e4ttigheter har funnits med mig l\u00e4nge, men har vuxit sig starkare med \u00e5ren. Jag brinner s\u00e4rskilt f\u00f6r att h\u00f6ja kattens status i samh\u00e4llet, s\u00e4tta stopp f\u00f6r djurf\u00f6rs\u00f6k och andra former av systematiskt lidande \u2013 och inte minst f\u00f6r att vilda djur ska f\u00e5 det skydd och den frihet de f\u00f6rtj\u00e4nar.  De f\u00f6rtj\u00e4nar en chans att leva sina egna liv i frihet, utan r\u00e4dsla eller tr\u00e4ngsel.<br \/>\r\n<br \/>\r\nF\u00f6r mig \u00e4r det en sj\u00e4lvklarhet att varje liv \u2013 oavsett art \u2013 har ett v\u00e4rde och r\u00e4tt att leva p\u00e5 sina egna villkor.<br \/>\r\n<br \/>\r\nGenom mitt engagemang i Djurskyddet Ungdom vill jag vara en r\u00f6st f\u00f6r dem som inte har en egen, och bidra till verklig f\u00f6r\u00e4ndring. Jag tror p\u00e5 styrkan i unga r\u00f6ster \u2013 och p\u00e5 att vi tillsammans kan skapa en b\u00e4ttre v\u00e4rld.<\/p> \n\t  \n\t\t\t\t\t<\/div>\n\t\t\n\t<\/div>\n<\/div>","protected":false},"excerpt":{"rendered":"","protected":false},"author":3,"featured_media":0,"parent":0,"menu_order":0,"comment_status":"closed","ping_status":"closed","template":"","meta":{"_acf_changed":false,"footnotes":""},"class_list":["post-5883","page","type-page","status-publish","hentry"],"acf":[],"_links":{"self":[{"href":"https:\/\/www.djurskyddet.se\/ungdom\/wp-json\/wp\/v2\/pages\/5883","targetHints":{"allow":["GET"]}}],"collection":[{"href":"https:\/\/www.djurskyddet.se\/ungdom\/wp-json\/wp\/v2\/pages"}],"about":[{"href":"https:\/\/www.djurskyddet.se\/ungdom\/wp-json\/wp\/v2\/types\/page"}],"author":[{"embeddable":true,"href":"https:\/\/www.djurskyddet.se\/ungdom\/wp-json\/wp\/v2\/users\/3"}],"replies":[{"embeddable":true,"href":"https:\/\/www.djurskyddet.se\/ungdom\/wp-json\/wp\/v2\/comments?post=5883"}],"version-history":[{"count":21,"href":"https:\/\/www.djurskyddet.se\/ungdom\/wp-json\/wp\/v2\/pages\/5883\/revisions"}],"predecessor-version":[{"id":7377,"href":"https:\/\/www.djurskyddet.se\/ungdom\/wp-json\/wp\/v2\/pages\/5883\/revisions\/7377"}],"wp:attachment":[{"href":"https:\/\/www.djurskyddet.se\/ungdom\/wp-json\/wp\/v2\/media?parent=5883"}],"curies":[{"name":"wp","href":"https:\/\/api.w.org\/{rel}","templated":true}]}}