{"id":6265,"date":"2023-03-20T11:18:51","date_gmt":"2023-03-20T10:18:51","guid":{"rendered":"https:\/\/djurskyddet.flywheelsites.com\/ungdom\/?page_id=6265"},"modified":"2025-01-31T13:49:03","modified_gmt":"2025-01-31T12:49:03","slug":"extremavel","status":"publish","type":"page","link":"https:\/\/www.djurskyddet.se\/ungdom\/extremavel\/","title":{"rendered":"Stoppa extremaveln av hundar"},"content":{"rendered":"\n<p><strong>Att hundar l\u00e5ter n\u00e4r de andas \u00e4r INTE gulligt. Att de f\u00e5r hudinfektion i deras alldeles f\u00f6r veckade hud \u00e4r INTE normalt. Att flera raser f\u00f6ds med defekta ryggar och svansar \u00e4r INTE okej. Det \u00e4r dags att \u00f6ppna \u00f6gonen. Djurskyddet Ungdom vill stoppa extremaveln av hundar!<\/strong><\/p>\n\n\n\n<p>Alla hundar har r\u00e4tt till en fungerande nos och ett h\u00e4lsosamt liv. Just nu bedriver vi en informationskampanj p\u00e5 sociala medier f\u00f6r att belysa problematiken med avel p\u00e5 extrem anatomi. Vi lyfter \u00e4ven goda exempel p\u00e5 hur vi kan f\u00f6rb\u00e4ttra hundarnas v\u00e4lm\u00e5ende genom till exempel olika avelsprojekt.<\/p>\n\n\n\n<p><\/p>\n\n\n\n<h2 class=\"wp-block-heading\">Nya m\u00e5lbilder fr\u00e5n SKK<\/h2>\n\n\n\n<p>Samtidigt har Svenska Kennelklubben (SKK) utkommit med nya m\u00e5lbilder&nbsp;engelsk bulldogg, bostonterrier, fransk bulldogg och mops. Syftet med m\u00e5lbilderna \u00e4r att ge en bild av hur genomsnittshunden i rasen kan se ut n\u00e4r den har goda chanser att uppfylla de exteri\u00f6ra f\u00f6ruts\u00e4ttningarna f\u00f6r sundhet.&nbsp;<a href=\"https:\/\/www.skk.se\/nyheter\/2024\/10\/malbilder-visualiserar-forutsattningar-for-sundhet\/\">L\u00e4s mer h\u00e4r.<\/a><\/p>\n\n\n\n<p><\/p>\n\n\n\n<h2 class=\"wp-block-heading\">Systematiskt djurpl\u00e5geri<\/h2>\n\n\n\n<p>Att vi m\u00e4nniskor orsakar hundar sm\u00e4rta eller andningsproblem genom avel m\u00e5ste f\u00e5 ett slut. Att medvetet forts\u00e4tta avla p\u00e5 sjuka individer \u00e4r djurpl\u00e5geri. I djurskyddslagen st\u00e5r det tydligt att \u201dDet \u00e4r f\u00f6rbjudet att utf\u00f6ra avel med s\u00e5dan inriktning att den kan medf\u00f6ra lidande f\u00f6r f\u00f6r\u00e4ldradjuret eller avkomman\u201d.<\/p>\n\n\n\n<p><strong>Ett tydligt exempel \u00e4r den engelska bulldoggen:<\/strong><\/p>\n\n\n\n<p>Enligt en svensk h\u00e4lsoenk\u00e4t har m\u00e5nga, f\u00f6rutom andningsproblem, problem med skelett eller leder. 45 procent har upps\u00f6kt veterin\u00e4r f\u00f6r olika hudproblem. 38 procent har upps\u00f6kt veterin\u00e4r f\u00f6r \u00f6gonproblem. 66 procent av de tikar som valpat hade f\u00e5tt genomg\u00e5 kejsarsnitt. Majoriteten av de unders\u00f6kta hundarna hade ocks\u00e5 problem med h\u00f6fterna.<\/p>\n\n\n\n<p>Den h\u00e4r aveln p\u00e5g\u00e5r allts\u00e5 i dagsl\u00e4get, trots att vi har en lag som tydligt f\u00f6rbjuder avel som riskerar lidande.<\/p>\n\n\n\n<p><\/p>\n\n\n\n<h2 class=\"wp-block-heading\"><strong>Nytt avelsprojekt f\u00f6r att r\u00e4dda cavalier<\/strong><\/h2>\n\n\n\n<p>Det \u00e4r inte bara trubbnosar som uts\u00e4tts f\u00f6r osund avel. \u00c4ven den popul\u00e4ra familjehunden cavalier king charles spaniel har en rad h\u00e4lsoproblem, i stort sett alla utvecklar bl\u00e5sljud p\u00e5 hj\u00e4rtat under sin livstid och m\u00e5nga har problem med att skallen \u00e4r f\u00f6r tr\u00e5ng, n\u00e5got som kan ge konstant huvudv\u00e4rk.<\/p>\n\n\n\n<p>I Norge f\u00e5r man inte ens avla p\u00e5 dem l\u00e4ngre f\u00f6r att det strider mot djurskyddslagen.<\/p>\n\n\n<div class=\"wp-block-image\">\n<figure class=\"alignright is-resized\"><img decoding=\"async\" src=\"https:\/\/www.djurskyddet.se\/ungdom\/wp-content\/uploads\/sites\/30\/2024\/11\/tracy-anderson-3Nl7McrG1RA-unsplash.jpg\" alt=\"\" class=\"wp-image-6644\" style=\"width:187px;height:auto\"\/><\/figure><\/div>\n\n\n<p>Men f\u00f6r\u00e4ndring \u00e4r p\u00e5 v\u00e4g! I Sverige startade Cavaliers\u00e4llskapet ett inkorsningsprojekt 2023 f\u00f6r att beh\u00e5lla en rastypisk men friskare cavalier.<\/p>\n\n\n\n<p>Projektet g\u00e5r ut p\u00e5 att korsa cavalier med tre andra raser, lhasa Apso, japansk spets och dansk-svensk g\u00e5rdshund. Dessa raser valdes ut f\u00f6r att de ligger l\u00e5ngt ifr\u00e5n cavaliern genetiskt och anses som allm\u00e4nt friska raser.<\/p>\n\n\n\n<p><\/p>\n\n\n\n<h2 class=\"wp-block-heading\"><strong>Ett annat bra exempel \u00e4r retromopsen<\/strong><\/h2>\n\n\n\n<p>N\u00e4r Therese Rodin skaffade tv\u00e5 mopsar f\u00f6r 11 \u00e5r sedan blev hon f\u00f6rtrollad av rasen \u2013 trots alla h\u00e4lsoproblem. Hon l\u00e4ste p\u00e5 om avel och genetik och lovade sig sj\u00e4lv att aldrig mer skaffa en standardmops igen. Idag arbetar hennes klubb f\u00f6r en sund och l\u00e5ngsiktigt h\u00e5llbar mops, en s\u00e5 kallad retromops. &nbsp;<\/p>\n\n\n\n<p>\u2013 Vi jobbar med mopsh\u00e4lsa fr\u00e5n nos till svans eftersom standardmopsen har s\u00e5 m\u00e5nga h\u00e4lsoproblem som andning, tandproblem, \u00f6gonproblem, defekta kotor, h\u00f6g inavelsniv\u00e5, hudproblem med mera. En platt nos och en kompakt kropp kan aldrig ge hunden en normal funktion, ber\u00e4ttar Therese.<\/p>\n\n\n<div class=\"wp-block-image\">\n<figure class=\"alignleft is-resized\"><img decoding=\"async\" src=\"https:\/\/www.djurskyddet.se\/ungdom\/wp-content\/uploads\/sites\/30\/2024\/11\/DSC0532-Redigera.jpg\" alt=\"\" class=\"wp-image-6645\" style=\"width:260px;height:auto\"\/><\/figure><\/div>\n\n\n<p>Retromopsen har utvecklats f\u00f6r att uppmuntra mopsuppf\u00f6dare att arbeta mot en mops som mer liknar \u201dnormalhunden\u201d och \u00e4r mindre brakycefal (trubbnos).<\/p>\n\n\n\n<p>\u2013 Vi vill att mopsen ska f\u00e5 beh\u00e5lla sin h\u00e4rliga, mopsiga mentalitet och samtidigt ha m\u00f6jlighet att f\u00e5 vara en hund fullt ut, med sinnen, anatomi och aktivitet.<\/p>\n\n\n\n<p><a href=\"https:\/\/pugdogpassion.com\/\">L\u00e4s mer om retromopsen h\u00e4r.<\/a><\/p>\n\n\n\n<h2 class=\"wp-block-heading\"><strong>Vad kan du g\u00f6ra?<\/strong><\/h2>\n\n\n\n<p><\/p>\n\n\n\n<p>Vi anser att det saknas kunskap om avel p\u00e5 extrem anatomi och tycker att staten ska ta ett ansvar och utf\u00f6ra b\u00e4ttre kontroller hos uppf\u00f6dare.<\/p>\n\n\n\n<p>Men om du funderar p\u00e5 att skaffa hund \u2013 t\u00e4nk p\u00e5 att en hund ska kunna:<\/p>\n\n\n\n<ul class=\"wp-block-list\">\n<li>Andas fritt och syres\u00e4tta sig normalt b\u00e5de vid vila och motion.<\/li>\n\n\n\n<li>R\u00f6ra sig fritt utan begr\u00e4nsningar fr\u00e5n sitt utseende.<\/li>\n\n\n\n<li>\u00c4ta och dricka effektivt.<\/li>\n\n\n\n<li>H\u00f6ra, lukta, se, ta hand om sin kroppshygien, utf\u00f6ra sina behov och sova effektivt.<\/li>\n\n\n\n<li>Para sig och f\u00f6da valpar, naturligt utan hj\u00e4lp.<\/li>\n\n\n\n<li>Kommunicera effektivt med andra hundar genom b\u00e5de ljud och fysiska attribut som svans, \u00f6ron och ansiktsmimik.<\/li>\n<\/ul>\n\n\n\n<p>Anv\u00e4nd sunt f\u00f6rnuft och st\u00f6tta sunda uppf\u00f6dare. Alla hundar f\u00f6rtj\u00e4nar ett friskt liv.<\/p>\n\n\n\n<p><\/p>\n\n\n\n<p>Namninsamling kommer!<\/p>\n\n\n\n<div class=\"wp-block-buttons is-layout-flex wp-block-buttons-is-layout-flex\"><\/div>\n\n\n\n<p><\/p>\n","protected":false},"excerpt":{"rendered":"<p>Att hundar l\u00e5ter n\u00e4r de andas \u00e4r INTE gulligt. Att de f\u00e5r hudinfektion i deras alldeles f\u00f6r veckade hud \u00e4r INTE normalt. Att flera raser f\u00f6ds med defekta ryggar och svansar \u00e4r INTE okej. Det \u00e4r dags att \u00f6ppna \u00f6gonen. Djurskyddet Ungdom vill stoppa extremaveln av hundar! Alla hundar har r\u00e4tt till en fungerande nos [&hellip;]<\/p>\n","protected":false},"author":28,"featured_media":7052,"parent":0,"menu_order":0,"comment_status":"closed","ping_status":"closed","template":"page-templates\/page-full-width-image.php","meta":{"_acf_changed":false,"footnotes":""},"class_list":["post-6265","page","type-page","status-publish","has-post-thumbnail","hentry"],"acf":[],"_links":{"self":[{"href":"https:\/\/www.djurskyddet.se\/ungdom\/wp-json\/wp\/v2\/pages\/6265","targetHints":{"allow":["GET"]}}],"collection":[{"href":"https:\/\/www.djurskyddet.se\/ungdom\/wp-json\/wp\/v2\/pages"}],"about":[{"href":"https:\/\/www.djurskyddet.se\/ungdom\/wp-json\/wp\/v2\/types\/page"}],"author":[{"embeddable":true,"href":"https:\/\/www.djurskyddet.se\/ungdom\/wp-json\/wp\/v2\/users\/28"}],"replies":[{"embeddable":true,"href":"https:\/\/www.djurskyddet.se\/ungdom\/wp-json\/wp\/v2\/comments?post=6265"}],"version-history":[{"count":11,"href":"https:\/\/www.djurskyddet.se\/ungdom\/wp-json\/wp\/v2\/pages\/6265\/revisions"}],"predecessor-version":[{"id":7094,"href":"https:\/\/www.djurskyddet.se\/ungdom\/wp-json\/wp\/v2\/pages\/6265\/revisions\/7094"}],"wp:featuredmedia":[{"embeddable":true,"href":"https:\/\/www.djurskyddet.se\/ungdom\/wp-json\/wp\/v2\/media\/7052"}],"wp:attachment":[{"href":"https:\/\/www.djurskyddet.se\/ungdom\/wp-json\/wp\/v2\/media?parent=6265"}],"curies":[{"name":"wp","href":"https:\/\/api.w.org\/{rel}","templated":true}]}}