{"id":6337,"date":"2023-06-12T10:08:24","date_gmt":"2023-06-12T09:08:24","guid":{"rendered":"https:\/\/djurskyddet.flywheelsites.com\/ungdom\/?page_id=6337"},"modified":"2025-06-02T09:12:41","modified_gmt":"2025-06-02T08:12:41","slug":"verksamhetsberattelse-2022-2","status":"publish","type":"page","link":"https:\/\/www.djurskyddet.se\/ungdom\/verksamhetsberattelse-2022-2\/","title":{"rendered":"Verksamhetsber\u00e4ttelsen 2024"},"content":{"rendered":"\n<p>L\u00e4s g\u00e4rna v\u00e5r verksamhetsber\u00e4ttelse f\u00f6r att ta del av vad vi gjorde under 2024. Det blev ett h\u00e4ndelserikt \u00e5r med aktiviteter, projekt och nya medlemmar! Vi \u00e4r oerh\u00f6rt stolta \u00f6ver v\u00e5rt ungdomsf\u00f6rbund som alltid jobbar f\u00f6r djurens b\u00e4sta! Tillsammans g\u00f6r vi skillnad.<\/p>\n\n\n\n<p><a href=\"https:\/\/www.djurskyddet.se\/ungdom\/wp-content\/uploads\/sites\/30\/2025\/06\/Verksamhetsberattelse-2024.pdf\" data-type=\"attachment\" data-id=\"7290\">L\u00e4s hela verksamhetsber\u00e4ttelsen h\u00e4r!<\/a><\/p>\n\n\n\n<figure class=\"wp-block-image size-full\"><img loading=\"lazy\" decoding=\"async\" width=\"1200\" height=\"525\" src=\"https:\/\/www.djurskyddet.se\/wp-content\/uploads\/sites\/30\/2025\/01\/katt-gron-vagg-avlang.jpg\" alt=\"\" class=\"wp-image-7078\" srcset=\"https:\/\/www.djurskyddet.se\/ungdom\/wp-content\/uploads\/sites\/30\/2025\/01\/katt-gron-vagg-avlang.jpg 1200w, https:\/\/www.djurskyddet.se\/ungdom\/wp-content\/uploads\/sites\/30\/2025\/01\/katt-gron-vagg-avlang-600x263.jpg 600w, https:\/\/www.djurskyddet.se\/ungdom\/wp-content\/uploads\/sites\/30\/2025\/01\/katt-gron-vagg-avlang-1024x448.jpg 1024w, https:\/\/www.djurskyddet.se\/ungdom\/wp-content\/uploads\/sites\/30\/2025\/01\/katt-gron-vagg-avlang-768x336.jpg 768w\" sizes=\"auto, (max-width: 1200px) 100vw, 1200px\" \/><\/figure>\n\n\n\n<p><\/p>\n","protected":false},"excerpt":{"rendered":"<p>L\u00e4s g\u00e4rna v\u00e5r verksamhetsber\u00e4ttelse f\u00f6r att ta del av vad vi gjorde under 2024. Det blev ett h\u00e4ndelserikt \u00e5r med aktiviteter, projekt och nya medlemmar! Vi \u00e4r oerh\u00f6rt stolta \u00f6ver v\u00e5rt ungdomsf\u00f6rbund som alltid jobbar f\u00f6r djurens b\u00e4sta! Tillsammans g\u00f6r vi skillnad. L\u00e4s hela verksamhetsber\u00e4ttelsen h\u00e4r!<\/p>\n","protected":false},"author":28,"featured_media":0,"parent":0,"menu_order":0,"comment_status":"closed","ping_status":"closed","template":"","meta":{"_acf_changed":false,"footnotes":""},"class_list":["post-6337","page","type-page","status-publish","hentry"],"acf":[],"_links":{"self":[{"href":"https:\/\/www.djurskyddet.se\/ungdom\/wp-json\/wp\/v2\/pages\/6337","targetHints":{"allow":["GET"]}}],"collection":[{"href":"https:\/\/www.djurskyddet.se\/ungdom\/wp-json\/wp\/v2\/pages"}],"about":[{"href":"https:\/\/www.djurskyddet.se\/ungdom\/wp-json\/wp\/v2\/types\/page"}],"author":[{"embeddable":true,"href":"https:\/\/www.djurskyddet.se\/ungdom\/wp-json\/wp\/v2\/users\/28"}],"replies":[{"embeddable":true,"href":"https:\/\/www.djurskyddet.se\/ungdom\/wp-json\/wp\/v2\/comments?post=6337"}],"version-history":[{"count":8,"href":"https:\/\/www.djurskyddet.se\/ungdom\/wp-json\/wp\/v2\/pages\/6337\/revisions"}],"predecessor-version":[{"id":7292,"href":"https:\/\/www.djurskyddet.se\/ungdom\/wp-json\/wp\/v2\/pages\/6337\/revisions\/7292"}],"wp:attachment":[{"href":"https:\/\/www.djurskyddet.se\/ungdom\/wp-json\/wp\/v2\/media?parent=6337"}],"curies":[{"name":"wp","href":"https:\/\/api.w.org\/{rel}","templated":true}]}}