{"id":6406,"date":"2024-05-06T15:24:17","date_gmt":"2024-05-06T14:24:17","guid":{"rendered":"https:\/\/djurskyddet.flywheelsites.com\/ungdom\/?page_id=6406"},"modified":"2025-07-02T07:29:02","modified_gmt":"2025-07-02T06:29:02","slug":"malmo","status":"publish","type":"page","link":"https:\/\/www.djurskyddet.se\/ungdom\/engagera-dig\/malmo\/","title":{"rendered":"Malm\u00f6"},"content":{"rendered":"\n<p>Bor du i Malm\u00f6 med omnejd och vill engagera dig f\u00f6r djuren? Kontakta oss!<\/p>\n\n\n\n<div class=\"wp-block-buttons is-layout-flex wp-block-buttons-is-layout-flex\">\n<div class=\"wp-block-button\"><a class=\"wp-block-button__link wp-element-button\" href=\"https:\/\/www.instagram.com\/djurskyddetungdommalmo\/\" target=\"_blank\" rel=\"noreferrer noopener\"><i class=\"fa-brands fa-instagram fa-1xl text-light me-2\"><\/i>F\u00f6lj oss p\u00e5 Instagram<\/a><\/div>\n<\/div>\n\n\n\n<div class=\"wp-block-buttons is-layout-flex wp-block-buttons-is-layout-flex\">\n<div class=\"wp-block-button\"><a class=\"wp-block-button__link wp-element-button\" href=\"https:\/\/www.facebook.com\/Djurskyddetungdommalmo\/\" target=\"_blank\" rel=\"noreferrer noopener\"><i class=\"fa-brands fa-facebook fa-1xl text-light me-2\"><\/i>Gilla oss p\u00e5 Facebook<\/a><\/div>\n<\/div>\n\n\n\n<h2 class=\"wp-block-heading\">Vi som sitter i styrelsen <\/h2>\n\n\n\n<div class=\"person my-3 bg-secondary border-thin\">\n\t<div class=\"row\">\n\t\t\t\t<div class=\"col-md-3 d-flex flex-wrap align-content-center justify-content-center\">\n\t\t\t<div>\n\t\t\t\t<img loading=\"lazy\" decoding=\"async\" width=\"150\" height=\"150\" src=\"https:\/\/www.djurskyddet.se\/ungdom\/wp-content\/uploads\/sites\/30\/2023\/06\/received_623322923070240-e1730734113383-150x150.jpeg\" class=\"rounded-circle object-fit-cover mb-3 mb-md-0\" alt=\"\" \/>\t\t\t<\/div>\n\t\t<\/div>\n\t\t\t\t<div class=\"col-md-9 d-flex align-content-center flex-wrap ps-md-3\">\n\t\t\t<div>\n\t\t\t\t<h3 class=\"m-0\">Casper Lindstr\u00f6m Martinsson<\/h3>\n\t\t\t\t<div class=\"text-primary mb-1\">Ordf\u00f6rande <\/div>\n\t\t\t\t<div>19 \u00e5r, Helsingborg<\/div>\n\t\t\t\t<div class=\"mb-1\">\n\t\t\t\t\t\t\t\t\t\t\t\t\t\t<\/div>\n\t\t\t<\/div>\n\t\t<\/div>\n\t\t\n\t\t<div class=\"col-md-12 mt-4\">\n\t\n\t  \n\t\t\t\t\t<\/div>\n\t\t\n\t<\/div>\n<\/div>\n\n\n<div class=\"person my-3 bg-secondary border-thin\">\n\t<div class=\"row\">\n\t\t\t\t<div class=\"col-md-3 d-flex flex-wrap align-content-center justify-content-center\">\n\t\t\t<div>\n\t\t\t\t<img loading=\"lazy\" decoding=\"async\" width=\"400\" height=\"400\" src=\"https:\/\/www.djurskyddet.se\/ungdom\/wp-content\/uploads\/sites\/30\/2025\/05\/Isabella-jonsson-g-400x400.jpeg\" class=\"rounded-circle object-fit-cover mb-3 mb-md-0\" alt=\"\" \/>\t\t\t<\/div>\n\t\t<\/div>\n\t\t\t\t<div class=\"col-md-9 d-flex align-content-center flex-wrap ps-md-3\">\n\t\t\t<div>\n\t\t\t\t<h3 class=\"m-0\">Isabella J\u00f6nsson Gonzalez<\/h3>\n\t\t\t\t<div class=\"text-primary mb-1\">Styrelseledamot<\/div>\n\t\t\t\t<div>25 \u00e5r, Fj\u00e4lkinge<\/div>\n\t\t\t\t<div class=\"mb-1\">\n\t\t\t\t\t\t\t\t\t\t\t\t\t\t<\/div>\n\t\t\t<\/div>\n\t\t<\/div>\n\t\t\n\t\t<div class=\"col-md-12 mt-4\">\n\t\n\t\t\t\n\t\t<p>Hej!<br \/>\r\nJag heter Isabella, \u00e4r 25 \u00e5r och bor i Fj\u00e4lkinge tillsammans med min sambo och v\u00e5ra tre katter \u2013 Aston, Frida och Freja \u2013 som alla \u00e4r adopterade fr\u00e5n ett katthem jag volont\u00e4rarbetar p\u00e5.<br \/>\r\n<br \/>\r\nI h\u00f6st p\u00e5b\u00f6rjar jag studier i milj\u00f6vetenskap, och vid sidan av det kommer jag \u00e4ven l\u00e4sa kurser i djurskydd, etologi och djurparksdjurens beteende. F\u00f6r mig g\u00e5r milj\u00f6- och djurfr\u00e5gor hand i hand \u2013 vi kan inte prata om en h\u00e5llbar framtid utan att ocks\u00e5 prata om djurens v\u00e4lf\u00e4rd.<br \/>\r\n<br \/>\r\nMitt engagemang f\u00f6r djurens r\u00e4ttigheter har funnits med mig l\u00e4nge, men har vuxit sig starkare med \u00e5ren. Jag brinner s\u00e4rskilt f\u00f6r att h\u00f6ja kattens status i samh\u00e4llet, s\u00e4tta stopp f\u00f6r djurf\u00f6rs\u00f6k och andra former av systematiskt lidande \u2013 och inte minst f\u00f6r att vilda djur ska f\u00e5 det skydd och den frihet de f\u00f6rtj\u00e4nar.  De f\u00f6rtj\u00e4nar en chans att leva sina egna liv i frihet, utan r\u00e4dsla eller tr\u00e4ngsel.<br \/>\r\n<br \/>\r\nF\u00f6r mig \u00e4r det en sj\u00e4lvklarhet att varje liv \u2013 oavsett art \u2013 har ett v\u00e4rde och r\u00e4tt att leva p\u00e5 sina egna villkor.<br \/>\r\n<br \/>\r\nGenom mitt engagemang i Djurskyddet Ungdom vill jag vara en r\u00f6st f\u00f6r dem som inte har en egen, och bidra till verklig f\u00f6r\u00e4ndring. Jag tror p\u00e5 styrkan i unga r\u00f6ster \u2013 och p\u00e5 att vi tillsammans kan skapa en b\u00e4ttre v\u00e4rld.<\/p> \n\t  \n\t\t\t\t\t<\/div>\n\t\t\n\t<\/div>\n<\/div>\n\n\n<div class=\"person my-3 bg-secondary border-thin\">\n\t<div class=\"row\">\n\t\t\t\t<div class=\"col-md-3 d-flex flex-wrap align-content-center justify-content-center\">\n\t\t\t<div>\n\t\t\t\t<img loading=\"lazy\" decoding=\"async\" width=\"150\" height=\"150\" src=\"https:\/\/www.djurskyddet.se\/ungdom\/wp-content\/uploads\/sites\/30\/2023\/03\/sam-carter-GHOiyov2TSQ-unsplash-150x150.jpg\" class=\"rounded-circle object-fit-cover mb-3 mb-md-0\" alt=\"\" srcset=\"https:\/\/www.djurskyddet.se\/ungdom\/wp-content\/uploads\/sites\/30\/2023\/03\/sam-carter-GHOiyov2TSQ-unsplash-150x150.jpg 150w, https:\/\/www.djurskyddet.se\/ungdom\/wp-content\/uploads\/sites\/30\/2023\/03\/sam-carter-GHOiyov2TSQ-unsplash-300x300.jpg 300w\" sizes=\"auto, (max-width: 150px) 100vw, 150px\" \/>\t\t\t<\/div>\n\t\t<\/div>\n\t\t\t\t<div class=\"col-md-9 d-flex align-content-center flex-wrap ps-md-3\">\n\t\t\t<div>\n\t\t\t\t<h3 class=\"m-0\">Finnias G\u00f6ransson<\/h3>\n\t\t\t\t<div class=\"text-primary mb-1\">Styrelseledamot <\/div>\n\t\t\t\t<div>17 \u00e5r, H\u00f6rja<\/div>\n\t\t\t\t<div class=\"mb-1\">\n\t\t\t\t\t\t\t\t\t\t\t\t\t\t<\/div>\n\t\t\t<\/div>\n\t\t<\/div>\n\t\t\n\t\t<div class=\"col-md-12 mt-4\">\n\t\n\t  \n\t\t\t\t\t<\/div>\n\t\t\n\t<\/div>\n<\/div>\n\n\n<div class=\"person my-3 bg-secondary border-thin\">\n\t<div class=\"row\">\n\t\t\t\t<div class=\"col-md-3 d-flex flex-wrap align-content-center justify-content-center\">\n\t\t\t<div>\n\t\t\t\t<img loading=\"lazy\" decoding=\"async\" width=\"150\" height=\"150\" src=\"https:\/\/www.djurskyddet.se\/ungdom\/wp-content\/uploads\/sites\/30\/2023\/03\/sam-carter-GHOiyov2TSQ-unsplash-150x150.jpg\" class=\"rounded-circle object-fit-cover mb-3 mb-md-0\" alt=\"\" srcset=\"https:\/\/www.djurskyddet.se\/ungdom\/wp-content\/uploads\/sites\/30\/2023\/03\/sam-carter-GHOiyov2TSQ-unsplash-150x150.jpg 150w, https:\/\/www.djurskyddet.se\/ungdom\/wp-content\/uploads\/sites\/30\/2023\/03\/sam-carter-GHOiyov2TSQ-unsplash-300x300.jpg 300w\" sizes=\"auto, (max-width: 150px) 100vw, 150px\" \/>\t\t\t<\/div>\n\t\t<\/div>\n\t\t\t\t<div class=\"col-md-9 d-flex align-content-center flex-wrap ps-md-3\">\n\t\t\t<div>\n\t\t\t\t<h3 class=\"m-0\">Emili Kalinowski<\/h3>\n\t\t\t\t<div class=\"text-primary mb-1\">Styrelseledamot<\/div>\n\t\t\t\t<div>17 \u00e5r, Visseltofta<\/div>\n\t\t\t\t<div class=\"mb-1\">\n\t\t\t\t\t\t\t\t\t\t\t\t\t\t<\/div>\n\t\t\t<\/div>\n\t\t<\/div>\n\t\t\n\t\t<div class=\"col-md-12 mt-4\">\n\t\n\t\t\t\n\t\t<p>Hej!<br \/>\r\nJag heter Emili och \u00e4r 17 \u00e5r. Jag bor i en liten by utanf\u00f6r Osby tillsammans med min familj och v\u00e5ra tv\u00e5 hundar, som b\u00e5da \u00e4r blandraser mellan labrador och pudel. Jag g\u00e5r p\u00e5 Segragymnasiet och ska nu, efter sommaren, b\u00f6rja mitt andra \u00e5r p\u00e5 djurv\u00e5rdsprogrammet.<br \/>\r\n<br \/>\r\nJag har alltid gillat djur och haft ett stort intresse f\u00f6r dem. N\u00e4r jag b\u00f6rjade p\u00e5 Segra k\u00e4nde jag direkt att jag ville kunna hj\u00e4lpa till och g\u00f6ra skillnad f\u00f6r djuren. Jag vill kunna h\u00f6ja deras v\u00e4rde, se till att de f\u00e5r fler r\u00e4ttigheter, behandlas v\u00e4l och att fler m\u00e4nniskor blir medvetna om deras situation.<br \/>\r\n<br \/>\r\nFr\u00e4mst vill jag att v\u00e5ra tama djur och de djur som lever i f\u00e5ngenskap ska f\u00e5 det b\u00e4ttre. Mycket \u00e4r redan bra, men det finns fortfarande mycket som kan f\u00f6rb\u00e4ttras!<\/p> \n\t  \n\t\t\t\t\t<\/div>\n\t\t\n\t<\/div>\n<\/div>\n\n\n<p>H\u00e4r kan du \u00e4ven l\u00e4sa <a href=\"https:\/\/www.djurskyddet.se\/wp-content\/uploads\/sites\/30\/2025\/01\/Stadgar-Djurskyddet-Ungdom-Malmo-2024.pdf\">stadgarna<\/a> f\u00f6r Djurskyddet Ungdom Malm\u00f6.<\/p>\n\n\n\n<p>Tillsammans g\u00f6r vi skillnad f\u00f6r djuren!<\/p>\n\n\n\n<p><\/p>\n","protected":false},"excerpt":{"rendered":"<p>Bor du i Malm\u00f6 med omnejd och vill engagera dig f\u00f6r djuren? Kontakta oss! Vi som sitter i styrelsen H\u00e4r kan du \u00e4ven l\u00e4sa stadgarna f\u00f6r Djurskyddet Ungdom Malm\u00f6. Tillsammans g\u00f6r vi skillnad f\u00f6r djuren!<\/p>\n","protected":false},"author":2,"featured_media":0,"parent":5594,"menu_order":0,"comment_status":"closed","ping_status":"closed","template":"","meta":{"_acf_changed":false,"footnotes":""},"class_list":["post-6406","page","type-page","status-publish","hentry"],"acf":[],"_links":{"self":[{"href":"https:\/\/www.djurskyddet.se\/ungdom\/wp-json\/wp\/v2\/pages\/6406","targetHints":{"allow":["GET"]}}],"collection":[{"href":"https:\/\/www.djurskyddet.se\/ungdom\/wp-json\/wp\/v2\/pages"}],"about":[{"href":"https:\/\/www.djurskyddet.se\/ungdom\/wp-json\/wp\/v2\/types\/page"}],"author":[{"embeddable":true,"href":"https:\/\/www.djurskyddet.se\/ungdom\/wp-json\/wp\/v2\/users\/2"}],"replies":[{"embeddable":true,"href":"https:\/\/www.djurskyddet.se\/ungdom\/wp-json\/wp\/v2\/comments?post=6406"}],"version-history":[{"count":13,"href":"https:\/\/www.djurskyddet.se\/ungdom\/wp-json\/wp\/v2\/pages\/6406\/revisions"}],"predecessor-version":[{"id":7314,"href":"https:\/\/www.djurskyddet.se\/ungdom\/wp-json\/wp\/v2\/pages\/6406\/revisions\/7314"}],"up":[{"embeddable":true,"href":"https:\/\/www.djurskyddet.se\/ungdom\/wp-json\/wp\/v2\/pages\/5594"}],"wp:attachment":[{"href":"https:\/\/www.djurskyddet.se\/ungdom\/wp-json\/wp\/v2\/media?parent=6406"}],"curies":[{"name":"wp","href":"https:\/\/api.w.org\/{rel}","templated":true}]}}