{"id":6448,"date":"2024-08-04T19:51:14","date_gmt":"2024-08-04T18:51:14","guid":{"rendered":"https:\/\/djurskyddet.flywheelsites.com\/ungdom\/?page_id=6448"},"modified":"2025-07-10T08:39:17","modified_gmt":"2025-07-10T07:39:17","slug":"vallingby","status":"publish","type":"page","link":"https:\/\/www.djurskyddet.se\/ungdom\/engagera-dig\/vallingby\/","title":{"rendered":"V\u00e4llingby"},"content":{"rendered":"\n<p>Bor du i v\u00e4stra Stockholm med omnejd och vill engagera dig f\u00f6r djuren? Kontakta oss!<\/p>\n\n\n\n<div class=\"wp-block-buttons is-layout-flex wp-block-buttons-is-layout-flex\">\n<div class=\"wp-block-button\"><a class=\"wp-block-button__link wp-element-button\" href=\"https:\/\/www.instagram.com\/djurskyddet_vallingby\/\" target=\"_blank\" rel=\"noreferrer noopener\"><i class=\"fa-brands fa-instagram fa-1xl text-light me-2\"><\/i>F\u00f6lj oss p\u00e5 Instagram<\/a><\/div>\n<\/div>\n\n\n\n<h2 class=\"wp-block-heading\">Vi som sitter i styrelsen<\/h2>\n\n\n\n<div class=\"person my-3 bg-secondary border-thin\">\n\t<div class=\"row\">\n\t\t\t\t<div class=\"col-md-3 d-flex flex-wrap align-content-center justify-content-center\">\n\t\t\t<div>\n\t\t\t\t<img loading=\"lazy\" decoding=\"async\" width=\"400\" height=\"400\" src=\"https:\/\/www.djurskyddet.se\/ungdom\/wp-content\/uploads\/sites\/30\/2025\/07\/Lilly-400x400.jpg\" class=\"rounded-circle object-fit-cover mb-3 mb-md-0\" alt=\"\" \/>\t\t\t<\/div>\n\t\t<\/div>\n\t\t\t\t<div class=\"col-md-9 d-flex align-content-center flex-wrap ps-md-3\">\n\t\t\t<div>\n\t\t\t\t<h3 class=\"m-0\">Lilly Sapai<\/h3>\n\t\t\t\t<div class=\"text-primary mb-1\">Ordf\u00f6rande<\/div>\n\t\t\t\t<div>22 \u00e5r, Stockholm <\/div>\n\t\t\t\t<div class=\"mb-1\">\n\t\t\t\t\t\t\t\t\t\t\t\t\t\t<\/div>\n\t\t\t<\/div>\n\t\t<\/div>\n\t\t\n\t\t<div class=\"col-md-12 mt-4\">\n\t\n\t\t\t\n\t\t<p>Hej! Jag heter Lilly, \u00e4r 22 \u00e5r gammal och har varit engagerad i Djurskyddet Ungdom sedan 2022. Jag bor i Stockholm och har varit djurv\u00e4n s\u00e5 l\u00e4nge jag kan minnas.<br \/>\r\n<br \/>\r\nAtt st\u00e5 upp f\u00f6r djuren har alltid varit viktigt f\u00f6r mig eftersom djuren har ingen egen r\u00f6st, och d\u00e4rf\u00f6r k\u00e4nns det meningsfullt att f\u00e5 vara med och p\u00e5verka f\u00f6r deras skull. I Djurskyddet Ungdom har jag hittat en plats d\u00e4r jag b\u00e5de kan bidra och tr\u00e4ffa andra som brinner f\u00f6r samma sak.<br \/>\r\n<br \/>\r\nSedan en tid tillbaka \u00e4r jag ordf\u00f6rande i lokalf\u00f6reningen i V\u00e4llingby, d\u00e4r jag \u00e4ven ansvarar f\u00f6r v\u00e5ra sociala medier. Jag \u00e4r med p\u00e5 olika event, skolbes\u00f6k och andra aktiviteter som arrangeras f\u00f6r att sprida kunskap och st\u00e4rka djurens r\u00e4ttigheter.<br \/>\r\n<br \/>\r\nHemma har jag tv\u00e5 frig\u00e5ende kaniner, en hund och delar en katt med min sambo som ocks\u00e5 \u00e4r med i styrelsen! Djur \u00e4r en naturlig del av mitt liv och jag har ett s\u00e4rskilt stort hj\u00e4rta f\u00f6r insekter, katter och vilda djur. Den djurfr\u00e5ga jag brinner mest f\u00f6r \u00e4r djurf\u00f6rs\u00f6k inom kosmetikaindustrin, n\u00e5got som jag tycker \u00e4r helt on\u00f6digt och oetiskt. Jag engagerar mig ocks\u00e5 mycket i fr\u00e5gor som r\u00f6r ekosystem och biologisk m\u00e5ngfald, eftersom allt levande h\u00e4nger ihop.<br \/>\r\n<br \/>\r\nDet b\u00e4sta med att engagera sig \u00e4r gemenskapen! Att f\u00e5 jobba tillsammans med andra unga som ocks\u00e5 vill g\u00f6ra skillnad. Vi beh\u00f6ver vara m\u00e5nga som st\u00e5r upp f\u00f6r djuren, och ju fler vi \u00e4r desto starkare blir v\u00e5r r\u00f6st!<\/p> \n\t  \n\t\t\t\t\t<\/div>\n\t\t\n\t<\/div>\n<\/div>\n\n\n<div class=\"person my-3 bg-secondary border-thin\">\n\t<div class=\"row\">\n\t\t\t\t<div class=\"col-md-3 d-flex flex-wrap align-content-center justify-content-center\">\n\t\t\t<div>\n\t\t\t\t<img loading=\"lazy\" decoding=\"async\" width=\"400\" height=\"400\" src=\"https:\/\/www.djurskyddet.se\/ungdom\/wp-content\/uploads\/sites\/30\/2025\/07\/Savannah-400x400.jpg\" class=\"rounded-circle object-fit-cover mb-3 mb-md-0\" alt=\"\" \/>\t\t\t<\/div>\n\t\t<\/div>\n\t\t\t\t<div class=\"col-md-9 d-flex align-content-center flex-wrap ps-md-3\">\n\t\t\t<div>\n\t\t\t\t<h3 class=\"m-0\">Savannah Nevlund <\/h3>\n\t\t\t\t<div class=\"text-primary mb-1\">Styrelseledamot <\/div>\n\t\t\t\t<div>20 \u00e5r, M\u00e4rsta<\/div>\n\t\t\t\t<div class=\"mb-1\">\n\t\t\t\t\t\t\t\t\t\t\t\t\t\t<\/div>\n\t\t\t<\/div>\n\t\t<\/div>\n\t\t\n\t\t<div class=\"col-md-12 mt-4\">\n\t\n\t\t\t\n\t\t<p>Hej! Jag heter Savannah och \u00e4r 20 \u00e5r gammal. Jag \u00e4r styrelseledamot i Djurskyddet Ungdom V\u00e4llingby och bor i M\u00e4rsta. <br \/>\r\n<br \/>\r\nMin medverkan inom Djurskyddet Ungdom V\u00e4llingby startade 2022, och jag har medverkat genom att delta i olika aktiviteter tillsammans med Djurskyddet Ungdom V\u00e4llingby, samt andra lokala f\u00f6reningar. Djurens r\u00e4ttigheter samt v\u00e4lbefinnande har alltid varit viktigt f\u00f6r mig, och jag vill g\u00f6ra allt jag kan f\u00f6r att st\u00e5 upp f\u00f6r dem.\u00a0<\/p> \n\t  \n\t\t\t\t\t<\/div>\n\t\t\n\t<\/div>\n<\/div>\n\n\n<div class=\"person my-3 bg-secondary border-thin\">\n\t<div class=\"row\">\n\t\t\t\t<div class=\"col-md-3 d-flex flex-wrap align-content-center justify-content-center\">\n\t\t\t<div>\n\t\t\t\t<img loading=\"lazy\" decoding=\"async\" width=\"400\" height=\"400\" src=\"https:\/\/www.djurskyddet.se\/ungdom\/wp-content\/uploads\/sites\/30\/2025\/07\/Artem-e1751964882147-400x400.jpg\" class=\"rounded-circle object-fit-cover mb-3 mb-md-0\" alt=\"\" \/>\t\t\t<\/div>\n\t\t<\/div>\n\t\t\t\t<div class=\"col-md-9 d-flex align-content-center flex-wrap ps-md-3\">\n\t\t\t<div>\n\t\t\t\t<h3 class=\"m-0\">Artem Nechaev<\/h3>\n\t\t\t\t<div class=\"text-primary mb-1\">Styrelseledamot <\/div>\n\t\t\t\t<div>24 \u00e5r, Stockholm <\/div>\n\t\t\t\t<div class=\"mb-1\">\n\t\t\t\t\t\t\t\t\t\t\t\t\t\t<\/div>\n\t\t\t<\/div>\n\t\t<\/div>\n\t\t\n\t\t<div class=\"col-md-12 mt-4\">\n\t\n\t\t\t\n\t\t<p><br \/>\r\nHej! Jag heter Artem, \u00e4r 24 \u00e5r gammal och sitter med i styrelsen f\u00f6r Djurskyddet Ungdom V\u00e4llingby.<br \/>\r\n<br \/>\r\nGenom lokalf\u00f6reningen k\u00e4nns det meningsfullt att kunna lyfta fr\u00e5gor om djurv\u00e4lf\u00e4rd och sprida mer f\u00f6rst\u00e5else kring de utmaningar djuren m\u00f6ter i samh\u00e4llet.<br \/>\r\n<br \/>\r\nHemma har jag tv\u00e5 kaniner, Bon-bon och Sir Squee, Golden-Sch\u00e4fern Ruby och en adopterad kisse som heter Betty. Jag har alltid haft en n\u00e4ra relation till djur och natur, och friluftsliv \u00e4r n\u00e5got jag verkligen brinner f\u00f6r. Att vistas i naturen st\u00e4rker inte bara mitt engagemang f\u00f6r djuren, utan p\u00e5minner mig ocks\u00e5 om hur viktigt det \u00e4r att vi skyddar v\u00e5ra ekosystem.<\/p> \n\t  \n\t\t\t\t\t<\/div>\n\t\t\n\t<\/div>\n<\/div>\n\n\n<p>H\u00e4r kan du l\u00e4sa<a href=\"https:\/\/www.djurskyddet.se\/wp-content\/uploads\/sites\/30\/2025\/01\/Stadgar-Vallingby-2024.pdf\"> stadgarna<\/a> f\u00f6r Djurskyddet Ungdom V\u00e4llingby.<\/p>\n\n\n\n<p>Tillsammans g\u00f6r vi skillnad f\u00f6r djuren!<\/p>\n","protected":false},"excerpt":{"rendered":"<p>Bor du i v\u00e4stra Stockholm med omnejd och vill engagera dig f\u00f6r djuren? Kontakta oss! Vi som sitter i styrelsen H\u00e4r kan du l\u00e4sa stadgarna f\u00f6r Djurskyddet Ungdom V\u00e4llingby. Tillsammans g\u00f6r vi skillnad f\u00f6r djuren!<\/p>\n","protected":false},"author":2,"featured_media":0,"parent":5594,"menu_order":0,"comment_status":"closed","ping_status":"closed","template":"","meta":{"_acf_changed":false,"footnotes":""},"class_list":["post-6448","page","type-page","status-publish","hentry"],"acf":[],"_links":{"self":[{"href":"https:\/\/www.djurskyddet.se\/ungdom\/wp-json\/wp\/v2\/pages\/6448","targetHints":{"allow":["GET"]}}],"collection":[{"href":"https:\/\/www.djurskyddet.se\/ungdom\/wp-json\/wp\/v2\/pages"}],"about":[{"href":"https:\/\/www.djurskyddet.se\/ungdom\/wp-json\/wp\/v2\/types\/page"}],"author":[{"embeddable":true,"href":"https:\/\/www.djurskyddet.se\/ungdom\/wp-json\/wp\/v2\/users\/2"}],"replies":[{"embeddable":true,"href":"https:\/\/www.djurskyddet.se\/ungdom\/wp-json\/wp\/v2\/comments?post=6448"}],"version-history":[{"count":9,"href":"https:\/\/www.djurskyddet.se\/ungdom\/wp-json\/wp\/v2\/pages\/6448\/revisions"}],"predecessor-version":[{"id":7323,"href":"https:\/\/www.djurskyddet.se\/ungdom\/wp-json\/wp\/v2\/pages\/6448\/revisions\/7323"}],"up":[{"embeddable":true,"href":"https:\/\/www.djurskyddet.se\/ungdom\/wp-json\/wp\/v2\/pages\/5594"}],"wp:attachment":[{"href":"https:\/\/www.djurskyddet.se\/ungdom\/wp-json\/wp\/v2\/media?parent=6448"}],"curies":[{"name":"wp","href":"https:\/\/api.w.org\/{rel}","templated":true}]}}