{"id":6450,"date":"2024-08-04T19:52:20","date_gmt":"2024-08-04T18:52:20","guid":{"rendered":"https:\/\/djurskyddet.flywheelsites.com\/ungdom\/?page_id=6450"},"modified":"2025-05-08T08:48:27","modified_gmt":"2025-05-08T07:48:27","slug":"stockholm","status":"publish","type":"page","link":"https:\/\/www.djurskyddet.se\/ungdom\/engagera-dig\/stockholm\/","title":{"rendered":"Stockholm"},"content":{"rendered":"\n<p>Bor du i Stockholm med omnejd och vill engagera dig f\u00f6r djuren? Kontakta oss!<\/p>\n\n\n\n<div class=\"wp-block-buttons is-layout-flex wp-block-buttons-is-layout-flex\">\n<div class=\"wp-block-button\"><a class=\"wp-block-button__link wp-element-button\" href=\"https:\/\/www.tiktok.com\/@djurskyddetungdomsthlm\"><i class=\"fa-brands fa-tiktok fa-1xl text-light me-2\"><\/i>Bes\u00f6k oss p\u00e5 TikTok<\/a><\/div>\n<\/div>\n\n\n\n<div class=\"wp-block-buttons is-layout-flex wp-block-buttons-is-layout-flex\">\n<div class=\"wp-block-button\"><a class=\"wp-block-button__link wp-element-button\" href=\"https:\/\/www.facebook.com\/Djurskyddet-Ungdom-Stockholm-277136296550120\/\"><i class=\"fa-brands fa-facebook fa-1xl text-light me-2\"><\/i>Gilla oss p\u00e5 Facebook<\/a><\/div>\n<\/div>\n\n\n\n<div class=\"wp-block-buttons is-layout-flex wp-block-buttons-is-layout-flex\">\n<div class=\"wp-block-button\"><a class=\"wp-block-button__link wp-element-button\" href=\"https:\/\/www.instagram.com\/djurskyddetungsthlm\/\" target=\"_blank\" rel=\"noreferrer noopener\"><i class=\"fa-brands fa-instagram fa-1xl text-light me-2\"><\/i>F\u00f6lj oss p\u00e5 Instagram<\/a><\/div>\n<\/div>\n\n\n\n<h2 class=\"wp-block-heading\">Vi som sitter i styrelsen<\/h2>\n\n\n\n<div class=\"person my-3 bg-secondary border-thin\">\n\t<div class=\"row\">\n\t\t\t\t<div class=\"col-md-3 d-flex flex-wrap align-content-center justify-content-center\">\n\t\t\t<div>\n\t\t\t\t<img loading=\"lazy\" decoding=\"async\" width=\"150\" height=\"150\" src=\"https:\/\/www.djurskyddet.se\/ungdom\/wp-content\/uploads\/sites\/30\/2024\/11\/tovehenriksson-150x150.jpg\" class=\"rounded-circle object-fit-cover mb-3 mb-md-0\" alt=\"\" \/>\t\t\t<\/div>\n\t\t<\/div>\n\t\t\t\t<div class=\"col-md-9 d-flex align-content-center flex-wrap ps-md-3\">\n\t\t\t<div>\n\t\t\t\t<h3 class=\"m-0\">Tove Henriksson<\/h3>\n\t\t\t\t<div class=\"text-primary mb-1\">Ordf\u00f6rande<\/div>\n\t\t\t\t<div>21 \u00e5r, Stockholm <\/div>\n\t\t\t\t<div class=\"mb-1\">\n\t\t\t\t\t\t\t\t\t\t\t\t\t\t<\/div>\n\t\t\t<\/div>\n\t\t<\/div>\n\t\t\n\t\t<div class=\"col-md-12 mt-4\">\n\t\n\t\t\t\n\t\t<p>Hej! Jag heter Tove och mitt dr\u00f6mdjur \u00e4r hund. <br \/>\r\n<br \/>\r\nVisste du att att hawaiiner kallar sina husdjur f\u00f6r deras Kahu? Det betyder v\u00e4ktare, beskyddare, f\u00f6rvaltare, \u00e4lskad och sk\u00f6tare. <br \/>\r\n<br \/>\r\nJag gillar det uttrycket eftersom att djuren beskrivs precis s\u00e5 som det borde, att det \u00e4r v\u00e5ra livskamrater och inte bara en egendom. Vidare t\u00e4nker jag att vi ska komma ih\u00e5g att vi \u00e4r lika mycket deras beskyddare och r\u00f6st. <br \/>\r\n<br \/>\r\nJag \u00f6nskar att vi kunde se alla djur som v\u00e5ra meddjur (ist\u00e4llet f\u00f6r medm\u00e4nniskor). <\/p> \n\t  \n\t\t\t\t\t<\/div>\n\t\t\n\t<\/div>\n<\/div>\n\n\n<div class=\"person my-3 bg-secondary border-thin\">\n\t<div class=\"row\">\n\t\t\t\t<div class=\"col-md-3 d-flex flex-wrap align-content-center justify-content-center\">\n\t\t\t<div>\n\t\t\t\t<img loading=\"lazy\" decoding=\"async\" width=\"150\" height=\"150\" src=\"https:\/\/www.djurskyddet.se\/ungdom\/wp-content\/uploads\/sites\/30\/2025\/05\/tove.stockholm-e1746690471311-150x150.jpg\" class=\"rounded-circle object-fit-cover mb-3 mb-md-0\" alt=\"\" \/>\t\t\t<\/div>\n\t\t<\/div>\n\t\t\t\t<div class=\"col-md-9 d-flex align-content-center flex-wrap ps-md-3\">\n\t\t\t<div>\n\t\t\t\t<h3 class=\"m-0\">Tove H\u00e5dell<\/h3>\n\t\t\t\t<div class=\"text-primary mb-1\">Styrelseledamot <\/div>\n\t\t\t\t<div>17 \u00e5r, Bromma<\/div>\n\t\t\t\t<div class=\"mb-1\">\n\t\t\t\t\t\t\t\t\t\t\t\t\t\t<\/div>\n\t\t\t<\/div>\n\t\t<\/div>\n\t\t\n\t\t<div class=\"col-md-12 mt-4\">\n\t\n\t\t\t\n\t\t<p>Hej! Jag heter Tove och \u00e4r 17 \u00e5r. Jag har alltid varit en stor djurv\u00e4n och det som fick mig engagerad var tanken p\u00e5 att st\u00e5 upp f\u00f6r djuren som inte har en egen r\u00f6st. Jag har sj\u00e4lv haft tamr\u00e5ttor och brinner d\u00e4rmed lite extra f\u00f6r de utsatta f\u00f6rs\u00f6ksdjuren som tyv\u00e4rr ofta \u00e4r r\u00e5ttor och m\u00f6ss. I framtiden dr\u00f6mmer jag om att f\u00e5 adoptera f\u00f6rs\u00f6ksdjur och ge dem det b\u00e4sta m\u00f6jliga livet.<br \/>\r\n<br \/>\r\nJag blev medlem i djurskyddet 2018 men b\u00f6rjade engagera mig sommaren 2024. Som aktiv medlem skriver jag f\u00f6r det mesta informerande texter om olika djur till v\u00e5r instagram. Men det roligaste \u00e4r att f\u00e5 tr\u00e4ffa och umg\u00e5s med hela Stockholms styrelsen! <br \/>\r\n<br \/>\r\nUnder min uppv\u00e4xt har jag haft en hund och fem keliga tamr\u00e5ttor. Idag har jag tv\u00e5 marsvin som heter Harriet och Doris och de \u00e4r lite under \u00e5ret. Visste du att marsvin g\u00f6r sm\u00e5 &#8221;popcornskutt&#8221; n\u00e4r de blir riktigt glada? Det brukar mina tjejer g\u00f6ra n\u00e4r de f\u00e5r springa omkring i huset eller n\u00e4r det blir mat. <br \/>\r\n<br \/>\r\nF\u00f6rutom djur \u00e4r mina fr\u00e4msta intressen l\u00e4sning, vara i naturen och spela s\u00e4llskapsspel.<\/p> \n\t  \n\t\t\t\t\t<\/div>\n\t\t\n\t<\/div>\n<\/div>\n\n\n<div class=\"person my-3 bg-secondary border-thin\">\n\t<div class=\"row\">\n\t\t\t\t<div class=\"col-md-3 d-flex flex-wrap align-content-center justify-content-center\">\n\t\t\t<div>\n\t\t\t\t<img loading=\"lazy\" decoding=\"async\" width=\"150\" height=\"150\" src=\"https:\/\/www.djurskyddet.se\/ungdom\/wp-content\/uploads\/sites\/30\/2025\/05\/Livya-stockholm-150x150.jpg\" class=\"rounded-circle object-fit-cover mb-3 mb-md-0\" alt=\"\" \/>\t\t\t<\/div>\n\t\t<\/div>\n\t\t\t\t<div class=\"col-md-9 d-flex align-content-center flex-wrap ps-md-3\">\n\t\t\t<div>\n\t\t\t\t<h3 class=\"m-0\">Livya Adrian<\/h3>\n\t\t\t\t<div class=\"text-primary mb-1\">Styrelseledamot<\/div>\n\t\t\t\t<div>18 \u00e5r, Str\u00e4ngn\u00e4s<\/div>\n\t\t\t\t<div class=\"mb-1\">\n\t\t\t\t\t\t\t\t\t\t\t\t\t\t<\/div>\n\t\t\t<\/div>\n\t\t<\/div>\n\t\t\n\t\t<div class=\"col-md-12 mt-4\">\n\t\n\t\t\t\n\t\t<p>Hej alla djurskyddare!<br \/>\r\n<br \/>\r\nJag heter Livya Adrian, \u00e4r 18 \u00e5r gammal och bor i Str\u00e4ngn\u00e4s. Ut\u00f6ver volont\u00e4rarbete och aktivism \u00e4lskar jag att dansa streetdance och modern jazz. Jag g\u00e5r gymnasielinjen Modern Humanities, som \u00e4r en samh\u00e4llsbaserad spetslinje d\u00e4r jag f\u00e5r l\u00e4sa specialkurser om bland annat Europa, retorik och m\u00e4nskliga r\u00e4ttigheter. Men djurens r\u00e4ttigheter \u00e4r s\u00e5klart det jag brinner mest f\u00f6r!<br \/>\r\n<br \/>\r\nSedan Djurskyddet Ungdoms \u00e5rsm\u00f6te 2024 har jag varit engagerad i Stockholms lokalf\u00f6rening. Jag valde att engagera mig i Djurskyddet Ungdom f\u00f6r att jag mer aktivt ville arbeta f\u00f6r att f\u00f6rb\u00e4ttra djurens situation. En annan anledning var att hitta en gemenskap bland andra unga djurskyddare! Jag tycker det \u00e4r otroligt viktigt att vi ungdomar ska kunna ta plats och f\u00e5 v\u00e5ra r\u00f6ster h\u00f6rda i viktiga fr\u00e5gor.<br \/>\r\n<br \/>\r\nDen djurfr\u00e5ga jag brinner mest f\u00f6r \u00e4r definitivt livsmedelsindustrin och dess djurfabriker. Det \u00e4r under all kritik.<br \/>\r\n<br \/>\r\nI framtiden dr\u00f6mmer jag om att f\u00e5 arbeta med just detta \u2013 till exempel genom att jobba p\u00e5 en djurskydds- eller djurr\u00e4ttsorganisation. Att kombinera jobb med det jag brinner mest f\u00f6r \u00e4r det b\u00e4sta jag kan t\u00e4nka mig, och n\u00e5got jag hoppas kunna uppn\u00e5!<\/p> \n\t  \n\t\t\t\t\t<\/div>\n\t\t\n\t<\/div>\n<\/div>\n\n\n<div class=\"person my-3 bg-secondary border-thin\">\n\t<div class=\"row\">\n\t\t\t\t<div class=\"col-md-3 d-flex flex-wrap align-content-center justify-content-center\">\n\t\t\t<div>\n\t\t\t\t<img loading=\"lazy\" decoding=\"async\" width=\"150\" height=\"150\" src=\"https:\/\/www.djurskyddet.se\/ungdom\/wp-content\/uploads\/sites\/30\/2023\/06\/received_1379951455921323-150x150.jpeg\" class=\"rounded-circle object-fit-cover mb-3 mb-md-0\" alt=\"\" srcset=\"https:\/\/www.djurskyddet.se\/ungdom\/wp-content\/uploads\/sites\/30\/2023\/06\/received_1379951455921323-150x150.jpeg 150w, https:\/\/www.djurskyddet.se\/ungdom\/wp-content\/uploads\/sites\/30\/2023\/06\/received_1379951455921323-300x300.jpeg 300w, https:\/\/www.djurskyddet.se\/ungdom\/wp-content\/uploads\/sites\/30\/2023\/06\/received_1379951455921323-768x768.jpeg 768w, https:\/\/www.djurskyddet.se\/ungdom\/wp-content\/uploads\/sites\/30\/2023\/06\/received_1379951455921323-400x400.jpeg 400w, https:\/\/www.djurskyddet.se\/ungdom\/wp-content\/uploads\/sites\/30\/2023\/06\/received_1379951455921323.jpeg 1024w\" sizes=\"auto, (max-width: 150px) 100vw, 150px\" \/>\t\t\t<\/div>\n\t\t<\/div>\n\t\t\t\t<div class=\"col-md-9 d-flex align-content-center flex-wrap ps-md-3\">\n\t\t\t<div>\n\t\t\t\t<h3 class=\"m-0\">Ebba Kuurne<\/h3>\n\t\t\t\t<div class=\"text-primary mb-1\">Styrelseledamot <\/div>\n\t\t\t\t<div>22 \u00e5r, Norrk\u00f6ping <\/div>\n\t\t\t\t<div class=\"mb-1\">\n\t\t\t\t\t\t\t\t\t\t\t\t\t\t<\/div>\n\t\t\t<\/div>\n\t\t<\/div>\n\t\t\n\t\t<div class=\"col-md-12 mt-4\">\n\t\n\t\t\t\n\t\t<p>Fr\u00e5n b\u00f6rjan kommer jag fr\u00e5n H\u00e4llefors men flyttade f\u00f6r n\u00e5gra \u00e5r sen ner till Norrk\u00f6ping f\u00f6r att plugga. Just nu g\u00e5r jag mitt tredje och sista \u00e5r p\u00e5 programmet Kommunikation, Samh\u00e4lle och Medieproduktion, men har \u00e4ven l\u00e4st n\u00e5gra frist\u00e5ende kurser f\u00f6r skojs skull.<br \/>\r\n<br \/>\r\nI b\u00f6rjan av \u00e5ret l\u00e4mnade jag min lilla studentl\u00e4genhet och flyttade in i en st\u00f6rre, vanlig l\u00e4genhet och i samband med det best\u00e4mde jag mig f\u00f6r att bli st\u00f6dhem f\u00f6r katter s\u00e5 snabbt som m\u00f6jligt. Min f\u00f6rsta st\u00f6dhemskatt var jag s\u00e5klart tvungen att adoptera och sen dess har jag tagit hand om n\u00e5gra till, och vi bor just nu tillsammans med en kattunge som har blivit hans b\u00e4sta v\u00e4n. I familjen har vi ocks\u00e5 haft katt i m\u00e5nga \u00e5r.<br \/>\r\n<br \/>\r\nMitt engagemang i Djurskyddet Ungdom b\u00f6rjade f\u00f6r n\u00e5gra \u00e5r sen, 2020, men jag var intresserad av djurfr\u00e5gor l\u00e5ngt innan det och hade redan viss erfarenhet av andra f\u00f6reningar. Det finns s\u00e5 m\u00e5nga viktiga fr\u00e5gor och massor av olika perspektiv som intresserar mig vilket g\u00f6r det sv\u00e5rt att k\u00e4nna att jag brinner extra mycket f\u00f6r n\u00e5gon specifik fr\u00e5ga. <br \/>\r\n<br \/>\r\nUt\u00f6ver mitt djurintresse \u00e4r jag ocks\u00e5 intresserad av politik och konst, och n\u00e4r jag inte pluggar spenderar jag dagarna med att lyssna p\u00e5 musik, spela, l\u00e4sa eller titta p\u00e5 film.<\/p> \n\t  \n\t\t\t\t\t<\/div>\n\t\t\n\t<\/div>\n<\/div>\n\n\n<p>H\u00e4r kan du l\u00e4sa <a href=\"https:\/\/www.djurskyddet.se\/wp-content\/uploads\/sites\/30\/2025\/01\/Stadgar-Stockholm-2024.pdf\">stadgarna<\/a> f\u00f6r Djurskyddet Ungdom Stockholm.<\/p>\n\n\n\n<p>Tillsammans g\u00f6r vi skillnad f\u00f6r djuren!<\/p>\n","protected":false},"excerpt":{"rendered":"<p>Bor du i Stockholm med omnejd och vill engagera dig f\u00f6r djuren? Kontakta oss! Vi som sitter i styrelsen H\u00e4r kan du l\u00e4sa stadgarna f\u00f6r Djurskyddet Ungdom Stockholm. Tillsammans g\u00f6r vi skillnad f\u00f6r djuren!<\/p>\n","protected":false},"author":2,"featured_media":0,"parent":5594,"menu_order":0,"comment_status":"closed","ping_status":"closed","template":"","meta":{"_acf_changed":false,"footnotes":""},"class_list":["post-6450","page","type-page","status-publish","hentry"],"acf":[],"_links":{"self":[{"href":"https:\/\/www.djurskyddet.se\/ungdom\/wp-json\/wp\/v2\/pages\/6450","targetHints":{"allow":["GET"]}}],"collection":[{"href":"https:\/\/www.djurskyddet.se\/ungdom\/wp-json\/wp\/v2\/pages"}],"about":[{"href":"https:\/\/www.djurskyddet.se\/ungdom\/wp-json\/wp\/v2\/types\/page"}],"author":[{"embeddable":true,"href":"https:\/\/www.djurskyddet.se\/ungdom\/wp-json\/wp\/v2\/users\/2"}],"replies":[{"embeddable":true,"href":"https:\/\/www.djurskyddet.se\/ungdom\/wp-json\/wp\/v2\/comments?post=6450"}],"version-history":[{"count":11,"href":"https:\/\/www.djurskyddet.se\/ungdom\/wp-json\/wp\/v2\/pages\/6450\/revisions"}],"predecessor-version":[{"id":7178,"href":"https:\/\/www.djurskyddet.se\/ungdom\/wp-json\/wp\/v2\/pages\/6450\/revisions\/7178"}],"up":[{"embeddable":true,"href":"https:\/\/www.djurskyddet.se\/ungdom\/wp-json\/wp\/v2\/pages\/5594"}],"wp:attachment":[{"href":"https:\/\/www.djurskyddet.se\/ungdom\/wp-json\/wp\/v2\/media?parent=6450"}],"curies":[{"name":"wp","href":"https:\/\/api.w.org\/{rel}","templated":true}]}}