{"id":6452,"date":"2024-08-04T19:54:15","date_gmt":"2024-08-04T18:54:15","guid":{"rendered":"https:\/\/djurskyddet.flywheelsites.com\/ungdom\/?page_id=6452"},"modified":"2026-03-19T08:39:26","modified_gmt":"2026-03-19T07:39:26","slug":"umea","status":"publish","type":"page","link":"https:\/\/www.djurskyddet.se\/ungdom\/engagera-dig\/umea\/","title":{"rendered":"Ume\u00e5"},"content":{"rendered":"\n<p>Bor du i Ume\u00e5 med omnejd och vill engagera dig f\u00f6r djuren? Kontakta oss!<\/p>\n\n\n\n<div class=\"wp-block-buttons is-layout-flex wp-block-buttons-is-layout-flex\">\n<div class=\"wp-block-button\"><a class=\"wp-block-button__link wp-element-button\" href=\"https:\/\/www.instagram.com\/djurskyddetungumea\/\" target=\"_blank\" rel=\"noreferrer noopener\"><i class=\"fa-brands fa-instagram fa-1xl text-light me-2\"><\/i>F\u00f6lj oss p\u00e5 Instagram<\/a><\/div>\n<\/div>\n\n\n\n<h2 class=\"wp-block-heading\">Vi som sitter i styrelsen<\/h2>\n\n\n\n<div class=\"person my-3 bg-secondary border-thin\">\n\t<div class=\"row\">\n\t\t\t\t<div class=\"col-md-3 d-flex flex-wrap align-content-center justify-content-center\">\n\t\t\t<div>\n\t\t\t\t<img loading=\"lazy\" decoding=\"async\" width=\"400\" height=\"400\" src=\"https:\/\/www.djurskyddet.se\/ungdom\/wp-content\/uploads\/sites\/30\/2026\/03\/Skarmbild-2026-03-19-083640-400x400.png\" class=\"rounded-circle object-fit-cover mb-3 mb-md-0\" alt=\"\" \/>\t\t\t<\/div>\n\t\t<\/div>\n\t\t\t\t<div class=\"col-md-9 d-flex align-content-center flex-wrap ps-md-3\">\n\t\t\t<div>\n\t\t\t\t<h3 class=\"m-0\">Ella \u00d6hgren<\/h3>\n\t\t\t\t<div class=\"text-primary mb-1\">Ordf\u00f6rande<\/div>\n\t\t\t\t<div>18 \u00e5r<\/div>\n\t\t\t\t<div class=\"mb-1\">\n\t\t\t\t\t\t\t\t\t\t\t\t\t\t<\/div>\n\t\t\t<\/div>\n\t\t<\/div>\n\t\t\n\t\t<div class=\"col-md-12 mt-4\">\n\t\n\t\t\t\n\t\t<p>Hej! Jag heter Ella \u00d6hgren, \u00e4r 18 \u00e5r gammal och bor utanf\u00f6r Skellefte\u00e5. Sedan jag var liten har jag haft ett stort intresse f\u00f6r djur. 2025 best\u00e4mde jag mig f\u00f6r att jag ville vara med och g\u00f6ra f\u00f6r\u00e4ndring, och det var d\u00e5 jag gick med i styrelsen f\u00f6r Djurskyddet Ungdom Ume\u00e5. <br \/>\r\n<br \/>\r\nMitt favoritdjur har alltid varit hund, d\u00e5 jag \u00e4r intresserad av de olika raserna och dess egenskaper. I det grundades ocks\u00e5 intresset i en fr\u00e5ga som \u00e4r aktuell nu, vilket \u00e4r extremaveln och vad som kan g\u00f6ras f\u00f6r att motverka den. <br \/>\r\n<br \/>\r\nJag ser fram emot att vara med och p\u00e5verka i styrelsen tillsammans med de andra, och \u00e4r taggad p\u00e5 vad vi kan \u00e5stadkomma!<br \/>\r\n<\/p> \n\t  \n\t\t\t\t\t<\/div>\n\t\t\n\t<\/div>\n<\/div>\n\n\n<div class=\"person my-3 bg-secondary border-thin\">\n\t<div class=\"row\">\n\t\t\t\t<div class=\"col-md-3 d-flex flex-wrap align-content-center justify-content-center\">\n\t\t\t<div>\n\t\t\t\t<img loading=\"lazy\" decoding=\"async\" width=\"400\" height=\"400\" src=\"https:\/\/www.djurskyddet.se\/ungdom\/wp-content\/uploads\/sites\/30\/2026\/03\/Mimmi-Umeas-styrelse-e1773678634242-400x400.jpg\" class=\"rounded-circle object-fit-cover mb-3 mb-md-0\" alt=\"\" srcset=\"https:\/\/www.djurskyddet.se\/ungdom\/wp-content\/uploads\/sites\/30\/2026\/03\/Mimmi-Umeas-styrelse-e1773678634242-400x400.jpg 400w, https:\/\/www.djurskyddet.se\/ungdom\/wp-content\/uploads\/sites\/30\/2026\/03\/Mimmi-Umeas-styrelse-e1773678634242-1080x1080.jpg 1080w\" sizes=\"auto, (max-width: 400px) 100vw, 400px\" \/>\t\t\t<\/div>\n\t\t<\/div>\n\t\t\t\t<div class=\"col-md-9 d-flex align-content-center flex-wrap ps-md-3\">\n\t\t\t<div>\n\t\t\t\t<h3 class=\"m-0\">Mimmi Johansson<\/h3>\n\t\t\t\t<div class=\"text-primary mb-1\">Styrelseledamot<\/div>\n\t\t\t\t<div>23 \u00e5r<\/div>\n\t\t\t\t<div class=\"mb-1\">\n\t\t\t\t\t\t\t\t\t\t\t\t\t\t<\/div>\n\t\t\t<\/div>\n\t\t<\/div>\n\t\t\n\t\t<div class=\"col-md-12 mt-4\">\n\t\n\t\t\t\n\t\t<p>Hej alla!<br \/>\r\nDet k\u00e4nns v\u00e4ldigt roligt att vara med i Djurskyddet Ungdom Ume\u00e5 och f\u00e5 vara med och g\u00f6ra en skillnad f\u00f6r djuren. Jag har alltid tyckt om djur och tycker att det \u00e4r viktigt att deras r\u00e4ttigheter uppm\u00e4rksammas och drivs fram\u00e5t. Det kan vara stora som sm\u00e5 fr\u00e5gor som r\u00f6r olika typer av djur. Just nu har jag en katt som heter Dixie och jag har tidigare haft egen h\u00e4st. Jag ser fram emot att tillsammans forts\u00e4tta uppm\u00e4rksamma djurens situation och arbeta f\u00f6r f\u00f6r\u00e4ndring<\/p> \n\t  \n\t\t\t\t\t<\/div>\n\t\t\n\t<\/div>\n<\/div>\n\n\n<div class=\"person my-3 bg-secondary border-thin\">\n\t<div class=\"row\">\n\t\t\t\t<div class=\"col-md-3 d-flex flex-wrap align-content-center justify-content-center\">\n\t\t\t<div>\n\t\t\t\t<img loading=\"lazy\" decoding=\"async\" width=\"150\" height=\"150\" src=\"https:\/\/www.djurskyddet.se\/ungdom\/wp-content\/uploads\/sites\/30\/2023\/03\/sam-carter-GHOiyov2TSQ-unsplash-150x150.jpg\" class=\"rounded-circle object-fit-cover mb-3 mb-md-0\" alt=\"\" srcset=\"https:\/\/www.djurskyddet.se\/ungdom\/wp-content\/uploads\/sites\/30\/2023\/03\/sam-carter-GHOiyov2TSQ-unsplash-150x150.jpg 150w, https:\/\/www.djurskyddet.se\/ungdom\/wp-content\/uploads\/sites\/30\/2023\/03\/sam-carter-GHOiyov2TSQ-unsplash-300x300.jpg 300w\" sizes=\"auto, (max-width: 150px) 100vw, 150px\" \/>\t\t\t<\/div>\n\t\t<\/div>\n\t\t\t\t<div class=\"col-md-9 d-flex align-content-center flex-wrap ps-md-3\">\n\t\t\t<div>\n\t\t\t\t<h3 class=\"m-0\">Jenny Michels<\/h3>\n\t\t\t\t<div class=\"text-primary mb-1\">Styrelseledamot<\/div>\n\t\t\t\t<div>26 \u00e5r, Ume\u00e5<\/div>\n\t\t\t\t<div class=\"mb-1\">\n\t\t\t\t\t\t\t\t\t\t\t\t\t\t<\/div>\n\t\t\t<\/div>\n\t\t<\/div>\n\t\t\n\t\t<div class=\"col-md-12 mt-4\">\n\t\n\t  \n\t\t\t\t\t<\/div>\n\t\t\n\t<\/div>\n<\/div>\n\n\n<div class=\"person my-3 bg-secondary border-thin\">\n\t<div class=\"row\">\n\t\t\t\t<div class=\"col-md-3 d-flex flex-wrap align-content-center justify-content-center\">\n\t\t\t<div>\n\t\t\t\t<img loading=\"lazy\" decoding=\"async\" width=\"400\" height=\"400\" src=\"https:\/\/www.djurskyddet.se\/ungdom\/wp-content\/uploads\/sites\/30\/2025\/05\/sierra-nicole-narvaeth-D09Nooc3XQw-unsplash-400x400.jpg\" class=\"rounded-circle object-fit-cover mb-3 mb-md-0\" alt=\"\" \/>\t\t\t<\/div>\n\t\t<\/div>\n\t\t\t\t<div class=\"col-md-9 d-flex align-content-center flex-wrap ps-md-3\">\n\t\t\t<div>\n\t\t\t\t<h3 class=\"m-0\">Luna Meadows<\/h3>\n\t\t\t\t<div class=\"text-primary mb-1\">Styrelseledamot<\/div>\n\t\t\t\t<div><\/div>\n\t\t\t\t<div class=\"mb-1\">\n\t\t\t\t\t\t\t\t\t\t\t\t\t\t<\/div>\n\t\t\t<\/div>\n\t\t<\/div>\n\t\t\n\t\t<div class=\"col-md-12 mt-4\">\n\t\n\t  \n\t\t\t\t\t<\/div>\n\t\t\n\t<\/div>\n<\/div>\n\n\n<p>H\u00e4r kan du l\u00e4sa <a href=\"https:\/\/www.djurskyddet.se\/wp-content\/uploads\/sites\/30\/2025\/01\/Stadgar-Djurskyddet-Ungdom-Umea_antagna-2019.pdf\">stadgarna<\/a> f\u00f6r Djurskyddet Ungdom Ume\u00e5.<\/p>\n\n\n\n<p>Tillsammans g\u00f6r vi skillnad f\u00f6r djuren!<\/p>\n\n\n\n<p><\/p>\n","protected":false},"excerpt":{"rendered":"<p>Bor du i Ume\u00e5 med omnejd och vill engagera dig f\u00f6r djuren? Kontakta oss! Vi som sitter i styrelsen H\u00e4r kan du l\u00e4sa stadgarna f\u00f6r Djurskyddet Ungdom Ume\u00e5. Tillsammans g\u00f6r vi skillnad f\u00f6r djuren!<\/p>\n","protected":false},"author":2,"featured_media":0,"parent":5594,"menu_order":0,"comment_status":"closed","ping_status":"closed","template":"","meta":{"_acf_changed":false,"footnotes":""},"class_list":["post-6452","page","type-page","status-publish","hentry"],"acf":[],"_links":{"self":[{"href":"https:\/\/www.djurskyddet.se\/ungdom\/wp-json\/wp\/v2\/pages\/6452","targetHints":{"allow":["GET"]}}],"collection":[{"href":"https:\/\/www.djurskyddet.se\/ungdom\/wp-json\/wp\/v2\/pages"}],"about":[{"href":"https:\/\/www.djurskyddet.se\/ungdom\/wp-json\/wp\/v2\/types\/page"}],"author":[{"embeddable":true,"href":"https:\/\/www.djurskyddet.se\/ungdom\/wp-json\/wp\/v2\/users\/2"}],"replies":[{"embeddable":true,"href":"https:\/\/www.djurskyddet.se\/ungdom\/wp-json\/wp\/v2\/comments?post=6452"}],"version-history":[{"count":11,"href":"https:\/\/www.djurskyddet.se\/ungdom\/wp-json\/wp\/v2\/pages\/6452\/revisions"}],"predecessor-version":[{"id":7510,"href":"https:\/\/www.djurskyddet.se\/ungdom\/wp-json\/wp\/v2\/pages\/6452\/revisions\/7510"}],"up":[{"embeddable":true,"href":"https:\/\/www.djurskyddet.se\/ungdom\/wp-json\/wp\/v2\/pages\/5594"}],"wp:attachment":[{"href":"https:\/\/www.djurskyddet.se\/ungdom\/wp-json\/wp\/v2\/media?parent=6452"}],"curies":[{"name":"wp","href":"https:\/\/api.w.org\/{rel}","templated":true}]}}