{"id":6458,"date":"2024-08-04T19:56:57","date_gmt":"2024-08-04T18:56:57","guid":{"rendered":"https:\/\/djurskyddet.flywheelsites.com\/ungdom\/?page_id=6458"},"modified":"2026-03-11T08:54:18","modified_gmt":"2026-03-11T07:54:18","slug":"goteborg","status":"publish","type":"page","link":"https:\/\/www.djurskyddet.se\/ungdom\/engagera-dig\/goteborg\/","title":{"rendered":"G\u00f6teborg"},"content":{"rendered":"\n<p>Bor du i G\u00f6teborg med omnejd och vill engagera dig f\u00f6r djuren? Kontakta oss! <\/p>\n\n\n\n<div class=\"wp-block-buttons is-layout-flex wp-block-buttons-is-layout-flex\">\n<div class=\"wp-block-button\"><a class=\"wp-block-button__link wp-element-button\" href=\"https:\/\/www.instagram.com\/djurskyddetungdomgbg\/\"><i class=\"fa-brands fa-instagram fa-1xl text-light me-2\"><\/i>F\u00f6lj oss p\u00e5 Instagram<\/a><\/div>\n<\/div>\n\n\n\n<h2 class=\"wp-block-heading\">Vi som sitter i styrelsen<\/h2>\n\n\n\n<div class=\"person my-3 bg-secondary border-thin\">\n\t<div class=\"row\">\n\t\t\t\t<div class=\"col-md-3 d-flex flex-wrap align-content-center justify-content-center\">\n\t\t\t<div>\n\t\t\t\t<img loading=\"lazy\" decoding=\"async\" width=\"400\" height=\"400\" src=\"https:\/\/www.djurskyddet.se\/ungdom\/wp-content\/uploads\/sites\/30\/2025\/07\/koen-eijkelenboom-Qpjl_dXQrD8-unsplash-400x400.jpg\" class=\"rounded-circle object-fit-cover mb-3 mb-md-0\" alt=\"\" \/>\t\t\t<\/div>\n\t\t<\/div>\n\t\t\t\t<div class=\"col-md-9 d-flex align-content-center flex-wrap ps-md-3\">\n\t\t\t<div>\n\t\t\t\t<h3 class=\"m-0\">Maria Bergman<\/h3>\n\t\t\t\t<div class=\"text-primary mb-1\">Ordf\u00f6rande<\/div>\n\t\t\t\t<div>22 \u00e5r<\/div>\n\t\t\t\t<div class=\"mb-1\">\n\t\t\t\t\t\t\t\t\t\t\t\t\t\t<\/div>\n\t\t\t<\/div>\n\t\t<\/div>\n\t\t\n\t\t<div class=\"col-md-12 mt-4\">\n\t\n\t\t\t\n\t\t<p>Hej! Maria heter jag, \u00e4r 22 \u00e5r och sitter som ordf\u00f6rande i G\u00f6teborgsstyrelsen. Jag jobbar som djurv\u00e5rdare niv\u00e5 2 och studerar till sjuksk\u00f6terska. P\u00e5 fritiden gillar jag att tr\u00e4na, vara med v\u00e4nner och med min hund.<\/p> \n\t  \n\t\t\t\t\t<\/div>\n\t\t\n\t<\/div>\n<\/div>\n\n\n<div class=\"person my-3 bg-secondary border-thin\">\n\t<div class=\"row\">\n\t\t\t\t<div class=\"col-md-3 d-flex flex-wrap align-content-center justify-content-center\">\n\t\t\t<div>\n\t\t\t\t<img loading=\"lazy\" decoding=\"async\" width=\"400\" height=\"400\" src=\"https:\/\/www.djurskyddet.se\/ungdom\/wp-content\/uploads\/sites\/30\/2025\/05\/mikaela-andersson-e1747981256894-400x400.jpg\" class=\"rounded-circle object-fit-cover mb-3 mb-md-0\" alt=\"\" \/>\t\t\t<\/div>\n\t\t<\/div>\n\t\t\t\t<div class=\"col-md-9 d-flex align-content-center flex-wrap ps-md-3\">\n\t\t\t<div>\n\t\t\t\t<h3 class=\"m-0\">Mikaela Andersson<\/h3>\n\t\t\t\t<div class=\"text-primary mb-1\">Styrelseledamot<\/div>\n\t\t\t\t<div>27 \u00e5r<\/div>\n\t\t\t\t<div class=\"mb-1\">\n\t\t\t\t\t\t\t\t\t\t\t\t\t\t<\/div>\n\t\t\t<\/div>\n\t\t<\/div>\n\t\t\n\t\t<div class=\"col-md-12 mt-4\">\n\t\n\t\t\t\n\t\t<p>Hej! Jag \u00e4r 27 \u00e5r och bor i Mark. Jag har 3 katter och p\u00e5 fritiden tycker jag om att tr\u00e4na, spela tennis och att vara ute i naturen. Ser fram emot att vara en del av Djurskyddet ungdoms G\u00f6teborgs styrelse!<\/p> \n\t  \n\t\t\t\t\t<\/div>\n\t\t\n\t<\/div>\n<\/div>\n\n\n<div class=\"person my-3 bg-secondary border-thin\">\n\t<div class=\"row\">\n\t\t\t\t<div class=\"col-md-3 d-flex flex-wrap align-content-center justify-content-center\">\n\t\t\t<div>\n\t\t\t\t<img loading=\"lazy\" decoding=\"async\" width=\"150\" height=\"150\" src=\"https:\/\/www.djurskyddet.se\/ungdom\/wp-content\/uploads\/sites\/30\/2023\/03\/sam-carter-GHOiyov2TSQ-unsplash-150x150.jpg\" class=\"rounded-circle object-fit-cover mb-3 mb-md-0\" alt=\"\" srcset=\"https:\/\/www.djurskyddet.se\/ungdom\/wp-content\/uploads\/sites\/30\/2023\/03\/sam-carter-GHOiyov2TSQ-unsplash-150x150.jpg 150w, https:\/\/www.djurskyddet.se\/ungdom\/wp-content\/uploads\/sites\/30\/2023\/03\/sam-carter-GHOiyov2TSQ-unsplash-300x300.jpg 300w\" sizes=\"auto, (max-width: 150px) 100vw, 150px\" \/>\t\t\t<\/div>\n\t\t<\/div>\n\t\t\t\t<div class=\"col-md-9 d-flex align-content-center flex-wrap ps-md-3\">\n\t\t\t<div>\n\t\t\t\t<h3 class=\"m-0\">Nellie Bj\u00f6rk<\/h3>\n\t\t\t\t<div class=\"text-primary mb-1\">Styrelseledamot<\/div>\n\t\t\t\t<div>20 \u00e5r<\/div>\n\t\t\t\t<div class=\"mb-1\">\n\t\t\t\t\t\t\t\t\t\t\t\t\t\t<\/div>\n\t\t\t<\/div>\n\t\t<\/div>\n\t\t\n\t\t<div class=\"col-md-12 mt-4\">\n\t\n\t\t\t\n\t\t<p>Hej! Jag heter Nellie\u00a0och \u00e4r 20 \u00e5r. Jag\u00a0 tycker det \u00e4r roligt att vara ute p\u00e5 promenad med min hund, l\u00e4sa b\u00f6cker och umg\u00e5s med familj och v\u00e4nner. <br \/>\r\n<br \/>\r\nJag har alltid haft ett stort hj\u00e4rta f\u00f6r djur och tycker det k\u00e4nns viktigt att jobba f\u00f6r deras v\u00e4lm\u00e5ende. D\u00e4rf\u00f6r ser jag verkligen fram emot att vara en del av Djurskyddet ungdom G\u00f6teborgs styrelse och g\u00f6ra skillnad!<\/p> \n\t  \n\t\t\t\t\t<\/div>\n\t\t\n\t<\/div>\n<\/div>\n\n\n<div class=\"person my-3 bg-secondary border-thin\">\n\t<div class=\"row\">\n\t\t\t\t<div class=\"col-md-3 d-flex flex-wrap align-content-center justify-content-center\">\n\t\t\t<div>\n\t\t\t\t<img loading=\"lazy\" decoding=\"async\" width=\"400\" height=\"400\" src=\"https:\/\/www.djurskyddet.se\/ungdom\/wp-content\/uploads\/sites\/30\/2025\/05\/julia-tjaderhane-e1747989823424-400x400.jpeg\" class=\"rounded-circle object-fit-cover mb-3 mb-md-0\" alt=\"\" \/>\t\t\t<\/div>\n\t\t<\/div>\n\t\t\t\t<div class=\"col-md-9 d-flex align-content-center flex-wrap ps-md-3\">\n\t\t\t<div>\n\t\t\t\t<h3 class=\"m-0\">Julia Tj\u00e4derhane<\/h3>\n\t\t\t\t<div class=\"text-primary mb-1\">Styrelseledamot<\/div>\n\t\t\t\t<div>19 \u00e5r<\/div>\n\t\t\t\t<div class=\"mb-1\">\n\t\t\t\t\t\t\t\t\t\t\t\t\t\t<\/div>\n\t\t\t<\/div>\n\t\t<\/div>\n\t\t\n\t\t<div class=\"col-md-12 mt-4\">\n\t\n\t\t\t\n\t\t<p>Hej! Julia Tj\u00e4derhane heter jag och \u00e4r 19 \u00e5r. F\u00f6r tillf\u00e4llet g\u00e5r jag sista \u00e5ret p\u00e5 gymnasiet och tar snart studenten.<br \/>\r\n<br \/>\r\nP\u00e5 min fritid jobbar jag p\u00e5 ett bageri, gillar att bada \u00e5ret runt samt att laga mat \ud83d\udc69\ud83c\udffc\u200d\ud83c\udf73<br \/>\r\n<br \/>\r\nUt\u00f6ver detta umg\u00e5s jag g\u00e4rna med min hund, familj och v\u00e4nner\ud83d\udc96<\/p> \n\t  \n\t\t\t\t\t<\/div>\n\t\t\n\t<\/div>\n<\/div>\n\n\n<div class=\"person my-3 bg-secondary border-thin\">\n\t<div class=\"row\">\n\t\t\t\t<div class=\"col-md-3 d-flex flex-wrap align-content-center justify-content-center\">\n\t\t\t<div>\n\t\t\t\t<img loading=\"lazy\" decoding=\"async\" width=\"400\" height=\"400\" src=\"https:\/\/www.djurskyddet.se\/ungdom\/wp-content\/uploads\/sites\/30\/2026\/02\/Freyja-Goteborgsstyrelse-400x400.png\" class=\"rounded-circle object-fit-cover mb-3 mb-md-0\" alt=\"\" \/>\t\t\t<\/div>\n\t\t<\/div>\n\t\t\t\t<div class=\"col-md-9 d-flex align-content-center flex-wrap ps-md-3\">\n\t\t\t<div>\n\t\t\t\t<h3 class=\"m-0\">Freyja Karsten Haigh<\/h3>\n\t\t\t\t<div class=\"text-primary mb-1\">Styrelseledamot<\/div>\n\t\t\t\t<div>17 \u00e5r<\/div>\n\t\t\t\t<div class=\"mb-1\">\n\t\t\t\t\t\t\t\t\t\t\t\t\t\t<\/div>\n\t\t\t<\/div>\n\t\t<\/div>\n\t\t\n\t\t<div class=\"col-md-12 mt-4\">\n\t\n\t\t\t\n\t\t<p>Mitt namn \u00e4r Freyja och jag sitter i styrelsen f\u00f6r Djurskyddet Ungdom G\u00f6teborg. <br \/>\r\n<br \/>\r\nJag har alltid \u00e4lskat djur och brinner f\u00f6r deras r\u00e4ttigheter och v\u00e4lm\u00e5ende. F\u00f6r mig \u00e4r det viktigt att st\u00e5 upp f\u00f6r dem som inte sj\u00e4lva har en r\u00f6st och att arbeta f\u00f6r en mer h\u00e5llbar och medk\u00e4nnande v\u00e4rld d\u00e4r alla blir respekterade. Jag har sj\u00e4lv alltid haft djur och i v\u00e5r familj har vi just nu 3 katter och 2 hundar. Ut\u00f6ver skola s\u00e5 hj\u00e4lper jag min mamma med volont\u00e4rarbete f\u00f6r en djurskyddsorganisation i Uddevalla.<br \/>\r\n<br \/>\r\nJag vet att vi tillsammans kan g\u00f6ra skillnad!<\/p> \n\t  \n\t\t\t\t\t<\/div>\n\t\t\n\t<\/div>\n<\/div>\n\n\n<div class=\"person my-3 bg-secondary border-thin\">\n\t<div class=\"row\">\n\t\t\t\t<div class=\"col-md-3 d-flex flex-wrap align-content-center justify-content-center\">\n\t\t\t<div>\n\t\t\t\t<img loading=\"lazy\" decoding=\"async\" width=\"400\" height=\"400\" src=\"https:\/\/www.djurskyddet.se\/ungdom\/wp-content\/uploads\/sites\/30\/2026\/03\/Meja-Goteborgsstyrelsen-400x400.jpg\" class=\"rounded-circle object-fit-cover mb-3 mb-md-0\" alt=\"\" \/>\t\t\t<\/div>\n\t\t<\/div>\n\t\t\t\t<div class=\"col-md-9 d-flex align-content-center flex-wrap ps-md-3\">\n\t\t\t<div>\n\t\t\t\t<h3 class=\"m-0\">Meja Christensen<\/h3>\n\t\t\t\t<div class=\"text-primary mb-1\">Styrelseledamot<\/div>\n\t\t\t\t<div>22 \u00e5r<\/div>\n\t\t\t\t<div class=\"mb-1\">\n\t\t\t\t\t\t\t\t\t\t\t\t\t\t<\/div>\n\t\t\t<\/div>\n\t\t<\/div>\n\t\t\n\t\t<div class=\"col-md-12 mt-4\">\n\t\n\t\t\t\n\t\t<p>Hej! Meja heter jag och jag sitter med i styrelsen f\u00f6r Djurskyddet Ungdom G\u00f6teborg. <br \/>\r\n<br \/>\r\nJag bor tillsammans med mina fyra katter och tv\u00e5 kaniner. Jag volont\u00e4rarbetar med getter varje vecka. Jag har ett stort intresse f\u00f6r djur och vill ge en r\u00f6st till dom som sj\u00e4lva inte har n\u00e5gon. Ser fram emot att kunna g\u00f6ra skillnad tillsammans och skapa en b\u00e4ttre framtid f\u00f6r alla djur!<\/p> \n\t  \n\t\t\t\t\t<\/div>\n\t\t\n\t<\/div>\n<\/div>\n\n\n<p>H\u00e4r kan du \u00e4ven l\u00e4sa<a href=\"https:\/\/www.djurskyddet.se\/wp-content\/uploads\/sites\/30\/2025\/01\/Stadgar-Goteborg_2024.pdf\"> stadgarna<\/a> f\u00f6r Djurskyddet Ungdom G\u00f6teborg.<\/p>\n\n\n\n<p>Tillsammans g\u00f6r vi skillnad f\u00f6r djuren!<\/p>\n","protected":false},"excerpt":{"rendered":"<p>Bor du i G\u00f6teborg med omnejd och vill engagera dig f\u00f6r djuren? Kontakta oss! Vi som sitter i styrelsen H\u00e4r kan du \u00e4ven l\u00e4sa stadgarna f\u00f6r Djurskyddet Ungdom G\u00f6teborg. Tillsammans g\u00f6r vi skillnad f\u00f6r djuren!<\/p>\n","protected":false},"author":2,"featured_media":0,"parent":5594,"menu_order":0,"comment_status":"closed","ping_status":"closed","template":"","meta":{"_acf_changed":false,"footnotes":""},"class_list":["post-6458","page","type-page","status-publish","hentry"],"acf":[],"_links":{"self":[{"href":"https:\/\/www.djurskyddet.se\/ungdom\/wp-json\/wp\/v2\/pages\/6458","targetHints":{"allow":["GET"]}}],"collection":[{"href":"https:\/\/www.djurskyddet.se\/ungdom\/wp-json\/wp\/v2\/pages"}],"about":[{"href":"https:\/\/www.djurskyddet.se\/ungdom\/wp-json\/wp\/v2\/types\/page"}],"author":[{"embeddable":true,"href":"https:\/\/www.djurskyddet.se\/ungdom\/wp-json\/wp\/v2\/users\/2"}],"replies":[{"embeddable":true,"href":"https:\/\/www.djurskyddet.se\/ungdom\/wp-json\/wp\/v2\/comments?post=6458"}],"version-history":[{"count":16,"href":"https:\/\/www.djurskyddet.se\/ungdom\/wp-json\/wp\/v2\/pages\/6458\/revisions"}],"predecessor-version":[{"id":7498,"href":"https:\/\/www.djurskyddet.se\/ungdom\/wp-json\/wp\/v2\/pages\/6458\/revisions\/7498"}],"up":[{"embeddable":true,"href":"https:\/\/www.djurskyddet.se\/ungdom\/wp-json\/wp\/v2\/pages\/5594"}],"wp:attachment":[{"href":"https:\/\/www.djurskyddet.se\/ungdom\/wp-json\/wp\/v2\/media?parent=6458"}],"curies":[{"name":"wp","href":"https:\/\/api.w.org\/{rel}","templated":true}]}}