{"id":7124,"date":"2025-04-11T08:31:40","date_gmt":"2025-04-11T07:31:40","guid":{"rendered":"https:\/\/www.djurskyddet.se\/ungdom\/?page_id=7124"},"modified":"2025-05-14T12:05:16","modified_gmt":"2025-05-14T11:05:16","slug":"strangnas","status":"publish","type":"page","link":"https:\/\/www.djurskyddet.se\/ungdom\/engagera-dig\/strangnas\/","title":{"rendered":"Str\u00e4ngn\u00e4s"},"content":{"rendered":"\n<p>Bor du i Str\u00e4ngn\u00e4s med omnejd och vill engagera dig f\u00f6r djuren? Kontakta oss! <\/p>\n\n\n\n<div class=\"wp-block-buttons is-layout-flex wp-block-buttons-is-layout-flex\">\n<div class=\"wp-block-button\"><a class=\"wp-block-button__link wp-element-button\" href=\"https:\/\/www.instagram.com\/djurskyddetungdomstrangnas\/\"><i class=\"fa-brands fa-instagram fa-1xl text-light me-2\"><\/i>F\u00f6lj oss p\u00e5 Instagram<\/a><\/div>\n<\/div>\n\n\n\n<h2 class=\"wp-block-heading\">vi som sitter i styrelsen <\/h2>\n\n\n\n<div class=\"person my-3 bg-secondary border-thin\">\n\t<div class=\"row\">\n\t\t\t\t<div class=\"col-md-3 d-flex flex-wrap align-content-center justify-content-center\">\n\t\t\t<div>\n\t\t\t\t<img loading=\"lazy\" decoding=\"async\" width=\"150\" height=\"150\" src=\"https:\/\/www.djurskyddet.se\/ungdom\/wp-content\/uploads\/sites\/30\/2025\/04\/Ingela-Larsson-150x150.jpeg\" class=\"rounded-circle object-fit-cover mb-3 mb-md-0\" alt=\"\" \/>\t\t\t<\/div>\n\t\t<\/div>\n\t\t\t\t<div class=\"col-md-9 d-flex align-content-center flex-wrap ps-md-3\">\n\t\t\t<div>\n\t\t\t\t<h3 class=\"m-0\">Ingela Larsson<\/h3>\n\t\t\t\t<div class=\"text-primary mb-1\">Ordf\u00f6rande <\/div>\n\t\t\t\t<div>25 \u00e5r, \u00c5kersstyckebruk<\/div>\n\t\t\t\t<div class=\"mb-1\">\n\t\t\t\t\t\t\t\t\t\t\t\t\t\t<\/div>\n\t\t\t<\/div>\n\t\t<\/div>\n\t\t\n\t\t<div class=\"col-md-12 mt-4\">\n\t\n\t\t\t\n\t\t<p>Jag brinner\/har alltid brunnit f\u00f6r att hj\u00e4lpa b\u00e5de djur och m\u00e4nniskor i den m\u00e5n jag kan s\u00e5 n\u00e4r jag fick m\u00f6jlighet att starta lokalf\u00f6rening under djurskyddet ungdom k\u00e4ndes det som en fantastisk chans att g\u00f6ra mer.<br \/>\r\n<br \/>\r\nJag \u00e4r uppvuxen p\u00e5 g\u00e5rd omgiven av djur, i gymnasiet s\u00e5 l\u00e4ste jag djur\/naturvetenskap och efter studenten s\u00e5 b\u00f6rjade jag jobba p\u00e5 lantbruk d\u00e4r jag jobbar \u00e4n idag.<br \/>\r\n<br \/>\r\nMajoriteten av fritiden spenderar jag i stallet d\u00e4r jag \u00e4ven \u00e4r instrukt\u00f6r f\u00f6r ett par ridgrupper i veckan!<br \/>\r\n<br \/>\r\nJag bor tillsammans med min blandrashund Popcorn och bondkatten Tarzan. Har \u00e4ven bondkatten Busan som bor kvar hos mina f\u00f6r\u00e4ldrar d\u00e4r \u00e4ven mina f\u00e5r bor.<br \/>\r\n<br \/>\r\nKul att veta kanske \u00e4r att jag tricktr\u00e4nat mina f\u00e5r lite. De kan fr\u00e4mst ligg, vacker kl\u00f6v och stegra.<\/p> \n\t  \n\t\t\t\t\t<\/div>\n\t\t\n\t<\/div>\n<\/div>\n\n\n<div class=\"person my-3 bg-secondary border-thin\">\n\t<div class=\"row\">\n\t\t\t\t<div class=\"col-md-3 d-flex flex-wrap align-content-center justify-content-center\">\n\t\t\t<div>\n\t\t\t\t<img loading=\"lazy\" decoding=\"async\" width=\"150\" height=\"150\" src=\"https:\/\/www.djurskyddet.se\/ungdom\/wp-content\/uploads\/sites\/30\/2025\/04\/Elin-robertsson-150x150.jpeg\" class=\"rounded-circle object-fit-cover mb-3 mb-md-0\" alt=\"\" \/>\t\t\t<\/div>\n\t\t<\/div>\n\t\t\t\t<div class=\"col-md-9 d-flex align-content-center flex-wrap ps-md-3\">\n\t\t\t<div>\n\t\t\t\t<h3 class=\"m-0\">Elin Robertson<\/h3>\n\t\t\t\t<div class=\"text-primary mb-1\">Ledamot<\/div>\n\t\t\t\t<div>19 \u00e5r, Str\u00e4ngn\u00e4s<\/div>\n\t\t\t\t<div class=\"mb-1\">\n\t\t\t\t\t\t\t\t\t\t\t\t\t\t<\/div>\n\t\t\t<\/div>\n\t\t<\/div>\n\t\t\n\t\t<div class=\"col-md-12 mt-4\">\n\t\n\t\t\t\n\t\t<p>N\u00e4r jag fick f\u00f6rfr\u00e5gan att sitta med i styrelsen i djurskyddet ungdom Str\u00e4ngn\u00e4s sa jag snabbt ja d\u00e5 jag verkligen brinner f\u00f6r djurr\u00e4ttsfr\u00e5gor. Det k\u00e4nns bra att kunna hj\u00e4lpa djur och ge mer f\u00f6rst\u00e5else kring de problem vi har med v\u00e5r djurv\u00e4lf\u00e4rd genom denna lokalf\u00f6rening.<br \/>\r\n<br \/>\r\nJag har en hund hemma som heter Dobby och tv\u00e5 katter. Jag \u00e4r uppvuxen med djur och har ridit sen jag var liten. Idag h\u00e4nger jag ofta i stallet och rider, samt hj\u00e4lper till med turridningar och lektioner ibland. Jag brinner mycket f\u00f6r h\u00e4stv\u00e4lf\u00e4rd s\u00e5 det \u00e4r n\u00e5got som kommer synas en hel del i v\u00e5ran lokalf\u00f6rening!<\/p> \n\t  \n\t\t\t\t\t<\/div>\n\t\t\n\t<\/div>\n<\/div>\n\n\n<div class=\"person my-3 bg-secondary border-thin\">\n\t<div class=\"row\">\n\t\t\t\t<div class=\"col-md-3 d-flex flex-wrap align-content-center justify-content-center\">\n\t\t\t<div>\n\t\t\t\t<img loading=\"lazy\" decoding=\"async\" width=\"150\" height=\"150\" src=\"https:\/\/www.djurskyddet.se\/ungdom\/wp-content\/uploads\/sites\/30\/2025\/04\/Ida-apelqvist-1-150x150.png\" class=\"rounded-circle object-fit-cover mb-3 mb-md-0\" alt=\"\" srcset=\"https:\/\/www.djurskyddet.se\/ungdom\/wp-content\/uploads\/sites\/30\/2025\/04\/Ida-apelqvist-1-150x150.png 150w, https:\/\/www.djurskyddet.se\/ungdom\/wp-content\/uploads\/sites\/30\/2025\/04\/Ida-apelqvist-1-400x400.png 400w\" sizes=\"auto, (max-width: 150px) 100vw, 150px\" \/>\t\t\t<\/div>\n\t\t<\/div>\n\t\t\t\t<div class=\"col-md-9 d-flex align-content-center flex-wrap ps-md-3\">\n\t\t\t<div>\n\t\t\t\t<h3 class=\"m-0\">Ida Apelqvist<\/h3>\n\t\t\t\t<div class=\"text-primary mb-1\">Ledamot<\/div>\n\t\t\t\t<div>18 \u00e5r, Malmk\u00f6ping<\/div>\n\t\t\t\t<div class=\"mb-1\">\n\t\t\t\t\t\t\t\t\t\t\t\t\t\t<\/div>\n\t\t\t<\/div>\n\t\t<\/div>\n\t\t\n\t\t<div class=\"col-md-12 mt-4\">\n\t\n\t\t\t\n\t\t<p>Jag \u00e4r glad \u00f6ver att f\u00e5 sitta med i styrelsen f\u00f6r Djurskyddet Ungdom Str\u00e4ngn\u00e4s. Det k\u00e4nns v\u00e4rdefullt att kunna engagera mig i fr\u00e5gor som r\u00f6r djurens v\u00e4lf\u00e4rd och att f\u00e5 vara med och g\u00f6ra skillnad.<br \/>\r\n<br \/>\r\nJag g\u00e5r Naturbruksprogrammet med inriktning h\u00e4sth\u00e5llning p\u00e5 gymnasiet, vilket l\u00e5ter mig kombinera min passion f\u00f6r djur med min utbildning. Jag har alltid haft en stark k\u00e4rlek till djur och natur, vilket har varit en sj\u00e4lvklar del av mitt liv sedan jag var liten. Att f\u00e5 spendera tid med djur, ta hand om dem och skapa en djupare f\u00f6rst\u00e5else f\u00f6r deras beteende och behov \u00e4r n\u00e5got som verkligen betyder mycket f\u00f6r mig.<br \/>\r\n<br \/>\r\nJag \u00e4r uppvuxen p\u00e5 landet, omgiven av djur, och idag har jag tv\u00e5 fantastiska Australian Shepherds, Cleo och Dixie, som alltid h\u00e5ller mig s\u00e4llskap.<br \/>\r\n<br \/>\r\nP\u00e5 fritiden hittar man mig oftast i stallet, eftersom det \u00e4r platsen d\u00e4r jag m\u00e5r som allra b\u00e4st. Jag \u00e4lskar att vara en del av stallgemenskapen, att f\u00e5 umg\u00e5s med h\u00e4star och att tr\u00e4ffa nya m\u00e4nniskor med samma intresse.<br \/>\r\n<br \/>\r\nN\u00e4r jag inte \u00e4r i stallet eller med mina hundar tycker jag om att vara ute i naturen och bara njuta av lugnet. Det finns inget b\u00e4ttre \u00e4n att spendera tid utomhus, oavsett om det \u00e4r en l\u00e5ngpromenad med hundarna eller en ridtur genom skogen.<\/p> \n\t  \n\t\t\t\t\t<\/div>\n\t\t\n\t<\/div>\n<\/div>\n\n\n<p><\/p>\n","protected":false},"excerpt":{"rendered":"<p>Bor du i Str\u00e4ngn\u00e4s med omnejd och vill engagera dig f\u00f6r djuren? Kontakta oss! vi som sitter i styrelsen<\/p>\n","protected":false},"author":28,"featured_media":0,"parent":5594,"menu_order":0,"comment_status":"closed","ping_status":"closed","template":"","meta":{"_acf_changed":false,"footnotes":""},"class_list":["post-7124","page","type-page","status-publish","hentry"],"acf":[],"_links":{"self":[{"href":"https:\/\/www.djurskyddet.se\/ungdom\/wp-json\/wp\/v2\/pages\/7124","targetHints":{"allow":["GET"]}}],"collection":[{"href":"https:\/\/www.djurskyddet.se\/ungdom\/wp-json\/wp\/v2\/pages"}],"about":[{"href":"https:\/\/www.djurskyddet.se\/ungdom\/wp-json\/wp\/v2\/types\/page"}],"author":[{"embeddable":true,"href":"https:\/\/www.djurskyddet.se\/ungdom\/wp-json\/wp\/v2\/users\/28"}],"replies":[{"embeddable":true,"href":"https:\/\/www.djurskyddet.se\/ungdom\/wp-json\/wp\/v2\/comments?post=7124"}],"version-history":[{"count":6,"href":"https:\/\/www.djurskyddet.se\/ungdom\/wp-json\/wp\/v2\/pages\/7124\/revisions"}],"predecessor-version":[{"id":7200,"href":"https:\/\/www.djurskyddet.se\/ungdom\/wp-json\/wp\/v2\/pages\/7124\/revisions\/7200"}],"up":[{"embeddable":true,"href":"https:\/\/www.djurskyddet.se\/ungdom\/wp-json\/wp\/v2\/pages\/5594"}],"wp:attachment":[{"href":"https:\/\/www.djurskyddet.se\/ungdom\/wp-json\/wp\/v2\/media?parent=7124"}],"curies":[{"name":"wp","href":"https:\/\/api.w.org\/{rel}","templated":true}]}}