{"id":7334,"date":"2025-08-18T08:21:29","date_gmt":"2025-08-18T07:21:29","guid":{"rendered":"https:\/\/www.djurskyddet.se\/ungdom\/?page_id=7334"},"modified":"2025-08-18T08:21:30","modified_gmt":"2025-08-18T07:21:30","slug":"djurens-helg-2025","status":"publish","type":"page","link":"https:\/\/www.djurskyddet.se\/ungdom\/djurens-helg-2025\/","title":{"rendered":"Djurens helg 2025"},"content":{"rendered":"\n<p>Under Djurens helg p\u00e5 Solvalla i Stockholm fick vi m\u00f6jlighet att m\u00f6ta m\u00e5nga h\u00e4rliga bes\u00f6kare som ville komma fram och h\u00e4lsa. V\u00e5r maskot Gina var sj\u00e4lvklart p\u00e5 plats och spred gl\u00e4dje med godis och klisterm\u00e4rken till b\u00e5de stora och sm\u00e5.<\/p>\n\n\n\n<p>Ansiktsm\u00e5lningen lockade m\u00e5nga barn och blev en riktig succ\u00e9 med kreativa och f\u00e4rgglada resultat. Dessutom fanns Djurskyddet p\u00e5 plats med ett klurigt quiz som v\u00e4ckte b\u00e5de nyfikenhet och t\u00e4vlingslust bland bes\u00f6karna. Rede h\u00f6ll \u00e4ven i ett roligt pyssel som uppskattades extra mycket av de mindre bes\u00f6karna.<\/p>\n\n\n\n<p>Trots att vinden stundtals tog i s\u00e5 var st\u00e4mningen p\u00e5 topp och vi \u00e4r v\u00e4ldigt glada \u00f6ver alla m\u00f6ten och samtal under dessa dagar. Ett stort tack till alla som bes\u00f6kte oss och bidrog till att g\u00f6ra evenemanget s\u00e5 lyckat. \ud83d\udc9a<\/p>\n\n\n\n<figure class=\"wp-block-gallery has-nested-images columns-default is-cropped wp-block-gallery-1 is-layout-flex wp-block-gallery-is-layout-flex\">\n<figure class=\"wp-block-image size-large\"><img loading=\"lazy\" decoding=\"async\" width=\"768\" height=\"1024\" data-id=\"7341\" src=\"https:\/\/www.djurskyddet.se\/ungdom\/wp-content\/uploads\/sites\/30\/2025\/08\/Image-91-768x1024.jpg\" alt=\"\" class=\"wp-image-7341\" srcset=\"https:\/\/www.djurskyddet.se\/ungdom\/wp-content\/uploads\/sites\/30\/2025\/08\/Image-91-768x1024.jpg 768w, https:\/\/www.djurskyddet.se\/ungdom\/wp-content\/uploads\/sites\/30\/2025\/08\/Image-91-450x600.jpg 450w, https:\/\/www.djurskyddet.se\/ungdom\/wp-content\/uploads\/sites\/30\/2025\/08\/Image-91.jpg 810w\" sizes=\"auto, (max-width: 768px) 100vw, 768px\" \/><\/figure>\n\n\n\n<figure class=\"wp-block-image size-large\"><img loading=\"lazy\" decoding=\"async\" width=\"768\" height=\"1024\" data-id=\"7343\" src=\"https:\/\/www.djurskyddet.se\/ungdom\/wp-content\/uploads\/sites\/30\/2025\/08\/Image-84-1-768x1024.jpg\" alt=\"\" class=\"wp-image-7343\" srcset=\"https:\/\/www.djurskyddet.se\/ungdom\/wp-content\/uploads\/sites\/30\/2025\/08\/Image-84-1-768x1024.jpg 768w, https:\/\/www.djurskyddet.se\/ungdom\/wp-content\/uploads\/sites\/30\/2025\/08\/Image-84-1-450x600.jpg 450w, https:\/\/www.djurskyddet.se\/ungdom\/wp-content\/uploads\/sites\/30\/2025\/08\/Image-84-1.jpg 810w\" sizes=\"auto, (max-width: 768px) 100vw, 768px\" \/><\/figure>\n\n\n\n<figure class=\"wp-block-image size-large\"><img loading=\"lazy\" decoding=\"async\" width=\"600\" height=\"800\" data-id=\"7338\" src=\"https:\/\/www.djurskyddet.se\/ungdom\/wp-content\/uploads\/sites\/30\/2025\/08\/Image-82.jpg\" alt=\"\" class=\"wp-image-7338\" srcset=\"https:\/\/www.djurskyddet.se\/ungdom\/wp-content\/uploads\/sites\/30\/2025\/08\/Image-82.jpg 600w, https:\/\/www.djurskyddet.se\/ungdom\/wp-content\/uploads\/sites\/30\/2025\/08\/Image-82-450x600.jpg 450w\" sizes=\"auto, (max-width: 600px) 100vw, 600px\" \/><\/figure>\n\n\n\n<figure class=\"wp-block-image size-full\"><img loading=\"lazy\" decoding=\"async\" width=\"800\" height=\"600\" data-id=\"7344\" src=\"https:\/\/www.djurskyddet.se\/ungdom\/wp-content\/uploads\/sites\/30\/2025\/08\/Image-83-1.jpg\" alt=\"\" class=\"wp-image-7344\" srcset=\"https:\/\/www.djurskyddet.se\/ungdom\/wp-content\/uploads\/sites\/30\/2025\/08\/Image-83-1.jpg 800w, https:\/\/www.djurskyddet.se\/ungdom\/wp-content\/uploads\/sites\/30\/2025\/08\/Image-83-1-600x450.jpg 600w, https:\/\/www.djurskyddet.se\/ungdom\/wp-content\/uploads\/sites\/30\/2025\/08\/Image-83-1-768x576.jpg 768w\" sizes=\"auto, (max-width: 800px) 100vw, 800px\" \/><\/figure>\n<\/figure>\n","protected":false},"excerpt":{"rendered":"<p>Under Djurens helg p\u00e5 Solvalla i Stockholm fick vi m\u00f6jlighet att m\u00f6ta m\u00e5nga h\u00e4rliga bes\u00f6kare som ville komma fram och h\u00e4lsa. V\u00e5r maskot Gina var sj\u00e4lvklart p\u00e5 plats och spred gl\u00e4dje med godis och klisterm\u00e4rken till b\u00e5de stora och sm\u00e5. Ansiktsm\u00e5lningen lockade m\u00e5nga barn och blev en riktig succ\u00e9 med kreativa och f\u00e4rgglada resultat. Dessutom [&hellip;]<\/p>\n","protected":false},"author":3,"featured_media":7309,"parent":0,"menu_order":0,"comment_status":"closed","ping_status":"closed","template":"","meta":{"_acf_changed":false,"footnotes":""},"class_list":["post-7334","page","type-page","status-publish","has-post-thumbnail","hentry"],"acf":[],"_links":{"self":[{"href":"https:\/\/www.djurskyddet.se\/ungdom\/wp-json\/wp\/v2\/pages\/7334","targetHints":{"allow":["GET"]}}],"collection":[{"href":"https:\/\/www.djurskyddet.se\/ungdom\/wp-json\/wp\/v2\/pages"}],"about":[{"href":"https:\/\/www.djurskyddet.se\/ungdom\/wp-json\/wp\/v2\/types\/page"}],"author":[{"embeddable":true,"href":"https:\/\/www.djurskyddet.se\/ungdom\/wp-json\/wp\/v2\/users\/3"}],"replies":[{"embeddable":true,"href":"https:\/\/www.djurskyddet.se\/ungdom\/wp-json\/wp\/v2\/comments?post=7334"}],"version-history":[{"count":3,"href":"https:\/\/www.djurskyddet.se\/ungdom\/wp-json\/wp\/v2\/pages\/7334\/revisions"}],"predecessor-version":[{"id":7346,"href":"https:\/\/www.djurskyddet.se\/ungdom\/wp-json\/wp\/v2\/pages\/7334\/revisions\/7346"}],"wp:featuredmedia":[{"embeddable":true,"href":"https:\/\/www.djurskyddet.se\/ungdom\/wp-json\/wp\/v2\/media\/7309"}],"wp:attachment":[{"href":"https:\/\/www.djurskyddet.se\/ungdom\/wp-json\/wp\/v2\/media?parent=7334"}],"curies":[{"name":"wp","href":"https:\/\/api.w.org\/{rel}","templated":true}]}}