{"id":7433,"date":"2025-12-12T10:51:27","date_gmt":"2025-12-12T09:51:27","guid":{"rendered":"https:\/\/www.djurskyddet.se\/ungdom\/?page_id=7433"},"modified":"2026-01-14T10:38:31","modified_gmt":"2026-01-14T09:38:31","slug":"arets-unga-djurskyddare-2025","status":"publish","type":"page","link":"https:\/\/www.djurskyddet.se\/ungdom\/arets-unga-djurskyddare-2025\/","title":{"rendered":"\u00c5rets Unga Djurskyddare 2025!"},"content":{"rendered":"\n<p><strong>\u00c5rets unga djurskyddare 2025, Isabella Dragan<\/strong>\ud83c\udf89<\/p>\n\n\n\n<p>Djurskyddet Ungdom har gl\u00e4djen att presentera \u00e5rets unga djurskyddare 2025. Utm\u00e4rkelsen g\u00e5r till Isabella Dragan som under \u00e5ret har gjort ett enast\u00e5ende arbete f\u00f6r heml\u00f6sa katter. F\u00f6rbundsstyrelsen skriver i sin motivering:<\/p>\n\n\n\n<p><em>Vi har valt att tilldela priset f\u00f6r \u00e5rets unga djurskyddare 2025 till Isabella Dragan, f\u00f6r ditt arbete att hj\u00e4lpa heml\u00f6sa katter. Dina handlingar visar att du har ett stort hj\u00e4rta, en varm omtanke och ett enormt engagemang f\u00f6r alla katter som beh\u00f6ver hj\u00e4lp. Du har \u00e4gnat mycket tid \u00e5t att hj\u00e4lpa katter utan att beg\u00e4ra n\u00e5got i geng\u00e4ld, och det g\u00f6r dig till en sann djurv\u00e4n som verkligen f\u00f6rtj\u00e4nar uppskattning f\u00f6r ditt h\u00e5rda arbete.<\/em><\/p>\n\n\n\n<p>Isabella har lagt ner mycket tid och kraft p\u00e5 att ge utsatta katter en tryggare tillvaro. Hennes engagemang bygger p\u00e5 en genuin k\u00e4rlek till djur och ett starkt driv att skapa f\u00f6r\u00e4ndring d\u00e4r det beh\u00f6vs som mest.<\/p>\n\n\n\n<p>Isabella s\u00e4ger f\u00f6ljande om utm\u00e4rkelsen:<\/p>\n\n\n\n<p><em>Jag \u00e4r fortfarande i lite chock \u00f6ver att jag har vunnit. Jag \u00e4lskar katter mer \u00e4n allt annat i denna v\u00e4rld, och allt jag g\u00f6r f\u00f6r dem \u00e4r just d\u00e4rf\u00f6r. Att det uppm\u00e4rksammas som det har gjorts nu \u00e4r helt fantastiskt, jag \u00e4r v\u00e4ldigt stolt och k\u00e4nner mig hedrad.<\/em><\/p>\n\n\n\n<p>Vi gratulerar Isabella varmt och tackar henne f\u00f6r allt hon g\u00f6r f\u00f6r djurens b\u00e4sta. Hon \u00e4r en fin f\u00f6rebild f\u00f6r m\u00e5nga unga som vill engagera sig och g\u00f6ra skillnad f\u00f6r djuren.\ud83d\udc9a<\/p>\n\n\n\n<div class=\"wp-block-columns is-layout-flex wp-container-core-columns-is-layout-2 wp-block-columns-is-layout-flex\">\n<div class=\"wp-block-column is-vertically-aligned-stretch is-layout-flow wp-block-column-is-layout-flow\" style=\"flex-basis:100%\">\n<div class=\"wp-block-columns is-layout-flex wp-container-core-columns-is-layout-1 wp-block-columns-is-layout-flex\">\n<div class=\"wp-block-column is-layout-flow wp-block-column-is-layout-flow\">\n<figure class=\"wp-block-image size-large\"><img loading=\"lazy\" decoding=\"async\" width=\"768\" height=\"1024\" src=\"https:\/\/www.djurskyddet.se\/ungdom\/wp-content\/uploads\/sites\/30\/2025\/12\/vinnaren-768x1024.jpg\" alt=\"\" class=\"wp-image-7434\" srcset=\"https:\/\/www.djurskyddet.se\/ungdom\/wp-content\/uploads\/sites\/30\/2025\/12\/vinnaren-768x1024.jpg 768w, https:\/\/www.djurskyddet.se\/ungdom\/wp-content\/uploads\/sites\/30\/2025\/12\/vinnaren-450x600.jpg 450w, https:\/\/www.djurskyddet.se\/ungdom\/wp-content\/uploads\/sites\/30\/2025\/12\/vinnaren.jpg 810w\" sizes=\"auto, (max-width: 768px) 100vw, 768px\" \/><figcaption class=\"wp-element-caption\"><em>Isabella Dragan med Diplom och vinstcheck.<\/em><\/figcaption><\/figure>\n<\/div>\n\n\n\n<div class=\"wp-block-column is-layout-flow wp-block-column-is-layout-flow\">\n<figure class=\"wp-block-image size-large\"><img loading=\"lazy\" decoding=\"async\" width=\"768\" height=\"1024\" src=\"https:\/\/www.djurskyddet.se\/ungdom\/wp-content\/uploads\/sites\/30\/2025\/12\/Image-2025-12-08T092147.924-768x1024.jpg\" alt=\"\" class=\"wp-image-7436\" srcset=\"https:\/\/www.djurskyddet.se\/ungdom\/wp-content\/uploads\/sites\/30\/2025\/12\/Image-2025-12-08T092147.924-768x1024.jpg 768w, https:\/\/www.djurskyddet.se\/ungdom\/wp-content\/uploads\/sites\/30\/2025\/12\/Image-2025-12-08T092147.924-450x600.jpg 450w, https:\/\/www.djurskyddet.se\/ungdom\/wp-content\/uploads\/sites\/30\/2025\/12\/Image-2025-12-08T092147.924.jpg 810w\" sizes=\"auto, (max-width: 768px) 100vw, 768px\" \/><figcaption class=\"wp-element-caption\"><em>Isabella Dragan tillsammans med Isabella J\u00f6nsson Gonzalez fr\u00e5n f\u00f6rbundsstyrelsen.<\/em><\/figcaption><\/figure>\n<\/div>\n<\/div>\n<\/div>\n<\/div>\n","protected":false},"excerpt":{"rendered":"<p>\u00c5rets unga djurskyddare 2025, Isabella Dragan\ud83c\udf89 Djurskyddet Ungdom har gl\u00e4djen att presentera \u00e5rets unga djurskyddare 2025. Utm\u00e4rkelsen g\u00e5r till Isabella Dragan som under \u00e5ret har gjort ett enast\u00e5ende arbete f\u00f6r heml\u00f6sa katter. F\u00f6rbundsstyrelsen skriver i sin motivering: Vi har valt att tilldela priset f\u00f6r \u00e5rets unga djurskyddare 2025 till Isabella Dragan, f\u00f6r ditt arbete att [&hellip;]<\/p>\n","protected":false},"author":3,"featured_media":0,"parent":0,"menu_order":0,"comment_status":"closed","ping_status":"closed","template":"","meta":{"_acf_changed":false,"footnotes":""},"class_list":["post-7433","page","type-page","status-publish","hentry"],"acf":[],"_links":{"self":[{"href":"https:\/\/www.djurskyddet.se\/ungdom\/wp-json\/wp\/v2\/pages\/7433","targetHints":{"allow":["GET"]}}],"collection":[{"href":"https:\/\/www.djurskyddet.se\/ungdom\/wp-json\/wp\/v2\/pages"}],"about":[{"href":"https:\/\/www.djurskyddet.se\/ungdom\/wp-json\/wp\/v2\/types\/page"}],"author":[{"embeddable":true,"href":"https:\/\/www.djurskyddet.se\/ungdom\/wp-json\/wp\/v2\/users\/3"}],"replies":[{"embeddable":true,"href":"https:\/\/www.djurskyddet.se\/ungdom\/wp-json\/wp\/v2\/comments?post=7433"}],"version-history":[{"count":5,"href":"https:\/\/www.djurskyddet.se\/ungdom\/wp-json\/wp\/v2\/pages\/7433\/revisions"}],"predecessor-version":[{"id":7467,"href":"https:\/\/www.djurskyddet.se\/ungdom\/wp-json\/wp\/v2\/pages\/7433\/revisions\/7467"}],"wp:attachment":[{"href":"https:\/\/www.djurskyddet.se\/ungdom\/wp-json\/wp\/v2\/media?parent=7433"}],"curies":[{"name":"wp","href":"https:\/\/api.w.org\/{rel}","templated":true}]}}